{"id":8907,"date":"2022-12-22T14:41:24","date_gmt":"2022-12-22T14:41:24","guid":{"rendered":"https:\/\/erp-recycling.org\/pt-pt\/?page_id=8907"},"modified":"2025-02-13T16:45:34","modified_gmt":"2025-02-13T16:45:34","slug":"sensibilizacao","status":"publish","type":"page","link":"https:\/\/erp-recycling.org\/pt-pt\/whats-up\/sensibilizacao\/","title":{"rendered":"Sensibiliza\u00e7\u00e3o"},"content":{"rendered":"<p><div class=\"fusion-fullwidth fullwidth-box fusion-builder-row-1 fusion-flex-container nonhundred-percent-fullwidth non-hundred-percent-height-scrolling\" style=\"--awb-border-radius-top-left:0px;--awb-border-radius-top-right:0px;--awb-border-radius-bottom-right:0px;--awb-border-radius-bottom-left:0px;--awb-flex-wrap:wrap;\" ><div class=\"fusion-builder-row fusion-row fusion-flex-align-items-flex-start fusion-flex-content-wrap\" style=\"max-width:1456px;margin-left: calc(-4% \/ 2 );margin-right: calc(-4% \/ 2 );\"><\/div><\/div><div class=\"fusion-fullwidth fullwidth-box fusion-builder-row-2 fusion-flex-container nonhundred-percent-fullwidth non-hundred-percent-height-scrolling\" style=\"--awb-border-radius-top-left:0px;--awb-border-radius-top-right:0px;--awb-border-radius-bottom-right:0px;--awb-border-radius-bottom-left:0px;--awb-flex-wrap:wrap;\" ><div class=\"fusion-builder-row fusion-row fusion-flex-align-items-flex-start fusion-flex-content-wrap\" style=\"max-width:1456px;margin-left: calc(-4% \/ 2 );margin-right: calc(-4% \/ 2 );\"><\/div><\/div><div class=\"fusion-fullwidth fullwidth-box fusion-builder-row-3 fusion-flex-container has-pattern-background has-mask-background fusion-parallax-none nonhundred-percent-fullwidth non-hundred-percent-height-scrolling page-hero\" style=\"--awb-border-radius-top-left:0px;--awb-border-radius-top-right:0px;--awb-border-radius-bottom-right:0px;--awb-border-radius-bottom-left:0px;--awb-padding-top:12vh;--awb-padding-bottom:12vh;--awb-margin-top:0px;--awb-margin-bottom:0px;--awb-background-color:var(--awb-color7);--awb-background-image:url(&quot;https:\/\/erp-recycling.org\/pt-pt\/wp-content\/uploads\/sites\/53\/2022\/12\/Awareness_ERP-PT-web.jpg&quot;);--awb-background-size:cover;--awb-flex-wrap:wrap;\" ><div class=\"fusion-builder-row fusion-row fusion-flex-align-items-flex-start fusion-flex-content-wrap\" style=\"max-width:1456px;margin-left: calc(-4% \/ 2 );margin-right: calc(-4% \/ 2 );\"><div class=\"fusion-layout-column fusion_builder_column fusion-builder-column-0 fusion_builder_column_3_5 3_5 fusion-flex-column\" style=\"--awb-bg-size:cover;--awb-width-large:60%;--awb-margin-top-large:0px;--awb-spacing-right-large:3.2%;--awb-margin-bottom-large:20px;--awb-spacing-left-large:3.2%;--awb-width-medium:100%;--awb-order-medium:0;--awb-spacing-right-medium:1.92%;--awb-spacing-left-medium:1.92%;--awb-width-small:100%;--awb-order-small:0;--awb-spacing-right-small:1.92%;--awb-spacing-left-small:1.92%;\"><div class=\"fusion-column-wrapper fusion-column-has-shadow fusion-flex-justify-content-flex-start fusion-content-layout-column\"><div class=\"fusion-title title fusion-title-1 fusion-title-text fusion-title-size-one\" style=\"--awb-text-color:var(--awb-color1);--awb-margin-top-small:0px;--awb-margin-bottom-small:20px;\"><div class=\"title-sep-container title-sep-container-left fusion-no-large-visibility fusion-no-medium-visibility fusion-no-small-visibility\"><div class=\"title-sep sep- sep-solid\" style=\"border-color:var(--awb-color3);\"><\/div><\/div><span class=\"awb-title-spacer fusion-no-large-visibility fusion-no-medium-visibility fusion-no-small-visibility\"><\/span><h1 class=\"fusion-title-heading title-heading-left fusion-responsive-typography-calculated\" style=\"margin:0;text-transform:none;--fontSize:100;line-height:1.2;\">Sensibiliza\u00e7\u00e3o<\/h1><span class=\"awb-title-spacer\"><\/span><div class=\"title-sep-container title-sep-container-right\"><div class=\"title-sep sep- sep-solid\" style=\"border-color:var(--awb-color3);\"><\/div><\/div><\/div><\/div><\/div><\/div><\/div><div class=\"fusion-fullwidth fullwidth-box fusion-builder-row-4 fusion-flex-container has-pattern-background has-mask-background nonhundred-percent-fullwidth non-hundred-percent-height-scrolling\" style=\"--awb-border-radius-top-left:0px;--awb-border-radius-top-right:0px;--awb-border-radius-bottom-right:0px;--awb-border-radius-bottom-left:0px;--awb-margin-top:40px;--awb-margin-bottom:40px;--awb-flex-wrap:wrap;\" ><div class=\"fusion-builder-row fusion-row fusion-flex-align-items-flex-start fusion-flex-content-wrap\" style=\"max-width:1456px;margin-left: calc(-4% \/ 2 );margin-right: calc(-4% \/ 2 );\"><div class=\"fusion-layout-column fusion_builder_column fusion-builder-column-1 fusion_builder_column_1_1 1_1 fusion-flex-column fusion-column-inner-bg-wrapper\" style=\"--awb-inner-bg-size:cover;--awb-width-large:100%;--awb-margin-top-large:0px;--awb-spacing-right-large:1.92%;--awb-margin-bottom-large:20px;--awb-spacing-left-large:1.92%;--awb-width-medium:100%;--awb-order-medium:0;--awb-spacing-right-medium:1.92%;--awb-spacing-left-medium:1.92%;--awb-width-small:100%;--awb-order-small:0;--awb-spacing-right-small:1.92%;--awb-spacing-left-small:1.92%;\"><span class=\"fusion-column-inner-bg hover-type-none\"><a class=\"fusion-column-anchor\" href=\"https:\/\/erp-recycling.org\/pt-pt\/wp-content\/uploads\/sites\/53\/2024\/08\/Regulamento-Passatempo-NV-Vodafone-Paredes-de-Coura-2024-2.pdf\"><span class=\"fusion-column-inner-bg-image\"><\/span><\/a><\/span><div class=\"fusion-column-wrapper fusion-column-has-shadow fusion-flex-justify-content-flex-start fusion-content-layout-column\"><nav class=\"fusion-breadcrumbs awb-yoast-breadcrumbs fusion-breadcrumbs-1\" style=\"--awb-breadcrumb-sep:&#039;&gt;&#039;;\" aria-label=\"Breadcrumb\"><span><span><a href=\"https:\/\/erp-recycling.org\/pt-pt\/\">Frontpage<\/a><\/span><\/span><\/nav><div class=\"fusion-image-element \" style=\"--awb-caption-title-font-family:var(--h2_typography-font-family);--awb-caption-title-font-weight:var(--h2_typography-font-weight);--awb-caption-title-font-style:var(--h2_typography-font-style);--awb-caption-title-size:var(--h2_typography-font-size);--awb-caption-title-transform:var(--h2_typography-text-transform);--awb-caption-title-line-height:var(--h2_typography-line-height);--awb-caption-title-letter-spacing:var(--h2_typography-letter-spacing);\"><span class=\" fusion-imageframe imageframe-none imageframe-1 hover-type-none\"><a class=\"fusion-no-lightbox\" href=\"https:\/\/erp-recycling.org\/pt-pt\/wp-content\/uploads\/sites\/53\/2024\/05\/Regulamento-Passatempo-ERP-Primavera-Sound-Porto-2024.pdf\" target=\"_blank\" aria-label=\"Give away PC\" rel=\"noopener noreferrer\"><img loading=\"lazy\" decoding=\"async\" width=\"240\" height=\"300\" src=\"https:\/\/erp-recycling.org\/pt-pt\/wp-content\/uploads\/sites\/53\/2024\/08\/Give-away-PC-240x300.png\" alt class=\"img-responsive wp-image-9908\" srcset=\"https:\/\/erp-recycling.org\/pt-pt\/wp-content\/uploads\/sites\/53\/2024\/08\/Give-away-PC-200x250.png 200w, https:\/\/erp-recycling.org\/pt-pt\/wp-content\/uploads\/sites\/53\/2024\/08\/Give-away-PC.png 330w\" sizes=\"auto, (max-width: 1024px) 100vw, (max-width: 640px) 100vw, 240px\" \/><\/a><\/span><\/div><\/div><\/div><\/div><\/div><div class=\"fusion-fullwidth fullwidth-box fusion-builder-row-5 fusion-flex-container has-pattern-background has-mask-background nonhundred-percent-fullwidth non-hundred-percent-height-scrolling\" style=\"--awb-border-radius-top-left:0px;--awb-border-radius-top-right:0px;--awb-border-radius-bottom-right:0px;--awb-border-radius-bottom-left:0px;--awb-margin-top:40px;--awb-margin-bottom:40px;--awb-flex-wrap:wrap;\" ><div class=\"fusion-builder-row fusion-row fusion-flex-align-items-flex-start fusion-flex-content-wrap\" style=\"max-width:1456px;margin-left: calc(-4% \/ 2 );margin-right: calc(-4% \/ 2 );\"><div class=\"fusion-layout-column fusion_builder_column fusion-builder-column-2 fusion_builder_column_1_1 1_1 fusion-flex-column\" style=\"--awb-bg-size:cover;--awb-width-large:100%;--awb-margin-top-large:0px;--awb-spacing-right-large:1.92%;--awb-margin-bottom-large:20px;--awb-spacing-left-large:1.92%;--awb-width-medium:100%;--awb-order-medium:0;--awb-spacing-right-medium:1.92%;--awb-spacing-left-medium:1.92%;--awb-width-small:100%;--awb-order-small:0;--awb-spacing-right-small:1.92%;--awb-spacing-left-small:1.92%;\"><div class=\"fusion-column-wrapper fusion-column-has-shadow fusion-flex-justify-content-flex-start fusion-content-layout-column\"><nav class=\"fusion-breadcrumbs awb-yoast-breadcrumbs fusion-breadcrumbs-2\" style=\"--awb-breadcrumb-sep:&#039;&gt;&#039;;\" aria-label=\"Breadcrumb\"><span><span><a href=\"https:\/\/erp-recycling.org\/pt-pt\/\">Frontpage<\/a><\/span><\/span><\/nav><div class=\"fusion-image-element \" style=\"--awb-caption-title-font-family:var(--h2_typography-font-family);--awb-caption-title-font-weight:var(--h2_typography-font-weight);--awb-caption-title-font-style:var(--h2_typography-font-style);--awb-caption-title-size:var(--h2_typography-font-size);--awb-caption-title-transform:var(--h2_typography-text-transform);--awb-caption-title-line-height:var(--h2_typography-line-height);--awb-caption-title-letter-spacing:var(--h2_typography-letter-spacing);\"><span class=\" fusion-imageframe imageframe-none imageframe-2 hover-type-none\"><a class=\"fusion-no-lightbox\" href=\"https:\/\/erp-recycling.org\/pt-pt\/wp-content\/uploads\/sites\/53\/2024\/05\/Regulamento-Passatempo-ERP-Primavera-Sound-Porto-2024.pdf\" target=\"_blank\" aria-label=\"PrimaveraSound\" rel=\"noopener noreferrer\"><img loading=\"lazy\" decoding=\"async\" width=\"240\" height=\"300\" src=\"https:\/\/erp-recycling.org\/pt-pt\/wp-content\/uploads\/sites\/53\/2024\/05\/PrimaveraSound-1-240x300.png\" alt class=\"img-responsive wp-image-9878\" srcset=\"https:\/\/erp-recycling.org\/pt-pt\/wp-content\/uploads\/sites\/53\/2024\/05\/PrimaveraSound-1-200x250.png 200w, https:\/\/erp-recycling.org\/pt-pt\/wp-content\/uploads\/sites\/53\/2024\/05\/PrimaveraSound-1-400x500.png 400w, https:\/\/erp-recycling.org\/pt-pt\/wp-content\/uploads\/sites\/53\/2024\/05\/PrimaveraSound-1-600x750.png 600w, https:\/\/erp-recycling.org\/pt-pt\/wp-content\/uploads\/sites\/53\/2024\/05\/PrimaveraSound-1-800x1000.png 800w, https:\/\/erp-recycling.org\/pt-pt\/wp-content\/uploads\/sites\/53\/2024\/05\/PrimaveraSound-1.png 1080w\" sizes=\"auto, (max-width: 1024px) 100vw, (max-width: 640px) 100vw, 240px\" \/><\/a><\/span><\/div><\/div><\/div><\/div><\/div><div class=\"fusion-fullwidth fullwidth-box fusion-builder-row-6 fusion-flex-container has-pattern-background has-mask-background nonhundred-percent-fullwidth non-hundred-percent-height-scrolling\" style=\"--awb-border-radius-top-left:0px;--awb-border-radius-top-right:0px;--awb-border-radius-bottom-right:0px;--awb-border-radius-bottom-left:0px;--awb-padding-bottom:12vh;--awb-flex-wrap:wrap;\" ><div class=\"fusion-builder-row fusion-row fusion-flex-align-items-flex-start fusion-flex-content-wrap\" style=\"max-width:1456px;margin-left: calc(-4% \/ 2 );margin-right: calc(-4% \/ 2 );\"><section class=\"fusion-layout-column fusion_builder_column fusion-builder-column-3 fusion_builder_column_3_4 3_4 fusion-flex-column fusion-column-inner-bg-wrapper\" style=\"--awb-inner-bg-size:cover;--awb-width-large:75%;--awb-margin-top-large:0px;--awb-spacing-right-large:2.56%;--awb-margin-bottom-large:20px;--awb-spacing-left-large:2.56%;--awb-width-medium:100%;--awb-order-medium:0;--awb-spacing-right-medium:1.92%;--awb-spacing-left-medium:1.92%;--awb-width-small:100%;--awb-order-small:0;--awb-spacing-right-small:1.92%;--awb-spacing-left-small:1.92%;\" data-scroll-devices=\"small-visibility,medium-visibility,large-visibility\"><span class=\"fusion-column-inner-bg hover-type-none\"><a class=\"fusion-column-anchor\" href=\"https:\/\/erp-recycling.org\/pt-pt\/wp-content\/uploads\/sites\/53\/2024\/05\/Regulamento-Passatempo-ERP-Primavera-Sound-Porto-2024.pdf\" rel=\"noopener noreferrer\" target=\"_blank\"><span class=\"fusion-column-inner-bg-image\"><\/span><\/a><\/span><div class=\"fusion-column-wrapper fusion-column-has-shadow fusion-flex-justify-content-flex-start fusion-content-layout-column\"><div class=\"fusion-text fusion-text-1\"><h3 class=\"fusion-responsive-typography-calculated\" style=\"--fontsize: 30;line-height: 1.25;--fontSize: 30\" data-fontsize=\"30\" data-lineheight=\"37.5px\">\nNovo Verde e ERP Portugal investem 600 mil euros em educa\u00e7\u00e3o e sensibiliza\u00e7\u00e3o ambiental<\/h3>\n<h3 class=\"fusion-responsive-typography-calculated\" style=\"--fontsize: 30;line-height: 1.25;--fontSize: 30\" data-fontsize=\"30\" data-lineheight=\"37.5px\">\n<p><span style=\"color: var(--h3_typography-color);font-family: var(--h3_typography-font-family);font-size: var(--h3_typography-font-size);font-style: var(--h3_typography-font-style,normal);font-weight: var(--h3_typography-font-weight);letter-spacing: var(--h3_typography-letter-spacing);text-transform: var(--h3_typography-text-transform);text-align: var(--awb-content-alignment);background-color: var(--awb-bg-color)\">Ano: 2025<\/span><\/p>\n<p>Descri\u00e7\u00e3o:<\/p>\n<p data-fusion-font=\"true\" style=\"font-family: 'Calibri regular'\">A <b>Novo Verde<\/b> e a <b>ERP Portugal<\/b>, entidades gestoras de res\u00edduos de embalagens e de res\u00edduos de equipamentos el\u00e9tricos e eletr\u00f3nicos (REEE), pilhas e baterias (RB), respetivamente, inauguraram no dia 6 de fevereiro, o Transformarium, o primeiro centro de sensibiliza\u00e7\u00e3o que utiliza a mais recente tecnologia de realidade aumentada e video mapping que acompanha a transi\u00e7\u00e3o digital refletida nos novos modelos educativos. Esta iniciativa representa um investimento de 600 mil euros e refor\u00e7a o trabalho cont\u00ednuo de ambas as entidades na promo\u00e7\u00e3o da reciclagem e da economia circular, atrav\u00e9s da educa\u00e7\u00e3o ambiental.<\/p>\n<p data-fusion-font=\"true\" style=\"font-family: 'Calibri regular'\">Proporcionando uma experi\u00eancia imersiva e interativa, este centro de sensibiliza\u00e7\u00e3o, destinado maioritariamente \u00e0 comunidade escolar, nomeadamente a crian\u00e7as at\u00e9 aos 12 anos, pretende educar e inspirar as gera\u00e7\u00f5es futuras para a import\u00e2ncia da correta separa\u00e7\u00e3o e encaminhamento dos res\u00edduos. Paralelamente, pretende ser um espa\u00e7o din\u00e2mico que torne as crian\u00e7as em mestres da sustentabilidade e em agentes ativos no cumprimento das metas de recolha, em Portugal.<\/p>\n<p data-fusion-font=\"true\" style=\"font-family: 'Calibri regular'\">A inaugura\u00e7\u00e3o contou com a presen\u00e7a do Secret\u00e1rio de Estado do Ambiente, Dr. Em\u00eddio Sousa; do Diretor Delegado dos SMAS de Sintra, Dr. Carlos Vieira; do Presidente da ERP Portugal e da Novo Verde, Dr. Ricardo Neto; do Diretor-Geral da Novo Verde, Eng. Pedro Sim\u00f5es; e da Diretora-Geral da ERP Portugal, Dra. Rosa Monforte.<\/p>\n<p data-fusion-font=\"true\" style=\"font-family: 'Calibri regular'\">&#8220;O Transformarium representa um marco na educa\u00e7\u00e3o ambiental em Portugal. Este \u00e9 um espa\u00e7o inovador que utiliza a tecnologia para inspirar as gera\u00e7\u00f5es futuras a adotar h\u00e1bitos mais sustent\u00e1veis. Queremos que as crian\u00e7as mergulhem no universo da reciclagem e que compreendam a sua import\u00e2ncia de forma l\u00fadica e interativa\u201d, afirma Ricardo Neto, Presidente da Novo Verde e da ERP Portugal. \u201cAcreditamos que investir na educa\u00e7\u00e3o ambiental dos jovens \u00e9 investir no futuro, e este centro \u00e9 a prova do nosso compromisso cont\u00ednuo com a educa\u00e7\u00e3o ambiental.\u201d<\/p>\n<p data-fusion-font=\"true\" style=\"font-family: 'Calibri regular'\">Com capacidade para cerca de 25 pessoas por sess\u00e3o, o Transformarium espera receber cerca de 5 mil crian\u00e7as por ano. O circuito, com dura\u00e7\u00e3o aproximada de uma hora e meia, explora os tr\u00eas fluxos de reciclagem \u2013 embalagens, REEE e pilhas e baterias \u2013 e o correto encaminhamento de cada categoria de res\u00edduos. Acompanhadas de tablets, as crian\u00e7as percorrem as diferentes etapas do processo, desde a extra\u00e7\u00e3o de mat\u00e9rias-primas at\u00e9 ao descarte a enquanto respondem a perguntas e interagem com conte\u00fados digitais. Durante a experi\u00eancia, as mascotes da Novo Verde e da ERP Portugal surgem para desafiar os mais pequenos a conectarem-se com o processo da reciclagem. O Verd\u00e3o e o Depositr\u00e3o ganham vida atrav\u00e9s da realidade aumentada, demonstrando e explicando o correto encaminhamento dos diversos res\u00edduos, desde as embalagens at\u00e9 aos REEE, pilhas e baterias.<\/p>\n<p data-fusion-font=\"true\" style=\"font-family: 'Calibri regular'\">De forma a completar a imers\u00e3o no mundo da reciclagem, as crian\u00e7as podem tamb\u00e9m observar, atrav\u00e9s de uma parede envidra\u00e7ada, o funcionamento real do centro de recolha de res\u00edduos de equipamentos el\u00e9tricos, eletr\u00f3nicos, pilhas e baterias, permitindo uma melhor compreens\u00e3o da participa\u00e7\u00e3o ativa no processo.<\/p>\n<p>_____________________________________________________________<\/p>\n<p>ERP Portugal participa no 18\u00ba F\u00f3rum dos Res\u00edduos e debate desafios do setor<\/p>\n<p>Ano: 2024<\/p>\n<p>Parceiros: Jornal \u00c1gua e Ambiente<\/p>\n<p><span style=\"color: var(--h3_typography-color);font-family: var(--h3_typography-font-family);font-size: var(--h3_typography-font-size);font-style: var(--h3_typography-font-style,normal);font-weight: var(--h3_typography-font-weight);letter-spacing: var(--h3_typography-letter-spacing);text-transform: var(--h3_typography-text-transform);text-align: var(--awb-content-alignment);background-color: var(--awb-bg-color-hover)\">Descri\u00e7\u00e3o:<\/span><\/p>\n<p data-fusion-font=\"true\" style=\"font-family: 'Calibri regular'\">A ERP Portugal esteve presente no 18\u00ba F\u00f3rum dos Res\u00edduos, um dos principais eventos do setor em Portugal, com a participa\u00e7\u00e3o da sua Diretora Geral, Rosa Monforte, e do Presidente da ERP Portugal e da Novo Verde, Ricardo Neto. O evento, que reuniu especialistas e profissionais da \u00e1rea, foi uma oportunidade para discutir os principais desafios e oportunidades na gest\u00e3o de res\u00edduos, especialmente no que diz respeito aos res\u00edduos de equipamentos el\u00e9tricos e eletr\u00f3nicos (REEE).<\/p>\n<p data-fusion-font=\"true\" style=\"font-family: 'Calibri regular'\">Rosa Monforte integrou o painel \u201cO grande salto dos res\u00edduos de equipamentos el\u00e9tricos e eletr\u00f3nicos\u201d, onde partilhou a sua vis\u00e3o sobre os desafios espec\u00edficos de cada categoria de REEE, o papel das entidades gestoras no novo ciclo de licen\u00e7as e nas metas ambientais, e a import\u00e2ncia do tratamento adequado destes res\u00edduos para alcan\u00e7ar os objetivos de sustentabilidade e reduzir o impacto ambiental. A sua interven\u00e7\u00e3o focou-se tamb\u00e9m na prepara\u00e7\u00e3o das entidades para o novo ciclo de licenciamento, que trar\u00e1 novas exig\u00eancias para a gest\u00e3o e reciclagem de REEE.<\/p>\n<p data-fusion-font=\"true\" style=\"font-family: 'Calibri regular'\">Por outro lado, Ricardo Neto participou no painel \u201cO primeiro ano das novas licen\u00e7as\u201d, onde se discutiu o futuro das licen\u00e7as de fluxos espec\u00edficos, que entram em vigor em 2025. O debate abordou o impacto da nova Taxa de Gest\u00e3o de Res\u00edduos para as entidades gestoras e os desafios que estas enfrentar\u00e3o na adapta\u00e7\u00e3o \u00e0s novas exig\u00eancias legais.<\/p>\n<p data-fusion-font=\"true\" style=\"font-family: 'Calibri regular'\">A presen\u00e7a da ERP Portugal no 18\u00ba F\u00f3rum dos Res\u00edduos reflete o compromisso da organiza\u00e7\u00e3o com a inova\u00e7\u00e3o e a sustentabilidade no setor da gest\u00e3o de res\u00edduos, e a sua cont\u00ednua contribui\u00e7\u00e3o para o cumprimento das metas ambientais e para a transi\u00e7\u00e3o para uma economia circular.<\/p>\n<p>_____________________________________________________________<\/p>\n<p>ERP Portugal marca presen\u00e7a no ENASB 2024 para sensibilizar para o correto encaminhamento de REEE e RB<\/p>\n<p>Ano: 2024<\/p>\n<p>Parceiros: Apesb &#8211; Associa\u00e7\u00e3o Portuguesa De Engenharia Sanit\u00e1ria E Ambiental<\/p>\n<p>Descri\u00e7\u00e3o:<\/p>\n<p data-fusion-font=\"true\" style=\"font-family: 'Calibri regular'\">A ERP Portugal participou no Encontro de Engenharia Sanit\u00e1ria e Ambiental (ENASB) de 2024, com o objetivo de sensibilizar os profissionais do setor para a import\u00e2ncia da gest\u00e3o respons\u00e1vel dos res\u00edduos de equipamentos el\u00e9tricos e eletr\u00f3nicos (REEE) e de pilhas e baterias (RB).<\/p>\n<p data-fusion-font=\"true\" style=\"font-family: 'Calibri regular'\">Durante o evento, a ERP Portugal refor\u00e7ou a sua miss\u00e3o de promover pr\u00e1ticas de reciclagem e de correto encaminhamento desses res\u00edduos, abordando os benef\u00edcios ambientais da sua correta gest\u00e3o. A presen\u00e7a no ENASB 2024 permitiu \u00e0 empresa destacar a import\u00e2ncia da economia circular e do compromisso coletivo com a sustentabilidade ambiental, apelando \u00e0 colabora\u00e7\u00e3o entre empresas, entidades p\u00fablicas e a sociedade.<\/p>\n<p data-fusion-font=\"true\" style=\"font-family: 'Calibri regular'\">O ENASB 2024 proporcionou um ambiente ideal para a troca de conhecimentos e para a promo\u00e7\u00e3o de solu\u00e7\u00f5es que garantam um futuro mais sustent\u00e1vel, com \u00eanfase na correta gest\u00e3o de res\u00edduos.<\/p>\n<p>_____________________________________________________________<\/p>\n<p>ERP Portugal refor\u00e7a compromisso contra o desperd\u00edcio: at\u00e9 17 de janeiro mais de 35 n\u00facleos da Refood s\u00e3o pontos de recolha de pilhas e l\u00e2mpadas<\/p>\n<p>Ano: 2024<\/p>\n<p>Parceiros: ReFOOD; Orima<\/p>\n<p>Descri\u00e7\u00e3o:<\/p>\n<p data-fusion-font=\"true\" style=\"font-family: 'Calibri regular'\">Em Portugal, o desperd\u00edcio alimentar continua a ser um problema persistente e alarmante, com toneladas de alimentos a serem desperdi\u00e7adas anualmente. Por ano, e de acordo com os dados oficiais, as fam\u00edlias portuguesas desperdi\u00e7am 180kg de alimentos e os restaurantes 23 quilos por habitante. Por outro lado, Portugal est\u00e1 ainda distante das metas estabelecidas de recolha.<\/p>\n<p data-fusion-font=\"true\" style=\"font-family: 'Calibri regular'\">Conscientes desta realidade, a ERP Portugal, Entidade Gestora de Res\u00edduos de Equipamentos El\u00e9tricos e Eletr\u00f3nicos (REEE) e Res\u00edduos de Pilhas e Baterias (RB) e a marca portuguesa de eletrodom\u00e9sticos, Orima, juntam-se \u00e0 Refood numa iniciativa inovadora que pretende potenciar a redu\u00e7\u00e3o do desperd\u00edcio alimentar atrav\u00e9s do apoio a esta entidade, cuja atividade se baseia na recolha de refei\u00e7\u00f5es desperdi\u00e7adas e o seu encaminhamento a fam\u00edlias necessitadas.<\/p>\n<p data-fusion-font=\"true\" style=\"font-family: 'Calibri regular'\">Para tal, basta que os portugueses se dirijam aos mais de 35 n\u00facleos Refood em todo o pa\u00eds, e entreguem pilhas e l\u00e2mpadas que ser\u00e3o encaminhadas pela ERP Portugal para reciclagem.<\/p>\n<p data-fusion-font=\"true\" style=\"font-family: 'Calibri regular'\">\u201cDesperd\u00edcio Zero, Impacto Duplo\u201d \u00e9 o mote desta iniciativa que pretende sensibilizar para a import\u00e2ncia da redu\u00e7\u00e3o do desperd\u00edcio alimentar, tem\u00e1tica deste ano da semana em causa, mas tamb\u00e9m para o correto encaminhamento de res\u00edduos perigosos como pilhas e l\u00e2mpadas.<\/p>\n<p data-fusion-font=\"true\" style=\"font-family: 'Calibri regular'\">In\u00fameros n\u00facleos da Refood  funcionar\u00e3o como pontos de entrega de pilhas e l\u00e2mpadas. Entre as 18h00 e as 22h00, a popula\u00e7\u00e3o pode entregar os seus res\u00edduos perigosos nos n\u00facleos da Refood e apoiar a sua miss\u00e3o contra o desperd\u00edcio alimentar.<\/p>\n<p data-fusion-font=\"true\" style=\"font-family: 'Calibri regular'\">De forma a incentivar a entrega de pilhas e l\u00e2mpadas, a marca portuguesa de eletrodom\u00e9sticos, Orima, vai oferecer equipamentos novos e mais eficientes aos n\u00facleos da Refood que recolherem a maior quantidade deste tipo de res\u00edduos.<\/p>\n<p data-fusion-font=\"true\" style=\"font-family: 'Calibri regular'\">\u201cO desperd\u00edcio alimentar e o inadequado encaminhamento de res\u00edduos s\u00e3o problemas urgentes que exigem a\u00e7\u00e3o imediata\u201d, afirma Rosa Monforte, Diretora Geral da ERP Portugal. \u201cEstamos muito felizes por nos juntarmos \u00e0 Refood e \u00e0 Orima nesta campanha t\u00e3o importante. Queremos sensibilizar a popula\u00e7\u00e3o para a import\u00e2ncia do correto encaminhamento de res\u00edduos perigosos, como pilhas e l\u00e2mpadas. Acreditamos que, juntos, podemos impulsionar mudan\u00e7as positivas e construir um futuro mais sustent\u00e1vel para todos.\u201d<\/p>\n<p data-fusion-font=\"true\" style=\"font-family: 'Calibri regular'\">\u201cO Movimento Refood trabalha diariamente para combater e transformar o desperd\u00edcio alimentar em nutri\u00e7\u00e3o para quem mais precisa. Estamos muito felizes em cooperar com ERP Portugal e Orima nesta campanha, e associarmo-nos tamb\u00e9m ao combate e redu\u00e7\u00e3o de desperd\u00edcio electr\u00f3nico, mais especificamente das pilhas e l\u00e2mpadas que representam um perigo para o nosso ambiente partilhado e que s\u00e3o facilmente recolhidos e seguramente reciclados\u201d, afirma fonte oficial do Movimento Refood.<\/p>\n<p data-fusion-font=\"true\" style=\"font-family: 'Calibri regular'\">\u201cA Orima tem como objetivo facilitar as tarefas dom\u00e9sticas e, simultameamente melhorar a qualidade de vida das fam\u00edlias. Com a produ\u00e7\u00e3o de eletrodom\u00e9sticos mais eficientes, conseguimos ajudar a construir um futuro mais sustent\u00e1vel, mas tamb\u00e9m sensibilizar para a necessidade urgente de combater o desperd\u00edcio alimentar e, ao mesmo tempo, incentivar a reciclagem de res\u00edduos de forma a cumprir totalmente o duplo intuito da campanha.\u201d, acrescenta Cec\u00edlia Almeida, Diretora de Marketing da Orima.<\/p>\n<p>_____________________________________________________________<\/p>\n<p>ERP Portugal intensifica a sua habitual campanha de recolha de res\u00edduos el\u00e9tricos e eletr\u00f3nicos e de pilhas em Aveiro at\u00e9 ao dia 29 de outubro <\/p>\n<p>Ano: 2024<\/p>\n<p>Parceiros: Planetiers; Landbell Group<\/p>\n<p>Descri\u00e7\u00e3o:<\/p>\n<p data-fusion-font=\"true\" style=\"font-family: 'Calibri regular'\">A economia circular vai chegar a Aveiro entre os dias 27 e 29 de outubro de 2024: a ERP Portugal, entidade Gestora de Res\u00edduos de Equipamentos El\u00e9tricos e Eletr\u00f3nicos (REEE) e Res\u00edduos de Pilhas e Baterias (RB), junta-se ao grupo Landbell, patrocinador oficial do Planetiers World Gathering, que decorre nesta data no Centro de Congressos da cidade. <\/p>\n<p data-fusion-font=\"true\" style=\"font-family: 'Calibri regular'\">At\u00e9 29 de outubro todos os aveirenses podem entregar res\u00edduos no Planetiers e nos pontos de entrega do recinto. Al\u00e9m de disponibilizar pontos de recolha de REEE e RB na entrada do Planetiers World Gathering e no seu interior, no stand da marca, a campanha de recolha estende-se al\u00e9m do evento. A iniciativa resulta de uma parceria com a autarquia que visa contrariar a tend\u00eancia de acumula\u00e7\u00e3o, fomentar h\u00e1bitos de entrega deste tipo de res\u00edduos e contribuir para o alcance das metas europeias de recolha. <\/p>\n<p data-fusion-font=\"true\" style=\"font-family: 'Calibri regular'\">Tamb\u00e9m ser\u00e1 no dia 29 de outubro que o presidente da ERP Portugal, Ricardo Neto, participar no painel de discuss\u00e3o \u201cCircular economy: recycling and closing the loop strategies\u201d, no Impact Stage do Planetiers, onde ir\u00e1 partilhar a vis\u00e3o e a experi\u00eancia da ERP Portugal na promo\u00e7\u00e3o da economia circular e abordar pr\u00e1ticas inovadoras, iniciativas e desafios enfrentados pela marca. <\/p>\n<p data-fusion-font=\"true\" style=\"font-family: 'Calibri regular'\">\u201cO correto encaminhamento de res\u00edduos \u00e9 um desafio global e a presen\u00e7a da ERP Portugal no Planetiers World Gathering pretende liderar pelo exemplo e inspirar outras organiza\u00e7\u00f5es e cidad\u00e3os a adotarem h\u00e1bitos corretos no que respeita aos encaminhamentos dos res\u00edduos. Agradecemos \u00e0 organiza\u00e7\u00e3o do evento e \u00e0 C\u00e2mara Municipal de Aveiro por acreditarem que a mudan\u00e7a come\u00e7a com a sensibiliza\u00e7\u00e3o das comunidades e atrav\u00e9s da educa\u00e7\u00e3o ambiental e da promo\u00e7\u00e3o de boas pr\u00e1ticas.\u201d, afirma Ricardo Neto, Presidente da ERP Portugal e da Novo Verde.<\/p>\n<p data-fusion-font=\"true\" style=\"font-family: 'Calibri regular'\">\u201cEstas a\u00e7\u00f5es da ERP Portugal s\u00e3o uma ferramenta adicional para refor\u00e7ar a sensibiliza\u00e7\u00e3o sobre a import\u00e2ncia da correta separa\u00e7\u00e3o e encaminhamento de res\u00edduos, apoiando o caminho para um futuro mais circular e sustent\u00e1vel em Aveiro. A economia circular \u00e9 uma pr\u00e1tica quotidiana em Aveiro, acess\u00edvel a todos. Desde a abertura do Eco-Centro em 2022, os aveirenses t\u00eam \u00e0 disposi\u00e7\u00e3o um espa\u00e7o para entrega de REEE e uma oficina para pequenas repara\u00e7\u00f5es, prolongando a vida de objetos antes considerados descart\u00e1veis. Este espa\u00e7o acolhe atividades mensais para todas as idades, promovendo a preven\u00e7\u00e3o e a reutiliza\u00e7\u00e3o. S\u00f3 nos primeiros dois anos de atividade, a C\u00e2mara Municipal de Aveiro aumentou a recolha de REEE em mais de 70 toneladas e foram realizadas centenas de repara\u00e7\u00f5es de EEE\u201d, afirma Jo\u00e3o Filipe Andrade Machado, Vereador da C\u00e2mara Municipal de Aveiro<\/p>\n<p data-fusion-font=\"true\" style=\"font-family: 'Calibri regular'\">O Planetiers World Gathering 2024, inserido na programa\u00e7\u00e3o de Aveiro 2024 Capital Portuguesa da Cultura, \u00e9 um dos maiores eventos globais dedicados \u00e0 inova\u00e7\u00e3o para a sustentabilidade. Re\u00fane especialistas, l\u00edderes, empreendedores e cidad\u00e3os de todo o mundo para discutir e implementar solu\u00e7\u00f5es pr\u00e1ticas para os desafios ambientais globais, atrav\u00e9s de palestras, workshops e exposi\u00e7\u00f5es. O evento proporciona uma plataforma vital para a troca de conhecimentos, networking e a colabora\u00e7\u00e3o entre diferentes setores, com o objetivo de acelerar a transi\u00e7\u00e3o para um futuro mais sustent\u00e1vel.<\/p>\n<p>_________<span style=\"color: var(--h3_typography-color);font-family: var(--h3_typography-font-family);font-size: var(--h3_typography-font-size);font-style: var(--h3_typography-font-style,normal);font-weight: var(--h3_typography-font-weight);letter-spacing: var(--h3_typography-letter-spacing);text-transform: var(--h3_typography-text-transform);text-align: var(--awb-content-alignment);background-color: var(--awb-bg-color-hover)\">____________________________________________________<\/span><\/p>\n<p>ERP Portugal junta-se \u00e0 Worten e incentiva portugueses a entregar res\u00edduos <\/p>\n<p>Ano: 2024<\/p>\n<p>Parceiros: Worten<\/p>\n<p>Descri\u00e7\u00e3o:<\/p>\n<p data-fusion-font=\"true\" style=\"font-family: 'Calibri regular'\">A ERP Portugal, entidade Gestora de Res\u00edduos de Equipamentos El\u00e9tricos e Eletr\u00f3nicos (REEE) e Res\u00edduos de Pilhas e Baterias (RB), refor\u00e7a o seu compromisso com a literacia ambiental e com a educa\u00e7\u00e3o e junta-se \u00e0 Worten na campanha \u201cTransforma Tudo em TUMO\u201d. Esta iniciativa, j\u00e1 em curso, visa incentivar a entrega de equipamentos antigos, contribuindo simultaneamente para o desenvolvimento de jovens talentos.<\/p>\n<p data-fusion-font=\"true\" style=\"font-family: 'Calibri regular'\">At\u00e9 dia 24 de outubro, a Worten oferece um incentivo adicional para a entrega de eletrodom\u00e9sticos avariados ou obsoletos, sendo que todos os clientes que entregarem o seu equipamento recebem 15% de desconto extra na compra de um grande eletrodom\u00e9stico (classe energ\u00e9tica A, B ou C) ou de uma m\u00e1quina de caf\u00e9 autom\u00e1tica.<\/p>\n<p data-fusion-font=\"true\" style=\"font-family: 'Calibri regular'\">Atrav\u00e9s da entrega de eletrodom\u00e9sticos usados, avariados ou obsoletos nas lojas Worten, os portugueses v\u00e3o apoiar diretamente o TUMO Portugal, um centro de tecnologias criativas gratuito para jovens dos 12 aos 18 anos. Cada eletrodom\u00e9stico recolhido representa um investimento na forma\u00e7\u00e3o de jovens nas \u00e1reas de cinema e fotografia no TUMO.<\/p>\n<p data-fusion-font=\"true\" style=\"font-family: 'Calibri regular'\">Ricardo Ara\u00fajo Pereira e In\u00eas Aires Pereira s\u00e3o as caras desta nova campanha protagonizada pela ERP Portugal e pela Worten e conta com uma forte presen\u00e7a em televis\u00e3o, r\u00e1dio at\u00e9 ao dia 24 de outubro e plataformas digitais e redes sociais at\u00e9 ao final do ano.<\/p>\n<p data-fusion-font=\"true\" style=\"font-family: 'Calibri regular'\">\u201cA parceria com a Worten \u00e9 uma \u00f3tima oportunidade de refor\u00e7ar a import\u00e2ncia do correto encaminhamento de equipamentos el\u00e9tricos e eletr\u00f3nicos junto dos consumidores. Ao aliarmos esta a\u00e7\u00e3o a uma causa t\u00e3o nobre como o desenvolvimento de compet\u00eancias digitais e criativas nos jovens, estamos a investir numa gera\u00e7\u00e3o de talento e a contribuir para um futuro mais sustent\u00e1vel e inclusivo\u201d, afirma Rosa Monforte, Diretora-Geral da ERP Portugal.<\/p>\n<p data-fusion-font=\"true\" style=\"font-family: 'Calibri regular'\">A ERP Portugal \u00e9 o parceiro do Worten Transforma desde o arranque do programa, em 2009, e garante o correto tratamento de REEE. Desde o seu lan\u00e7amento, a iniciativa j\u00e1 promoveu o correto encaminhamento e respetivo tratamento de mais de 66 mil toneladas de REEE, apoiando cerca de 3000 institui\u00e7\u00f5es com 25 mil novos equipamentos e impactando cerca de 700 mil utentes.<\/p>\n<p>_____________________________________________________________<\/p>\n<p>Novo Verde e ERP Portugal marcam presen\u00e7a em mais uma edi\u00e7\u00e3o de sucesso do Decathlon Vitalsport <\/p>\n<p>Ano: 2024<\/p>\n<p>Parceiros: Decathlon<\/p>\n<p>Descri\u00e7\u00e3o:<\/p>\n<p data-fusion-font=\"true\" style=\"font-family: 'Calibri regular'\">A Novo Verde e a ERP Portugal estiveram mais uma vez presentes na edi\u00e7\u00e3o do Decathlon Vitalsport, com o objetivo de sensibilizar o p\u00fablico para a import\u00e2ncia da reciclagem e da gest\u00e3o adequada de res\u00edduos. Durante os eventos, as entidades refor\u00e7aram as suas campanhas de consciencializa\u00e7\u00e3o ambiental, envolvendo o p\u00fablico de forma educativa e interativa.<\/p>\n<p data-fusion-font=\"true\" style=\"font-family: 'Calibri regular'\">A Novo Verde apresentou os seus inovadores ecopontos humanos, uma a\u00e7\u00e3o interativa que permitiu aos participantes aprender de forma pr\u00e1tica a import\u00e2ncia da separa\u00e7\u00e3o de res\u00edduos, enquanto se envolviam ativamente na promo\u00e7\u00e3o de comportamentos respons\u00e1veis e sustent\u00e1veis, com foco na correta separa\u00e7\u00e3o de embalagens.<\/p>\n<p data-fusion-font=\"true\" style=\"font-family: 'Calibri regular'\">Por sua vez, a ERP Portugal dinamizou uma roda da sorte, onde os participantes tiveram a oportunidade de ganhar diversos pr\u00e9mios, enquanto eram sensibilizados para a correta triagem e gest\u00e3o dos res\u00edduos de equipamentos el\u00e9tricos, eletr\u00f3nicos e baterias. A iniciativa foi bem recebida e contribuiu para a consciencializa\u00e7\u00e3o dos participantes sobre os impactes ambientais dos res\u00edduos eletr\u00f3nicos e a import\u00e2ncia do seu correto encaminhamento.<\/p>\n<p>_____________________________________________________________<\/p>\n<p>ERP Portugal junta-se \u00e0 Novo Verde e LG para a primeira edi\u00e7\u00e3o do Festival ODE \u2013 For a State of Good<\/p>\n<p>Ano: 2024<\/p>\n<p>Parceiros: LG; Recycle Geeks; Oeiras Valley<\/p>\n<p>Descri\u00e7\u00e3o:<\/p>\n<p data-fusion-font=\"true\" style=\"font-family: 'Calibri regular'\">O ODE- FOR A STATE OF GOOD \u00e9 um festival que ir\u00e1 permitir que todos se expressem de forma criativa, enquanto contribuem para um maior conhecimento sobre v\u00e1rias \u00e1reas art\u00edsticas. Desta maneira, ao longo de todo o dia v\u00e3o existir workshops de ioga e medita\u00e7\u00e3o, breathwork, street art, workshop de patins inline, skate e BMX, pintura de skate, workshops de diversos estilos de dan\u00e7a , escalada, leitura sustent\u00e1vel e matraquilhos.<\/p>\n<p data-fusion-font=\"true\" style=\"font-family: 'Calibri regular'\">Os Richfellaz s\u00e3o uma banda de Funk, Soul e Hip Hop que atingiram mais de 80.000 visualiza\u00e7\u00f5es no YouTube, o tema Feel so Good (Life\u2019s Good). Em 2023 venceram nos Pr\u00e9mios Internacionais de M\u00fasica Portuguesa na categoria de Melhor Can\u00e7\u00e3o do Ano com o single \u201cO Sol Brilha\u201d.<\/p>\n<p data-fusion-font=\"true\" style=\"font-family: 'Calibri regular'\">Ricardo de S\u00e1, ap\u00f3s ter feito uma carreira como ator nos Morangos com A\u00e7\u00facar e noutras novelas da TVI, alargou a sua experi\u00eancia art\u00edstica atrav\u00e9s do teatro e, mais tarde, na m\u00fasica. Foi o grande vencedor da edi\u00e7\u00e3o de 2024 Life\u2019s Good Music Contest, da LG Portugal , sendo assim um jovem talento que estar\u00e1 presente nesta 1\u00aa edi\u00e7\u00e3o do ODE .<\/p>\n<p data-fusion-font=\"true\" style=\"font-family: 'Calibri regular'\">Eu.Clides \u00e9 um artista conhecido do p\u00fablico portugu\u00eas. Nascido em Cabo-Verde, cedo veio para Portugal e ingressou no Conservat\u00f3rio de Aveiro. Guitarrista de forma\u00e7\u00e3o, ganhou uma maior notoriedade em 2021 quando participou no Festival da Can\u00e7\u00e3o com o tema \u2018Volte-Face\u2019. \u00c9 o cabe\u00e7a de cartaz deste festival.<\/p>\n<p data-fusion-font=\"true\" style=\"font-family: 'Calibri regular'\">\u201cChegamos ao momento de levar a todos o que de melhor se faz em Portugal, n\u00e3o esquecendo o que de melhor se deve fazer em Portugal. \u00c9 por isso que materializ\u00e1mos este festival, em parceria com a LG, para que todos possam ter contacto com v\u00e1rias realidades, nunca esquecendo a parte boa da vida: todo o tipo de artes. \u00c9 a primeira vez que fazemos um festival dirigido aos jovens e n\u00e3o s\u00f3, e queremos incentivar o gosto pela vida\u2026 e pelo correto encaminhamento de res\u00edduos\u201d, afirma  S\u00edlvia de Oliveira, Diretora de Comunica\u00e7\u00e3o da ERP Portugal e Novo Verde<\/p>\n<p data-fusion-font=\"true\" style=\"font-family: 'Calibri regular'\">O regulamento e todos os detalhes para a participa\u00e7\u00e3o encontram-se dispon\u00edveis na p\u00e1gina <a href=\"https:\/\/odeforastateofgood.pt\/en\/\">odeforastateofgood<\/a>.<\/p>\n<p>_____________________________________________________________<\/p>\n<p>Novo Verde e ERP Portugal presentes no Vodafone Paredes de Coura 2024 para refor\u00e7ar a consciencializa\u00e7\u00e3o ambiental<\/p>\n<p>Ano: 2024<\/p>\n<p>Parceiros: Vodafone<\/p>\n<p>Descri\u00e7\u00e3o:<\/p>\n<p data-fusion-font=\"true\" style=\"font-family: 'Calibri regular'\">Durante a edi\u00e7\u00e3o de 2024 do Vodafone Paredes de Coura, que teve lugar entre os dias 14 e 17 de agosto, as entidades gestoras de res\u00edduos Novo Verde e ERP Portugal estiveram ativamente envolvidas em diversas a\u00e7\u00f5es de sensibiliza\u00e7\u00e3o ambiental. O seu objetivo foi promover pr\u00e1ticas respons\u00e1veis de gest\u00e3o de res\u00edduos, com foco na correta separa\u00e7\u00e3o de embalagens e no encaminhamento adequado de el\u00e9tricos e eletr\u00f3nicos, pilhas e baterias.<\/p>\n<p data-fusion-font=\"true\" style=\"font-family: 'Calibri regular'\">A Novo Verde distribuiu kits de separa\u00e7\u00e3o de embalagens, incentivando os participantes a adotar boas pr\u00e1ticas na gest\u00e3o de res\u00edduos, mesmo em contexto de evento. Por outro lado, a ERP Portugal entregou traga-pilhas, uma a\u00e7\u00e3o que visou facilitar a recolha de pilhas e baterias usadas, incentivando o seu encaminhamento para a reciclagem, em vez de serem descartadas de forma inadequada.<\/p>\n<p data-fusion-font=\"true\" style=\"font-family: 'Calibri regular'\">A participa\u00e7\u00e3o das duas entidades no evento, que \u00e9 um dos maiores festivais de m\u00fasica do pa\u00eds, reflete o compromisso com a promo\u00e7\u00e3o da sustentabilidade ambiental junto de um p\u00fablico jovem e din\u00e2mico. Ambas as organiza\u00e7\u00f5es trabalharam em conjunto para sensibilizar os festivaleiros sobre a import\u00e2ncia de comportamentos respons\u00e1veis no que diz respeito \u00e0 separa\u00e7\u00e3o e gest\u00e3o dos res\u00edduos.<\/p>\n<p>_____________________________________________________________<\/p>\n<p>ERP Portugal junta-se ao Clube de futebol \u201cOs Belenenses\u201d para campanha de recolha de res\u00edduos porta a porta  <\/p>\n<p>Ano: 2024<\/p>\n<p>Parceiros: <span data-fusion-font=\"true\" style=\"font-family: 'Calibri regular'\">Clube de Futebol &#8220;Os Belenenses&#8221;<\/span><\/p>\n<p>Descri\u00e7\u00e3o:<\/p>\n<p data-fusion-font=\"true\" style=\"font-family: 'Calibri regular'\">A ERP Portugal &#8211; Entidade Gestora de Res\u00edduos de Equipamentos El\u00e9tricos e Eletr\u00f3nicos (REEE) e Res\u00edduos de Pilhas e Baterias (RB), junta-se novamente ao hist\u00f3rico Clube de Futebol \u201cOs Belenenses\u201d, com a megacampanha \u201cTraga os seus pequenos que os grandes podemos ir buscar a casa!\u201d. <\/p>\n<p data-fusion-font=\"true\" style=\"font-family: 'Calibri regular'\">De forma a incentivar a entrega de REEE e RB e educar para o correto encaminhamento dos res\u00edduos, a campanha ter\u00e1 in\u00edcio hoje, pelas 20h, juntamente com o segundo jogo desta \u00e9poca em casa, e decorre at\u00e9 ao final da \u00e9poca. <\/p>\n<p data-fusion-font=\"true\" style=\"font-family: 'Calibri regular'\">Assim, a ERP Portugal vai disponibilizar o jogo da Roda da Sorte nas instala\u00e7\u00f5es desportivas d\u2019 \u201cOs Belenenses\u201d a quem entregar REEE ou RB, podendo ganhar brindes, desde traga-pilhas, a vouchers para compras na Loja Azul do clube. <\/p>\n<p data-fusion-font=\"true\" style=\"font-family: 'Calibri regular'\">No que toca aos res\u00edduos de equipamentos el\u00e9tricos e eletr\u00f3nicos de grandes dimens\u00f5es, como por exemplo frigor\u00edficos ou m\u00e1quinas de lavar, ser\u00e1 realizada uma recolha porta a porta, tendo em conta os pedidos realizados no site eureciclo.pt. <\/p>\n<p data-fusion-font=\"true\" style=\"font-family: 'Calibri regular'\">Rosa Monforte, Diretora Geral da ERP Portugal, orgulha-se da cont\u00ednua colabora\u00e7\u00e3o do Clube de Futebol \u2018Os Belenenses\u2019 na  sensibiliza\u00e7\u00e3o e na recolha de res\u00edduos el\u00e9tricos e eletr\u00f3nicos e de pilhas e baterias, e refere que \u201cEsta campanha vem refor\u00e7ar exatamente isso, bem como o nosso compromisso em continuar o trabalho na educa\u00e7\u00e3o e sensibiliza\u00e7\u00e3o da comunidade e na alavancagem do cumprimento das metas de recolha.\u201d<\/p>\n<p data-fusion-font=\"true\" style=\"font-family: 'Calibri regular'\">Segundo Patrick Morais de Carvalho, Presidente do Clube de Futebol \u201cOs Belenenses\u201d, \u201c Esta parceria entre o Belenenses e a ERP Portugal enfatiza aquilo que s\u00e3o os valores e as inten\u00e7\u00f5es do clube em tornar-se uma entidade cada vez mais respons\u00e1vel e sustent\u00e1vel, valores esses que pretendemos estender a toda a Fam\u00edlia Azul. \u201d.<\/p>\n<p data-fusion-font=\"true\" style=\"font-family: 'Calibri regular'\">Esta parceria entre a ERP Portugal e \u201cOs Belenenses\u201d vem assim refor\u00e7ar o compromisso do clube de futebol com a sustentabilidade.<\/p>\n<p>_____________________________________________________________<\/p>\n<p>Novo Verde e ERP Portugal renovam parceria com o programa Querido Mudei a Casa<\/p>\n<p>Ano: 2024<\/p>\n<p>Parceiros: Media 1881<\/p>\n<p>Descri\u00e7\u00e3o:<\/p>\n<p data-fusion-font=\"true\" style=\"font-family: 'Calibri regular'\">O mais antigo programa de decora\u00e7\u00e3o e bricolage em Portugal \u201cQuerido, Mudei a Casa!\u201d regressou \u00e0 TVI ontem, dia 23 de junho, com mais uma temporada e conta novamente com o apoio da Novo Verde e da ERP Portugal, entidades gestoras de res\u00edduos.<\/p>\n<p data-fusion-font=\"true\" style=\"font-family: 'Calibri regular'\">A parceria, que arrancou em 2023, \u00e9 renovada no ano em que o programa completa duas d\u00e9cadas de exist\u00eancia. O objetivo passa por sensibilizar os espectadores para a ado\u00e7\u00e3o de boas pr\u00e1ticas ambientais, nomeadamente, para a separa\u00e7\u00e3o e encaminhamento adequados de res\u00edduos de embalagens, de res\u00edduos el\u00e9tricos e eletr\u00f3nicos e pilhas e baterias, utilizados nos projetos do programa.<\/p>\n<p data-fusion-font=\"true\" style=\"font-family: 'Calibri regular'\">Em cada epis\u00f3dio, os espectadores s\u00e3o convidados a candidatarem-se \u00e0 renova\u00e7\u00e3o de uma divis\u00e3o da sua casa que, se for selecionada, ser\u00e1 totalmente remodelada em 48 horas. Sendo um programa de renova\u00e7\u00e3o de espa\u00e7os, muitos s\u00e3o os res\u00edduos gerados neste processo de remodela\u00e7\u00e3o, n\u00e3o s\u00f3 a n\u00edvel de embalagens das diversas ferramentas usadas no dia-a-dia das equipas, como tamb\u00e9m a n\u00edvel de substitui\u00e7\u00e3o de eletrodom\u00e9sticos obsoletos. <\/p>\n<p data-fusion-font=\"true\" style=\"font-family: 'Calibri regular'\">Com um total de 20 epis\u00f3dios, a 33\u00aa temporada que teve in\u00edcio no dia 23 de junho, ser\u00e1 transmitida na TVI todos os domingos. <\/p>\n<p>_____________________________________________________________<\/p>\n<p>Novo Verde e ERP Portugal celebram os 20 anos do Festival MED<\/p>\n<p>Ano: 2024<\/p>\n<p>Parceiros: <span data-fusion-font=\"true\" style=\"font-family: 'Calibri regular'\">C\u00e2mara Municipal de Loul\u00e9<\/span><\/p>\n<p>Descri\u00e7\u00e3o:<\/p>\n<p><span data-fusion-font=\"true\" style=\"font-family: 'Calibri regular'\">A<\/span> Novo Verde <span data-fusion-font=\"true\" style=\"font-family: 'Calibri regular'\">e a<\/span> ERP Portugal<span data-fusion-font=\"true\" style=\"font-family: 'Calibri regular'\">, entidades gestoras de res\u00edduos, juntam-se novamente \u00e0 C\u00e2mara Municipal de Loul\u00e9 e marcam presen\u00e7a no Festival MED, no ano em que celebra 20 anos de exist\u00eancia.<\/span><\/p>\n<p data-fusion-font=\"true\" style=\"font-family: 'Calibri regular'\">O MED \u00e9 um festival de World Music  e o seu conceito diferenciador tem garantido um lugar de refer\u00eancia entre os festivais europeus. Partindo da divulga\u00e7\u00e3o da cultura dos pa\u00edses da Bacia do Mediterr\u00e2neo e alcan\u00e7ando uma escala global, o festival \u00e9 reconhecido e premiado a n\u00edvel internacional. Tem, ao longo dos anos, desenvolvido iniciativas que contribuem para a dinamiza\u00e7\u00e3o, recupera\u00e7\u00e3o, valoriza\u00e7\u00e3o e sustentabilidade dos espa\u00e7os constru\u00eddos e preserva\u00e7\u00e3o do patrim\u00f3nio hist\u00f3rico edificado.<\/p>\n<p data-fusion-font=\"true\" style=\"font-family: 'Calibri regular'\">A Novo Verde e ERP Portugal est\u00e3o presentes no Festival MED entre os dias 27 e 30 de junho com v\u00e1rias iniciativas.<\/p>\n<p data-fusion-font=\"true\" style=\"font-family: 'Calibri regular'\">A Novo Verde vai estar presente com Ecopontos Humanos no centro hist\u00f3rico de Loul\u00e9 com o objetivo de sensibilizar o p\u00fablico para a import\u00e2ncia do correto encaminhamento de res\u00edduos de embalagens e incentivar a participa\u00e7\u00e3o ativa na sua gest\u00e3o.<\/p>\n<p data-fusion-font=\"true\" style=\"font-family: 'Calibri regular'\">J\u00e1 a ERP Portugal vai disponibilizar m\u00e1quinas de carregamento de telem\u00f3veis no recinto do festival, com a indica\u00e7\u00e3o de que o descarte de REEE (Res\u00edduos de Equipamentos El\u00e9tricos e Eletr\u00f3nicos) e RB (Res\u00edduos de Pilhas Baterias) pode ser realizada facilmente atrav\u00e9s do site www.eureciclo.pt.<\/p>\n<p data-fusion-font=\"true\" style=\"font-family: 'Calibri regular'\">O objetivo \u00e9 destacar a import\u00e2ncia da sustentabilidade, sensibilizar e educar a comunidade.<\/p>\n<p>_____________________________________________________________<\/p>\n<p>Novo Verde e ERP Portugal s\u00e3o parceiras para a Sustentabilidade do Primavera Sound Porto<\/p>\n<p>Ano: 2024<\/p>\n<p>Parceiros: <span data-fusion-font=\"true\" style=\"font-family: 'Calibri regular'\">Lipor; Porto Ambiente; Reboot; Recycle Geeks<\/span><\/p>\n<p>Descri\u00e7\u00e3o:<\/p>\n<p data-fusion-font=\"true\" style=\"font-family: 'Calibri regular'\">A <b>Novo Verde<\/b> e a <b>ERP Portugal<\/b>, entidades gestoras de res\u00edduos de embalagens e res\u00edduos el\u00e9tricos e eletr\u00f3nicos, pilhas e baterias, respetivamente, v\u00e3o ser as Parceiras para a Sustentabilidade de um dos mais ic\u00f3nicos festivais de m\u00fasica nacionais, o Primavera Sound Porto, que decorre nos dias 6, 7 e 8 de junho no Parque da Cidade.<\/p>\n<p data-fusion-font=\"true\" style=\"font-family: 'Calibri regular'\">O festival Primavera Sound Porto, que existe tamb\u00e9m desde 2001 em Barcelona, acontece no Parque da Cidade do Porto e recebe artistas como Lana del Rey, SZA, Pulp, Mitski, The National, PJ Harvey e Justice. No ano passado mais de 150 mil pessoas participaram neste festival de m\u00fasica ao ar livre.<\/p>\n<p data-fusion-font=\"true\" style=\"font-family: 'Calibri regular'\">O evento conta com uma Pra\u00e7a da Sustentabilidade, na zona do Queim\u00f3dromo, em frente ao palco principal, onde a Novo Verde e a ERP Portugal ter\u00e3o iniciativas de sensibiliza\u00e7\u00e3o que pretendem, de forma divertida e inovadora, unir a m\u00fasica \u00e0 for\u00e7a positiva da reciclagem e da gest\u00e3o de res\u00edduos.<\/p>\n<p data-fusion-font=\"true\" style=\"font-family: 'Calibri regular'\">Al\u00e9m disto, a Novo Verde convida, ao longo de todo o recinto, que tem mais de 53 hectares, a RECICLAR EM FOR\u00c7A! Atrav\u00e9s de v\u00e1rios locais de deposi\u00e7\u00e3o seletiva de res\u00edduos de embalagens, a mensagem \u00e9 clara: em tempo de festa tamb\u00e9m se separa.<\/p>\n<p data-fusion-font=\"true\" style=\"font-family: 'Calibri regular'\">J\u00e1 a presen\u00e7a da ERP Portugal far-se-\u00e1 notar em v\u00e1rias zonas do Parque da Cidade, onde m\u00e1quinas de carregamento de telem\u00f3veis passam a mensagem de que depositar Res\u00edduos de Equipamentos El\u00e9ctricos e Electr\u00f3nicos (REEE) e Pilhas est\u00e1 \u00e0 dist\u00e2ncia de um clique atrav\u00e9s da plataforma eureciclo.pt.<\/p>\n<p data-fusion-font=\"true\" style=\"font-family: 'Calibri regular'\">A ERP Portugal dar\u00e1 a conhecer o espa\u00e7o Reboot, projeto de Investiga\u00e7\u00e3o &amp; Desenvolvimento com enfoque na Reparabilidade, atrav\u00e9s de uma experi\u00eancia imersiva em que \u00e9 dado a conhecer, de forma apelativa, o trajeto de repara\u00e7\u00e3o da Reboot desde a chegada de computadores em fim de vida, passando pelo desmantelamento , at\u00e9 chegar ao produto recondicionado e ao seu novo destino. Este espa\u00e7o tem como parceiros o Porto Ambiente, da C\u00e2mara Municipal do Porto, a Lipor, e contar\u00e1 com o trabalho especializado dos Recycle Geeks.<\/p>\n<p data-fusion-font=\"true\" style=\"font-family: 'Calibri regular'\">No espa\u00e7o da Novo Verde, o mote \u00e9 \u201cReciclar em For\u00e7a!\u201d, onde ser\u00e1 testada a for\u00e7a dos festivaleiros atrav\u00e9s de m\u00e1quinas de martelo.<\/p>\n<p data-fusion-font=\"true\" style=\"font-family: 'Calibri regular'\">Ap\u00f3s a din\u00e2mica de sensibiliza\u00e7\u00e3o, Novo Verde e ERP Portugal juntam-se ao esp\u00edrito do festival e  os participantes poder\u00e3o experimentar maquilhagem especial e glowing. O espa\u00e7o convida a descansar e relaxar  num lounge para carregamento de telem\u00f3veis, entre os t\u00e3o aguardados concertos.<\/p>\n<p>_____________________________________________________________<\/p>\n<p>SintraAmbiente est\u00e1 de regresso \u00e0 Quinta da Ribafria para promover a sustentabilidade e a reciclagem<\/p>\n<p>Ano: 2024<\/p>\n<p>Parceiros: <span data-fusion-font=\"true\" style=\"font-family: 'Calibri regular'\">C\u00e2mara Municipal de Sintra<\/span><\/p>\n<p>Descri\u00e7\u00e3o:<\/p>\n<p data-fusion-font=\"true\" style=\"font-family: 'Calibri regular'\">O evento SintraAmbiente marca o seu regresso \u00e0 Quinta da Ribafria com mais uma edi\u00e7\u00e3o do evento dedicado \u00e0 sustentabilidade e \u00e0 consciencializa\u00e7\u00e3o ambiental. Este ano, a C\u00e2mara Municipal de Sintra, com o apoio de parceiros como a Novo Verde e a ERP Portugal, refor\u00e7a a import\u00e2ncia da reciclagem e da gest\u00e3o respons\u00e1vel dos res\u00edduos, com especial aten\u00e7\u00e3o para a separa\u00e7\u00e3o de embalagens e para a recolha de equipamentos el\u00e9tricos, eletr\u00f3nicos e baterias (REEE).<\/p>\n<p data-fusion-font=\"true\" style=\"font-family: 'Calibri regular'\">O evento oferece diversas atividades interativas que t\u00eam como objetivo sensibilizar o p\u00fablico, especialmente os jovens, para a separa\u00e7\u00e3o adequada dos res\u00edduos e para a entrega correta de res\u00edduos de embalagens, e de aparelhos eletr\u00f3nicos e baterias. A Novo Verde, com a sua miss\u00e3o de promover a reciclagem de embalagens, estar\u00e1 presente para educar os participantes sobre a import\u00e2ncia da separa\u00e7\u00e3o e da correta gest\u00e3o desses materiais. A ERP Portugal junta-se a esta iniciativa para alertar para a necessidade de dar o destino adequado a res\u00edduos de equipamentos el\u00e9tricos e eletr\u00f3nicos, que muitas vezes s\u00e3o negligenciados, comprometendo o meio ambiente.<\/p>\n<p data-fusion-font=\"true\" style=\"font-family: 'Calibri regular'\">O objetivo \u00e9 n\u00e3o apenas envolver as novas gera\u00e7\u00f5es, mas tamb\u00e9m encorajar um comportamento mais respons\u00e1vel na comunidade em geral, promovendo a sustentabilidade de forma acess\u00edvel.<\/p>\n<p data-fusion-font=\"true\" style=\"font-family: 'Calibri regular'\">A SintraAmbiente, em parceria com as entidades Novo Verde e ERP Portugal, reafirma o seu compromisso com o meio ambiente e com a forma\u00e7\u00e3o de uma sociedade mais respons\u00e1vel, que adote pr\u00e1ticas sustent\u00e1veis para garantir um futuro mais verde para todos.<\/p>\n<p>_____________________________________________________________<\/p>\n<p>Novo Verde e ERP Portugal em mais uma edi\u00e7\u00e3o do &#8220;H\u00e1 Festa no Parque&#8221; para sensibilizar os jovens sobre a import\u00e2ncia da reciclagem<\/p>\n<p>Ano: 2024<\/p>\n<p>Parceiros: <span data-fusion-font=\"true\" style=\"font-family: 'Calibri regular'\">C\u00e2mara Municipal de Mafra<\/span><\/p>\n<p>Descri\u00e7\u00e3o:<\/p>\n<p data-fusion-font=\"true\" style=\"font-family: 'Calibri regular'\">A <b>Novo Verde<\/b> e a <b>ERP Portugal<\/b> est\u00e3o de volta ao evento H\u00e1 Festa no Parque, que decorre durante este ver\u00e3o, para refor\u00e7ar a import\u00e2ncia da reciclagem e promover a conscientiza\u00e7\u00e3o ambiental junto do p\u00fablico jovem. No \u00e2mbito desta parceria, as duas organiza\u00e7\u00f5es estar\u00e3o presentes com a\u00e7\u00f5es de sensibiliza\u00e7\u00e3o para a recolha e separa\u00e7\u00e3o de embalagens e para a correta gest\u00e3o dos res\u00edduos de equipamentos el\u00e9tricos, eletr\u00f3nicos e baterias (REEE e RB).<\/p>\n<p data-fusion-font=\"true\" style=\"font-family: 'Calibri regular'\">O objetivo \u00e9 sensibilizar as novas gera\u00e7\u00f5es para a necessidade de adotar comportamentos respons\u00e1veis no que diz respeito ao meio ambiente, focando-se na separa\u00e7\u00e3o de res\u00edduos e na sua entrega nos pontos de recolha adequados. <\/p>\n<p data-fusion-font=\"true\" style=\"font-family: 'Calibri regular'\">A <b>Novo Verde<\/b>, como entidade gestora de res\u00edduos de embalagens, pretende alertar para a import\u00e2ncia da separa\u00e7\u00e3o correta das embalagens e a sua entrega nos pontos de reciclagem, enquanto a <b>ERP Portugal<\/b> foca-se na consciencializa\u00e7\u00e3o dos jovens para a recolha e triagem de res\u00edduos de eletr\u00f3nicos e baterias, que muitas vezes acabam em aterros quando poderiam ser reciclados de forma eficiente.<\/p>\n<p data-fusion-font=\"true\" style=\"font-family: 'Calibri regular'\">Al\u00e9m das atividades educativas, o evento contar\u00e1 com exposi\u00e7\u00f5es interativas e uma s\u00e9rie de iniciativas din\u00e2micas para envolver os participantes, especialmente os mais jovens, de maneira divertida e educativa. As duas entidades continuar\u00e3o a colaborar para assegurar que a mensagem da reciclagem e da gest\u00e3o respons\u00e1vel de res\u00edduos seja uma prioridade na agenda dos jovens, contribuindo para um futuro mais sustent\u00e1vel.<\/p>\n<p><span data-fusion-font=\"true\" style=\"font-family: 'Calibri regular'\">__________________<\/span>___________________________________________<\/p>\n<p>Concertos Candlelight da Fever confirmam uma parceria com ERP Portugal para reciclagem das pilhas usadas nas velas da experi\u00eancia musical<\/p>\n<p>Ano: <span data-fusion-font=\"true\" style=\"font-family: 'Calibri regular'\">2024<\/span><\/p>\n<p>Parceiros:<span data-fusion-font=\"true\" style=\"font-family: 'Calibri regular'\"> Candlelight, Fever<\/span><\/p>\n<p>Descri\u00e7\u00e3o:<\/p>\n<p data-fusion-font=\"true\" style=\"font-family: 'Calibri regular'\">A ERP Portugal \u2013 Associa\u00e7\u00e3o Gestora de Res\u00edduos, de Equipamentos El\u00e9tricos e Eletr\u00f3nicos (REEE) e de Baterias (RB) \u2013 confirma uma parceria com a Fever, a plataforma l\u00edder global de descoberta de entretenimento, para a reciclagem das pilhas usadas para alimentar as velas LED que iluminam a experi\u00eancia imersiva musical presente em cidades como Lisboa, Porto, Cascais, Coimbra, Oeiras e Algarve.<\/p>\n<p data-fusion-font=\"true\" style=\"font-family: 'Calibri regular'\">A estrear este ano, a European Recycling Platform de Portugal ficar\u00e1 respons\u00e1vel pela recolha e pela gest\u00e3o de todas as pilhas utilizadas durante as sess\u00f5es produzidas no pa\u00eds para alimentar todas as velas que se encontram a iluminar o palco e os artistas. Prev\u00ea-se, inicialmente, a recolha de 11.000 pilhas, o que equivale a um peso de cerca de duas toneladas e meia.<\/p>\n<p data-fusion-font=\"true\" style=\"font-family: 'Calibri regular'\">Para Rosa Monforte, Diretora-Geral da ERP Portugal, \u201cA parceria que confirmamos agora com a Fever para os concertos Candlelight \u00e9 essencial para uma integra\u00e7\u00e3o generalizada da responsabilidade que cada um tem no correto encaminhamento deste tipo de res\u00edduos. A ERP Portugal foca a sua a\u00e7\u00e3o de sensibiliza\u00e7\u00e3o na capilaridade que este tipo de concertos t\u00eam junto da comunidade portuguesa\u201d.<\/p>\n<p data-fusion-font=\"true\" style=\"font-family: 'Calibri regular'\">Para In\u00eas Machado, gerente de projectos da Fever em Portugal, &#8220;Estamos muito satisfeitos que o Candlelight sirva n\u00e3o s\u00f3 para democratizar o acesso \u00e0 m\u00fasica cl\u00e1ssica, mas tamb\u00e9m para ajudar a dar visibilidade a algo t\u00e3o relevante como a responsabilidade ambiental. Ter um parceiro como a ERP Portugal \u00e9 \u00fatil para alertar todos aqueles que usufruem dos nossos concertos para a import\u00e2ncia do correto encaminhamento deste tipo de res\u00edduos e da reciclagem para o futuro do nosso pa\u00eds e do mundo&#8221;.<\/p>\n<p data-fusion-font=\"true\" style=\"font-family: 'Calibri regular'\">Os concertos Candlelight s\u00e3o uma s\u00e9rie de concertos de m\u00fasica original que visam democratizar o acesso \u00e0 m\u00fasica cl\u00e1ssica. A experi\u00eancia musical ao vivo \u00fanica apresenta uma oferta variada de programas para todos os gostos, interpretados por m\u00fasicos locais, em espa\u00e7os emblem\u00e1ticos iluminados por milhares de velas. Presentes em Portugal desde 2019, os concertos oferecem grande variedade de temas e g\u00e9neros, permitindo conectar-se com a m\u00fasica de compositores ic\u00f3nicos como Chopin, Vivaldi e Mozart a artistas contempor\u00e2neos de renome como Queen e Coldplay.<\/p>\n<p>_____________________________________________________________<\/p>\n<p>ERP Portugal e Novo Verde Unem-se \u00e0 AEG Portugal para Promover uma industria mais sustent\u00e1vel<\/p>\n<p>Ano: 2024<\/p>\n<p>Parceiros: AEG, Electrolux<\/p>\n<p>Descri\u00e7\u00e3o:<\/p>\n<p><span data-fusion-font=\"true\" style=\"font-family: 'Calibri regular'\">A Novo Verde e a <\/span><b><span data-fusion-font=\"true\" style=\"font-family: 'Calibri regular'\">ERP Portugal, entidades gestoras de res\u00edduos de embalagens e res\u00edduos de equipamentos el\u00e9tricos e eletr\u00f3nicos e baterias, respetivamente, unem-se \u00e0 AEG Portugal, no \u00e2mbito do programa Parceiro Sustent\u00e1vel, para promover pr\u00e1ticas sustent\u00e1veis e facilitar a reciclagem de embalagens e produtos.<\/span><\/b><\/p>\n<p data-fusion-font=\"true\" style=\"font-family: 'Calibri regular'\">Ao incentivar e promover pr\u00e1ticas sustent\u00e1veis, como o correto encaminhamento de res\u00edduos, a ERP Portugal e a Novo Verde unem esfor\u00e7os com a AEG Portugal para destacar a import\u00e2ncia da conscientiza\u00e7\u00e3o ambiental e da ado\u00e7\u00e3o de comportamentos respons\u00e1veis.<\/p>\n<p data-fusion-font=\"true\" style=\"font-family: 'Calibri regular'\">No contexto do programa Parceiro Sustent\u00e1vel da Novo Verde, o foco desta colabora\u00e7\u00e3o est\u00e1 no conceito de &#8220;Sustainable Packaging&#8221;, desenvolvido pela AEG Portugal em alinhamento com a sua pol\u00edtica de sustentabilidade. Esta abordagem visa promover o ecodesign de embalagens que, al\u00e9m de cumprir a sua fun\u00e7\u00e3o principal de proteger e acomodar produtos, tamb\u00e9m s\u00e3o concebidas para facilitar a reciclagem e promover a economia circular.<\/p>\n<p data-fusion-font=\"true\" style=\"font-family: 'Calibri regular'\">No contexto do programa Parceiro Sustent\u00e1vel da ERP Portugal, a AEG Portugal incentiva ativamente os seus consumidores a entregarem os seus res\u00edduos nos milhares de pontos de entrega dispon\u00edveis em todo o pa\u00eds, acess\u00edveis atrav\u00e9s do eureciclo.pt. Esta iniciativa visa aumentar a taxa de reciclagem e reduzir o impacto ambiental dos res\u00edduos el\u00e9tricos e eletr\u00f3nicos, e baterias.<\/p>\n<p data-fusion-font=\"true\" style=\"font-family: 'Calibri regular'\">&#8220;Estamos entusiasmados com esta parceria com a AEG Portugal, que refor\u00e7a o compromisso da ERP Portugal e da Novo Verde com a sustentabilidade e a economia circular&#8221;, afirmou Ricardo Neto, presidente da Novo Verde e ERP Portugal. &#8220;Juntos, \u00e9 poss\u00edvel promover a\u00e7\u00f5es concretas para uma ind\u00fastria que contribua mais e melhor para o cumprimento de metas nacionais e europeias.&#8221;<\/p>\n<p data-fusion-font=\"true\" style=\"font-family: 'Calibri regular'\">Al\u00e9m disso, Portugal desempenhou um papel fundamental no estudo &#8220;The Truth About Laundry&#8221;, desenvolvido pela AEG, que destaca a import\u00e2ncia de pr\u00e1ticas sustent\u00e1veis no cuidado com a roupa. Este estudo, dispon\u00edvel para leitura na \u00edntegra aqui, refor\u00e7a a necessidade urgente de a\u00e7\u00f5es para preservar os recursos do planeta.<\/p>\n<\/h3>\n<h3 class=\"fusion-responsive-typography-calculated\" style=\"--fontsize: 30;line-height: 1.25;--fontSize: 30\" data-fontsize=\"30\" data-lineheight=\"37.5px\">_____________________________________________________________<\/h3>\n<h3 class=\"fusion-responsive-typography-calculated\" style=\"--fontsize: 30;line-height: 1.25;--fontSize: 30\" data-fontsize=\"30\" data-lineheight=\"37.5px\">ERP Portugal lan\u00e7a projeto pioneiro de sensibiliza\u00e7\u00e3o com a C\u00e2mara Municipal de Loures<\/h3>\n<p><strong>Ano: <\/strong>2024<\/p>\n<p><strong>Parceiros:<\/strong> C<span data-fusion-font=\"true\" style=\"font-family: 'Calibri regular'\">\u00e2mara Municipal de Loures<\/span><\/p>\n<p><strong>Descri\u00e7\u00e3o:<\/strong><\/p>\n<p>A ERP Portugal e a C\u00e2mara Municipal de Loures unem-se para promover a campanha <strong>\u201cOnde Est\u00e3o as Pilhas?\u201d<\/strong>, com o objetivo de incentivar \u00e0 recolha de RP&amp;A, refor\u00e7ando o compromisso ambiental das duas institui\u00e7\u00f5es e fomentando a literacia ambiental das equipas municipais de Loures, dotando todas as instala\u00e7\u00f5es com equipamentos log\u00edsticos para recolha de pilhas.<\/p>\n<p>Esta campanha que arrancou hoje, dia 5 de mar\u00e7o, com um evento na C\u00e2mara Municipal de Loures, contou com a presen\u00e7a de <strong>Rosa Monforte, Diretora-Geral da ERP Portugal<\/strong>, e <strong>Nuno Ricardo Concei\u00e7\u00e3o Dias, Vereador do Munic\u00edpio de Loures<\/strong>.<\/p>\n<p>Uma carta de compromisso foi assinada pelas duas entidades de forma a que, juntas, unam esfor\u00e7os para a resolu\u00e7\u00e3o de um problema nacional: os reduzidos quantitativos de pilhas enviados para reciclagem. Tendo a no\u00e7\u00e3o de, Portugal estar aqu\u00e9m das metas de recolha europeias, o que se prende essencialmente com quest\u00f5es comportamentais, as entidades pretendem com esta a\u00e7\u00e3o fomentar h\u00e1bitos de entrega de pilhas em fim de vida, contrariando a tend\u00eancia de ac\u00famulo.<\/p>\n<p>Esta campanha ir\u00e1 ter um refor\u00e7o de sensibiliza\u00e7\u00e3o ao longo de todos os meses, at\u00e9 ao dia 5 de junho, Dia Mundial do Ambiente, onde a ERP Portugal e a C\u00e2mara Municipal de Loures se comprometem a manter o foco na educa\u00e7\u00e3o das popula\u00e7\u00f5es.<\/p>\n<p><img loading=\"lazy\" decoding=\"async\" class=\"alignnone wp-image-9725 size-medium\" src=\"https:\/\/erp-recycling.org\/pt-pt\/wp-content\/uploads\/sites\/53\/2024\/03\/2-300x200.jpg\" alt=\"\" width=\"300\" height=\"200\" srcset=\"https:\/\/erp-recycling.org\/pt-pt\/wp-content\/uploads\/sites\/53\/2024\/03\/2-200x133.jpg 200w, https:\/\/erp-recycling.org\/pt-pt\/wp-content\/uploads\/sites\/53\/2024\/03\/2-300x200.jpg 300w, https:\/\/erp-recycling.org\/pt-pt\/wp-content\/uploads\/sites\/53\/2024\/03\/2-400x266.jpg 400w, https:\/\/erp-recycling.org\/pt-pt\/wp-content\/uploads\/sites\/53\/2024\/03\/2-600x399.jpg 600w, https:\/\/erp-recycling.org\/pt-pt\/wp-content\/uploads\/sites\/53\/2024\/03\/2-768x511.jpg 768w, https:\/\/erp-recycling.org\/pt-pt\/wp-content\/uploads\/sites\/53\/2024\/03\/2-800x532.jpg 800w, https:\/\/erp-recycling.org\/pt-pt\/wp-content\/uploads\/sites\/53\/2024\/03\/2-1024x681.jpg 1024w, https:\/\/erp-recycling.org\/pt-pt\/wp-content\/uploads\/sites\/53\/2024\/03\/2-1200x798.jpg 1200w, https:\/\/erp-recycling.org\/pt-pt\/wp-content\/uploads\/sites\/53\/2024\/03\/2-1536x1022.jpg 1536w\" sizes=\"auto, (max-width: 300px) 100vw, 300px\" \/>  <img loading=\"lazy\" decoding=\"async\" class=\"alignnone wp-image-9727 size-medium\" src=\"https:\/\/erp-recycling.org\/pt-pt\/wp-content\/uploads\/sites\/53\/2024\/03\/WhatsApp-Image-2024-03-06-at-17.32.48-1-300x195.jpeg\" alt=\"\" width=\"300\" height=\"195\" srcset=\"https:\/\/erp-recycling.org\/pt-pt\/wp-content\/uploads\/sites\/53\/2024\/03\/WhatsApp-Image-2024-03-06-at-17.32.48-1-200x130.jpeg 200w, https:\/\/erp-recycling.org\/pt-pt\/wp-content\/uploads\/sites\/53\/2024\/03\/WhatsApp-Image-2024-03-06-at-17.32.48-1-300x195.jpeg 300w, https:\/\/erp-recycling.org\/pt-pt\/wp-content\/uploads\/sites\/53\/2024\/03\/WhatsApp-Image-2024-03-06-at-17.32.48-1-400x260.jpeg 400w, https:\/\/erp-recycling.org\/pt-pt\/wp-content\/uploads\/sites\/53\/2024\/03\/WhatsApp-Image-2024-03-06-at-17.32.48-1-600x390.jpeg 600w, https:\/\/erp-recycling.org\/pt-pt\/wp-content\/uploads\/sites\/53\/2024\/03\/WhatsApp-Image-2024-03-06-at-17.32.48-1-768x500.jpeg 768w, https:\/\/erp-recycling.org\/pt-pt\/wp-content\/uploads\/sites\/53\/2024\/03\/WhatsApp-Image-2024-03-06-at-17.32.48-1-800x521.jpeg 800w, https:\/\/erp-recycling.org\/pt-pt\/wp-content\/uploads\/sites\/53\/2024\/03\/WhatsApp-Image-2024-03-06-at-17.32.48-1-1024x666.jpeg 1024w, https:\/\/erp-recycling.org\/pt-pt\/wp-content\/uploads\/sites\/53\/2024\/03\/WhatsApp-Image-2024-03-06-at-17.32.48-1-1200x781.jpeg 1200w, https:\/\/erp-recycling.org\/pt-pt\/wp-content\/uploads\/sites\/53\/2024\/03\/WhatsApp-Image-2024-03-06-at-17.32.48-1.jpeg 1346w\" sizes=\"auto, (max-width: 300px) 100vw, 300px\" \/><\/p>\n<h3 class=\"fusion-responsive-typography-calculated\" style=\"--fontsize: 30;line-height: 1.25;--fontSize: 30\" data-fontsize=\"30\" data-lineheight=\"37.5px\">_____________________________________________________________<\/h3>\n<h3 class=\"fusion-responsive-typography-calculated\" style=\"--fontsize: 30;line-height: 1.25;--fontSize: 30\" data-fontsize=\"30\" data-lineheight=\"37.5px\">ERP Portugal e Clube de Futebol &#8220;Os Belenenses&#8221; juntam-se para apoiar a Comunidade Vida e Paz<\/h3>\n<p><strong>Ano: <\/strong>2023<\/p>\n<p><strong>Parceiros:<\/strong> Os Belenenses<\/p>\n<p><strong>Descri\u00e7\u00e3o:<\/strong><\/p>\n<p>&#8220;Pilhas de Amor neste Natal&#8221; \u00e9 a nova campanha desta quadra natal\u00edcia que tem como principal objetivo o de sensibilizar e educar para o correto encaminhamento de RP&amp;A, mas que tamb\u00e9m servir\u00e1 para a ERP Portugal e Os Belenenses marcarem o Natal de uma institui\u00e7\u00e3o: a Comunidade Vida e Paz.<\/p>\n<p>A ERP Portugal ir\u00e1 disponibilizar, ao longo de todas as instala\u00e7\u00f5es desportivas do hist\u00f3rico clube, cilindros que servir\u00e3o de pontos de entrega para todas as pilhas em fim de vida que os adeptos do Restelo queiram descartar. O valor total de pilhas recolhidas ir\u00e1, no final, ditar quanto \u00e9 que ser\u00e1 o donativo \u00e0 Comunidade Vida e Paz.<\/p>\n<p>Esta campanha conjunta vem no seguimento do acordo assinado entre Os Belenenses e a ERP Portugal para o patroc\u00ednio ao clube, e insere-se numa s\u00e9rie de campanhas que t\u00eam sido implementadas no complexo desportivo do Est\u00e1dio do Restelo e que est\u00e3o sob o mote <strong>Recicle! <\/strong>.<\/p>\n<p>\u201cA ERP Portugal e Os Belenenses est\u00e3o intrinsecamente ligados na sua responsabilidade n\u00e3o s\u00f3 ambiental, mas social. Numa quadra t\u00e3o importante, \u00e9 com enorme satisfa\u00e7\u00e3o que lan\u00e7amos esta campanha de Natal que ir\u00e1 ter, como principais beneficiados, uma associa\u00e7\u00e3o que muito precisa do nosso apoio, para a prossecu\u00e7\u00e3o do bom trabalho que faz: a Comunidade Vida e Paz.\u201d, sublinha <strong>Rosa Monforte, Diretora-Geral da ERP Portugal.<\/strong><\/p>\n<p>J\u00e1 <strong>Patrick Morais, Presidente do Clube de Futebol \u201cOs Belenense<\/strong><strong>s\u201d<\/strong>, afirma: \u201cO Belenenses refor\u00e7a a sua convic\u00e7\u00e3o de que acertou em cheio ao celebrar o acordo de patroc\u00ednio com a ERP Portugal segundo o mote Recicle!, uma parceria que torna o Clube uma institui\u00e7\u00e3o socialmente mais respons\u00e1vel, em respeito por um ambiente mais sustent\u00e1vel e \u00e9 com muita satisfa\u00e7\u00e3o que encaramos mais esta campanha de Natal, para a qual convidamos todos os adeptos e a comunidade em geral a participar at\u00e9 ao \u00faltimo dia deste ano de 2023.\u201d<\/p>\n<p><img loading=\"lazy\" decoding=\"async\" class=\"alignnone wp-image-9723 size-medium\" src=\"https:\/\/erp-recycling.org\/pt-pt\/wp-content\/uploads\/sites\/53\/2024\/03\/Criatividade-redes-sociais-241x300.jpg\" alt=\"\" width=\"241\" height=\"300\" srcset=\"https:\/\/erp-recycling.org\/pt-pt\/wp-content\/uploads\/sites\/53\/2024\/03\/Criatividade-redes-sociais-200x249.jpg 200w, https:\/\/erp-recycling.org\/pt-pt\/wp-content\/uploads\/sites\/53\/2024\/03\/Criatividade-redes-sociais-241x300.jpg 241w, https:\/\/erp-recycling.org\/pt-pt\/wp-content\/uploads\/sites\/53\/2024\/03\/Criatividade-redes-sociais-400x497.jpg 400w, https:\/\/erp-recycling.org\/pt-pt\/wp-content\/uploads\/sites\/53\/2024\/03\/Criatividade-redes-sociais-600x746.jpg 600w, https:\/\/erp-recycling.org\/pt-pt\/wp-content\/uploads\/sites\/53\/2024\/03\/Criatividade-redes-sociais-768x954.jpg 768w, https:\/\/erp-recycling.org\/pt-pt\/wp-content\/uploads\/sites\/53\/2024\/03\/Criatividade-redes-sociais-800x994.jpg 800w, https:\/\/erp-recycling.org\/pt-pt\/wp-content\/uploads\/sites\/53\/2024\/03\/Criatividade-redes-sociais-824x1024.jpg 824w, https:\/\/erp-recycling.org\/pt-pt\/wp-content\/uploads\/sites\/53\/2024\/03\/Criatividade-redes-sociais.jpg 915w\" sizes=\"auto, (max-width: 241px) 100vw, 241px\" \/><\/p>\n<h3 class=\"fusion-responsive-typography-calculated\" style=\"--fontsize: 30;line-height: 1.25;--fontSize: 30\" data-fontsize=\"30\" data-lineheight=\"37.5px\">___________________________________________________________<\/h3>\n<h3 class=\"fusion-responsive-typography-calculated\" style=\"--fontsize: 30;line-height: 1.25;--fontSize: 30\" data-fontsize=\"30\" data-lineheight=\"37.5px\">C\u00e9sar Mour\u00e3o \u00e9 a cara da nova campanha de sensibiliza\u00e7\u00e3o da ERP Portugal com a LG<\/h3>\n<p><strong>Ano: <\/strong>2023<\/p>\n<p><strong>Parceiros:<\/strong> LG<\/p>\n<p><strong>Descri\u00e7\u00e3o:<\/strong><\/p>\n<p>A ERP Portugal e a <a href=\"https:\/\/novoverde.pt\/\">Novo Verde<\/a> juntam-se \u00e0 LG, no \u00e2mbito do programa <a href=\"https:\/\/www.parceirosustentavelerp.pt\/\">Parceiro Sustent\u00e1vel<\/a>, com uma campanha de sensibiliza\u00e7\u00e3o protagonizada por <strong>C\u00e9sar Mour\u00e3o.<\/strong><\/p>\n<p>A campanha, com in\u00edcio no dia 26 de dezembro, e que decorrer\u00e1 at\u00e9 ao final da primeira semana de janeiro de 2024, tem como base um spot de r\u00e1dio e um v\u00eddeo de anima\u00e7\u00e3o, que ser\u00e3o divulgados atrav\u00e9s de radiodifus\u00e3o sonora e digital.<\/p>\n<p>Com o objetivo de promover a preven\u00e7\u00e3o de res\u00edduos, esta iniciativa real\u00e7a a import\u00e2ncia da efici\u00eancia, das garantias e das pe\u00e7as de substitui\u00e7\u00e3o para aumento do ciclo de vida dos produtos e a relev\u00e2ncia de pol\u00edticas de <em>ecodesign<\/em>, como parte essencial da economia circular, para facilitar a reciclagem de embalagens e dos seus produtos quando chegam ao seu fim de vida.<\/p>\n<p><img loading=\"lazy\" decoding=\"async\" class=\"alignnone wp-image-9721 size-medium\" src=\"https:\/\/erp-recycling.org\/pt-pt\/wp-content\/uploads\/sites\/53\/2024\/03\/ERP-Portugal_Thumbnail_1080x1350-240x300.png\" alt=\"\" width=\"240\" height=\"300\" srcset=\"https:\/\/erp-recycling.org\/pt-pt\/wp-content\/uploads\/sites\/53\/2024\/03\/ERP-Portugal_Thumbnail_1080x1350-200x250.png 200w, https:\/\/erp-recycling.org\/pt-pt\/wp-content\/uploads\/sites\/53\/2024\/03\/ERP-Portugal_Thumbnail_1080x1350-240x300.png 240w, https:\/\/erp-recycling.org\/pt-pt\/wp-content\/uploads\/sites\/53\/2024\/03\/ERP-Portugal_Thumbnail_1080x1350-400x500.png 400w, https:\/\/erp-recycling.org\/pt-pt\/wp-content\/uploads\/sites\/53\/2024\/03\/ERP-Portugal_Thumbnail_1080x1350-600x750.png 600w, https:\/\/erp-recycling.org\/pt-pt\/wp-content\/uploads\/sites\/53\/2024\/03\/ERP-Portugal_Thumbnail_1080x1350-768x960.png 768w, https:\/\/erp-recycling.org\/pt-pt\/wp-content\/uploads\/sites\/53\/2024\/03\/ERP-Portugal_Thumbnail_1080x1350-800x1000.png 800w, https:\/\/erp-recycling.org\/pt-pt\/wp-content\/uploads\/sites\/53\/2024\/03\/ERP-Portugal_Thumbnail_1080x1350-819x1024.png 819w, https:\/\/erp-recycling.org\/pt-pt\/wp-content\/uploads\/sites\/53\/2024\/03\/ERP-Portugal_Thumbnail_1080x1350.png 1080w\" sizes=\"auto, (max-width: 240px) 100vw, 240px\" \/><\/p>\n<h3 class=\"fusion-responsive-typography-calculated\" style=\"--fontsize: 30;line-height: 1.25;--fontSize: 30\" data-fontsize=\"30\" data-lineheight=\"37.5px\">___________________________________________________________<\/h3>\n<h3 class=\"fusion-responsive-typography-calculated\" style=\"--fontsize: 30;line-height: 1.25;--fontSize: 30\" data-fontsize=\"30\" data-lineheight=\"37.5px\">ERP Portugal e Grupo Os Mosqueteiros juntos para sensibilizar a comunidade<\/h3>\n<p><strong>Ano: <\/strong>2023<\/p>\n<p><strong>Parceiros:<\/strong> Grupo Os Mosqueteiros (Intermarch\u00e9, Bricomarch\u00e9, Roady)<\/p>\n<p><strong>Descri\u00e7\u00e3o:<\/strong><\/p>\n<p>A campanha &#8220;Juntos pelo Ambiente&#8221;, desenvolvida no \u00e2mbito do programa <a href=\"https:\/\/www.parceirosustentavelerp.pt\/\">Parceiro Sustent\u00e1vel ERP<\/a>, arrancou a 18 de novembro, no contexto da Semana Europeia de Preven\u00e7\u00e3o de Res\u00edduos e esteve patente at\u00e9 26 de novembro, para sensibilizar a comunidade para o correto encaminhamento de res\u00edduos el\u00e9tricos, eletr\u00f3nicos, pilhas e l\u00e2mpadas.<\/p>\n<p>Todas as lojas Intermarch\u00e9, Bricormarch\u00e9 e Roady utilizaram uma das vozes mais conhecida do pa\u00eds como som de loja para amplificar a import\u00e2ncia da sustentabilidade e incentivar ao correto descarte de res\u00edduos, atingindo assim um p\u00fablico mais vasto e aumentando a consciencializa\u00e7\u00e3o sobre a reciclagem e preserva\u00e7\u00e3o do ambiente.<\/p>\n<p>Para <strong>Rosa Monforte,<\/strong> <strong>Diretora Geral da ERP Portugal,<\/strong> \u201cesta campanha, realizada em parceria com o Grupo Os Mosqueteiros, foi uma \u00f3tima oportunidade para sensibilizar a comunidade para a import\u00e2ncia do correto encaminhamento deste tipo de res\u00edduos e para incentivar h\u00e1bitos mais sustent\u00e1veis. Temos cada vez mais aderentes no programa \u201cParceiro Sustent\u00e1vel\u201d, o que tem resultado num grande crescimento das nossas a\u00e7\u00f5es de sensibiliza\u00e7\u00e3o, que pretendem alertar a comunidade para a import\u00e2ncia dos seus comportamentos e promover a reciclagem e o correto encaminhamento de res\u00edduos\u201d.<\/p>\n<p><img loading=\"lazy\" decoding=\"async\" class=\"alignnone wp-image-9718 size-medium\" src=\"https:\/\/erp-recycling.org\/pt-pt\/wp-content\/uploads\/sites\/53\/2024\/03\/Banner_480x600-240x300.png\" alt=\"\" width=\"240\" height=\"300\" srcset=\"https:\/\/erp-recycling.org\/pt-pt\/wp-content\/uploads\/sites\/53\/2024\/03\/Banner_480x600-200x250.png 200w, https:\/\/erp-recycling.org\/pt-pt\/wp-content\/uploads\/sites\/53\/2024\/03\/Banner_480x600-240x300.png 240w, https:\/\/erp-recycling.org\/pt-pt\/wp-content\/uploads\/sites\/53\/2024\/03\/Banner_480x600-400x500.png 400w, https:\/\/erp-recycling.org\/pt-pt\/wp-content\/uploads\/sites\/53\/2024\/03\/Banner_480x600.png 480w\" sizes=\"auto, (max-width: 240px) 100vw, 240px\" \/><\/p>\n<h3 class=\"fusion-responsive-typography-calculated\" style=\"--fontsize: 30;line-height: 1.25;--fontSize: 30\" data-fontsize=\"30\" data-lineheight=\"37.5px\">______________________________________________________________<\/h3>\n<h3 class=\"fusion-responsive-typography-calculated\" style=\"--fontsize: 30;line-height: 1.25;--fontSize: 30\" data-fontsize=\"30\" data-lineheight=\"37.5px\">ERP Portugal no Vital Sport da Decathlon<\/h3>\n<p><strong>Ano: <\/strong>2023<\/p>\n<p><strong>Parceiros:<\/strong> Decathlon<\/p>\n<p><strong>Descri\u00e7\u00e3o:<\/strong><\/p>\n<p>A ERP Portugal e a <a href=\"https:\/\/novoverde.pt\/\">Novo Verde<\/a> marcaram presen\u00e7a no Vital Sport da Decathlon, evento que apela para os benef\u00edcios do desporto e da atividade f\u00edsica, com o objetivo de sensibilizar e consciencializar para a correta separa\u00e7\u00e3o e encaminhamento de res\u00edduos, nos dias 23, 24 e 30 de setembro e 1 de outubro.<\/p>\n<p>O Vital Sport \u00e9 um evento da Decathlon aberto a todas as pessoas, e a ERP Portugal e a Novo Verde estiveram presentes no Food Court deste evento gratuito, com ecopontos humanos da Novo Verde e com promotores da ERP Portugal que desafiaram todos os participantes ao correto encaminhamento de res\u00edduos e oferecendo <em>ecobags<\/em> de reciclagem.<\/p>\n<p>Esta parceria liga o desporto, a sa\u00fade e o ambiente, enquanto promove a literacia ambiental e consciencializa os participantes para a import\u00e2ncia da ado\u00e7\u00e3o de pr\u00e1ticas mais sustent\u00e1veis.<\/p>\n<p>Esta iniciativa foi desenvolvida no \u00e2mbito do programa Parceiro Sustent\u00e1vel, que apoia e inspira as empresas a desenvolverem iniciativas sustent\u00e1veis e pretende divulgar as melhores pr\u00e1ticas ambientais a n\u00edvel corporativo. Para saber mais sobre este programa consulte o site <a href=\"https:\/\/www.parceirosustentavelerp.pt\/\">https:\/\/www.parceirosustentavelerp.pt\/<\/a><\/p>\n<p><img loading=\"lazy\" decoding=\"async\" class=\"alignnone wp-image-9713 size-medium\" src=\"https:\/\/erp-recycling.org\/pt-pt\/wp-content\/uploads\/sites\/53\/2024\/03\/Imagem1-240x300.png\" alt=\"\" width=\"240\" height=\"300\" srcset=\"https:\/\/erp-recycling.org\/pt-pt\/wp-content\/uploads\/sites\/53\/2024\/03\/Imagem1-200x250.png 200w, https:\/\/erp-recycling.org\/pt-pt\/wp-content\/uploads\/sites\/53\/2024\/03\/Imagem1-240x300.png 240w, https:\/\/erp-recycling.org\/pt-pt\/wp-content\/uploads\/sites\/53\/2024\/03\/Imagem1-400x500.png 400w, https:\/\/erp-recycling.org\/pt-pt\/wp-content\/uploads\/sites\/53\/2024\/03\/Imagem1.png 574w\" sizes=\"auto, (max-width: 240px) 100vw, 240px\" \/> <img loading=\"lazy\" decoding=\"async\" class=\"alignnone wp-image-9714 size-medium\" src=\"https:\/\/erp-recycling.org\/pt-pt\/wp-content\/uploads\/sites\/53\/2024\/03\/Imagem2-240x300.png\" alt=\"\" width=\"240\" height=\"300\" srcset=\"https:\/\/erp-recycling.org\/pt-pt\/wp-content\/uploads\/sites\/53\/2024\/03\/Imagem2-200x250.png 200w, https:\/\/erp-recycling.org\/pt-pt\/wp-content\/uploads\/sites\/53\/2024\/03\/Imagem2-240x300.png 240w, https:\/\/erp-recycling.org\/pt-pt\/wp-content\/uploads\/sites\/53\/2024\/03\/Imagem2-400x501.png 400w, https:\/\/erp-recycling.org\/pt-pt\/wp-content\/uploads\/sites\/53\/2024\/03\/Imagem2.png 573w\" sizes=\"auto, (max-width: 240px) 100vw, 240px\" \/><\/p>\n<h3 class=\"fusion-responsive-typography-calculated\" style=\"--fontsize: 30;line-height: 1.25;--fontSize: 30\" data-fontsize=\"30\" data-lineheight=\"37.5px\">_______________________________________________________________<\/h3>\n<h3 class=\"fusion-responsive-typography-calculated\" style=\"--fontsize: 30;line-height: 1.25;--fontSize: 30\" data-fontsize=\"30\" data-lineheight=\"37.5px\">ERP Portugal junta-se \u00e0 Sailors For The Sea para celebrar anivers\u00e1rio da Marina de Cascais<\/h3>\n<p><strong>Ano: <\/strong>2023<\/p>\n<p><strong>Parceiros:<\/strong> Sailors For The Sea Portugal, Marina de Cascais<\/p>\n<p><strong>Descri\u00e7\u00e3o:<\/strong><\/p>\n<p>No \u00e2mbito do 24\u00ba anivers\u00e1rio da Marina de Cascais, entre os dias 6 a 12 de agosto, a ERP Portugal e a Sailors For The Sea promoveram uma campanha de recolha de res\u00edduos, incentivando a comunidade a entregar os seus pequenos el\u00e9tricos, eletr\u00f3nicos e pilhas em fim de vida em todas as lojas da Marina de Cascais.<\/p>\n<p>A Campanha \u201cMarina Recicla\u201d \u00e9 mais uma iniciativa da Marina de Cascais e da Sailors For The Sea, em parceria com a ERP Portugal, que pretende sensibilizar e incentivar a comunidade a entregar estas tipologias de res\u00edduos com elevado potencial de reciclagem, de forma seletiva. Al\u00e9m disso, esta campanha demonstra a forte rela\u00e7\u00e3o de parceria entre as entidades, que partilham o prop\u00f3sito de contribuir para um planeta mais sustent\u00e1vel.<\/p>\n<p>\u201c\u00c9 com enorme satisfa\u00e7\u00e3o que celebramos o anivers\u00e1rio da Marina de Cascais, com a Sailors For The Sea. Acreditamos que, com esta parceria, estamos a fortalecer a nossa capacidade de criar um impacto significativo na sensibiliza\u00e7\u00e3o para o correto descarte de res\u00edduos e na consciencializa\u00e7\u00e3o ambiental da comunidade de Cascais. Queremos incentivar e convidar todas as pessoas a juntarem-se a n\u00f3s na causa comum que \u00e9 reciclar mais, em prol de um planeta mais limpo e sustent\u00e1vel\u201d, afirmou <strong>Rosa Monforte, Diretora Geral da ERP Portugal.<\/strong><\/p>\n<p><img loading=\"lazy\" decoding=\"async\" class=\"alignnone wp-image-9709 size-medium\" src=\"https:\/\/erp-recycling.org\/pt-pt\/wp-content\/uploads\/sites\/53\/2024\/03\/Cartaz-Marina-Recicla-V4-214x300.jpg\" alt=\"\" width=\"214\" height=\"300\" srcset=\"https:\/\/erp-recycling.org\/pt-pt\/wp-content\/uploads\/sites\/53\/2024\/03\/Cartaz-Marina-Recicla-V4-200x280.jpg 200w, https:\/\/erp-recycling.org\/pt-pt\/wp-content\/uploads\/sites\/53\/2024\/03\/Cartaz-Marina-Recicla-V4-214x300.jpg 214w, https:\/\/erp-recycling.org\/pt-pt\/wp-content\/uploads\/sites\/53\/2024\/03\/Cartaz-Marina-Recicla-V4-400x560.jpg 400w, https:\/\/erp-recycling.org\/pt-pt\/wp-content\/uploads\/sites\/53\/2024\/03\/Cartaz-Marina-Recicla-V4-600x840.jpg 600w, https:\/\/erp-recycling.org\/pt-pt\/wp-content\/uploads\/sites\/53\/2024\/03\/Cartaz-Marina-Recicla-V4-731x1024.jpg 731w, https:\/\/erp-recycling.org\/pt-pt\/wp-content\/uploads\/sites\/53\/2024\/03\/Cartaz-Marina-Recicla-V4-768x1075.jpg 768w, https:\/\/erp-recycling.org\/pt-pt\/wp-content\/uploads\/sites\/53\/2024\/03\/Cartaz-Marina-Recicla-V4-800x1120.jpg 800w, https:\/\/erp-recycling.org\/pt-pt\/wp-content\/uploads\/sites\/53\/2024\/03\/Cartaz-Marina-Recicla-V4-1097x1536.jpg 1097w, https:\/\/erp-recycling.org\/pt-pt\/wp-content\/uploads\/sites\/53\/2024\/03\/Cartaz-Marina-Recicla-V4-1200x1680.jpg 1200w, https:\/\/erp-recycling.org\/pt-pt\/wp-content\/uploads\/sites\/53\/2024\/03\/Cartaz-Marina-Recicla-V4-1463x2048.jpg 1463w, https:\/\/erp-recycling.org\/pt-pt\/wp-content\/uploads\/sites\/53\/2024\/03\/Cartaz-Marina-Recicla-V4-scaled.jpg 1829w\" sizes=\"auto, (max-width: 214px) 100vw, 214px\" \/><\/p>\n<h3 class=\"fusion-responsive-typography-calculated\" style=\"--fontsize: 30;line-height: 1.25;--fontSize: 30\" data-fontsize=\"30\" data-lineheight=\"37.5px\">__________________________________________________________<\/h3>\n<h3 class=\"fusion-responsive-typography-calculated\" style=\"--fontsize: 30;line-height: 1.25;--fontSize: 30\" data-fontsize=\"30\" data-lineheight=\"37.5px\">ERP Portugal e Novo Verde juntam-se ao &#8220;Querido Mudei a Casa&#8221; para sensibilizar popula\u00e7\u00e3o para a separa\u00e7\u00e3o e encaminhamento de res\u00edduos<\/h3>\n<p><strong>Ano: <\/strong>2023<\/p>\n<p><strong>Parceiros:<\/strong> Querido Mudei a Casa<\/p>\n<p><strong>Descri\u00e7\u00e3o:<\/strong><\/p>\n<p>As v\u00e1rias tipologias de res\u00edduos gerados pelo consumo da popula\u00e7\u00e3o requerem um encaminhamento e tratamento adequados, de modo a reduzir os impactos nocivos no nosso planeta.<\/p>\n<p>Conscientes desta problem\u00e1tica, a <strong>ERP Portugal <\/strong>e a<strong> Novo Verde<\/strong>, al\u00e9m de serem entidades respons\u00e1veis pela gest\u00e3o de res\u00edduos de embalagens e res\u00edduos el\u00e9tricos, eletr\u00f3nicos, pilhas e baterias, respetivamente, apostam na consciencializa\u00e7\u00e3o da popula\u00e7\u00e3o para comportamentos adequados que contribuam para um planeta mais verde, juntando-se, com este objetivo, ao programa \u201cQuerido Mudei a Casa\u201d, da TVI.<\/p>\n<p>Desta maneira, a <strong>ERP Portugal <\/strong>e a<strong> Novo Verde visam <\/strong>sensibilizar a popula\u00e7\u00e3o para o correto encaminhamento deste tipo de res\u00edduos. Sendo um programa de renova\u00e7\u00e3o de espa\u00e7os, muitos s\u00e3o os res\u00edduos gerados neste processo de remodela\u00e7\u00e3o, n\u00e3o s\u00f3 a n\u00edvel de embalagens das diversas ferramentas usadas no dia-a-dia da equipa, como tamb\u00e9m a n\u00edvel de substitui\u00e7\u00e3o de eletrodom\u00e9sticos obsoletos.<\/p>\n<p>Todos estes res\u00edduos devem ser devidamente recolhidos e encaminhados, e \u00e9 atrav\u00e9s da ERP Portugal e da Novo Verde que o programa assegurar\u00e1 este processo e sensibilizar\u00e1 os telespectadores para boas pr\u00e1ticas ambientais.<\/p>\n<p>Com presen\u00e7a em 24 epis\u00f3dios no total, transmitidos todos os domingos a partir de dia 9 de julho, as duas entidades pretendem contribuir para a literacia ambiental da popula\u00e7\u00e3o, incentivando a um papel mais ativo nesta mat\u00e9ria.<\/p>\n<p><img loading=\"lazy\" decoding=\"async\" class=\"alignnone wp-image-9654 size-medium\" src=\"https:\/\/erp-recycling.org\/pt-pt\/wp-content\/uploads\/sites\/53\/2024\/03\/DSC05586-300x200.jpg\" alt=\"\" width=\"300\" height=\"200\" srcset=\"https:\/\/erp-recycling.org\/pt-pt\/wp-content\/uploads\/sites\/53\/2024\/03\/DSC05586-200x133.jpg 200w, https:\/\/erp-recycling.org\/pt-pt\/wp-content\/uploads\/sites\/53\/2024\/03\/DSC05586-300x200.jpg 300w, https:\/\/erp-recycling.org\/pt-pt\/wp-content\/uploads\/sites\/53\/2024\/03\/DSC05586-400x267.jpg 400w, https:\/\/erp-recycling.org\/pt-pt\/wp-content\/uploads\/sites\/53\/2024\/03\/DSC05586-600x400.jpg 600w, https:\/\/erp-recycling.org\/pt-pt\/wp-content\/uploads\/sites\/53\/2024\/03\/DSC05586-768x512.jpg 768w, https:\/\/erp-recycling.org\/pt-pt\/wp-content\/uploads\/sites\/53\/2024\/03\/DSC05586-800x533.jpg 800w, https:\/\/erp-recycling.org\/pt-pt\/wp-content\/uploads\/sites\/53\/2024\/03\/DSC05586-1024x683.jpg 1024w, https:\/\/erp-recycling.org\/pt-pt\/wp-content\/uploads\/sites\/53\/2024\/03\/DSC05586-1200x800.jpg 1200w, https:\/\/erp-recycling.org\/pt-pt\/wp-content\/uploads\/sites\/53\/2024\/03\/DSC05586-1536x1024.jpg 1536w\" sizes=\"auto, (max-width: 300px) 100vw, 300px\" \/><\/p>\n<h3 class=\"fusion-responsive-typography-calculated\" style=\"--fontsize: 30;line-height: 1.25;--fontSize: 30\" data-fontsize=\"30\" data-lineheight=\"37.5px\">________________________________________________________<\/h3>\n<h3 class=\"fusion-responsive-typography-calculated\" style=\"--fontsize: 30;line-height: 1.25;--fontSize: 30\" data-fontsize=\"30\" data-lineheight=\"37.5px\">ERP Portugal e Novo Verde criam Pra\u00e7a da Sustentabilidade no Primavera Sound Porto<\/h3>\n<p><strong>Ano: <\/strong>2023<\/p>\n<p><strong>Parceiros:<\/strong> Lipor, Zero Cups<\/p>\n<p><strong>Descri\u00e7\u00e3o:<\/strong><\/p>\n<p>A <strong>ERP Portugal <\/strong>e a<strong> Novo Verde<\/strong>, entidades gestoras de res\u00edduos de embalagens e res\u00edduos el\u00e9tricos e eletr\u00f3nicos, e pilhas e baterias, respetivamente, criaram a Pra\u00e7a da Sustentabilidade no festival <strong>Primavera Sound<\/strong> <strong>Porto<\/strong>, entre os dias 7 e 10 de junho, de forma a sensibilizar a comunidade para <strong>a import\u00e2ncia da preven\u00e7\u00e3o de res\u00edduos<\/strong>, em parceria com a <strong>Lipor<\/strong> e a Zero Cups.<\/p>\n<p>Sob o mote <strong>\u201cReliga-te\u201d<\/strong>, a ERP Portugal, em parceria com a Lipor esteve presente com o <strong>CREW<\/strong>, projeto de Investiga\u00e7\u00e3o &amp; Desenvolvimento, com o objetivo de promover a preven\u00e7\u00e3o de res\u00edduos, atrav\u00e9s da realiza\u00e7\u00e3o de workshops de repara\u00e7\u00e3o de pequenos el\u00e9tricos e eletr\u00f3nicos, num <em>repair cafe.<\/em><\/p>\n<p>\u201cA presen\u00e7a da ERP Portugal e da Novo Verde neste evento vem refor\u00e7ar o seu principal objetivo de consciencializar a comunidade sobre a import\u00e2ncia da ado\u00e7\u00e3o de comportamentos ambientalmente respons\u00e1veis, contribuindo assim para a redu\u00e7\u00e3o da produ\u00e7\u00e3o de res\u00edduos.\u201d, afirma <strong>Ricardo Neto, Presidente da Novo Verde e da ERP Portugal.<\/strong><\/p>\n<p><img loading=\"lazy\" decoding=\"async\" class=\"size-medium wp-image-9438\" src=\"https:\/\/erp-recycling.org\/pt-pt\/wp-content\/uploads\/sites\/53\/2023\/07\/banner-primavera-sound-porto-300x130.png\" alt=\"erp-portugal-pra\u00e7a-sustentabilidade-primavera-sound-porto\" width=\"300\" height=\"130\" srcset=\"https:\/\/erp-recycling.org\/pt-pt\/wp-content\/uploads\/sites\/53\/2023\/07\/banner-primavera-sound-porto-200x87.png 200w, https:\/\/erp-recycling.org\/pt-pt\/wp-content\/uploads\/sites\/53\/2023\/07\/banner-primavera-sound-porto-300x130.png 300w, https:\/\/erp-recycling.org\/pt-pt\/wp-content\/uploads\/sites\/53\/2023\/07\/banner-primavera-sound-porto-400x174.png 400w, https:\/\/erp-recycling.org\/pt-pt\/wp-content\/uploads\/sites\/53\/2023\/07\/banner-primavera-sound-porto.png 567w\" sizes=\"auto, (max-width: 300px) 100vw, 300px\" \/><\/p>\n<h3 class=\"fusion-responsive-typography-calculated\" style=\"--fontsize: 30;line-height: 1.25;--fontSize: 30\" data-fontsize=\"30\" data-lineheight=\"37.5px\"><a href=\"https:\/\/erp-recycling.org\/pt-pt\/wp-content\/uploads\/sites\/53\/2023\/05\/Regulamento-Passatempo-ERP-Primavera-Sound-Porto_rv5.docx\" target=\"_blank\" rel=\"noopener noreferrer\">Regulamento Give Away Primavera Sound Porto 2023<\/a><\/h3>\n<h3 class=\"fusion-responsive-typography-calculated\" style=\"--fontsize: 30;line-height: 1.25;--fontSize: 30\" data-fontsize=\"30\" data-lineheight=\"37.5px\">________________________________________________________<\/h3>\n<h3 class=\"fusion-responsive-typography-calculated\" style=\"--fontsize: 30;line-height: 1.25;--fontSize: 30\" data-fontsize=\"30\" data-lineheight=\"37.5px\">&#8220;Conversas com Energia&#8221; debatem o presente e o futuro do nosso planeta<\/h3>\n<p><strong>Ano: <\/strong>2023<\/p>\n<p><strong>Parceiros:<\/strong> Funda\u00e7\u00e3o EDP<\/p>\n<p><strong>Descri\u00e7\u00e3o:<\/strong><\/p>\n<p>As entidades gestoras de res\u00edduos <strong>ERP Portugal<\/strong> e <strong>Novo Verde<\/strong> associaram-se de novo \u00e0 <strong>Funda\u00e7\u00e3o EDP<\/strong> para mais um ciclo de \u201cConversas com Energia\u201d, um projeto que promove o conhecimento e o di\u00e1logo sobre os desafios da emerg\u00eancia clim\u00e1tica, energia e sustentabilidade, junto de crian\u00e7as e jovens de diferentes contextos.<\/p>\n<p>A primeira sess\u00e3o ocorreu no dia 20 de abril, e contou com a presen\u00e7a de Bordalo II, reconhecido artista portugu\u00eas que desenvolve as suas obras sob o lema  \u201co lixo de um pode ser o tesouro de outro\u201d, dando uso ao \u201clixo\u201d para alertar para a produ\u00e7\u00e3o e consumos excessivos e no consequente impacte no Planeta. Os alunos da Escola Superior de Educa\u00e7\u00e3o (ESELx) do Instituto Polit\u00e9cnico de Lisboa foram os convidados a participar neste debate de abertura.<\/p>\n<p>O  maat &#8211; Museu de Arte, Arquitetura e Tecnologia foi o palco da terceira edi\u00e7\u00e3o do programa \u201cConversas com Energia\u201d, sob o mote dos desafios da emerg\u00eancia clim\u00e1tica, com o objetivo de aumentar o di\u00e1logo e a reflex\u00e3o das novas gera\u00e7\u00f5es sobre o presente e o futuro do nosso planeta, fazendo a liga\u00e7\u00e3o \u00e0 exposi\u00e7\u00e3o <strong>\u201cPl\u00e1stico: Reconstruir o Nosso Mundo\u201d<\/strong>, patente no museu em co-produ\u00e7\u00e3o com o Vitra Design Museum, e o V&amp;A Dundee, e com o apoio da ERP Portugal e da Novo Verde.<\/p>\n<p>Dividida em tr\u00eas sec\u00e7\u00f5es, a exposi\u00e7\u00e3o <strong>&#8220;Pl\u00e1stico: Reconstruir o Nosso Mundo&#8221;<\/strong> explora a hist\u00f3ria do pl\u00e1stico, mostra a pertin\u00eancia e import\u00e2ncia deste material no nosso quotidiano. Pretendem as Entidades Gestoras, que apoiam a realiza\u00e7\u00e3o da exposi\u00e7\u00e3o, contribuir para a desmistifica\u00e7\u00e3o do material em si, alertando para o comportamento humano, quer na pertin\u00eancia do seu uso, quer no correto descarte.<\/p>\n<p>Esta edi\u00e7\u00e3o do ciclo \u201cConversas com Energia\u201d ir\u00e1 decorrer de abril a junho, e contar\u00e1 com a presen\u00e7a de personalidades ligadas aos temas da emerg\u00eancia clim\u00e1tica, energia e sustentabilidade. Recorde-se que as duas edi\u00e7\u00f5es anteriores do programa \u201cConversas com Energia\u201d decorreram em 2022, e juntaram mais de 250 alunos, de diversos agrupamentos de escolas e graus de ensino, contribuindo para o aumento da literacia ambiental em territ\u00f3rio nacional.<\/p>\n<p><img loading=\"lazy\" decoding=\"async\" class=\"alignnone size-medium wp-image-9410\" src=\"https:\/\/erp-recycling.org\/pt-pt\/wp-content\/uploads\/sites\/53\/2023\/07\/Imagem2-300x200.jpg\" alt=\"\" width=\"300\" height=\"200\" srcset=\"https:\/\/erp-recycling.org\/pt-pt\/wp-content\/uploads\/sites\/53\/2023\/07\/Imagem2-200x133.jpg 200w, https:\/\/erp-recycling.org\/pt-pt\/wp-content\/uploads\/sites\/53\/2023\/07\/Imagem2-300x200.jpg 300w, https:\/\/erp-recycling.org\/pt-pt\/wp-content\/uploads\/sites\/53\/2023\/07\/Imagem2-400x267.jpg 400w, https:\/\/erp-recycling.org\/pt-pt\/wp-content\/uploads\/sites\/53\/2023\/07\/Imagem2-600x400.jpg 600w, https:\/\/erp-recycling.org\/pt-pt\/wp-content\/uploads\/sites\/53\/2023\/07\/Imagem2-768x513.jpg 768w, https:\/\/erp-recycling.org\/pt-pt\/wp-content\/uploads\/sites\/53\/2023\/07\/Imagem2-800x534.jpg 800w, https:\/\/erp-recycling.org\/pt-pt\/wp-content\/uploads\/sites\/53\/2023\/07\/Imagem2-1024x683.jpg 1024w, https:\/\/erp-recycling.org\/pt-pt\/wp-content\/uploads\/sites\/53\/2023\/07\/Imagem2-1200x801.jpg 1200w, https:\/\/erp-recycling.org\/pt-pt\/wp-content\/uploads\/sites\/53\/2023\/07\/Imagem2.jpg 1299w\" sizes=\"auto, (max-width: 300px) 100vw, 300px\" \/><\/p>\n<h3 class=\"fusion-responsive-typography-calculated\" style=\"--fontsize: 30;line-height: 1.25;--fontSize: 30\" data-fontsize=\"30\" data-lineheight=\"37.5px\">______________________________________________________________________<\/h3>\n<h3 class=\"fusion-responsive-typography-calculated\" style=\"--fontsize: 30;line-height: 1.25;--fontSize: 30\" data-fontsize=\"30\" data-lineheight=\"37.5px\">ERP Portugal, a <a href=\"https:\/\/novoverde.pt\/\">Novo Verde<\/a> <a href=\"https:\/\/www.youtube.com\/watch?v=7_KV2QvL550\">LG Portugal<\/a> unem-se a C\u00e9sar Mour\u00e3o e v\u00e3o \u201cdestralhar\u201d as gavetas dos Portugueses<\/h3>\n<p><strong>Ano: <\/strong>2022<\/p>\n<p><strong>Parceiros:<\/strong> LG Portugal, Novo Verde<\/p>\n<p><strong>Descri\u00e7\u00e3o:<\/strong><br \/>\nE se, de repente, o C\u00e9sar Mour\u00e3o aparecesse \u00e0 nossa porta para ver o interior das gavetas e arm\u00e1rios em busca de equipamentos el\u00e9tricos e eletr\u00f3nicos, pilhas e respetivas embalagens, que j\u00e1 n\u00e3o usamos ou que est\u00e3o estragados? \u00c9 exatamente isso que acontece na nova campanha que une o apresentador e humorista portugu\u00eas \u00e0 ERP Portugal, Novo Verde e LG Portugal, a \u201cDestralhar\u201d.<\/p>\n<p><img loading=\"lazy\" decoding=\"async\" class=\"alignnone size-medium wp-image-5000\" src=\"https:\/\/erp-recycling.org\/pt-pt\/wp-content\/uploads\/sites\/16\/2022\/12\/IG_FB_Waste-Summit-300x300.png\" alt=\"\" width=\"300\" height=\"300\"><\/p>\n<p>Segundo o estudo \u201cH\u00e1bitos dos Portugueses em rela\u00e7\u00e3o ao Lixo Eletr\u00f3nico\u201d*, 59,2% dos portugueses admite que guarda os equipamentos \u2013 que j\u00e1 n\u00e3o usa, mas que ainda funcionam, porque ainda podem ser \u00fateis mais tarde. No entanto, a verdade \u00e9 que este esp\u00edrito nacional do \u201cainda vai dar jeito\u201d leva a que a maior parte destes res\u00edduos acabe por ficar em gavetas, arm\u00e1rios e caixas tanto em casa como no local de trabalho. Da mesma forma, muitas pessoas optam por guardar as embalagens de equipamentos como televis\u00f5es ou eletrodom\u00e9sticos de maiores dimens\u00f5es, que ficam em garagens ou arrecada\u00e7\u00f5es a ganhar p\u00f3.<\/p>\n<p>Com o sentido de humor e de oportunidade caracter\u00edsticos do C\u00e9sar Mour\u00e3o, os <a href=\"https:\/\/www.youtube.com\/watch?v=QoeB9d-B19c&amp;t=1s\">v\u00eddeos<\/a> desta divertida campanha digital acompanham o apresentador em visitas rel\u00e2mpago e inesperadas a casas e escrit\u00f3rios de Lisboa, onde vai questionar as fam\u00edlias e trabalhadores sobre o e-waste e tudo o que o rodeia (incluindo as embalagens). Tudo para revelar que aquilo que consideramos lixo \u2013 ratos de computador que j\u00e1 n\u00e3o usamos, um leitor de DVD esquecido na prateleira ou uma caixa de cart\u00e3o encostada a uma parede \u2013 \u00e9 na verdade um conjunto de importantes res\u00edduos que podem e devem ter uma segunda vida, seja atrav\u00e9s da reciclagem ou da reutiliza\u00e7\u00e3o.<\/p>\n<p>Divirta-se com esta campanha e aprenda com a ERP Portugal onde colocar os seus el\u00e9tricos e eletr\u00f3nicos em fim de vida no local certo!! <a href=\"https:\/\/eureciclo.pt\/\">eureciclo.pt<\/a><\/p>\n<h3 class=\"fusion-responsive-typography-calculated\" style=\"--fontsize: 30;line-height: 1.25;--fontSize: 30\" data-fontsize=\"30\" data-lineheight=\"37.5px\">______________________________________________________________________<\/h3>\n<h3 class=\"fusion-responsive-typography-calculated\" style=\"--fontsize: 30;line-height: 1.25;--fontSize: 30\" data-fontsize=\"30\" data-lineheight=\"37.5px\">ERP Portugal e Chicco unem-se para provar que<br \/>\n\u201cReciclar n\u00e3o tem Hist\u00f3ria\u201d<\/h3>\n<p><strong>Ano: <\/strong>2022<\/p>\n<p><strong>Parceiros:<\/strong> Chicco<\/p>\n<p><strong>Descri\u00e7\u00e3o:<\/strong><br \/>\n\u201c<strong>Reciclar n\u00e3o tem Hist\u00f3ria<\/strong>\u201d \u00e9 o mote da iniciativa criada pela ERP Portugal em parceria com a Chicco, para incentivar a entrega de pequenos equipamentos el\u00e9tricos e eletr\u00f3nicos, em fim de vida, provando que este gesto \u00e9 simples, \u201cn\u00e3o tem hist\u00f3ria\u201d e pode contribuir para um Planeta mais sustent\u00e1vel. Sob a \u00e9gide do programa \u201c<a href=\"https:\/\/www.parceirosustentavelerp.pt\/\">Parceiro Sustent\u00e1vel<\/a>\u201d da ERP Portugal e com o apoio da <a href=\"https:\/\/abae.pt\/\">ABAE<\/a>, a iniciativa vai decorrer em 29 lojas Chicco durante o m\u00eas de setembro. Para al\u00e9m do consumidor, o desafio ser\u00e1 ainda alargado a mais de 1000 creches e jardins de inf\u00e2ncia que integram o programa <a href=\"https:\/\/ecoescolas.abae.pt\/\">Eco-Escolas<\/a>.<\/p>\n<p><img loading=\"lazy\" decoding=\"async\" class=\"alignnone size-medium wp-image-4857\" src=\"https:\/\/erp-recycling.org\/pt-pt\/wp-content\/uploads\/sites\/16\/2022\/09\/MicrosoftTeams-image-2-300x169.png\" alt=\"\" width=\"300\" height=\"169\"><\/p>\n<hr>\n<h2 class=\"fusion-responsive-typography-calculated\" style=\"--fontsize: 50;line-height: 1.2;--fontSize: 50\" data-fontsize=\"50\" data-lineheight=\"60px\"><\/h2>\n<h3 class=\"fusion-responsive-typography-calculated\" style=\"--fontsize: 30;line-height: 1.25;--fontSize: 30\" data-fontsize=\"30\" data-lineheight=\"37.5px\">\u201cReciclar tamb\u00e9m \u00e9 Ajudar\u201d<br \/>\na preserva\u00e7\u00e3o de Mares e Oceanos<strong><br \/>\n<\/strong><\/h3>\n<p><strong>Ano: <\/strong>2022<\/p>\n<p><strong>Parceiros: <\/strong>Pingo Doce<\/p>\n<p><strong>Descri\u00e7\u00e3o:<\/strong><br \/>\nA campanha <strong>\u201cReciclar tamb\u00e9m \u00e9 ajudar\u201d<\/strong> da ERP Portugal \u2013 entidade gestora de res\u00edduos, regressa \u00e0s lojas Pingo Doce com o objetivo de promover a import\u00e2ncia do correto encaminhamento, tratamento e reciclagem de res\u00edduos, desta feita, na prote\u00e7\u00e3o dos Oceanos e Mares. Esta a\u00e7\u00e3o visa apoiar a <em>Sailors for the Sea<\/em>, associa\u00e7\u00e3o sem fins lucrativos que pretende contribuir para a sustentabilidade dos oceanos e mares, incentivando uma mudan\u00e7a centrada na crescente consci\u00eancia ambiental fortalecida pela a\u00e7\u00e3o de cada um de n\u00f3s.<\/p>\n<p><img loading=\"lazy\" decoding=\"async\" class=\" wp-image-4774 alignnone\" src=\"https:\/\/erp-recycling.org\/pt-pt\/wp-content\/uploads\/sites\/16\/2022\/09\/MicrosoftTeams-image-300x240.jpg\" alt=\"\" width=\"258\" height=\"206\"><\/p>\n<hr>\n<h3 class=\"fusion-responsive-typography-calculated\" style=\"--fontsize: 30;line-height: 1.25;--fontSize: 30\" data-fontsize=\"30\" data-lineheight=\"37.5px\">JUNTA NA FREGUESIA<\/h3>\n<p><strong>Ano: <\/strong>2022<\/p>\n<p><strong>Descri\u00e7\u00e3o:<\/strong><br \/>\n<strong>\u201cJunta na Freguesia\u201d<\/strong> \u00e9 o mais recente programa da ERP Portugal que, em conjunto com as Juntas de Freguesia e Munic\u00edpios de todo o pa\u00eds, vai contribuir para aumentar o conforto dos cidad\u00e3os. Com o principal objetivo de criar um movimento de sustentabilidade participada e facilitar a vida da comunidade, pretende-se o aumento da recolha e reciclagem de res\u00edduos de equipamentos el\u00e9tricos e eletr\u00f3nicos (REEE), bem como res\u00edduos de pilhas e acumuladores (RP&amp;A).<\/p>\n<p><img loading=\"lazy\" decoding=\"async\" class=\" wp-image-4778 alignnone\" src=\"https:\/\/erp-recycling.org\/pt-pt\/wp-content\/uploads\/sites\/16\/2022\/09\/Junta-na-Freguesia-300x300.jpg\" alt=\"\" width=\"196\" height=\"196\"><\/p>\n<hr>\n<h3 class=\"fusion-responsive-typography-calculated\" style=\"--fontsize: 30;line-height: 1.25;--fontSize: 30\" data-fontsize=\"30\" data-lineheight=\"37.5px\">E-WASTE TALKS<\/h3>\n<p><strong>Ano:<\/strong> 2021<\/p>\n<p><strong>Parceiros:<\/strong> LG Portugal<\/p>\n<p><strong>Descri\u00e7\u00e3o:<\/strong><br \/>\nConjunto de podcasts para esclarecer a popula\u00e7\u00e3o sobre o que fazer aos REEE, para onde devem ser encaminhados, quais os impactos no dia-a-dia, nas empresas, nos retalhistas, no ambiente e at\u00e9 na carteira de cada um \u2013 estas s\u00e3o algumas das d\u00favidas que assolam o cidad\u00e3o e que v\u00e3o estar em debate nas quatro <em>e-Waste Talks<\/em> conduzidas pelo apresentador e humorista C\u00e9sar Mour\u00e3o.<\/p>\n<p><strong>Objetivos:<\/strong><\/p>\n<ul>\n<li>Aumentar as quantidades de res\u00edduos recolhidos e reciclados;<\/li>\n<li>Mobilizar a popula\u00e7\u00e3o para uma participa\u00e7\u00e3o ativa na reciclagem dos REEE;<\/li>\n<li>Explicar as vantagens da reciclagem dos REEE.<\/li>\n<\/ul>\n<p><strong>Links para as e-Waste Talks:<\/strong><\/p>\n<ol>\n<li><a href=\"https:\/\/www.youtube.com\/watch?v=BL5V1Az_25A\">Resumo<\/a><\/li>\n<li><a href=\"https:\/\/www.youtube.com\/watch?v=sY6CNz34z0A\">Papel da Entidade Gestora na promo\u00e7\u00e3o de comportamentos sustent\u00e1veis ao longo do fluxo de gest\u00e3o dos EEEE (Ricardo e Rosa)<\/a><\/li>\n<li><a href=\"https:\/\/www.youtube.com\/watch?v=NTf_C9NHH0M\">Compromisso da LG com a Sustentabilidade: do global para o local (Hugo Jorge, Respons\u00e1vel de Marketing da LG Portugal)<\/a><\/li>\n<li><a href=\"https:\/\/www.youtube.com\/watch?v=sYFucsomRKc\">Import\u00e2ncia do canal da distribui\u00e7\u00e3o como promotor de um comportamento mais correto dos cidad\u00e3os\/consumidores (Gon\u00e7alo Lobo Xavier, Diretor Geral da APED)<\/a><\/li>\n<li><a href=\"https:\/\/www.youtube.com\/watch?v=9yHw-5K0HSE&amp;t=20s\">Vis\u00e3o macro e hol\u00edstica sobre a gest\u00e3o dos REEE (Nuno Lacasta, Presidente da APA)<\/a><\/li>\n<\/ol>\n<hr>\n<h2 class=\"fusion-responsive-typography-calculated\" style=\"--fontsize: 50;line-height: 1.2;--fontSize: 50\" data-fontsize=\"50\" data-lineheight=\"60px\"><\/h2>\n<h3 class=\"fusion-responsive-typography-calculated\" style=\"--fontsize: 30;line-height: 1.25;--fontSize: 30\" data-fontsize=\"30\" data-lineheight=\"37.5px\">RECICLAR NO SENTIDO CERTO<\/h3>\n<p><strong>Ano:<\/strong> 2021<\/p>\n<p><strong>Parceiros:<\/strong> APA, DGAE, e-Cycle e Electr\u00e3o<\/p>\n<p><strong>Descri\u00e7\u00e3o:<\/strong><br \/>\nCampanha nacional de media para sensibilizar os Portugueses para a entrega seletiva de REEE nos locais corretos e garantir o tratamento, descontamina\u00e7\u00e3o e reciclagem dos mesmos.<\/p>\n<p>A campanha \u00e9 composta por an\u00fancios de tv e r\u00e1dio, publica\u00e7\u00f5es nas redes sociais e canais digitais, com especial destaque para a landing page dedicada a este tema.<\/p>\n<p><a href=\"https:\/\/erp-recycling.org\/pt-pt\/wp-content\/uploads\/sites\/16\/2021\/10\/OSentidoCerto_FINAL.mp4\">Spot de TV<\/a><\/p>\n<p><strong>Objetivos:<\/strong><\/p>\n<ul>\n<li>Aumentar as quantidades de res\u00edduos recolhidos e reciclados;<\/li>\n<li>Evitar o abandono dos REEE e desvio dos mesmos para circuitos paralelos;<\/li>\n<li>Explicar as vantagens da reciclagem dos REEE.<\/li>\n<\/ul>\n<hr>\n<h2 class=\"fusion-responsive-typography-calculated\" style=\"--fontsize: 50;line-height: 1.2;--fontSize: 50\" data-fontsize=\"50\" data-lineheight=\"60px\"><\/h2>\n<h3 class=\"fusion-responsive-typography-calculated\" style=\"--fontsize: 30;line-height: 1.25;--fontSize: 30\" data-fontsize=\"30\" data-lineheight=\"37.5px\">EQUIPA DOS REEE &amp; COMPANHIA<\/h3>\n<p><strong>Ano:<\/strong> 2021<\/p>\n<p><strong>Descri\u00e7\u00e3o:<\/strong><br \/>\nA banda desenhada <em>Equipa dos REEE &amp; Companhia<\/em> \u2013 <em>Miss\u00e3o: Aprender a Transformar o Futuro<\/em> recupera uma das ferramentas de educa\u00e7\u00e3o ambiental da ERP Portugal que remonta 2008 e que, agora, volta com novas personagens, mais moderna e ainda com mais energia para mobilizar os Portugueses para a entrega seletiva dos seus res\u00edduos.<\/p>\n<p>Esta pe\u00e7a tem como principais destinat\u00e1rios os estabelecimentos escolares e\/ou outras unidades de educa\u00e7\u00e3o ambiental e estar\u00e1 dispon\u00edvel gratuitamente em iniciativas da entidade gestora, tais como a campanha Gera\u00e7\u00e3o Depositr\u00e3o.<\/p>\n<p>Personagens: Capit\u00e3o Fluxo, Grand\u00e3o, Fininho, Fininho, Z\u00e9l\u00e9le, Vapores, Luzinhas, Depoistr\u00e3o, Carga M\u00e1xima e Traga Pilhas.<\/p>\n<p><strong>Objetivos:<\/strong><\/p>\n<ul>\n<li>Incentivar o aumento da literacia para a sustentabilidade junto das crian\u00e7as, embaixadores ambientais sempre atentos e excelentes influenciadores do comportamento dos adultos;<\/li>\n<li>Aumentar as quantidades de res\u00edduos recolhidos e reciclados.<\/li>\n<\/ul>\n<p>Banda desenhada <em>Equipa dos REEE &amp; Companhia<\/em> \u2013 <em>Miss\u00e3o: Aprender a Transformar o Futuro<\/em> <a href=\"https:\/\/erp-recycling.org\/pt-pt\/wp-content\/uploads\/sites\/16\/2021\/06\/Equipa-dos-REEE-Companhia_Missao_Aprender-a-transformar-o-futuro_FINAL.pdf\">aqui<\/a>.<\/p>\n<p><a href=\"https:\/\/www.youtube.com\/watch?v=QRI28unwGY8\">\u00bb Epis\u00f3dio 1 <\/a><a href=\"https:\/\/www.youtube.com\/watch?v=QRI28unwGY8\">\u00bb <\/a><a href=\"https:\/\/www.youtube.com\/watch?v=__N5QM4puto\">Epis\u00f3dio 2 <\/a><a href=\"https:\/\/www.youtube.com\/watch?v=QRI28unwGY8\">\u00bb <\/a><a href=\"https:\/\/www.youtube.com\/watch?v=0rwh0Eef6Uc\">Epis\u00f3dio 3 <\/a><a href=\"https:\/\/www.youtube.com\/watch?v=QRI28unwGY8\">\u00bb <\/a><a href=\"https:\/\/www.youtube.com\/watch?v=P7mwSQ8_8GA\">Epis\u00f3dio 4 <\/a><a href=\"https:\/\/www.youtube.com\/watch?v=QRI28unwGY8\">\u00bb <\/a><a href=\"https:\/\/www.youtube.com\/watch?v=79jdd6MJ_BI\">Epis\u00f3dio 5<\/a><\/p>\n<hr>\n<h3 class=\"fusion-responsive-typography-calculated\" style=\"--fontsize: 30;line-height: 1.25;--fontSize: 30\" data-fontsize=\"30\" data-lineheight=\"37.5px\">TODOS PELO IPO<\/h3>\n<p><strong>Ano: <\/strong>2021<\/p>\n<p><strong>Parceiros:<\/strong> Instituto Portugu\u00eas de Oncologia (IPO) Fernando Gentil<\/p>\n<p><strong>Descri\u00e7\u00e3o:<\/strong><br \/>\nA ERP Portugal volta a associar-se ao IPO para desafiar os Portugueses a participar na reciclagem dos seus res\u00edduos e ajudar o Instituto na sua miss\u00e3o. Para fazer parte da a\u00e7\u00e3o \u201cTodos pelo IPO\u201d, basta entregar pilhas usadas que j\u00e1 n\u00e3o funcionam nos mais de 5000 pontos de recolha da ERP Portugal, distribu\u00eddos por todo o pa\u00eds, incluindo tamb\u00e9m as instala\u00e7\u00f5es do pr\u00f3prio IPO (lista dispon\u00edvel <a href=\"http:\/\/www.eureciclo.pt\/\">aqui<\/a>).<\/p>\n<p>No conjunto de res\u00edduos abrangidos pela iniciativa encontram-se pilhas e pequenos equipamentos como comandos, brinquedos, lanternas ou rel\u00f3gios e baterias de computadores port\u00e1teis, telem\u00f3veis ou comandos de consolas de jogos.<\/p>\n<p>Os res\u00edduos recolhidos at\u00e9 ao final do ano ser\u00e3o transformados em donativo a entregar ao IPO para a aquisi\u00e7\u00e3o de equipamentos de diagn\u00f3stico e tratamento de doen\u00e7as oncol\u00f3gicas.<\/p>\n<p><strong>Objetivos:<\/strong><\/p>\n<ul>\n<li>Mobilizar os Portugueses para utiliza\u00e7\u00e3o dos canais corretos de entrega de REEE e pilhas usadas;<\/li>\n<li>Aumentar as quantidades de res\u00edduos recolhidos e reciclados e, ao mesmo tempo, cumprir a vertente social de ajuda ao IPO.<\/li>\n<\/ul>\n<p><img loading=\"lazy\" decoding=\"async\" class=\"wp-image-4417 alignnone\" src=\"https:\/\/erp-recycling.org\/pt-pt\/wp-content\/uploads\/sites\/16\/2021\/04\/Imagem-SITE.jpg\" alt=\"Imagem SITE\" width=\"272\" height=\"152\"><\/p>\n<hr>\n<h3 class=\"fusion-responsive-typography-calculated\" style=\"--fontsize: 30;line-height: 1.25;--fontSize: 30\" data-fontsize=\"30\" data-lineheight=\"37.5px\">RECICLO SEM PARAR<\/h3>\n<p><strong>Ano: <\/strong>2021<\/p>\n<p><strong>Parceiros:<\/strong> Maratona Clube de Portugal e Novo Verde<\/p>\n<p><strong>Descri\u00e7\u00e3o:<\/strong><br \/>\nCorrida virtual que decorrer\u00e1 de 3 a 9 de maio, cujos participantes dever\u00e3o inscrever-se via APP VRaces MCP ou diretamente no <a href=\"https:\/\/portugal.virace.app\/\">site das corridas<\/a>.<\/p>\n<p>A ERP Portugal faz parte dos parceiros que incentivar\u00e3o a pr\u00e1tica do desporto, \u00e0 qual se junta<\/p>\n<p>a componente ambiental (gest\u00e3o de res\u00edduos).<\/p>\n<p><strong>Objetivos:<\/strong><\/p>\n<ul>\n<li>Mobilizar os Portugueses para a pr\u00e1tica do desporto, aliando-a a preocupa\u00e7\u00f5es ambientais;<\/li>\n<li>Aumentar as quantidades de res\u00edduos recolhidos e reciclados.<\/li>\n<\/ul>\n<p><img loading=\"lazy\" decoding=\"async\" class=\"wp-image-4398 alignnone\" src=\"https:\/\/erp-recycling.org\/pt-pt\/wp-content\/uploads\/sites\/16\/2021\/04\/VirtualRaces_NovoVerde_1080x1080.jpg\" alt=\"Maratonas1\" width=\"145\" height=\"145\"><\/p>\n<hr>\n<h2 class=\"fusion-responsive-typography-calculated\" style=\"--fontsize: 50;line-height: 1.2;--fontSize: 50\" data-fontsize=\"50\" data-lineheight=\"60px\"><\/h2>\n<h3 class=\"fusion-responsive-typography-calculated\" style=\"--fontsize: 30;line-height: 1.25;--fontSize: 30\" data-fontsize=\"30\" data-lineheight=\"37.5px\">EARTH BITS<\/h3>\n<p><strong>Ano de in\u00edcio:<\/strong> 2021<\/p>\n<p><strong>Parceiros: <\/strong>Maat e Novo Verde<\/p>\n<p><strong>Descri\u00e7\u00e3o:<\/strong><br \/>\nA <em>Earth Bits<\/em> \u2013 Sentir o Planeta \u00e9 uma instala\u00e7\u00e3o, \u00e0 base de dados que s\u00e3o apresentados em conte\u00fados digitais, v\u00eddeos e uma esta\u00e7\u00e3o interativa, concebida pelo est\u00fadio de investiga\u00e7\u00e3o Dotdotdot. As quatro sec\u00e7\u00f5es deste projeto, que conta ainda com a participa\u00e7\u00e3o da Ag\u00eancia Espacial Europeia (ESA), da Ag\u00eancia Internacional de Energia (IEA) e da EDP Inova\u00e7\u00e3o, mostram a liga\u00e7\u00e3o de causa\/efeito dos comportamentos humanos sobre os recursos do planeta. Do conjunto de temas abordados na exposi\u00e7\u00e3o, destaque para a reciclagem de res\u00edduos e import\u00e2ncia do comportamento dos cidad\u00e3os como chave para assegurar o processo e as vantagens resultantes, nomeadamente a medi\u00e7\u00e3o da poupan\u00e7a da emiss\u00e3o de gases de efeito de estufa.<\/p>\n<p><a href=\"https:\/\/eur02.safelinks.protection.outlook.com\/?url=https%3A%2F%2Fwww.youtube.com%2Fwatch%3Fv%3DzZHqe4EcIb0&amp;data=04%7C01%7Cf.moita%40erp-recycling.org%7Cf5cae4a9dac04b85fce208d90582b4ad%7C4746ee025586473ebb093981e07c2b79%7C0%7C0%7C637546881209200565%7CUnknown%7CTWFpbGZsb3d8eyJWIjoiMC4wLjAwMDAiLCJQIjoiV2luMzIiLCJBTiI6Ik1haWwiLCJXVCI6Mn0%3D%7C1000&amp;sdata=VNzxwQJmuDS91H0HA7v%2BPGTQW2Dqij2x8MkcutPn9P4%3D&amp;reserved=0\">V\u00eddeo de inaugura\u00e7\u00e3o<\/a><\/p>\n<p><strong>Objetivos:<\/strong><\/p>\n<ul>\n<li>Criar uma corrente de conte\u00fados de consciencializa\u00e7\u00e3o e educa\u00e7\u00e3o do p\u00fablico portugu\u00eas, atrav\u00e9s do c\u00e1lculo da sua pegada carb\u00f3nica;<\/li>\n<li>Destacar a import\u00e2ncia de comportamentos ambientais, tais como a entrega dos res\u00edduos nos canais adequados para permitir o seu tratamento e a sua reciclagem.<\/li>\n<\/ul>\n<hr>\n<h3 class=\"fusion-responsive-typography-calculated\" style=\"--fontsize: 30;line-height: 1.25;--fontSize: 30\" data-fontsize=\"30\" data-lineheight=\"37.5px\">RECICLAR N\u00c3O TEM TRUQUE<\/h3>\n<p><strong>Ano de in\u00edcio:<\/strong> 2021<\/p>\n<p><strong>Parceiros: <\/strong>LG Portugal<\/p>\n<p><strong>Descri\u00e7\u00e3o:<\/strong><br \/>\nConjunto de truques com a assinatura \u00fanica do m\u00e1gico portugu\u00eas Lu\u00eds de Matos para alertar os portugueses para a urg\u00eancia e necessidade de dar uma segunda vida aos equipamentos el\u00e9tricos e eletr\u00f3nicos que j\u00e1 n\u00e3o funcionam.<\/p>\n<p>Lu\u00eds Filipe Borges e Gabriel Ferreira juntaram-se ao desafio de Lu\u00eds de Matos e experienciaram alguns truques.<\/p>\n<p>V\u00eddeos dispon\u00edveis nas redes sociais e <a href=\"https:\/\/www.youtube.com\/channel\/UCuDmbWRDwy7KCQSFz054sOQ\">YouTube da ERP Portugal<\/a>.<\/p>\n<p><strong>Objetivos:<\/strong><\/p>\n<ul>\n<li>Criar uma corrente de conte\u00fados de consciencializa\u00e7\u00e3o e<br \/>\neduca\u00e7\u00e3o do p\u00fablico portugu\u00eas;<\/li>\n<li>Destacar a import\u00e2ncia do Depositr\u00e3o como solu\u00e7\u00e3o log\u00edstica para garantir a reciclagem de REEE.<\/li>\n<\/ul>\n<p><img loading=\"lazy\" decoding=\"async\" class=\"wp-image-4333 alignnone\" src=\"https:\/\/erp-recycling.org\/pt-pt\/wp-content\/uploads\/sites\/16\/2021\/02\/ImagemLuisMatos_SITE_2-150x150.jpg\" alt=\"ImagemLuisMatos_SITE_2\" width=\"115\" height=\"115\"><\/p>\n<hr>\n<h2 class=\"fusion-responsive-typography-calculated\" style=\"--fontsize: 50;line-height: 1.2;--fontSize: 50\" data-fontsize=\"50\" data-lineheight=\"60px\"><\/h2>\n<h3 class=\"fusion-responsive-typography-calculated\" style=\"--fontsize: 30;line-height: 1.25;--fontSize: 30\" data-fontsize=\"30\" data-lineheight=\"37.5px\">GERA\u00c7\u00c3O DEPOSITR\u00c3O<\/h3>\n<p>Campanha nacional dirigida a todos os n\u00edveis de ensino, composta por duas atividades: recolha de REEE e pilhas usadas e desafios criativos.<\/p>\n<p><strong>Ano de in\u00edcio:<\/strong> 2008<\/p>\n<p><strong>Parceiros:<\/strong> Associa\u00e7\u00e3o Bandeira Azul da Europa\/Programa Eco-Escolas, LG, Orima, Pingo Doce e Worten.<\/p>\n<p><strong>Descri\u00e7\u00e3o:<\/strong><br \/>\nAo longo do ano letivo as escolas participantes funcionam como pontos de recolha e informa\u00e7\u00e3o sobre o destino adequado a dar aos el\u00e9tricos e eletr\u00f3nicos e \u00e0s pilhas em fim de vida. Deste conjunto de pontos de recolha fazem parte, tamb\u00e9m, empresas e entidades locais que se juntaram a esta miss\u00e3o (Juntas de Freguesia, Centros de Dia, Bombeiros Volunt\u00e1rios, entre outras), garantido o tratamento, descontamina\u00e7\u00e3o e reciclagem dos res\u00edduos abrangidos.<\/p>\n<p>A campanha decorre a n\u00edvel nacional e abrange todos os graus de ensino (B\u00e1sico, Secund\u00e1rio\/Profissional e Superior) e conta com a entrega de res\u00edduos, tamb\u00e9m, por parte da comunidade envolvente, mobilizada pelos alunos, professores e funcion\u00e1rios dos estabelecimentos escolares.<\/p>\n<p>At\u00e9 momento, j\u00e1 foram recolhidas mais de 3500 toneladas de res\u00edduos e a m\u00e9dia de participa\u00e7\u00e3o anual aponta para 700 escolas, 40 000 Professores e 420 000 alunos. Para al\u00e9m da recolha, as escolas respondem a desafios criativos, segmentados por escal\u00f5es, numa \u00f3tica de preven\u00e7\u00e3o e promo\u00e7\u00e3o da reutiliza\u00e7\u00e3o de materiais.<\/p>\n<p>Mais informa\u00e7\u00e3o <a href=\"http:\/\/www.geracaodepositrao.abae.pt\/\">aqui<\/a>.<\/p>\n<p><strong>Objetivos:<\/strong><\/p>\n<ul>\n<li style=\"list-style-type: none\">\n<ul>\n<li>Introduzir o tema da preven\u00e7\u00e3o e reciclagem de REEE e RPA no conjunto de comportamentos dos cidad\u00e3os, transformando as escolas aderentes em pontos de recolha destes res\u00edduos e de informa\u00e7\u00e3o\/sensibiliza\u00e7\u00e3o da comunidade local;<\/li>\n<li>Sensibilizar a comunidade escolar para a import\u00e2ncia da recolha de REEE e pilhas usadas;<\/li>\n<li>Aumentar os quantitativos de res\u00edduos recolhidos seletivamente;<\/li>\n<li>Incluir a preven\u00e7\u00e3o de res\u00edduos no conjunto de preocupa\u00e7\u00f5es dos cidad\u00e3os, promovendo o consumo consciente e a redu\u00e7\u00e3o da frequ\u00eancia de descarte dos mesmos.<\/li>\n<\/ul>\n<\/li>\n<\/ul>\n<p><img loading=\"lazy\" decoding=\"async\" class=\"wp-image-4292 alignnone\" src=\"https:\/\/erp-recycling.org\/pt-pt\/wp-content\/uploads\/sites\/16\/2021\/01\/Imagem_site.jpg\" alt=\"GD13\" width=\"266\" height=\"184\"><\/p>\n<hr>\n<h3 class=\"fusion-responsive-typography-calculated\" style=\"--fontsize: 30;line-height: 1.25;--fontSize: 30\" data-fontsize=\"30\" data-lineheight=\"37.5px\">TODOS PELO IPO<\/h3>\n<p><strong>Ano: <\/strong>2020<\/p>\n<p><strong>Parceiros:<\/strong> Instituto Portugu\u00eas de Oncologia (IPO) Fernando Gentil<\/p>\n<p><strong>Descri\u00e7\u00e3o:<\/strong><br \/>\nA ERP Portugal associou-se pela primeira vez ao IPO para desafiar os Portugueses a participar na reciclagem dos seus res\u00edduos e ajudar o Instituto na sua miss\u00e3o. Para fazer parte da a\u00e7\u00e3o \u201cTodos pelo IPO\u201d, bastava entregar pilhas usadas que j\u00e1 n\u00e3o funcionam nos mais de 5000 pontos de recolha da ERP Portugal, distribu\u00eddos por todo o pa\u00eds, incluindo tamb\u00e9m as instala\u00e7\u00f5es do pr\u00f3prio IPO (lista dispon\u00edvel <a href=\"http:\/\/www.eureciclo.pt\/\">aqui<\/a>).<\/p>\n<p>No conjunto de res\u00edduos abrangidos pela iniciativa encontram-se pilhas e pequenos equipamentos como comandos, brinquedos, lanternas ou rel\u00f3gios e baterias de computadores port\u00e1teis, telem\u00f3veis ou comandos de consolas de jogos.<\/p>\n<p>Os res\u00edduos recolhidos at\u00e9 ao final do ano ser\u00e3o transformados em donativo a entregar ao IPO para a aquisi\u00e7\u00e3o de equipamentos de diagn\u00f3stico e tratamento de doen\u00e7as oncol\u00f3gicas.<\/p>\n<p><strong>Objetivos:<\/strong><\/p>\n<ul>\n<li>Mobilizar os Portugueses para utiliza\u00e7\u00e3o dos canais corretos de entrega de REEE e pilhas usadas;<\/li>\n<li>Aumentar as quantidades de res\u00edduos recolhidos e reciclados e, ao mesmo tempo, cumprir a vertente social de ajuda ao IPO.<\/li>\n<\/ul>\n<p><img loading=\"lazy\" decoding=\"async\" class=\"wp-image-4187 alignnone\" src=\"https:\/\/erp-recycling.org\/pt-pt\/wp-content\/uploads\/sites\/16\/2020\/11\/Campanha_IPO_VF-scaled.jpg\" alt=\"\" width=\"113\" height=\"160\"><\/p>\n<hr>\n<h3 class=\"fusion-responsive-typography-calculated\" style=\"--fontsize: 30;line-height: 1.25;--fontSize: 30\" data-fontsize=\"30\" data-lineheight=\"37.5px\">WORTEN TRANSFORMA<\/h3>\n<p><strong>Ano: <\/strong>2020<\/p>\n<p><strong>Parceiros:<\/strong> Worten e Entreajuda<\/p>\n<p><strong>Descri\u00e7\u00e3o:<\/strong><br \/>\nRecolha de REEE em todas as lojas Worten do pa\u00eds com o objetivo de transformar as toneladas recolhidas em novos equipamentos a doar a institui\u00e7\u00f5es de cariz social. Para contribuir para a causa era poss\u00edvel, tamb\u00e9m, fazer uma doa\u00e7\u00e3o em worten.pt, adicionando ao carrinho o produto \u2018Transforma\u2019, dispon\u00edvel a partir de 0,50\u20ac.<\/p>\n<p>Esta iniciativa apresentou dois momentos: Junho e dezembro.<\/p>\n<p><strong>Objetivos:<\/strong><\/p>\n<ul>\n<li>Mobilizar os Portugueses para utiliza\u00e7\u00e3o dos canais corretos de entrega de REEE (como as lojas Worten);<\/li>\n<li>Aumentar as quantidades de res\u00edduos recolhidos e reciclados e, ao mesmo tempo, cumprir a vertente social de ajudar as institui\u00e7\u00f5es a visar.<\/li>\n<\/ul>\n<p><img loading=\"lazy\" decoding=\"async\" class=\"wp-image-4244 alignnone\" src=\"https:\/\/erp-recycling.org\/pt-pt\/wp-content\/uploads\/sites\/16\/2020\/12\/WT_Site.jpg\" alt=\"WT_Site\" width=\"113\" height=\"118\"><\/p>\n<hr>\n<h3 class=\"fusion-responsive-typography-calculated\" style=\"--fontsize: 30;line-height: 1.25;--fontSize: 30\" data-fontsize=\"30\" data-lineheight=\"37.5px\">N\u00c3O ABANDONE AS SUAS PILHAS E EQUIPAMENTOS USADOS.<br \/>\nRECICLAR TAMB\u00c9M \u00c9 AJUDAR!<\/h3>\n<p><strong>Ano: <\/strong>2020<\/p>\n<p><strong>Parceiros:<\/strong> Pingo Doce e Liga Portuguesa dos Direitos do Animal<\/p>\n<p><strong>Descri\u00e7\u00e3o:<\/strong><br \/>\nCampanha de recolha de pequenos equipamentos el\u00e9tricos e eletr\u00f3nicos e pilhas usadas, em parceria com o Pingo Doce, para angariar fundos para a Liga Portuguesa dos Direitos do Animal (LPDA). Entre os meses de novembro e dezembro, por cada tonelada entregue nas lojas Pingo Doce ser\u00e3o doados 100\u20ac \u00e0 LPDA para a aquisi\u00e7\u00e3o de recursos e mantimentos.<\/p>\n<p><strong>Objetivos:<\/strong><\/p>\n<ul>\n<li>Mobilizar os Portugueses para utiliza\u00e7\u00e3o dos canais corretos de entrega de REEE e pilhas usadas (como as lojas Pingo Doce);<\/li>\n<li>Aumentar as quantidades de res\u00edduos recolhidos e reciclados e, ao mesmo tempo, cumprir a vertente social de ajuda \u00e0 LPDA.<\/li>\n<\/ul>\n<p><img loading=\"lazy\" decoding=\"async\" class=\"wp-image-4342 alignnone\" src=\"https:\/\/erp-recycling.org\/pt-pt\/wp-content\/uploads\/sites\/16\/2021\/02\/PD_LPDA.jpg\" alt=\"PD_LPDA\" width=\"170\" height=\"121\"><\/p>\n<h2 class=\"fusion-responsive-typography-calculated\" style=\"--fontsize: 50;line-height: 1.2;--fontSize: 50\" data-fontsize=\"50\" data-lineheight=\"60px\"><\/h2>\n<hr>\n<h3 class=\"fusion-responsive-typography-calculated\" style=\"--fontsize: 30;line-height: 1.25;--fontSize: 30\" data-fontsize=\"30\" data-lineheight=\"37.5px\">CAMPANHA EDP COMERCIAL<\/h3>\n<p><strong>Ano: <\/strong>2020<\/p>\n<p><strong>Parceiros:<\/strong> EDP Comercial<\/p>\n<p><strong>Descri\u00e7\u00e3o:<\/strong><br \/>\nIntegrada <a href=\"https:\/\/www.edp.pt\/particulares\/planeta-zero\/\">na nova App da EDP Comercial<\/a> (app EDP Zero), esta iniciativa pretendia incentivar os h\u00e1bitos de reciclagem dos Res\u00edduos de Equipamentos El\u00e9tricos e Eletr\u00f3nicos (REEE) e contribuir, atrav\u00e9s deste movimento, para a poupan\u00e7a do planeta, que \u00e9 de todos. Atrav\u00e9s da sua rede, a EDP Comercial ficou respons\u00e1vel por receber estes equipamentos e coube \u00e0 ERP Portugal recolher e garantir a sua reciclagem.<\/p>\n<p><img loading=\"lazy\" decoding=\"async\" class=\"wp-image-4105 alignnone\" src=\"https:\/\/erp-recycling.org\/pt-pt\/wp-content\/uploads\/sites\/16\/2020\/10\/geracao-zero-1-scaled.jpg\" alt=\"\" width=\"173\" height=\"97\"><\/p>\n<h2 class=\"fusion-responsive-typography-calculated\" style=\"--fontsize: 50;line-height: 1.2;--fontSize: 50\" data-fontsize=\"50\" data-lineheight=\"60px\"><\/h2>\n<hr>\n<h3 class=\"fusion-responsive-typography-calculated\" style=\"--fontsize: 30;line-height: 1.25;--fontSize: 30\" data-fontsize=\"30\" data-lineheight=\"37.5px\">REDES SOCIAIS<\/h3>\n<p>Sensibiliza\u00e7\u00e3o dos consumidores para a ado\u00e7\u00e3o de boas pr\u00e1ticas em mat\u00e9ria de gest\u00e3o de res\u00edduos, com especial foco nos REEE e pilhas usadas.<\/p>\n<p><strong>Ano de in\u00edcio:<\/strong> 2020<\/p>\n<p><strong>Descri\u00e7\u00e3o:<\/strong><br \/>\nUtiliza\u00e7\u00e3o das redes sociais e outras plataformas digitais como o <a href=\"https:\/\/www.facebook.com\/erp.portugal\/\">Facebook<\/a>, <a href=\"https:\/\/www.instagram.com\/erp_portugal\/\">Instagram<\/a>, <a href=\"https:\/\/www.linkedin.com\/company\/erp-portugal\/\">LinkedIn<\/a> e <a href=\"https:\/\/www.youtube.com\/channel\/UCuDmbWRDwy7KCQSFz054sOQ\">YouTube<\/a> para transmitir mensagens de sensibiliza\u00e7\u00e3o e mobiliza\u00e7\u00e3o de comportamentos, de forma a mudar a atitude face ao tema e impulsionar os quantitativos de recolha seletiva de REEE e RPA.<\/p>\n<p><strong>Objetivos:<\/strong><\/p>\n<ul>\n<li>Mobiliza\u00e7\u00e3o dos Portugueses para utiliza\u00e7\u00e3o dos canais corretos de entrega de REEE e pilhas usadas;<\/li>\n<li>Integrar conceitos relacionados com a reciclagem de REEE e RPA no conjunto de preocupa\u00e7\u00f5es dos seguidores;<\/li>\n<li>Promover a utiliza\u00e7\u00e3o dos canais de deposi\u00e7\u00e3o previstos para estes res\u00edduos.<\/li>\n<\/ul>\n<h2 class=\"fusion-responsive-typography-calculated\" style=\"--fontsize: 50;line-height: 1.2;--fontSize: 50\" data-fontsize=\"50\" data-lineheight=\"60px\"><\/h2>\n<hr>\n<h3 class=\"fusion-responsive-typography-calculated\" style=\"--fontsize: 30;line-height: 1.25;--fontSize: 30\" data-fontsize=\"30\" data-lineheight=\"37.5px\">SOFIA INSPIRA<\/h3>\n<p>conjunto de oito epis\u00f3dios que exemplificam como dar uma segunda oportunidade aos REEE e RPA, atrav\u00e9s dos famosos DIY (Do It Yoursef) e trabalhos manuais da artista Sofia Cotrim, do programa \u201cMundo de Sofia\u201d.<\/p>\n<p><strong>Ano de in\u00edcio:<\/strong> 2020<\/p>\n<p><strong>Parceiros:<\/strong> Novo Verde<\/p>\n<p><strong>Descri\u00e7\u00e3o:<\/strong><br \/>\nS\u00e9rie pautada pelos valores da redu\u00e7\u00e3o e reutiliza\u00e7\u00e3o, e tamb\u00e9m pela divers\u00e3o entre pares e fam\u00edlias, dispon\u00edvel nas redes Instagram, Facebook, Linkedin e Youtube da ERP Portugal e Novo Verde. Nos 8 epis\u00f3dios as embalagens usadas, os equipamentos el\u00e9tricos e as pilhas em fim de vida foram os atores principais de obras 100% sustent\u00e1veis e que apresentavam como denominador comum a mensagem de sensibiliza\u00e7\u00e3o e emerg\u00eancia ambiental.<\/p>\n<p><strong>Objetivos:<\/strong><\/p>\n<ul>\n<li>Mobiliza\u00e7\u00e3o dos Portugueses para utiliza\u00e7\u00e3o dos canais corretos de entrega de embalagens, REEE e pilhas usadas;<\/li>\n<li>Integrar conceitos relacionados com a reciclagem de embalagens, REEE e RPA no conjunto de preocupa\u00e7\u00f5es dos seguidores;<\/li>\n<li>Promover a utiliza\u00e7\u00e3o dos canais de deposi\u00e7\u00e3o previstos para estes res\u00edduos.<\/li>\n<\/ul>\n<p>Mais informa\u00e7\u00e3o <a href=\"https:\/\/www.youtube.com\/channel\/UCuDmbWRDwy7KCQSFz054sOQ\">aqui<\/a>.<\/p>\n<p><img loading=\"lazy\" decoding=\"async\" class=\"wp-image-3924 alignnone\" src=\"https:\/\/erp-recycling.org\/pt-pt\/wp-content\/uploads\/sites\/16\/2020\/05\/SofiaInspira-1-e1590764698833.jpg\" alt=\"SofiaInspira\" width=\"130\" height=\"66\"><\/p>\n<h2 class=\"fusion-responsive-typography-calculated\" style=\"--fontsize: 50;line-height: 1.2;--fontSize: 50\" data-fontsize=\"50\" data-lineheight=\"60px\"><\/h2>\n<hr>\n<h3 class=\"fusion-responsive-typography-calculated\" style=\"--fontsize: 30;line-height: 1.25;--fontSize: 30\" data-fontsize=\"30\" data-lineheight=\"37.5px\">TRAGA PILHAS<\/h3>\n<p>Marca criada pela ERP Portugal para dinamizar a recolha de pilhas usadas, apelando \u00e0 participa\u00e7\u00e3o ati va dos cidad\u00e3os neste miss\u00e3o.<\/p>\n<p><strong>Ano de in\u00edcio: <\/strong>2020<\/p>\n<p><strong>Parceiros:<\/strong> NA<\/p>\n<p><strong>Descri\u00e7\u00e3o:<\/strong><br \/>\nA designa\u00e7\u00e3o da marca apela, naturalmente, ao comportamento de levar pilhas e acumuladores em fim de vida at\u00e9 aos pontos de recolha seletiva e garantir, assim, a sua reciclagem. Os equipamentos log\u00edsticos existentes no terreno s\u00e3o portadores deste <em>call to action<\/em> e assumem uma nova identidade e imagem, com maior destaque e impacto, totalmente dedicadas a esta problem\u00e1tica.<\/p>\n<p><strong>Objetivos:<\/strong><\/p>\n<ul>\n<li>Alertar o consumidor para a import\u00e2ncia e necessidade de reciclar este tipo de res\u00edduo, estimulando a sua participa\u00e7\u00e3o ativa neste processo;<\/li>\n<li>Promover a utiliza\u00e7\u00e3o dos canais de deposi\u00e7\u00e3o previstos para estes res\u00edduos.<\/li>\n<\/ul>\n<p><img loading=\"lazy\" decoding=\"async\" class=\"wp-image-3954 alignnone\" src=\"https:\/\/erp-recycling.org\/pt-pt\/wp-content\/uploads\/sites\/16\/2020\/06\/TRAGA-PILHAS-RED-e1596038542635.jpg\" alt=\"TRAGA PILHAS RED\" width=\"110\" height=\"107\"><\/p>\n<\/div><\/div><\/section><div class=\"fusion-layout-column fusion_builder_column fusion-builder-column-4 fusion_builder_column_3_4 3_4 fusion-flex-column\" style=\"--awb-bg-size:cover;--awb-width-large:75%;--awb-margin-top-large:0px;--awb-spacing-right-large:2.56%;--awb-margin-bottom-large:20px;--awb-spacing-left-large:2.56%;--awb-width-medium:100%;--awb-order-medium:0;--awb-spacing-right-medium:1.92%;--awb-spacing-left-medium:1.92%;--awb-width-small:100%;--awb-order-small:0;--awb-spacing-right-small:1.92%;--awb-spacing-left-small:1.92%;\"><div class=\"fusion-column-wrapper fusion-column-has-shadow fusion-flex-justify-content-flex-start fusion-content-layout-column\"><div class=\"fusion-text fusion-text-2\"><h3 class=\"fusion-responsive-typography-calculated\" style=\"--fontsize: 30;line-height: 1.25\" data-fontsize=\"30\" data-lineheight=\"37.5px\">______________________________________________________________<\/h3>\n<h3 class=\"fusion-responsive-typography-calculated\" style=\"--fontsize: 30;line-height: 1.25\" data-fontsize=\"30\" data-lineheight=\"37.5px\">ERP Portugal lan\u00e7a projeto pioneiro de sensibiliza\u00e7\u00e3o com a C\u00e2mara Municipal de Loures<\/h3>\n<p><strong>Ano: <\/strong>2024<\/p>\n<p><strong>Parceiros:<\/strong> C\u00e2mara Municipal de Loures<\/p>\n<p><strong>Descri\u00e7\u00e3o:<\/strong><\/p>\n<p>A ERP Portugal e a C\u00e2mara Municipal de Loures unem-se para promover a campanha <strong>\u201cOnde Est\u00e3o as Pilhas?\u201d<\/strong>, com o objetivo de incentivar \u00e0 recolha de RP&amp;A, refor\u00e7ando o compromisso ambiental das duas institui\u00e7\u00f5es e fomentando a literacia ambiental das equipas municipais de Loures, dotando todas as instala\u00e7\u00f5es com equipamentos log\u00edsticos para recolha de pilhas.<\/p>\n<p>Esta campanha que arrancou hoje, dia 5 de mar\u00e7o, com um evento na C\u00e2mara Municipal de Loures, contou com a presen\u00e7a de <strong>Rosa Monforte, Diretora-Geral da ERP Portugal<\/strong>, e <strong>Nuno Ricardo Concei\u00e7\u00e3o Dias, Vereador do Munic\u00edpio de Loures<\/strong>.<\/p>\n<p>Uma carta de compromisso foi assinada pelas duas entidades de forma a que, juntas, unam esfor\u00e7os para a resolu\u00e7\u00e3o de um problema nacional: os reduzidos quantitativos de pilhas enviados para reciclagem. Tendo a no\u00e7\u00e3o de, Portugal estar aqu\u00e9m das metas de recolha europeias, o que se prende essencialmente com quest\u00f5es comportamentais, as entidades pretendem com esta a\u00e7\u00e3o fomentar h\u00e1bitos de entrega de pilhas em fim de vida, contrariando a tend\u00eancia de ac\u00famulo.<\/p>\n<p>Esta campanha ir\u00e1 ter um refor\u00e7o de sensibiliza\u00e7\u00e3o ao longo de todos os meses, at\u00e9 ao dia 5 de junho, Dia Mundial do Ambiente, onde a ERP Portugal e a C\u00e2mara Municipal de Loures se comprometem a manter o foco na educa\u00e7\u00e3o das popula\u00e7\u00f5es.<\/p>\n<p><img loading=\"lazy\" decoding=\"async\" class=\"alignnone wp-image-9725 size-medium\" src=\"https:\/\/erp-recycling.org\/pt-pt\/wp-content\/uploads\/sites\/53\/2024\/03\/2-300x200.jpg\" alt=\"\" width=\"300\" height=\"200\" srcset=\"https:\/\/erp-recycling.org\/pt-pt\/wp-content\/uploads\/sites\/53\/2024\/03\/2-200x133.jpg 200w, https:\/\/erp-recycling.org\/pt-pt\/wp-content\/uploads\/sites\/53\/2024\/03\/2-300x200.jpg 300w, https:\/\/erp-recycling.org\/pt-pt\/wp-content\/uploads\/sites\/53\/2024\/03\/2-400x266.jpg 400w, https:\/\/erp-recycling.org\/pt-pt\/wp-content\/uploads\/sites\/53\/2024\/03\/2-600x399.jpg 600w, https:\/\/erp-recycling.org\/pt-pt\/wp-content\/uploads\/sites\/53\/2024\/03\/2-768x511.jpg 768w, https:\/\/erp-recycling.org\/pt-pt\/wp-content\/uploads\/sites\/53\/2024\/03\/2-800x532.jpg 800w, https:\/\/erp-recycling.org\/pt-pt\/wp-content\/uploads\/sites\/53\/2024\/03\/2-1024x681.jpg 1024w, https:\/\/erp-recycling.org\/pt-pt\/wp-content\/uploads\/sites\/53\/2024\/03\/2-1200x798.jpg 1200w, https:\/\/erp-recycling.org\/pt-pt\/wp-content\/uploads\/sites\/53\/2024\/03\/2-1536x1022.jpg 1536w\" sizes=\"auto, (max-width: 300px) 100vw, 300px\" \/> \u00a0<img loading=\"lazy\" decoding=\"async\" class=\"alignnone wp-image-9727 size-medium\" src=\"https:\/\/erp-recycling.org\/pt-pt\/wp-content\/uploads\/sites\/53\/2024\/03\/WhatsApp-Image-2024-03-06-at-17.32.48-1-300x195.jpeg\" alt=\"\" width=\"300\" height=\"195\" srcset=\"https:\/\/erp-recycling.org\/pt-pt\/wp-content\/uploads\/sites\/53\/2024\/03\/WhatsApp-Image-2024-03-06-at-17.32.48-1-200x130.jpeg 200w, https:\/\/erp-recycling.org\/pt-pt\/wp-content\/uploads\/sites\/53\/2024\/03\/WhatsApp-Image-2024-03-06-at-17.32.48-1-300x195.jpeg 300w, https:\/\/erp-recycling.org\/pt-pt\/wp-content\/uploads\/sites\/53\/2024\/03\/WhatsApp-Image-2024-03-06-at-17.32.48-1-400x260.jpeg 400w, https:\/\/erp-recycling.org\/pt-pt\/wp-content\/uploads\/sites\/53\/2024\/03\/WhatsApp-Image-2024-03-06-at-17.32.48-1-600x390.jpeg 600w, https:\/\/erp-recycling.org\/pt-pt\/wp-content\/uploads\/sites\/53\/2024\/03\/WhatsApp-Image-2024-03-06-at-17.32.48-1-768x500.jpeg 768w, https:\/\/erp-recycling.org\/pt-pt\/wp-content\/uploads\/sites\/53\/2024\/03\/WhatsApp-Image-2024-03-06-at-17.32.48-1-800x521.jpeg 800w, https:\/\/erp-recycling.org\/pt-pt\/wp-content\/uploads\/sites\/53\/2024\/03\/WhatsApp-Image-2024-03-06-at-17.32.48-1-1024x666.jpeg 1024w, https:\/\/erp-recycling.org\/pt-pt\/wp-content\/uploads\/sites\/53\/2024\/03\/WhatsApp-Image-2024-03-06-at-17.32.48-1-1200x781.jpeg 1200w, https:\/\/erp-recycling.org\/pt-pt\/wp-content\/uploads\/sites\/53\/2024\/03\/WhatsApp-Image-2024-03-06-at-17.32.48-1.jpeg 1346w\" sizes=\"auto, (max-width: 300px) 100vw, 300px\" \/><\/p>\n<h3 class=\"fusion-responsive-typography-calculated\" style=\"--fontsize: 30;line-height: 1.25\" data-fontsize=\"30\" data-lineheight=\"37.5px\">_____________________________________________________________<\/h3>\n<h3 class=\"fusion-responsive-typography-calculated\" style=\"--fontsize: 30;line-height: 1.25\" data-fontsize=\"30\" data-lineheight=\"37.5px\">ERP Portugal e Clube de Futebol &#8220;Os Belenenses&#8221; juntam-se para apoiar a Comunidade Vida e Paz<\/h3>\n<p><strong>Ano: <\/strong>2023<\/p>\n<p><strong>Parceiros:<\/strong> Os Belenenses<\/p>\n<p><strong>Descri\u00e7\u00e3o:<\/strong><\/p>\n<p>&#8220;Pilhas de Amor neste Natal&#8221; \u00e9 a nova campanha desta quadra natal\u00edcia que tem como principal objetivo o de sensibilizar e educar para o correto encaminhamento de RP&amp;A, mas que tamb\u00e9m servir\u00e1 para a ERP Portugal e Os Belenenses marcarem o Natal de uma institui\u00e7\u00e3o: a Comunidade Vida e Paz.<\/p>\n<p>A ERP Portugal ir\u00e1 disponibilizar, ao longo de todas as instala\u00e7\u00f5es desportivas do hist\u00f3rico clube, cilindros que servir\u00e3o de pontos de entrega para todas as pilhas em fim de vida que os adeptos do Restelo queiram descartar. O valor total de pilhas recolhidas ir\u00e1, no final, ditar quanto \u00e9 que ser\u00e1 o donativo \u00e0 Comunidade Vida e Paz.<\/p>\n<p>Esta campanha conjunta vem no seguimento do acordo assinado entre Os Belenenses e a ERP Portugal para o patroc\u00ednio ao clube, e insere-se numa s\u00e9rie de campanhas que t\u00eam sido implementadas no complexo desportivo do Est\u00e1dio do Restelo e que est\u00e3o sob o mote <strong>Recicle! <\/strong>.<\/p>\n<p>\u201cA ERP Portugal e Os Belenenses est\u00e3o intrinsecamente ligados na sua responsabilidade n\u00e3o s\u00f3 ambiental, mas social. Numa quadra t\u00e3o importante, \u00e9 com enorme satisfa\u00e7\u00e3o que lan\u00e7amos esta campanha de Natal que ir\u00e1 ter, como principais beneficiados, uma associa\u00e7\u00e3o que muito precisa do nosso apoio, para a prossecu\u00e7\u00e3o do bom trabalho que faz: a Comunidade Vida e Paz.\u201d, sublinha <strong>Rosa Monforte, Diretora-Geral da ERP Portugal.<\/strong><\/p>\n<p>J\u00e1 <strong>Patrick Morais, Presidente do Clube de Futebol \u201cOs Belenense<\/strong><strong>s\u201d<\/strong>, afirma: \u201cO Belenenses refor\u00e7a a sua convic\u00e7\u00e3o de que acertou em cheio ao celebrar o acordo de patroc\u00ednio com a ERP Portugal segundo o mote Recicle!, uma parceria que torna o Clube uma institui\u00e7\u00e3o socialmente mais respons\u00e1vel, em respeito por um ambiente mais sustent\u00e1vel e \u00e9 com muita satisfa\u00e7\u00e3o que encaramos mais esta campanha de Natal, para a qual convidamos todos os adeptos e a comunidade em geral a participar at\u00e9 ao \u00faltimo dia deste ano de 2023.\u201d<\/p>\n<p><img loading=\"lazy\" decoding=\"async\" class=\"alignnone wp-image-9723 size-medium\" src=\"https:\/\/erp-recycling.org\/pt-pt\/wp-content\/uploads\/sites\/53\/2024\/03\/Criatividade-redes-sociais-241x300.jpg\" alt=\"\" width=\"241\" height=\"300\" srcset=\"https:\/\/erp-recycling.org\/pt-pt\/wp-content\/uploads\/sites\/53\/2024\/03\/Criatividade-redes-sociais-200x249.jpg 200w, https:\/\/erp-recycling.org\/pt-pt\/wp-content\/uploads\/sites\/53\/2024\/03\/Criatividade-redes-sociais-241x300.jpg 241w, https:\/\/erp-recycling.org\/pt-pt\/wp-content\/uploads\/sites\/53\/2024\/03\/Criatividade-redes-sociais-400x497.jpg 400w, https:\/\/erp-recycling.org\/pt-pt\/wp-content\/uploads\/sites\/53\/2024\/03\/Criatividade-redes-sociais-600x746.jpg 600w, https:\/\/erp-recycling.org\/pt-pt\/wp-content\/uploads\/sites\/53\/2024\/03\/Criatividade-redes-sociais-768x954.jpg 768w, https:\/\/erp-recycling.org\/pt-pt\/wp-content\/uploads\/sites\/53\/2024\/03\/Criatividade-redes-sociais-800x994.jpg 800w, https:\/\/erp-recycling.org\/pt-pt\/wp-content\/uploads\/sites\/53\/2024\/03\/Criatividade-redes-sociais-824x1024.jpg 824w, https:\/\/erp-recycling.org\/pt-pt\/wp-content\/uploads\/sites\/53\/2024\/03\/Criatividade-redes-sociais.jpg 915w\" sizes=\"auto, (max-width: 241px) 100vw, 241px\" \/><\/p>\n<h3 class=\"fusion-responsive-typography-calculated\" style=\"--fontsize: 30;line-height: 1.25\" data-fontsize=\"30\" data-lineheight=\"37.5px\">___________________________________________________________<\/h3>\n<h3 class=\"fusion-responsive-typography-calculated\" style=\"--fontsize: 30;line-height: 1.25\" data-fontsize=\"30\" data-lineheight=\"37.5px\">C\u00e9sar Mour\u00e3o \u00e9 a cara da nova campanha de sensibiliza\u00e7\u00e3o da ERP Portugal com a LG<\/h3>\n<p><strong>Ano: <\/strong>2023<\/p>\n<p><strong>Parceiros:<\/strong> LG<\/p>\n<p><strong>Descri\u00e7\u00e3o:<\/strong><\/p>\n<p>A ERP Portugal e a <a href=\"https:\/\/novoverde.pt\/\">Novo Verde<\/a> juntam-se \u00e0 LG, no \u00e2mbito do programa <a href=\"https:\/\/www.parceirosustentavelerp.pt\/\">Parceiro Sustent\u00e1vel<\/a>, com uma campanha de sensibiliza\u00e7\u00e3o protagonizada por <strong>C\u00e9sar Mour\u00e3o.<\/strong><\/p>\n<p>A campanha, com in\u00edcio no dia 26 de dezembro, e que decorrer\u00e1 at\u00e9 ao final da primeira semana de janeiro de 2024, tem como base um spot de r\u00e1dio e um v\u00eddeo de anima\u00e7\u00e3o, que ser\u00e3o divulgados atrav\u00e9s de radiodifus\u00e3o sonora e digital.<\/p>\n<p>Com o objetivo de promover a preven\u00e7\u00e3o de res\u00edduos, esta iniciativa real\u00e7a a import\u00e2ncia da efici\u00eancia, das garantias e das pe\u00e7as de substitui\u00e7\u00e3o para aumento do ciclo de vida dos produtos e a relev\u00e2ncia de pol\u00edticas de <em>ecodesign<\/em>, como parte essencial da economia circular, para facilitar a reciclagem de embalagens e dos seus produtos quando chegam ao seu fim de vida.<\/p>\n<p><img loading=\"lazy\" decoding=\"async\" class=\"alignnone wp-image-9721 size-medium\" src=\"https:\/\/erp-recycling.org\/pt-pt\/wp-content\/uploads\/sites\/53\/2024\/03\/ERP-Portugal_Thumbnail_1080x1350-240x300.png\" alt=\"\" width=\"240\" height=\"300\" srcset=\"https:\/\/erp-recycling.org\/pt-pt\/wp-content\/uploads\/sites\/53\/2024\/03\/ERP-Portugal_Thumbnail_1080x1350-200x250.png 200w, https:\/\/erp-recycling.org\/pt-pt\/wp-content\/uploads\/sites\/53\/2024\/03\/ERP-Portugal_Thumbnail_1080x1350-240x300.png 240w, https:\/\/erp-recycling.org\/pt-pt\/wp-content\/uploads\/sites\/53\/2024\/03\/ERP-Portugal_Thumbnail_1080x1350-400x500.png 400w, https:\/\/erp-recycling.org\/pt-pt\/wp-content\/uploads\/sites\/53\/2024\/03\/ERP-Portugal_Thumbnail_1080x1350-600x750.png 600w, https:\/\/erp-recycling.org\/pt-pt\/wp-content\/uploads\/sites\/53\/2024\/03\/ERP-Portugal_Thumbnail_1080x1350-768x960.png 768w, https:\/\/erp-recycling.org\/pt-pt\/wp-content\/uploads\/sites\/53\/2024\/03\/ERP-Portugal_Thumbnail_1080x1350-800x1000.png 800w, https:\/\/erp-recycling.org\/pt-pt\/wp-content\/uploads\/sites\/53\/2024\/03\/ERP-Portugal_Thumbnail_1080x1350-819x1024.png 819w, https:\/\/erp-recycling.org\/pt-pt\/wp-content\/uploads\/sites\/53\/2024\/03\/ERP-Portugal_Thumbnail_1080x1350.png 1080w\" sizes=\"auto, (max-width: 240px) 100vw, 240px\" \/><\/p>\n<h3 class=\"fusion-responsive-typography-calculated\" style=\"--fontsize: 30;line-height: 1.25\" data-fontsize=\"30\" data-lineheight=\"37.5px\">___________________________________________________________<\/h3>\n<h3 class=\"fusion-responsive-typography-calculated\" style=\"--fontsize: 30;line-height: 1.25\" data-fontsize=\"30\" data-lineheight=\"37.5px\">ERP Portugal e Grupo Os Mosqueteiros juntos para sensibilizar a comunidade<\/h3>\n<p><strong>Ano: <\/strong>2023<\/p>\n<p><strong>Parceiros:<\/strong> Grupo Os Mosqueteiros (Intermarch\u00e9, Bricomarch\u00e9, Roady)<\/p>\n<p><strong>Descri\u00e7\u00e3o:<\/strong><\/p>\n<p>A campanha &#8220;Juntos pelo Ambiente&#8221;, desenvolvida no \u00e2mbito do programa <a href=\"https:\/\/www.parceirosustentavelerp.pt\/\">Parceiro Sustent\u00e1vel ERP<\/a>, arrancou a 18 de novembro, no contexto da Semana Europeia de Preven\u00e7\u00e3o de Res\u00edduos e esteve patente at\u00e9 26 de novembro, para sensibilizar a comunidade para o correto encaminhamento de res\u00edduos el\u00e9tricos, eletr\u00f3nicos, pilhas e l\u00e2mpadas.<\/p>\n<p>Todas as lojas Intermarch\u00e9, Bricormarch\u00e9 e Roady utilizaram uma das vozes mais conhecida do pa\u00eds como som de loja para amplificar a import\u00e2ncia da sustentabilidade e incentivar ao correto descarte de res\u00edduos, atingindo assim um p\u00fablico mais vasto e aumentando a consciencializa\u00e7\u00e3o sobre a reciclagem e preserva\u00e7\u00e3o do ambiente.<\/p>\n<p>Para <strong>Rosa Monforte,<\/strong> <strong>Diretora Geral da ERP Portugal,<\/strong> \u201cesta campanha, realizada em parceria com o Grupo Os Mosqueteiros, foi uma \u00f3tima oportunidade para sensibilizar a comunidade para a import\u00e2ncia do correto encaminhamento deste tipo de res\u00edduos e para incentivar h\u00e1bitos mais sustent\u00e1veis. Temos cada vez mais aderentes no programa \u201cParceiro Sustent\u00e1vel\u201d, o que tem resultado num grande crescimento das nossas a\u00e7\u00f5es de sensibiliza\u00e7\u00e3o, que pretendem alertar a comunidade para a import\u00e2ncia dos seus comportamentos e promover a reciclagem e o correto encaminhamento de res\u00edduos\u201d.<\/p>\n<p><img loading=\"lazy\" decoding=\"async\" class=\"alignnone wp-image-9718 size-medium\" src=\"https:\/\/erp-recycling.org\/pt-pt\/wp-content\/uploads\/sites\/53\/2024\/03\/Banner_480x600-240x300.png\" alt=\"\" width=\"240\" height=\"300\" srcset=\"https:\/\/erp-recycling.org\/pt-pt\/wp-content\/uploads\/sites\/53\/2024\/03\/Banner_480x600-200x250.png 200w, https:\/\/erp-recycling.org\/pt-pt\/wp-content\/uploads\/sites\/53\/2024\/03\/Banner_480x600-240x300.png 240w, https:\/\/erp-recycling.org\/pt-pt\/wp-content\/uploads\/sites\/53\/2024\/03\/Banner_480x600-400x500.png 400w, https:\/\/erp-recycling.org\/pt-pt\/wp-content\/uploads\/sites\/53\/2024\/03\/Banner_480x600.png 480w\" sizes=\"auto, (max-width: 240px) 100vw, 240px\" \/><\/p>\n<h3 class=\"fusion-responsive-typography-calculated\" style=\"--fontsize: 30;line-height: 1.25\" data-fontsize=\"30\" data-lineheight=\"37.5px\">______________________________________________________________<\/h3>\n<h3 class=\"fusion-responsive-typography-calculated\" style=\"--fontsize: 30;line-height: 1.25\" data-fontsize=\"30\" data-lineheight=\"37.5px\">ERP Portugal no Vital Sport da Decathlon<\/h3>\n<p><strong>Ano: <\/strong>2023<\/p>\n<p><strong>Parceiros:<\/strong> Decathlon<\/p>\n<p><strong>Descri\u00e7\u00e3o:<\/strong><\/p>\n<p>A ERP Portugal e a <a href=\"https:\/\/novoverde.pt\/\">Novo Verde<\/a> marcaram presen\u00e7a no Vital Sport da Decathlon, evento que apela para os benef\u00edcios do desporto e da atividade f\u00edsica, com o objetivo de sensibilizar e consciencializar para a correta separa\u00e7\u00e3o e encaminhamento de res\u00edduos, nos dias 23, 24 e 30 de setembro e 1 de outubro.<\/p>\n<p>O Vital Sport \u00e9 um evento da Decathlon aberto a todas as pessoas, e a ERP Portugal e a Novo Verde estiveram presentes no Food Court deste evento gratuito, com ecopontos humanos da Novo Verde e com promotores da ERP Portugal que desafiaram todos os participantes ao correto encaminhamento de res\u00edduos e oferecendo <em>ecobags<\/em> de reciclagem.<\/p>\n<p>Esta parceria liga o desporto, a sa\u00fade e o ambiente, enquanto promove a literacia ambiental e consciencializa os participantes para a import\u00e2ncia da ado\u00e7\u00e3o de pr\u00e1ticas mais sustent\u00e1veis.<\/p>\n<p>Esta iniciativa foi desenvolvida no \u00e2mbito do programa Parceiro Sustent\u00e1vel, que apoia e inspira as empresas a desenvolverem iniciativas sustent\u00e1veis e pretende divulgar as melhores pr\u00e1ticas ambientais a n\u00edvel corporativo. Para saber mais sobre este programa consulte o site <a href=\"https:\/\/www.parceirosustentavelerp.pt\/\">https:\/\/www.parceirosustentavelerp.pt\/<\/a><\/p>\n<p><img loading=\"lazy\" decoding=\"async\" class=\"alignnone wp-image-9713 size-medium\" src=\"https:\/\/erp-recycling.org\/pt-pt\/wp-content\/uploads\/sites\/53\/2024\/03\/Imagem1-240x300.png\" alt=\"\" width=\"240\" height=\"300\" srcset=\"https:\/\/erp-recycling.org\/pt-pt\/wp-content\/uploads\/sites\/53\/2024\/03\/Imagem1-200x250.png 200w, https:\/\/erp-recycling.org\/pt-pt\/wp-content\/uploads\/sites\/53\/2024\/03\/Imagem1-240x300.png 240w, https:\/\/erp-recycling.org\/pt-pt\/wp-content\/uploads\/sites\/53\/2024\/03\/Imagem1-400x500.png 400w, https:\/\/erp-recycling.org\/pt-pt\/wp-content\/uploads\/sites\/53\/2024\/03\/Imagem1.png 574w\" sizes=\"auto, (max-width: 240px) 100vw, 240px\" \/> <img loading=\"lazy\" decoding=\"async\" class=\"alignnone wp-image-9714 size-medium\" src=\"https:\/\/erp-recycling.org\/pt-pt\/wp-content\/uploads\/sites\/53\/2024\/03\/Imagem2-240x300.png\" alt=\"\" width=\"240\" height=\"300\" srcset=\"https:\/\/erp-recycling.org\/pt-pt\/wp-content\/uploads\/sites\/53\/2024\/03\/Imagem2-200x250.png 200w, https:\/\/erp-recycling.org\/pt-pt\/wp-content\/uploads\/sites\/53\/2024\/03\/Imagem2-240x300.png 240w, https:\/\/erp-recycling.org\/pt-pt\/wp-content\/uploads\/sites\/53\/2024\/03\/Imagem2-400x501.png 400w, https:\/\/erp-recycling.org\/pt-pt\/wp-content\/uploads\/sites\/53\/2024\/03\/Imagem2.png 573w\" sizes=\"auto, (max-width: 240px) 100vw, 240px\" \/><\/p>\n<h3 class=\"fusion-responsive-typography-calculated\" style=\"--fontsize: 30;line-height: 1.25\" data-fontsize=\"30\" data-lineheight=\"37.5px\">_______________________________________________________________<\/h3>\n<h3 class=\"fusion-responsive-typography-calculated\" style=\"--fontsize: 30;line-height: 1.25\" data-fontsize=\"30\" data-lineheight=\"37.5px\">ERP Portugal junta-se \u00e0 Sailors For The Sea para celebrar anivers\u00e1rio da Marina de Cascais<\/h3>\n<p><strong>Ano: <\/strong>2023<\/p>\n<p><strong>Parceiros:<\/strong> Sailors For The Sea Portugal, Marina de Cascais<\/p>\n<p><strong>Descri\u00e7\u00e3o:<\/strong><\/p>\n<p>No \u00e2mbito do 24\u00ba anivers\u00e1rio da Marina de Cascais, entre os dias 6 a 12 de agosto, a ERP Portugal e a Sailors For The Sea promoveram uma campanha de recolha de res\u00edduos, incentivando a comunidade a entregar os seus pequenos el\u00e9tricos, eletr\u00f3nicos e pilhas em fim de vida em todas as lojas da Marina de Cascais.<\/p>\n<p>A Campanha \u201cMarina Recicla\u201d \u00e9 mais uma iniciativa da Marina de Cascais e da Sailors For The Sea, em parceria com a ERP Portugal, que pretende sensibilizar e incentivar a comunidade a entregar estas tipologias de res\u00edduos com elevado potencial de reciclagem, de forma seletiva. Al\u00e9m disso, esta campanha demonstra a forte rela\u00e7\u00e3o de parceria entre as entidades, que partilham o prop\u00f3sito de contribuir para um planeta mais sustent\u00e1vel.<\/p>\n<p>\u201c\u00c9 com enorme satisfa\u00e7\u00e3o que celebramos o anivers\u00e1rio da Marina de Cascais, com a Sailors For The Sea. Acreditamos que, com esta parceria, estamos a fortalecer a nossa capacidade de criar um impacto significativo na sensibiliza\u00e7\u00e3o para o correto descarte de res\u00edduos e na consciencializa\u00e7\u00e3o ambiental da comunidade de Cascais. Queremos incentivar e convidar todas as pessoas a juntarem-se a n\u00f3s na causa comum que \u00e9 reciclar mais, em prol de um planeta mais limpo e sustent\u00e1vel\u201d, afirmou <strong>Rosa Monforte, Diretora Geral da ERP Portugal.<\/strong><\/p>\n<p><img loading=\"lazy\" decoding=\"async\" class=\"alignnone wp-image-9709 size-medium\" src=\"https:\/\/erp-recycling.org\/pt-pt\/wp-content\/uploads\/sites\/53\/2024\/03\/Cartaz-Marina-Recicla-V4-214x300.jpg\" alt=\"\" width=\"214\" height=\"300\" srcset=\"https:\/\/erp-recycling.org\/pt-pt\/wp-content\/uploads\/sites\/53\/2024\/03\/Cartaz-Marina-Recicla-V4-200x280.jpg 200w, https:\/\/erp-recycling.org\/pt-pt\/wp-content\/uploads\/sites\/53\/2024\/03\/Cartaz-Marina-Recicla-V4-214x300.jpg 214w, https:\/\/erp-recycling.org\/pt-pt\/wp-content\/uploads\/sites\/53\/2024\/03\/Cartaz-Marina-Recicla-V4-400x560.jpg 400w, https:\/\/erp-recycling.org\/pt-pt\/wp-content\/uploads\/sites\/53\/2024\/03\/Cartaz-Marina-Recicla-V4-600x840.jpg 600w, https:\/\/erp-recycling.org\/pt-pt\/wp-content\/uploads\/sites\/53\/2024\/03\/Cartaz-Marina-Recicla-V4-731x1024.jpg 731w, https:\/\/erp-recycling.org\/pt-pt\/wp-content\/uploads\/sites\/53\/2024\/03\/Cartaz-Marina-Recicla-V4-768x1075.jpg 768w, https:\/\/erp-recycling.org\/pt-pt\/wp-content\/uploads\/sites\/53\/2024\/03\/Cartaz-Marina-Recicla-V4-800x1120.jpg 800w, https:\/\/erp-recycling.org\/pt-pt\/wp-content\/uploads\/sites\/53\/2024\/03\/Cartaz-Marina-Recicla-V4-1097x1536.jpg 1097w, https:\/\/erp-recycling.org\/pt-pt\/wp-content\/uploads\/sites\/53\/2024\/03\/Cartaz-Marina-Recicla-V4-1200x1680.jpg 1200w, https:\/\/erp-recycling.org\/pt-pt\/wp-content\/uploads\/sites\/53\/2024\/03\/Cartaz-Marina-Recicla-V4-1463x2048.jpg 1463w, https:\/\/erp-recycling.org\/pt-pt\/wp-content\/uploads\/sites\/53\/2024\/03\/Cartaz-Marina-Recicla-V4-scaled.jpg 1829w\" sizes=\"auto, (max-width: 214px) 100vw, 214px\" \/><\/p>\n<h3 class=\"fusion-responsive-typography-calculated\" style=\"--fontsize: 30;line-height: 1.25\" data-fontsize=\"30\" data-lineheight=\"37.5px\">__________________________________________________________<\/h3>\n<h3 class=\"fusion-responsive-typography-calculated\" style=\"--fontsize: 30;line-height: 1.25\" data-fontsize=\"30\" data-lineheight=\"37.5px\">ERP Portugal e Novo Verde juntam-se ao &#8220;Querido Mudei a Casa&#8221; para sensibilizar popula\u00e7\u00e3o para a separa\u00e7\u00e3o e encaminhamento de res\u00edduos<\/h3>\n<p><strong>Ano: <\/strong>2023<\/p>\n<p><strong>Parceiros:<\/strong> Querido Mudei a Casa<\/p>\n<p><strong>Descri\u00e7\u00e3o:<\/strong><\/p>\n<p>As v\u00e1rias tipologias de res\u00edduos gerados pelo consumo da popula\u00e7\u00e3o requerem um encaminhamento e tratamento adequados, de modo a reduzir os impactos nocivos no nosso planeta.<\/p>\n<p>Conscientes desta problem\u00e1tica, a <strong>ERP Portugal <\/strong>e a<strong> Novo Verde<\/strong>, al\u00e9m de serem entidades respons\u00e1veis pela gest\u00e3o de res\u00edduos de embalagens e res\u00edduos el\u00e9tricos, eletr\u00f3nicos, pilhas e baterias, respetivamente, apostam na consciencializa\u00e7\u00e3o da popula\u00e7\u00e3o para comportamentos adequados que contribuam para um planeta mais verde, juntando-se, com este objetivo, ao programa \u201cQuerido Mudei a Casa\u201d, da TVI.<\/p>\n<p>Desta maneira, a <strong>ERP Portugal <\/strong>e a<strong> Novo Verde visam <\/strong>sensibilizar a popula\u00e7\u00e3o para o correto encaminhamento deste tipo de res\u00edduos. Sendo um programa de renova\u00e7\u00e3o de espa\u00e7os, muitos s\u00e3o os res\u00edduos gerados neste processo de remodela\u00e7\u00e3o, n\u00e3o s\u00f3 a n\u00edvel de embalagens das diversas ferramentas usadas no dia-a-dia da equipa, como tamb\u00e9m a n\u00edvel de substitui\u00e7\u00e3o de eletrodom\u00e9sticos obsoletos.<\/p>\n<p>Todos estes res\u00edduos devem ser devidamente recolhidos e encaminhados, e \u00e9 atrav\u00e9s da ERP Portugal e da Novo Verde que o programa assegurar\u00e1 este processo e sensibilizar\u00e1 os telespectadores para boas pr\u00e1ticas ambientais.<\/p>\n<p>Com presen\u00e7a em 24 epis\u00f3dios no total, transmitidos todos os domingos a partir de dia 9 de julho, as duas entidades pretendem contribuir para a literacia ambiental da popula\u00e7\u00e3o, incentivando a um papel mais ativo nesta mat\u00e9ria.<\/p>\n<p><img loading=\"lazy\" decoding=\"async\" class=\"alignnone wp-image-9654 size-medium\" src=\"https:\/\/erp-recycling.org\/pt-pt\/wp-content\/uploads\/sites\/53\/2024\/03\/DSC05586-300x200.jpg\" alt=\"\" width=\"300\" height=\"200\" srcset=\"https:\/\/erp-recycling.org\/pt-pt\/wp-content\/uploads\/sites\/53\/2024\/03\/DSC05586-200x133.jpg 200w, https:\/\/erp-recycling.org\/pt-pt\/wp-content\/uploads\/sites\/53\/2024\/03\/DSC05586-300x200.jpg 300w, https:\/\/erp-recycling.org\/pt-pt\/wp-content\/uploads\/sites\/53\/2024\/03\/DSC05586-400x267.jpg 400w, https:\/\/erp-recycling.org\/pt-pt\/wp-content\/uploads\/sites\/53\/2024\/03\/DSC05586-600x400.jpg 600w, https:\/\/erp-recycling.org\/pt-pt\/wp-content\/uploads\/sites\/53\/2024\/03\/DSC05586-768x512.jpg 768w, https:\/\/erp-recycling.org\/pt-pt\/wp-content\/uploads\/sites\/53\/2024\/03\/DSC05586-800x533.jpg 800w, https:\/\/erp-recycling.org\/pt-pt\/wp-content\/uploads\/sites\/53\/2024\/03\/DSC05586-1024x683.jpg 1024w, https:\/\/erp-recycling.org\/pt-pt\/wp-content\/uploads\/sites\/53\/2024\/03\/DSC05586-1200x800.jpg 1200w, https:\/\/erp-recycling.org\/pt-pt\/wp-content\/uploads\/sites\/53\/2024\/03\/DSC05586-1536x1024.jpg 1536w\" sizes=\"auto, (max-width: 300px) 100vw, 300px\" \/><\/p>\n<h3 class=\"fusion-responsive-typography-calculated\" style=\"--fontsize: 30;line-height: 1.25\" data-fontsize=\"30\" data-lineheight=\"37.5px\">________________________________________________________<\/h3>\n<h3 class=\"fusion-responsive-typography-calculated\" style=\"--fontsize: 30;line-height: 1.25\" data-fontsize=\"30\" data-lineheight=\"37.5px\">ERP Portugal e Novo Verde criam Pra\u00e7a da Sustentabilidade no Primavera Sound Porto<\/h3>\n<p><strong>Ano: <\/strong>2023<\/p>\n<p><strong>Parceiros:<\/strong> Lipor, Zero Cups<\/p>\n<p><strong>Descri\u00e7\u00e3o:<\/strong><\/p>\n<p>A <strong>ERP Portugal <\/strong>e a<strong> Novo Verde<\/strong>, entidades gestoras de res\u00edduos de embalagens e res\u00edduos el\u00e9tricos e eletr\u00f3nicos, e pilhas e baterias, respetivamente, criaram a Pra\u00e7a da Sustentabilidade no festival <strong>Primavera Sound<\/strong> <strong>Porto<\/strong>, entre os dias 7 e 10 de junho, de forma a sensibilizar a comunidade para <strong>a import\u00e2ncia da preven\u00e7\u00e3o de res\u00edduos<\/strong>, em parceria com a <strong>Lipor<\/strong> e a Zero Cups.<\/p>\n<p>Sob o mote <strong>\u201cReliga-te\u201d<\/strong>, a ERP Portugal, em parceria com a Lipor esteve presente com o <strong>CREW<\/strong>, projeto de Investiga\u00e7\u00e3o &amp; Desenvolvimento, com o objetivo de promover a preven\u00e7\u00e3o de res\u00edduos, atrav\u00e9s da realiza\u00e7\u00e3o de workshops de repara\u00e7\u00e3o de pequenos el\u00e9tricos e eletr\u00f3nicos, num <em>repair cafe.<\/em><\/p>\n<p>\u201cA presen\u00e7a da ERP Portugal e da Novo Verde neste evento vem refor\u00e7ar o seu principal objetivo de consciencializar a comunidade sobre a import\u00e2ncia da ado\u00e7\u00e3o de comportamentos ambientalmente respons\u00e1veis, contribuindo assim para a redu\u00e7\u00e3o da produ\u00e7\u00e3o de res\u00edduos.\u201d, afirma <strong>Ricardo Neto, Presidente da Novo Verde e da ERP Portugal.<\/strong><\/p>\n<p><img loading=\"lazy\" decoding=\"async\" class=\"size-medium wp-image-9438\" src=\"https:\/\/erp-recycling.org\/pt-pt\/wp-content\/uploads\/sites\/53\/2023\/07\/banner-primavera-sound-porto-300x130.png\" alt=\"erp-portugal-pra\u00e7a-sustentabilidade-primavera-sound-porto\" width=\"300\" height=\"130\" srcset=\"https:\/\/erp-recycling.org\/pt-pt\/wp-content\/uploads\/sites\/53\/2023\/07\/banner-primavera-sound-porto-200x87.png 200w, https:\/\/erp-recycling.org\/pt-pt\/wp-content\/uploads\/sites\/53\/2023\/07\/banner-primavera-sound-porto-300x130.png 300w, https:\/\/erp-recycling.org\/pt-pt\/wp-content\/uploads\/sites\/53\/2023\/07\/banner-primavera-sound-porto-400x174.png 400w, https:\/\/erp-recycling.org\/pt-pt\/wp-content\/uploads\/sites\/53\/2023\/07\/banner-primavera-sound-porto.png 567w\" sizes=\"auto, (max-width: 300px) 100vw, 300px\" \/><\/p>\n<h3 class=\"fusion-responsive-typography-calculated\" style=\"--fontsize: 30;line-height: 1.25\" data-fontsize=\"30\" data-lineheight=\"37.5px\"><a href=\"https:\/\/erp-recycling.org\/pt-pt\/wp-content\/uploads\/sites\/53\/2023\/05\/Regulamento-Passatempo-ERP-Primavera-Sound-Porto_rv5.docx\" target=\"_blank\" rel=\"noopener noreferrer\">Regulamento Give Away Primavera Sound Porto 2023<\/a><\/h3>\n<h3 class=\"fusion-responsive-typography-calculated\" style=\"--fontsize: 30;line-height: 1.25\" data-fontsize=\"30\" data-lineheight=\"37.5px\">________________________________________________________<\/h3>\n<h3 class=\"fusion-responsive-typography-calculated\" style=\"--fontsize: 30;line-height: 1.25\" data-fontsize=\"30\" data-lineheight=\"37.5px\">&#8220;Conversas com Energia&#8221; debatem o presente e o futuro do nosso planeta<\/h3>\n<p><strong>Ano: <\/strong>2023<\/p>\n<p><strong>Parceiros:<\/strong> Funda\u00e7\u00e3o EDP<\/p>\n<p><strong>Descri\u00e7\u00e3o:<\/strong><\/p>\n<p>As entidades gestoras de res\u00edduos <strong>ERP Portugal<\/strong> e <strong>Novo Verde<\/strong> associaram-se de novo \u00e0 <strong>Funda\u00e7\u00e3o EDP<\/strong> para mais um ciclo de \u201cConversas com Energia\u201d, um projeto que promove o conhecimento e o di\u00e1logo sobre os desafios da emerg\u00eancia clim\u00e1tica, energia e sustentabilidade, junto de crian\u00e7as e jovens de diferentes contextos.<\/p>\n<p>A primeira sess\u00e3o ocorreu no dia 20 de abril, e contou com a presen\u00e7a de Bordalo II, reconhecido artista portugu\u00eas que desenvolve as suas obras sob o lema\u00a0 \u201co lixo de um pode ser o tesouro de outro\u201d, dando uso ao \u201clixo\u201d para alertar para a produ\u00e7\u00e3o e consumos excessivos e no consequente impacte no Planeta. Os alunos da Escola Superior de Educa\u00e7\u00e3o (ESELx) do Instituto Polit\u00e9cnico de Lisboa foram os convidados a participar neste debate de abertura.<\/p>\n<p>O\u00a0 maat &#8211; Museu de Arte, Arquitetura e Tecnologia foi o palco da terceira edi\u00e7\u00e3o do programa \u201cConversas com Energia\u201d, sob o mote dos desafios da emerg\u00eancia clim\u00e1tica, com o objetivo de aumentar o di\u00e1logo e a reflex\u00e3o das novas gera\u00e7\u00f5es sobre o presente e o futuro do nosso planeta, fazendo a liga\u00e7\u00e3o \u00e0 exposi\u00e7\u00e3o <strong>\u201cPl\u00e1stico: Reconstruir o Nosso Mundo\u201d<\/strong>, patente no museu em co-produ\u00e7\u00e3o com o Vitra Design Museum, e o V&amp;A Dundee, e com o apoio da ERP Portugal e da Novo Verde.<\/p>\n<p>Dividida em tr\u00eas sec\u00e7\u00f5es, a exposi\u00e7\u00e3o <strong>&#8220;Pl\u00e1stico: Reconstruir o Nosso Mundo&#8221;<\/strong> explora a hist\u00f3ria do pl\u00e1stico, mostra a pertin\u00eancia e import\u00e2ncia deste material no nosso quotidiano. Pretendem as Entidades Gestoras, que apoiam a realiza\u00e7\u00e3o da exposi\u00e7\u00e3o, contribuir para a desmistifica\u00e7\u00e3o do material em si, alertando para o comportamento humano, quer na pertin\u00eancia do seu uso, quer no correto descarte.<\/p>\n<p>Esta edi\u00e7\u00e3o do ciclo \u201cConversas com Energia\u201d ir\u00e1 decorrer de abril a junho, e contar\u00e1 com a presen\u00e7a de personalidades ligadas aos temas da emerg\u00eancia clim\u00e1tica, energia e sustentabilidade. Recorde-se que as duas edi\u00e7\u00f5es anteriores do programa \u201cConversas com Energia\u201d decorreram em 2022, e juntaram mais de 250 alunos, de diversos agrupamentos de escolas e graus de ensino, contribuindo para o aumento da literacia ambiental em territ\u00f3rio nacional.<\/p>\n<p><img loading=\"lazy\" decoding=\"async\" class=\"alignnone size-medium wp-image-9410\" src=\"https:\/\/erp-recycling.org\/pt-pt\/wp-content\/uploads\/sites\/53\/2023\/07\/Imagem2-300x200.jpg\" alt=\"\" width=\"300\" height=\"200\" srcset=\"https:\/\/erp-recycling.org\/pt-pt\/wp-content\/uploads\/sites\/53\/2023\/07\/Imagem2-200x133.jpg 200w, https:\/\/erp-recycling.org\/pt-pt\/wp-content\/uploads\/sites\/53\/2023\/07\/Imagem2-300x200.jpg 300w, https:\/\/erp-recycling.org\/pt-pt\/wp-content\/uploads\/sites\/53\/2023\/07\/Imagem2-400x267.jpg 400w, https:\/\/erp-recycling.org\/pt-pt\/wp-content\/uploads\/sites\/53\/2023\/07\/Imagem2-600x400.jpg 600w, https:\/\/erp-recycling.org\/pt-pt\/wp-content\/uploads\/sites\/53\/2023\/07\/Imagem2-768x513.jpg 768w, https:\/\/erp-recycling.org\/pt-pt\/wp-content\/uploads\/sites\/53\/2023\/07\/Imagem2-800x534.jpg 800w, https:\/\/erp-recycling.org\/pt-pt\/wp-content\/uploads\/sites\/53\/2023\/07\/Imagem2-1024x683.jpg 1024w, https:\/\/erp-recycling.org\/pt-pt\/wp-content\/uploads\/sites\/53\/2023\/07\/Imagem2-1200x801.jpg 1200w, https:\/\/erp-recycling.org\/pt-pt\/wp-content\/uploads\/sites\/53\/2023\/07\/Imagem2.jpg 1299w\" sizes=\"auto, (max-width: 300px) 100vw, 300px\" \/><\/p>\n<h3 class=\"fusion-responsive-typography-calculated\" style=\"--fontsize: 30;line-height: 1.25\" data-fontsize=\"30\" data-lineheight=\"37.5px\">______________________________________________________________________<\/h3>\n<h3 class=\"fusion-responsive-typography-calculated\" style=\"--fontsize: 30;line-height: 1.25\" data-fontsize=\"30\" data-lineheight=\"37.5px\">ERP Portugal, a <a href=\"https:\/\/novoverde.pt\/\">Novo Verde<\/a> <a href=\"https:\/\/www.youtube.com\/watch?v=7_KV2QvL550\">LG Portugal<\/a> unem-se a C\u00e9sar Mour\u00e3o e v\u00e3o \u201cdestralhar\u201d as gavetas dos Portugueses<\/h3>\n<p><strong>Ano: <\/strong>2022<\/p>\n<p><strong>Parceiros:<\/strong> LG Portugal, Novo Verde<\/p>\n<p><strong>Descri\u00e7\u00e3o:<\/strong><br \/>\nE se, de repente, o C\u00e9sar Mour\u00e3o aparecesse \u00e0 nossa porta para ver o interior das gavetas e arm\u00e1rios em busca de equipamentos el\u00e9tricos e eletr\u00f3nicos, pilhas e respetivas embalagens, que j\u00e1 n\u00e3o usamos ou que est\u00e3o estragados? \u00c9 exatamente isso que acontece na nova campanha que une o apresentador e humorista portugu\u00eas \u00e0 ERP Portugal, Novo Verde e LG Portugal, a \u201cDestralhar\u201d.<\/p>\n<p><img loading=\"lazy\" decoding=\"async\" class=\"alignnone size-medium wp-image-5000\" src=\"https:\/\/erp-recycling.org\/pt-pt\/wp-content\/uploads\/sites\/16\/2022\/12\/IG_FB_Waste-Summit-300x300.png\" alt=\"\" width=\"300\" height=\"300\" \/><\/p>\n<p>Segundo o estudo \u201cH\u00e1bitos dos Portugueses em rela\u00e7\u00e3o ao Lixo Eletr\u00f3nico\u201d*, 59,2% dos portugueses admite que guarda os equipamentos \u2013 que j\u00e1 n\u00e3o usa, mas que ainda funcionam, porque ainda podem ser \u00fateis mais tarde. No entanto, a verdade \u00e9 que este esp\u00edrito nacional do \u201cainda vai dar jeito\u201d leva a que a maior parte destes res\u00edduos acabe por ficar em gavetas, arm\u00e1rios e caixas tanto em casa como no local de trabalho. Da mesma forma, muitas pessoas optam por guardar as embalagens de equipamentos como televis\u00f5es ou eletrodom\u00e9sticos de maiores dimens\u00f5es, que ficam em garagens ou arrecada\u00e7\u00f5es a ganhar p\u00f3.<\/p>\n<p>Com o sentido de humor e de oportunidade caracter\u00edsticos do C\u00e9sar Mour\u00e3o, os <a href=\"https:\/\/www.youtube.com\/watch?v=QoeB9d-B19c&amp;t=1s\">v\u00eddeos<\/a> desta divertida campanha digital acompanham o apresentador em visitas rel\u00e2mpago e inesperadas a casas e escrit\u00f3rios de Lisboa, onde vai questionar as fam\u00edlias e trabalhadores sobre o e-waste e tudo o que o rodeia (incluindo as embalagens). Tudo para revelar que aquilo que consideramos lixo \u2013 ratos de computador que j\u00e1 n\u00e3o usamos, um leitor de DVD esquecido na prateleira ou uma caixa de cart\u00e3o encostada a uma parede \u2013 \u00e9 na verdade um conjunto de importantes res\u00edduos que podem e devem ter uma segunda vida, seja atrav\u00e9s da reciclagem ou da reutiliza\u00e7\u00e3o.<\/p>\n<p>Divirta-se com esta campanha e aprenda com a ERP Portugal onde colocar os seus el\u00e9tricos e eletr\u00f3nicos em fim de vida no local certo!! <a href=\"https:\/\/eureciclo.pt\/\">eureciclo.pt<\/a><\/p>\n<h3 class=\"fusion-responsive-typography-calculated\" style=\"--fontsize: 30;line-height: 1.25\" data-fontsize=\"30\" data-lineheight=\"37.5px\">______________________________________________________________________<\/h3>\n<h3 class=\"fusion-responsive-typography-calculated\" style=\"--fontsize: 30;line-height: 1.25\" data-fontsize=\"30\" data-lineheight=\"37.5px\">ERP Portugal e Chicco unem-se para provar que<br \/>\n\u201cReciclar n\u00e3o tem Hist\u00f3ria\u201d<\/h3>\n<p><strong>Ano: <\/strong>2022<\/p>\n<p><strong>Parceiros:<\/strong> Chicco<\/p>\n<p><strong>Descri\u00e7\u00e3o:<\/strong><br \/>\n\u201c<strong>Reciclar n\u00e3o tem Hist\u00f3ria<\/strong>\u201d \u00e9 o mote da iniciativa criada pela ERP Portugal em parceria com a Chicco, para incentivar a entrega de pequenos equipamentos el\u00e9tricos e eletr\u00f3nicos, em fim de vida, provando que este gesto \u00e9 simples, \u201cn\u00e3o tem hist\u00f3ria\u201d e pode contribuir para um Planeta mais sustent\u00e1vel. Sob a \u00e9gide do programa \u201c<a href=\"https:\/\/www.parceirosustentavelerp.pt\/\">Parceiro Sustent\u00e1vel<\/a>\u201d da ERP Portugal e com o apoio da <a href=\"https:\/\/abae.pt\/\">ABAE<\/a>, a iniciativa vai decorrer em 29 lojas Chicco durante o m\u00eas de setembro. Para al\u00e9m do consumidor, o desafio ser\u00e1 ainda alargado a mais de 1000 creches e jardins de inf\u00e2ncia que integram o programa <a href=\"https:\/\/ecoescolas.abae.pt\/\">Eco-Escolas<\/a>.<\/p>\n<p><img loading=\"lazy\" decoding=\"async\" class=\"alignnone size-medium wp-image-4857\" src=\"https:\/\/erp-recycling.org\/pt-pt\/wp-content\/uploads\/sites\/16\/2022\/09\/MicrosoftTeams-image-2-300x169.png\" alt=\"\" width=\"300\" height=\"169\" \/><\/p>\n<hr \/>\n<h2 class=\"fusion-responsive-typography-calculated\" style=\"--fontsize: 50;line-height: 1.2\" data-fontsize=\"50\" data-lineheight=\"60px\"><\/h2>\n<h3 class=\"fusion-responsive-typography-calculated\" style=\"--fontsize: 30;line-height: 1.25\" data-fontsize=\"30\" data-lineheight=\"37.5px\">\u201cReciclar tamb\u00e9m \u00e9 Ajudar\u201d<br \/>\na preserva\u00e7\u00e3o de Mares e Oceanos<strong><br \/>\n<\/strong><\/h3>\n<p><strong>Ano: <\/strong>2022<\/p>\n<p><strong>Parceiros: <\/strong>Pingo Doce<\/p>\n<p><strong>Descri\u00e7\u00e3o:<\/strong><br \/>\nA campanha <strong>\u201cReciclar tamb\u00e9m \u00e9 ajudar\u201d<\/strong> da ERP Portugal \u2013 entidade gestora de res\u00edduos, regressa \u00e0s lojas Pingo Doce com o objetivo de promover a import\u00e2ncia do correto encaminhamento, tratamento e reciclagem de res\u00edduos, desta feita, na prote\u00e7\u00e3o dos Oceanos e Mares. Esta a\u00e7\u00e3o visa apoiar a <em>Sailors for the Sea<\/em>, associa\u00e7\u00e3o sem fins lucrativos que pretende contribuir para a sustentabilidade dos oceanos e mares, incentivando uma mudan\u00e7a centrada na crescente consci\u00eancia ambiental fortalecida pela a\u00e7\u00e3o de cada um de n\u00f3s.<\/p>\n<p><img loading=\"lazy\" decoding=\"async\" class=\" wp-image-4774 alignnone\" src=\"https:\/\/erp-recycling.org\/pt-pt\/wp-content\/uploads\/sites\/16\/2022\/09\/MicrosoftTeams-image-300x240.jpg\" alt=\"\" width=\"258\" height=\"206\" \/><\/p>\n<hr \/>\n<h3 class=\"fusion-responsive-typography-calculated\" style=\"--fontsize: 30;line-height: 1.25\" data-fontsize=\"30\" data-lineheight=\"37.5px\">JUNTA NA FREGUESIA<\/h3>\n<p><strong>Ano: <\/strong>2022<\/p>\n<p><strong>Descri\u00e7\u00e3o:<\/strong><br \/>\n<strong>\u201cJunta na Freguesia\u201d<\/strong> \u00e9 o mais recente programa da ERP Portugal que, em conjunto com as Juntas de Freguesia e Munic\u00edpios de todo o pa\u00eds, vai contribuir para aumentar o conforto dos cidad\u00e3os. Com o principal objetivo de criar um movimento de sustentabilidade participada e facilitar a vida da comunidade, pretende-se o aumento da recolha e reciclagem de res\u00edduos de equipamentos el\u00e9tricos e eletr\u00f3nicos (REEE), bem como res\u00edduos de pilhas e acumuladores (RP&amp;A).<\/p>\n<p><img loading=\"lazy\" decoding=\"async\" class=\" wp-image-4778 alignnone\" src=\"https:\/\/erp-recycling.org\/pt-pt\/wp-content\/uploads\/sites\/16\/2022\/09\/Junta-na-Freguesia-300x300.jpg\" alt=\"\" width=\"196\" height=\"196\" \/><\/p>\n<hr \/>\n<h3 class=\"fusion-responsive-typography-calculated\" style=\"--fontsize: 30;line-height: 1.25\" data-fontsize=\"30\" data-lineheight=\"37.5px\">E-WASTE TALKS<\/h3>\n<p><strong>Ano:<\/strong> 2021<\/p>\n<p><strong>Parceiros:<\/strong> LG Portugal<\/p>\n<p><strong>Descri\u00e7\u00e3o:<\/strong><br \/>\nConjunto de podcasts para esclarecer a popula\u00e7\u00e3o sobre o que fazer aos REEE, para onde devem ser encaminhados, quais os impactos no dia-a-dia, nas empresas, nos retalhistas, no ambiente e at\u00e9 na carteira de cada um \u2013 estas s\u00e3o algumas das d\u00favidas que assolam o cidad\u00e3o e que v\u00e3o estar em debate nas quatro <em>e-Waste Talks<\/em> conduzidas pelo apresentador e humorista C\u00e9sar Mour\u00e3o.<\/p>\n<p><strong>Objetivos:<\/strong><\/p>\n<ul>\n<li>Aumentar as quantidades de res\u00edduos recolhidos e reciclados;<\/li>\n<li>Mobilizar a popula\u00e7\u00e3o para uma participa\u00e7\u00e3o ativa na reciclagem dos REEE;<\/li>\n<li>Explicar as vantagens da reciclagem dos REEE.<\/li>\n<\/ul>\n<p><strong>Links para as e-Waste Talks:<\/strong><\/p>\n<ol>\n<li><a href=\"https:\/\/www.youtube.com\/watch?v=BL5V1Az_25A\">Resumo<\/a><\/li>\n<li><a href=\"https:\/\/www.youtube.com\/watch?v=sY6CNz34z0A\">Papel da Entidade Gestora na promo\u00e7\u00e3o de comportamentos sustent\u00e1veis ao longo do fluxo de gest\u00e3o dos EEEE (Ricardo e Rosa)<\/a><\/li>\n<li><a href=\"https:\/\/www.youtube.com\/watch?v=NTf_C9NHH0M\">Compromisso da LG com a Sustentabilidade: do global para o local (Hugo Jorge, Respons\u00e1vel de Marketing da LG Portugal)<\/a><\/li>\n<li><a href=\"https:\/\/www.youtube.com\/watch?v=sYFucsomRKc\">Import\u00e2ncia do canal da distribui\u00e7\u00e3o como promotor de um comportamento mais correto dos cidad\u00e3os\/consumidores (Gon\u00e7alo Lobo Xavier, Diretor Geral da APED)<\/a><\/li>\n<li><a href=\"https:\/\/www.youtube.com\/watch?v=9yHw-5K0HSE&amp;t=20s\">Vis\u00e3o macro e hol\u00edstica sobre a gest\u00e3o dos REEE (Nuno Lacasta, Presidente da APA)<\/a><\/li>\n<\/ol>\n<hr \/>\n<h2 class=\"fusion-responsive-typography-calculated\" style=\"--fontsize: 50;line-height: 1.2\" data-fontsize=\"50\" data-lineheight=\"60px\"><\/h2>\n<h3 class=\"fusion-responsive-typography-calculated\" style=\"--fontsize: 30;line-height: 1.25\" data-fontsize=\"30\" data-lineheight=\"37.5px\">RECICLAR NO SENTIDO CERTO<\/h3>\n<p><strong>Ano:<\/strong> 2021<\/p>\n<p><strong>Parceiros:<\/strong> APA, DGAE, e-Cycle e Electr\u00e3o<\/p>\n<p><strong>Descri\u00e7\u00e3o:<\/strong><br \/>\nCampanha nacional de media para sensibilizar os Portugueses para a entrega seletiva de REEE nos locais corretos e garantir o tratamento, descontamina\u00e7\u00e3o e reciclagem dos mesmos.<\/p>\n<p>A campanha \u00e9 composta por an\u00fancios de tv e r\u00e1dio, publica\u00e7\u00f5es nas redes sociais e canais digitais, com especial destaque para a landing page dedicada a este tema.<\/p>\n<p><a href=\"https:\/\/erp-recycling.org\/pt-pt\/wp-content\/uploads\/sites\/16\/2021\/10\/OSentidoCerto_FINAL.mp4\">Spot de TV<\/a><\/p>\n<p><strong>Objetivos:<\/strong><\/p>\n<ul>\n<li>Aumentar as quantidades de res\u00edduos recolhidos e reciclados;<\/li>\n<li>Evitar o abandono dos REEE e desvio dos mesmos para circuitos paralelos;<\/li>\n<li>Explicar as vantagens da reciclagem dos REEE.<\/li>\n<\/ul>\n<hr \/>\n<h2 class=\"fusion-responsive-typography-calculated\" style=\"--fontsize: 50;line-height: 1.2\" data-fontsize=\"50\" data-lineheight=\"60px\"><\/h2>\n<h3 class=\"fusion-responsive-typography-calculated\" style=\"--fontsize: 30;line-height: 1.25\" data-fontsize=\"30\" data-lineheight=\"37.5px\">EQUIPA DOS REEE &amp; COMPANHIA<\/h3>\n<p><strong>Ano:<\/strong> 2021<\/p>\n<p><strong>Descri\u00e7\u00e3o:<\/strong><br \/>\nA banda desenhada <em>Equipa dos REEE &amp; Companhia<\/em> \u2013 <em>Miss\u00e3o: Aprender a Transformar o Futuro<\/em> recupera uma das ferramentas de educa\u00e7\u00e3o ambiental da ERP Portugal que remonta 2008 e que, agora, volta com novas personagens, mais moderna e ainda com mais energia para mobilizar os Portugueses para a entrega seletiva dos seus res\u00edduos.<\/p>\n<p>Esta pe\u00e7a tem como principais destinat\u00e1rios os estabelecimentos escolares e\/ou outras unidades de educa\u00e7\u00e3o ambiental e estar\u00e1 dispon\u00edvel gratuitamente em iniciativas da entidade gestora, tais como a campanha Gera\u00e7\u00e3o Depositr\u00e3o.<\/p>\n<p>Personagens: Capit\u00e3o Fluxo, Grand\u00e3o, Fininho, Fininho, Z\u00e9l\u00e9le, Vapores, Luzinhas, Depoistr\u00e3o, Carga M\u00e1xima e Traga Pilhas.<\/p>\n<p><strong>Objetivos:<\/strong><\/p>\n<ul>\n<li>Incentivar o aumento da literacia para a sustentabilidade junto das crian\u00e7as, embaixadores ambientais sempre atentos e excelentes influenciadores do comportamento dos adultos;<\/li>\n<li>Aumentar as quantidades de res\u00edduos recolhidos e reciclados.<\/li>\n<\/ul>\n<p>Banda desenhada <em>Equipa dos REEE &amp; Companhia<\/em> \u2013 <em>Miss\u00e3o: Aprender a Transformar o Futuro<\/em> <a href=\"https:\/\/erp-recycling.org\/pt-pt\/wp-content\/uploads\/sites\/16\/2021\/06\/Equipa-dos-REEE-Companhia_Missao_Aprender-a-transformar-o-futuro_FINAL.pdf\">aqui<\/a>.<\/p>\n<p><a href=\"https:\/\/www.youtube.com\/watch?v=QRI28unwGY8\">\u00bb Epis\u00f3dio 1 <\/a><a href=\"https:\/\/www.youtube.com\/watch?v=QRI28unwGY8\">\u00bb <\/a><a href=\"https:\/\/www.youtube.com\/watch?v=__N5QM4puto\">Epis\u00f3dio 2 <\/a><a href=\"https:\/\/www.youtube.com\/watch?v=QRI28unwGY8\">\u00bb <\/a><a href=\"https:\/\/www.youtube.com\/watch?v=0rwh0Eef6Uc\">Epis\u00f3dio 3 <\/a><a href=\"https:\/\/www.youtube.com\/watch?v=QRI28unwGY8\">\u00bb <\/a><a href=\"https:\/\/www.youtube.com\/watch?v=P7mwSQ8_8GA\">Epis\u00f3dio 4 <\/a><a href=\"https:\/\/www.youtube.com\/watch?v=QRI28unwGY8\">\u00bb <\/a><a href=\"https:\/\/www.youtube.com\/watch?v=79jdd6MJ_BI\">Epis\u00f3dio 5<\/a><\/p>\n<hr \/>\n<h3 class=\"fusion-responsive-typography-calculated\" style=\"--fontsize: 30;line-height: 1.25\" data-fontsize=\"30\" data-lineheight=\"37.5px\">TODOS PELO IPO<\/h3>\n<p><strong>Ano: <\/strong>2021<\/p>\n<p><strong>Parceiros:<\/strong> Instituto Portugu\u00eas de Oncologia (IPO) Fernando Gentil<\/p>\n<p><strong>Descri\u00e7\u00e3o:<\/strong><br \/>\nA ERP Portugal volta a associar-se ao IPO para desafiar os Portugueses a participar na reciclagem dos seus res\u00edduos e ajudar o Instituto na sua miss\u00e3o. Para fazer parte da a\u00e7\u00e3o \u201cTodos pelo IPO\u201d, basta entregar pilhas usadas que j\u00e1 n\u00e3o funcionam nos mais de 5000 pontos de recolha da ERP Portugal, distribu\u00eddos por todo o pa\u00eds, incluindo tamb\u00e9m as instala\u00e7\u00f5es do pr\u00f3prio IPO (lista dispon\u00edvel <a href=\"http:\/\/www.eureciclo.pt\/\">aqui<\/a>).<\/p>\n<p>No conjunto de res\u00edduos abrangidos pela iniciativa encontram-se pilhas e pequenos equipamentos como comandos, brinquedos, lanternas ou rel\u00f3gios e baterias de computadores port\u00e1teis, telem\u00f3veis ou comandos de consolas de jogos.<\/p>\n<p>Os res\u00edduos recolhidos at\u00e9 ao final do ano ser\u00e3o transformados em donativo a entregar ao IPO para a aquisi\u00e7\u00e3o de equipamentos de diagn\u00f3stico e tratamento de doen\u00e7as oncol\u00f3gicas.<\/p>\n<p><strong>Objetivos:<\/strong><\/p>\n<ul>\n<li>Mobilizar os Portugueses para utiliza\u00e7\u00e3o dos canais corretos de entrega de REEE e pilhas usadas;<\/li>\n<li>Aumentar as quantidades de res\u00edduos recolhidos e reciclados e, ao mesmo tempo, cumprir a vertente social de ajuda ao IPO.<\/li>\n<\/ul>\n<p><img loading=\"lazy\" decoding=\"async\" class=\"wp-image-4417 alignnone\" src=\"https:\/\/erp-recycling.org\/pt-pt\/wp-content\/uploads\/sites\/16\/2021\/04\/Imagem-SITE.jpg\" alt=\"Imagem SITE\" width=\"272\" height=\"152\" \/><\/p>\n<hr \/>\n<h3 class=\"fusion-responsive-typography-calculated\" style=\"--fontsize: 30;line-height: 1.25\" data-fontsize=\"30\" data-lineheight=\"37.5px\">RECICLO SEM PARAR<\/h3>\n<p><strong>Ano: <\/strong>2021<\/p>\n<p><strong>Parceiros:<\/strong> Maratona Clube de Portugal e Novo Verde<\/p>\n<p><strong>Descri\u00e7\u00e3o:<\/strong><br \/>\nCorrida virtual que decorrer\u00e1 de 3 a 9 de maio, cujos participantes dever\u00e3o inscrever-se via APP VRaces MCP ou diretamente no <a href=\"https:\/\/portugal.virace.app\/\">site das corridas<\/a>.<\/p>\n<p>A ERP Portugal faz parte dos parceiros que incentivar\u00e3o a pr\u00e1tica do desporto, \u00e0 qual se junta<\/p>\n<p>a componente ambiental (gest\u00e3o de res\u00edduos).<\/p>\n<p><strong>Objetivos:<\/strong><\/p>\n<ul>\n<li>Mobilizar os Portugueses para a pr\u00e1tica do desporto, aliando-a a preocupa\u00e7\u00f5es ambientais;<\/li>\n<li>Aumentar as quantidades de res\u00edduos recolhidos e reciclados.<\/li>\n<\/ul>\n<p><img loading=\"lazy\" decoding=\"async\" class=\"wp-image-4398 alignnone\" src=\"https:\/\/erp-recycling.org\/pt-pt\/wp-content\/uploads\/sites\/16\/2021\/04\/VirtualRaces_NovoVerde_1080x1080.jpg\" alt=\"Maratonas1\" width=\"145\" height=\"145\" \/><\/p>\n<hr \/>\n<h2 class=\"fusion-responsive-typography-calculated\" style=\"--fontsize: 50;line-height: 1.2\" data-fontsize=\"50\" data-lineheight=\"60px\"><\/h2>\n<h3 class=\"fusion-responsive-typography-calculated\" style=\"--fontsize: 30;line-height: 1.25\" data-fontsize=\"30\" data-lineheight=\"37.5px\">EARTH BITS<\/h3>\n<p><strong>Ano de in\u00edcio:<\/strong> 2021<\/p>\n<p><strong>Parceiros: <\/strong>Maat e Novo Verde<\/p>\n<p><strong>Descri\u00e7\u00e3o:<\/strong><br \/>\nA <em>Earth Bits<\/em> \u2013 Sentir o Planeta \u00e9 uma instala\u00e7\u00e3o, \u00e0 base de dados que s\u00e3o apresentados em conte\u00fados digitais, v\u00eddeos e uma esta\u00e7\u00e3o interativa, concebida pelo est\u00fadio de investiga\u00e7\u00e3o Dotdotdot. As quatro sec\u00e7\u00f5es deste projeto, que conta ainda com a participa\u00e7\u00e3o da Ag\u00eancia Espacial Europeia (ESA), da Ag\u00eancia Internacional de Energia (IEA) e da EDP Inova\u00e7\u00e3o, mostram a liga\u00e7\u00e3o de causa\/efeito dos comportamentos humanos sobre os recursos do planeta. Do conjunto de temas abordados na exposi\u00e7\u00e3o, destaque para a reciclagem de res\u00edduos e import\u00e2ncia do comportamento dos cidad\u00e3os como chave para assegurar o processo e as vantagens resultantes, nomeadamente a medi\u00e7\u00e3o da poupan\u00e7a da emiss\u00e3o de gases de efeito de estufa.<\/p>\n<p><a href=\"https:\/\/eur02.safelinks.protection.outlook.com\/?url=https%3A%2F%2Fwww.youtube.com%2Fwatch%3Fv%3DzZHqe4EcIb0&amp;data=04%7C01%7Cf.moita%40erp-recycling.org%7Cf5cae4a9dac04b85fce208d90582b4ad%7C4746ee025586473ebb093981e07c2b79%7C0%7C0%7C637546881209200565%7CUnknown%7CTWFpbGZsb3d8eyJWIjoiMC4wLjAwMDAiLCJQIjoiV2luMzIiLCJBTiI6Ik1haWwiLCJXVCI6Mn0%3D%7C1000&amp;sdata=VNzxwQJmuDS91H0HA7v%2BPGTQW2Dqij2x8MkcutPn9P4%3D&amp;reserved=0\">V\u00eddeo de inaugura\u00e7\u00e3o<\/a><\/p>\n<p><strong>Objetivos:<\/strong><\/p>\n<ul>\n<li>Criar uma corrente de conte\u00fados de consciencializa\u00e7\u00e3o e educa\u00e7\u00e3o do p\u00fablico portugu\u00eas, atrav\u00e9s do c\u00e1lculo da sua pegada carb\u00f3nica;<\/li>\n<li>Destacar a import\u00e2ncia de comportamentos ambientais, tais como a entrega dos res\u00edduos nos canais adequados para permitir o seu tratamento e a sua reciclagem.<\/li>\n<\/ul>\n<hr \/>\n<h3 class=\"fusion-responsive-typography-calculated\" style=\"--fontsize: 30;line-height: 1.25\" data-fontsize=\"30\" data-lineheight=\"37.5px\">RECICLAR N\u00c3O TEM TRUQUE<\/h3>\n<p><strong>Ano de in\u00edcio:<\/strong> 2021<\/p>\n<p><strong>Parceiros: <\/strong>LG Portugal<\/p>\n<p><strong>Descri\u00e7\u00e3o:<\/strong><br \/>\nConjunto de truques com a assinatura \u00fanica do m\u00e1gico portugu\u00eas Lu\u00eds de Matos para alertar os portugueses para a urg\u00eancia e necessidade de dar uma segunda vida aos equipamentos el\u00e9tricos e eletr\u00f3nicos que j\u00e1 n\u00e3o funcionam.<\/p>\n<p>Lu\u00eds Filipe Borges e Gabriel Ferreira juntaram-se ao desafio de Lu\u00eds de Matos e experienciaram alguns truques.<\/p>\n<p>V\u00eddeos dispon\u00edveis nas redes sociais e <a href=\"https:\/\/www.youtube.com\/channel\/UCuDmbWRDwy7KCQSFz054sOQ\">YouTube da ERP Portugal<\/a>.<\/p>\n<p><strong>Objetivos:<\/strong><\/p>\n<ul>\n<li>Criar uma corrente de conte\u00fados de consciencializa\u00e7\u00e3o e<br \/>\neduca\u00e7\u00e3o do p\u00fablico portugu\u00eas;<\/li>\n<li>Destacar a import\u00e2ncia do Depositr\u00e3o como solu\u00e7\u00e3o log\u00edstica para garantir a reciclagem de REEE.<\/li>\n<\/ul>\n<p><img loading=\"lazy\" decoding=\"async\" class=\"wp-image-4333 alignnone\" src=\"https:\/\/erp-recycling.org\/pt-pt\/wp-content\/uploads\/sites\/16\/2021\/02\/ImagemLuisMatos_SITE_2-150x150.jpg\" alt=\"ImagemLuisMatos_SITE_2\" width=\"115\" height=\"115\" \/><\/p>\n<hr \/>\n<h2 class=\"fusion-responsive-typography-calculated\" style=\"--fontsize: 50;line-height: 1.2\" data-fontsize=\"50\" data-lineheight=\"60px\"><\/h2>\n<h3 class=\"fusion-responsive-typography-calculated\" style=\"--fontsize: 30;line-height: 1.25\" data-fontsize=\"30\" data-lineheight=\"37.5px\">GERA\u00c7\u00c3O DEPOSITR\u00c3O<\/h3>\n<p>Campanha nacional dirigida a todos os n\u00edveis de ensino, composta por duas atividades: recolha de REEE e pilhas usadas e desafios criativos.<\/p>\n<p><strong>Ano de in\u00edcio:<\/strong> 2008<\/p>\n<p><strong>Parceiros:<\/strong> Associa\u00e7\u00e3o Bandeira Azul da Europa\/Programa Eco-Escolas, LG, Orima, Pingo Doce e Worten.<\/p>\n<p><strong>Descri\u00e7\u00e3o:<\/strong><br \/>\nAo longo do ano letivo as escolas participantes funcionam como pontos de recolha e informa\u00e7\u00e3o sobre o destino adequado a dar aos el\u00e9tricos e eletr\u00f3nicos e \u00e0s pilhas em fim de vida. Deste conjunto de pontos de recolha fazem parte, tamb\u00e9m, empresas e entidades locais que se juntaram a esta miss\u00e3o (Juntas de Freguesia, Centros de Dia, Bombeiros Volunt\u00e1rios, entre outras), garantido o tratamento, descontamina\u00e7\u00e3o e reciclagem dos res\u00edduos abrangidos.<\/p>\n<p>A campanha decorre a n\u00edvel nacional e abrange todos os graus de ensino (B\u00e1sico, Secund\u00e1rio\/Profissional e Superior) e conta com a entrega de res\u00edduos, tamb\u00e9m, por parte da comunidade envolvente, mobilizada pelos alunos, professores e funcion\u00e1rios dos estabelecimentos escolares.<\/p>\n<p>At\u00e9 momento, j\u00e1 foram recolhidas mais de 3500 toneladas de res\u00edduos e a m\u00e9dia de participa\u00e7\u00e3o anual aponta para 700 escolas, 40 000 Professores e 420 000 alunos. Para al\u00e9m da recolha, as escolas respondem a desafios criativos, segmentados por escal\u00f5es, numa \u00f3tica de preven\u00e7\u00e3o e promo\u00e7\u00e3o da reutiliza\u00e7\u00e3o de materiais.<\/p>\n<p>Mais informa\u00e7\u00e3o <a href=\"http:\/\/www.geracaodepositrao.abae.pt\/\">aqui<\/a>.<\/p>\n<p><strong>Objetivos:<\/strong><\/p>\n<ul>\n<li style=\"list-style-type: none\">\n<ul>\n<li>Introduzir o tema da preven\u00e7\u00e3o e reciclagem de REEE e RPA no conjunto de comportamentos dos cidad\u00e3os, transformando as escolas aderentes em pontos de recolha destes res\u00edduos e de informa\u00e7\u00e3o\/sensibiliza\u00e7\u00e3o da comunidade local;<\/li>\n<li>Sensibilizar a comunidade escolar para a import\u00e2ncia da recolha de REEE e pilhas usadas;<\/li>\n<li>Aumentar os quantitativos de res\u00edduos recolhidos seletivamente;<\/li>\n<li>Incluir a preven\u00e7\u00e3o de res\u00edduos no conjunto de preocupa\u00e7\u00f5es dos cidad\u00e3os, promovendo o consumo consciente e a redu\u00e7\u00e3o da frequ\u00eancia de descarte dos mesmos.<\/li>\n<\/ul>\n<\/li>\n<\/ul>\n<p><img loading=\"lazy\" decoding=\"async\" class=\"wp-image-4292 alignnone\" src=\"https:\/\/erp-recycling.org\/pt-pt\/wp-content\/uploads\/sites\/16\/2021\/01\/Imagem_site.jpg\" alt=\"GD13\" width=\"266\" height=\"184\" \/><\/p>\n<hr \/>\n<h3 class=\"fusion-responsive-typography-calculated\" style=\"--fontsize: 30;line-height: 1.25\" data-fontsize=\"30\" data-lineheight=\"37.5px\">TODOS PELO IPO<\/h3>\n<p><strong>Ano: <\/strong>2020<\/p>\n<p><strong>Parceiros:<\/strong> Instituto Portugu\u00eas de Oncologia (IPO) Fernando Gentil<\/p>\n<p><strong>Descri\u00e7\u00e3o:<\/strong><br \/>\nA ERP Portugal associou-se pela primeira vez ao IPO para desafiar os Portugueses a participar na reciclagem dos seus res\u00edduos e ajudar o Instituto na sua miss\u00e3o. Para fazer parte da a\u00e7\u00e3o \u201cTodos pelo IPO\u201d, bastava entregar pilhas usadas que j\u00e1 n\u00e3o funcionam nos mais de 5000 pontos de recolha da ERP Portugal, distribu\u00eddos por todo o pa\u00eds, incluindo tamb\u00e9m as instala\u00e7\u00f5es do pr\u00f3prio IPO (lista dispon\u00edvel <a href=\"http:\/\/www.eureciclo.pt\/\">aqui<\/a>).<\/p>\n<p>No conjunto de res\u00edduos abrangidos pela iniciativa encontram-se pilhas e pequenos equipamentos como comandos, brinquedos, lanternas ou rel\u00f3gios e baterias de computadores port\u00e1teis, telem\u00f3veis ou comandos de consolas de jogos.<\/p>\n<p>Os res\u00edduos recolhidos at\u00e9 ao final do ano ser\u00e3o transformados em donativo a entregar ao IPO para a aquisi\u00e7\u00e3o de equipamentos de diagn\u00f3stico e tratamento de doen\u00e7as oncol\u00f3gicas.<\/p>\n<p><strong>Objetivos:<\/strong><\/p>\n<ul>\n<li>Mobilizar os Portugueses para utiliza\u00e7\u00e3o dos canais corretos de entrega de REEE e pilhas usadas;<\/li>\n<li>Aumentar as quantidades de res\u00edduos recolhidos e reciclados e, ao mesmo tempo, cumprir a vertente social de ajuda ao IPO.<\/li>\n<\/ul>\n<p><img loading=\"lazy\" decoding=\"async\" class=\"wp-image-4187 alignnone\" src=\"https:\/\/erp-recycling.org\/pt-pt\/wp-content\/uploads\/sites\/16\/2020\/11\/Campanha_IPO_VF-scaled.jpg\" alt=\"\" width=\"113\" height=\"160\" \/><\/p>\n<hr \/>\n<h3 class=\"fusion-responsive-typography-calculated\" style=\"--fontsize: 30;line-height: 1.25\" data-fontsize=\"30\" data-lineheight=\"37.5px\">WORTEN TRANSFORMA<\/h3>\n<p><strong>Ano: <\/strong>2020<\/p>\n<p><strong>Parceiros:<\/strong> Worten e Entreajuda<\/p>\n<p><strong>Descri\u00e7\u00e3o:<\/strong><br \/>\nRecolha de REEE em todas as lojas Worten do pa\u00eds com o objetivo de transformar as toneladas recolhidas em novos equipamentos a doar a institui\u00e7\u00f5es de cariz social. Para contribuir para a causa era poss\u00edvel, tamb\u00e9m, fazer uma doa\u00e7\u00e3o em worten.pt, adicionando ao carrinho o produto \u2018Transforma\u2019, dispon\u00edvel a partir de 0,50\u20ac.<\/p>\n<p>Esta iniciativa apresentou dois momentos: Junho e dezembro.<\/p>\n<p><strong>Objetivos:<\/strong><\/p>\n<ul>\n<li>Mobilizar os Portugueses para utiliza\u00e7\u00e3o dos canais corretos de entrega de REEE (como as lojas Worten);<\/li>\n<li>Aumentar as quantidades de res\u00edduos recolhidos e reciclados e, ao mesmo tempo, cumprir a vertente social de ajudar as institui\u00e7\u00f5es a visar.<\/li>\n<\/ul>\n<p><img loading=\"lazy\" decoding=\"async\" class=\"wp-image-4244 alignnone\" src=\"https:\/\/erp-recycling.org\/pt-pt\/wp-content\/uploads\/sites\/16\/2020\/12\/WT_Site.jpg\" alt=\"WT_Site\" width=\"113\" height=\"118\" \/><\/p>\n<hr \/>\n<h3 class=\"fusion-responsive-typography-calculated\" style=\"--fontsize: 30;line-height: 1.25\" data-fontsize=\"30\" data-lineheight=\"37.5px\">N\u00c3O ABANDONE AS SUAS PILHAS E EQUIPAMENTOS USADOS.<br \/>\nRECICLAR TAMB\u00c9M \u00c9 AJUDAR!<\/h3>\n<p><strong>Ano: <\/strong>2020<\/p>\n<p><strong>Parceiros:<\/strong> Pingo Doce e Liga Portuguesa dos Direitos do Animal<\/p>\n<p><strong>Descri\u00e7\u00e3o:<\/strong><br \/>\nCampanha de recolha de pequenos equipamentos el\u00e9tricos e eletr\u00f3nicos e pilhas usadas, em parceria com o Pingo Doce, para angariar fundos para a Liga Portuguesa dos Direitos do Animal (LPDA). Entre os meses de novembro e dezembro, por cada tonelada entregue nas lojas Pingo Doce ser\u00e3o doados 100\u20ac \u00e0 LPDA para a aquisi\u00e7\u00e3o de recursos e mantimentos.<\/p>\n<p><strong>Objetivos:<\/strong><\/p>\n<ul>\n<li>Mobilizar os Portugueses para utiliza\u00e7\u00e3o dos canais corretos de entrega de REEE e pilhas usadas (como as lojas Pingo Doce);<\/li>\n<li>Aumentar as quantidades de res\u00edduos recolhidos e reciclados e, ao mesmo tempo, cumprir a vertente social de ajuda \u00e0 LPDA.<\/li>\n<\/ul>\n<p><img loading=\"lazy\" decoding=\"async\" class=\"wp-image-4342 alignnone\" src=\"https:\/\/erp-recycling.org\/pt-pt\/wp-content\/uploads\/sites\/16\/2021\/02\/PD_LPDA.jpg\" alt=\"PD_LPDA\" width=\"170\" height=\"121\" \/><\/p>\n<h2 class=\"fusion-responsive-typography-calculated\" style=\"--fontsize: 50;line-height: 1.2\" data-fontsize=\"50\" data-lineheight=\"60px\"><\/h2>\n<hr \/>\n<h3 class=\"fusion-responsive-typography-calculated\" style=\"--fontsize: 30;line-height: 1.25\" data-fontsize=\"30\" data-lineheight=\"37.5px\">CAMPANHA EDP COMERCIAL<\/h3>\n<p><strong>Ano: <\/strong>2020<\/p>\n<p><strong>Parceiros:<\/strong> EDP Comercial<\/p>\n<p><strong>Descri\u00e7\u00e3o:<\/strong><br \/>\nIntegrada <a href=\"https:\/\/www.edp.pt\/particulares\/planeta-zero\/\">na nova App da EDP Comercial<\/a> (app EDP Zero), esta iniciativa pretendia incentivar os h\u00e1bitos de reciclagem dos Res\u00edduos de Equipamentos El\u00e9tricos e Eletr\u00f3nicos (REEE) e contribuir, atrav\u00e9s deste movimento, para a poupan\u00e7a do planeta, que \u00e9 de todos. Atrav\u00e9s da sua rede, a EDP Comercial ficou respons\u00e1vel por receber estes equipamentos e coube \u00e0 ERP Portugal recolher e garantir a sua reciclagem.<\/p>\n<p><img loading=\"lazy\" decoding=\"async\" class=\"wp-image-4105 alignnone\" src=\"https:\/\/erp-recycling.org\/pt-pt\/wp-content\/uploads\/sites\/16\/2020\/10\/geracao-zero-1-scaled.jpg\" alt=\"\" width=\"173\" height=\"97\" \/><\/p>\n<h2 class=\"fusion-responsive-typography-calculated\" style=\"--fontsize: 50;line-height: 1.2\" data-fontsize=\"50\" data-lineheight=\"60px\"><\/h2>\n<hr \/>\n<h3 class=\"fusion-responsive-typography-calculated\" style=\"--fontsize: 30;line-height: 1.25\" data-fontsize=\"30\" data-lineheight=\"37.5px\">REDES SOCIAIS<\/h3>\n<p>Sensibiliza\u00e7\u00e3o dos consumidores para a ado\u00e7\u00e3o de boas pr\u00e1ticas em mat\u00e9ria de gest\u00e3o de res\u00edduos, com especial foco nos REEE e pilhas usadas.<\/p>\n<p><strong>Ano de in\u00edcio:<\/strong> 2020<\/p>\n<p><strong>Descri\u00e7\u00e3o:<\/strong><br \/>\nUtiliza\u00e7\u00e3o das redes sociais e outras plataformas digitais como o <a href=\"https:\/\/www.facebook.com\/erp.portugal\/\">Facebook<\/a>, <a href=\"https:\/\/www.instagram.com\/erp_portugal\/\">Instagram<\/a>, <a href=\"https:\/\/www.linkedin.com\/company\/erp-portugal\/\">LinkedIn<\/a> e <a href=\"https:\/\/www.youtube.com\/channel\/UCuDmbWRDwy7KCQSFz054sOQ\">YouTube<\/a> para transmitir mensagens de sensibiliza\u00e7\u00e3o e mobiliza\u00e7\u00e3o de comportamentos, de forma a mudar a atitude face ao tema e impulsionar os quantitativos de recolha seletiva de REEE e RPA.<\/p>\n<p><strong>Objetivos:<\/strong><\/p>\n<ul>\n<li>Mobiliza\u00e7\u00e3o dos Portugueses para utiliza\u00e7\u00e3o dos canais corretos de entrega de REEE e pilhas usadas;<\/li>\n<li>Integrar conceitos relacionados com a reciclagem de REEE e RPA no conjunto de preocupa\u00e7\u00f5es dos seguidores;<\/li>\n<li>Promover a utiliza\u00e7\u00e3o dos canais de deposi\u00e7\u00e3o previstos para estes res\u00edduos.<\/li>\n<\/ul>\n<h2 class=\"fusion-responsive-typography-calculated\" style=\"--fontsize: 50;line-height: 1.2\" data-fontsize=\"50\" data-lineheight=\"60px\"><\/h2>\n<hr \/>\n<h3 class=\"fusion-responsive-typography-calculated\" style=\"--fontsize: 30;line-height: 1.25\" data-fontsize=\"30\" data-lineheight=\"37.5px\">SOFIA INSPIRA<\/h3>\n<p>conjunto de oito epis\u00f3dios que exemplificam como dar uma segunda oportunidade aos REEE e RPA, atrav\u00e9s dos famosos DIY (Do It Yoursef) e trabalhos manuais da artista Sofia Cotrim, do programa \u201cMundo de Sofia\u201d.<\/p>\n<p><strong>Ano de in\u00edcio:<\/strong> 2020<\/p>\n<p><strong>Parceiros:<\/strong> Novo Verde<\/p>\n<p><strong>Descri\u00e7\u00e3o:<\/strong><br \/>\nS\u00e9rie pautada pelos valores da redu\u00e7\u00e3o e reutiliza\u00e7\u00e3o, e tamb\u00e9m pela divers\u00e3o entre pares e fam\u00edlias, dispon\u00edvel nas redes Instagram, Facebook, Linkedin e Youtube da ERP Portugal e Novo Verde. Nos 8 epis\u00f3dios as embalagens usadas, os equipamentos el\u00e9tricos e as pilhas em fim de vida foram os atores principais de obras 100% sustent\u00e1veis e que apresentavam como denominador comum a mensagem de sensibiliza\u00e7\u00e3o e emerg\u00eancia ambiental.<\/p>\n<p><strong>Objetivos:<\/strong><\/p>\n<ul>\n<li>Mobiliza\u00e7\u00e3o dos Portugueses para utiliza\u00e7\u00e3o dos canais corretos de entrega de embalagens, REEE e pilhas usadas;<\/li>\n<li>Integrar conceitos relacionados com a reciclagem de embalagens, REEE e RPA no conjunto de preocupa\u00e7\u00f5es dos seguidores;<\/li>\n<li>Promover a utiliza\u00e7\u00e3o dos canais de deposi\u00e7\u00e3o previstos para estes res\u00edduos.<\/li>\n<\/ul>\n<p>Mais informa\u00e7\u00e3o <a href=\"https:\/\/www.youtube.com\/channel\/UCuDmbWRDwy7KCQSFz054sOQ\">aqui<\/a>.<\/p>\n<p><img loading=\"lazy\" decoding=\"async\" class=\"wp-image-3924 alignnone\" src=\"https:\/\/erp-recycling.org\/pt-pt\/wp-content\/uploads\/sites\/16\/2020\/05\/SofiaInspira-1-e1590764698833.jpg\" alt=\"SofiaInspira\" width=\"130\" height=\"66\" \/><\/p>\n<h2 class=\"fusion-responsive-typography-calculated\" style=\"--fontsize: 50;line-height: 1.2\" data-fontsize=\"50\" data-lineheight=\"60px\"><\/h2>\n<hr \/>\n<h3 class=\"fusion-responsive-typography-calculated\" style=\"--fontsize: 30;line-height: 1.25\" data-fontsize=\"30\" data-lineheight=\"37.5px\">TRAGA PILHAS<\/h3>\n<p>Marca criada pela ERP Portugal para dinamizar a recolha de pilhas usadas, apelando \u00e0 participa\u00e7\u00e3o ati va dos cidad\u00e3os neste miss\u00e3o.<\/p>\n<p><strong>Ano de in\u00edcio: <\/strong>2020<\/p>\n<p><strong>Parceiros:<\/strong> NA<\/p>\n<p><strong>Descri\u00e7\u00e3o:<\/strong><br \/>\nA designa\u00e7\u00e3o da marca apela, naturalmente, ao comportamento de levar pilhas e acumuladores em fim de vida at\u00e9 aos pontos de recolha seletiva e garantir, assim, a sua reciclagem. Os equipamentos log\u00edsticos existentes no terreno s\u00e3o portadores deste <em>call to action<\/em> e assumem uma nova identidade e imagem, com maior destaque e impacto, totalmente dedicadas a esta problem\u00e1tica.<\/p>\n<p><strong>Objetivos:<\/strong><\/p>\n<ul>\n<li>Alertar o consumidor para a import\u00e2ncia e necessidade de reciclar este tipo de res\u00edduo, estimulando a sua participa\u00e7\u00e3o ativa neste processo;<\/li>\n<li>Promover a utiliza\u00e7\u00e3o dos canais de deposi\u00e7\u00e3o previstos para estes res\u00edduos.<\/li>\n<\/ul>\n<p><img loading=\"lazy\" decoding=\"async\" class=\"wp-image-3954 alignnone\" src=\"https:\/\/erp-recycling.org\/pt-pt\/wp-content\/uploads\/sites\/16\/2020\/06\/TRAGA-PILHAS-RED-e1596038542635.jpg\" alt=\"TRAGA PILHAS RED\" width=\"110\" height=\"107\" \/><\/p>\n<\/div><\/div><\/div><div class=\"fusion-layout-column fusion_builder_column fusion-builder-column-5 fusion_builder_column_3_4 3_4 fusion-flex-column\" style=\"--awb-bg-size:cover;--awb-width-large:75%;--awb-margin-top-large:0px;--awb-spacing-right-large:2.56%;--awb-margin-bottom-large:20px;--awb-spacing-left-large:2.56%;--awb-width-medium:100%;--awb-order-medium:0;--awb-spacing-right-medium:1.92%;--awb-spacing-left-medium:1.92%;--awb-width-small:100%;--awb-order-small:0;--awb-spacing-right-small:1.92%;--awb-spacing-left-small:1.92%;\"><div class=\"fusion-column-wrapper fusion-column-has-shadow fusion-flex-justify-content-flex-start fusion-content-layout-column\"><div class=\"fusion-text fusion-text-3\"><h3 class=\"fusion-responsive-typography-calculated\" style=\"--fontsize: 30;line-height: 1.25\" data-fontsize=\"30\" data-lineheight=\"37.5px\">______________________________________________________________<\/h3>\n<h3 class=\"fusion-responsive-typography-calculated\" style=\"--fontsize: 30;line-height: 1.25\" data-fontsize=\"30\" data-lineheight=\"37.5px\">ERP Portugal lan\u00e7a projeto pioneiro de sensibiliza\u00e7\u00e3o com a C\u00e2mara Municipal de Loures<\/h3>\n<p><strong>Ano: <\/strong>2024<\/p>\n<p><strong>Parceiros:<\/strong> C\u00e2mara Municipal de Loures<\/p>\n<p><strong>Descri\u00e7\u00e3o:<\/strong><\/p>\n<p>A ERP Portugal e a C\u00e2mara Municipal de Loures unem-se para promover a campanha <strong>\u201cOnde Est\u00e3o as Pilhas?\u201d<\/strong>, com o objetivo de incentivar \u00e0 recolha de RP&amp;A, refor\u00e7ando o compromisso ambiental das duas institui\u00e7\u00f5es e fomentando a literacia ambiental das equipas municipais de Loures, dotando todas as instala\u00e7\u00f5es com equipamentos log\u00edsticos para recolha de pilhas.<\/p>\n<p>Esta campanha que arrancou hoje, dia 5 de mar\u00e7o, com um evento na C\u00e2mara Municipal de Loures, contou com a presen\u00e7a de <strong>Rosa Monforte, Diretora-Geral da ERP Portugal<\/strong>, e <strong>Nuno Ricardo Concei\u00e7\u00e3o Dias, Vereador do Munic\u00edpio de Loures<\/strong>.<\/p>\n<p>Uma carta de compromisso foi assinada pelas duas entidades de forma a que, juntas, unam esfor\u00e7os para a resolu\u00e7\u00e3o de um problema nacional: os reduzidos quantitativos de pilhas enviados para reciclagem. Tendo a no\u00e7\u00e3o de, Portugal estar aqu\u00e9m das metas de recolha europeias, o que se prende essencialmente com quest\u00f5es comportamentais, as entidades pretendem com esta a\u00e7\u00e3o fomentar h\u00e1bitos de entrega de pilhas em fim de vida, contrariando a tend\u00eancia de ac\u00famulo.<\/p>\n<p>Esta campanha ir\u00e1 ter um refor\u00e7o de sensibiliza\u00e7\u00e3o ao longo de todos os meses, at\u00e9 ao dia 5 de junho, Dia Mundial do Ambiente, onde a ERP Portugal e a C\u00e2mara Municipal de Loures se comprometem a manter o foco na educa\u00e7\u00e3o das popula\u00e7\u00f5es.<\/p>\n<p><img loading=\"lazy\" decoding=\"async\" class=\"alignnone wp-image-9725 size-medium\" src=\"https:\/\/erp-recycling.org\/pt-pt\/wp-content\/uploads\/sites\/53\/2024\/03\/2-300x200.jpg\" alt=\"\" width=\"300\" height=\"200\" srcset=\"https:\/\/erp-recycling.org\/pt-pt\/wp-content\/uploads\/sites\/53\/2024\/03\/2-200x133.jpg 200w, https:\/\/erp-recycling.org\/pt-pt\/wp-content\/uploads\/sites\/53\/2024\/03\/2-300x200.jpg 300w, https:\/\/erp-recycling.org\/pt-pt\/wp-content\/uploads\/sites\/53\/2024\/03\/2-400x266.jpg 400w, https:\/\/erp-recycling.org\/pt-pt\/wp-content\/uploads\/sites\/53\/2024\/03\/2-600x399.jpg 600w, https:\/\/erp-recycling.org\/pt-pt\/wp-content\/uploads\/sites\/53\/2024\/03\/2-768x511.jpg 768w, https:\/\/erp-recycling.org\/pt-pt\/wp-content\/uploads\/sites\/53\/2024\/03\/2-800x532.jpg 800w, https:\/\/erp-recycling.org\/pt-pt\/wp-content\/uploads\/sites\/53\/2024\/03\/2-1024x681.jpg 1024w, https:\/\/erp-recycling.org\/pt-pt\/wp-content\/uploads\/sites\/53\/2024\/03\/2-1200x798.jpg 1200w, https:\/\/erp-recycling.org\/pt-pt\/wp-content\/uploads\/sites\/53\/2024\/03\/2-1536x1022.jpg 1536w\" sizes=\"auto, (max-width: 300px) 100vw, 300px\" \/> \u00a0<img loading=\"lazy\" decoding=\"async\" class=\"alignnone wp-image-9727 size-medium\" src=\"https:\/\/erp-recycling.org\/pt-pt\/wp-content\/uploads\/sites\/53\/2024\/03\/WhatsApp-Image-2024-03-06-at-17.32.48-1-300x195.jpeg\" alt=\"\" width=\"300\" height=\"195\" srcset=\"https:\/\/erp-recycling.org\/pt-pt\/wp-content\/uploads\/sites\/53\/2024\/03\/WhatsApp-Image-2024-03-06-at-17.32.48-1-200x130.jpeg 200w, https:\/\/erp-recycling.org\/pt-pt\/wp-content\/uploads\/sites\/53\/2024\/03\/WhatsApp-Image-2024-03-06-at-17.32.48-1-300x195.jpeg 300w, https:\/\/erp-recycling.org\/pt-pt\/wp-content\/uploads\/sites\/53\/2024\/03\/WhatsApp-Image-2024-03-06-at-17.32.48-1-400x260.jpeg 400w, https:\/\/erp-recycling.org\/pt-pt\/wp-content\/uploads\/sites\/53\/2024\/03\/WhatsApp-Image-2024-03-06-at-17.32.48-1-600x390.jpeg 600w, https:\/\/erp-recycling.org\/pt-pt\/wp-content\/uploads\/sites\/53\/2024\/03\/WhatsApp-Image-2024-03-06-at-17.32.48-1-768x500.jpeg 768w, https:\/\/erp-recycling.org\/pt-pt\/wp-content\/uploads\/sites\/53\/2024\/03\/WhatsApp-Image-2024-03-06-at-17.32.48-1-800x521.jpeg 800w, https:\/\/erp-recycling.org\/pt-pt\/wp-content\/uploads\/sites\/53\/2024\/03\/WhatsApp-Image-2024-03-06-at-17.32.48-1-1024x666.jpeg 1024w, https:\/\/erp-recycling.org\/pt-pt\/wp-content\/uploads\/sites\/53\/2024\/03\/WhatsApp-Image-2024-03-06-at-17.32.48-1-1200x781.jpeg 1200w, https:\/\/erp-recycling.org\/pt-pt\/wp-content\/uploads\/sites\/53\/2024\/03\/WhatsApp-Image-2024-03-06-at-17.32.48-1.jpeg 1346w\" sizes=\"auto, (max-width: 300px) 100vw, 300px\" \/><\/p>\n<h3 class=\"fusion-responsive-typography-calculated\" style=\"--fontsize: 30;line-height: 1.25\" data-fontsize=\"30\" data-lineheight=\"37.5px\">_____________________________________________________________<\/h3>\n<h3 class=\"fusion-responsive-typography-calculated\" style=\"--fontsize: 30;line-height: 1.25\" data-fontsize=\"30\" data-lineheight=\"37.5px\">ERP Portugal e Clube de Futebol &#8220;Os Belenenses&#8221; juntam-se para apoiar a Comunidade Vida e Paz<\/h3>\n<p><strong>Ano: <\/strong>2023<\/p>\n<p><strong>Parceiros:<\/strong> Os Belenenses<\/p>\n<p><strong>Descri\u00e7\u00e3o:<\/strong><\/p>\n<p>&#8220;Pilhas de Amor neste Natal&#8221; \u00e9 a nova campanha desta quadra natal\u00edcia que tem como principal objetivo o de sensibilizar e educar para o correto encaminhamento de RP&amp;A, mas que tamb\u00e9m servir\u00e1 para a ERP Portugal e Os Belenenses marcarem o Natal de uma institui\u00e7\u00e3o: a Comunidade Vida e Paz.<\/p>\n<p>A ERP Portugal ir\u00e1 disponibilizar, ao longo de todas as instala\u00e7\u00f5es desportivas do hist\u00f3rico clube, cilindros que servir\u00e3o de pontos de entrega para todas as pilhas em fim de vida que os adeptos do Restelo queiram descartar. O valor total de pilhas recolhidas ir\u00e1, no final, ditar quanto \u00e9 que ser\u00e1 o donativo \u00e0 Comunidade Vida e Paz.<\/p>\n<p>Esta campanha conjunta vem no seguimento do acordo assinado entre Os Belenenses e a ERP Portugal para o patroc\u00ednio ao clube, e insere-se numa s\u00e9rie de campanhas que t\u00eam sido implementadas no complexo desportivo do Est\u00e1dio do Restelo e que est\u00e3o sob o mote <strong>Recicle! <\/strong>.<\/p>\n<p>\u201cA ERP Portugal e Os Belenenses est\u00e3o intrinsecamente ligados na sua responsabilidade n\u00e3o s\u00f3 ambiental, mas social. Numa quadra t\u00e3o importante, \u00e9 com enorme satisfa\u00e7\u00e3o que lan\u00e7amos esta campanha de Natal que ir\u00e1 ter, como principais beneficiados, uma associa\u00e7\u00e3o que muito precisa do nosso apoio, para a prossecu\u00e7\u00e3o do bom trabalho que faz: a Comunidade Vida e Paz.\u201d, sublinha <strong>Rosa Monforte, Diretora-Geral da ERP Portugal.<\/strong><\/p>\n<p>J\u00e1 <strong>Patrick Morais, Presidente do Clube de Futebol \u201cOs Belenense<\/strong><strong>s\u201d<\/strong>, afirma: \u201cO Belenenses refor\u00e7a a sua convic\u00e7\u00e3o de que acertou em cheio ao celebrar o acordo de patroc\u00ednio com a ERP Portugal segundo o mote Recicle!, uma parceria que torna o Clube uma institui\u00e7\u00e3o socialmente mais respons\u00e1vel, em respeito por um ambiente mais sustent\u00e1vel e \u00e9 com muita satisfa\u00e7\u00e3o que encaramos mais esta campanha de Natal, para a qual convidamos todos os adeptos e a comunidade em geral a participar at\u00e9 ao \u00faltimo dia deste ano de 2023.\u201d<\/p>\n<p><img loading=\"lazy\" decoding=\"async\" class=\"alignnone wp-image-9723 size-medium\" src=\"https:\/\/erp-recycling.org\/pt-pt\/wp-content\/uploads\/sites\/53\/2024\/03\/Criatividade-redes-sociais-241x300.jpg\" alt=\"\" width=\"241\" height=\"300\" srcset=\"https:\/\/erp-recycling.org\/pt-pt\/wp-content\/uploads\/sites\/53\/2024\/03\/Criatividade-redes-sociais-200x249.jpg 200w, https:\/\/erp-recycling.org\/pt-pt\/wp-content\/uploads\/sites\/53\/2024\/03\/Criatividade-redes-sociais-241x300.jpg 241w, https:\/\/erp-recycling.org\/pt-pt\/wp-content\/uploads\/sites\/53\/2024\/03\/Criatividade-redes-sociais-400x497.jpg 400w, https:\/\/erp-recycling.org\/pt-pt\/wp-content\/uploads\/sites\/53\/2024\/03\/Criatividade-redes-sociais-600x746.jpg 600w, https:\/\/erp-recycling.org\/pt-pt\/wp-content\/uploads\/sites\/53\/2024\/03\/Criatividade-redes-sociais-768x954.jpg 768w, https:\/\/erp-recycling.org\/pt-pt\/wp-content\/uploads\/sites\/53\/2024\/03\/Criatividade-redes-sociais-800x994.jpg 800w, https:\/\/erp-recycling.org\/pt-pt\/wp-content\/uploads\/sites\/53\/2024\/03\/Criatividade-redes-sociais-824x1024.jpg 824w, https:\/\/erp-recycling.org\/pt-pt\/wp-content\/uploads\/sites\/53\/2024\/03\/Criatividade-redes-sociais.jpg 915w\" sizes=\"auto, (max-width: 241px) 100vw, 241px\" \/><\/p>\n<h3 class=\"fusion-responsive-typography-calculated\" style=\"--fontsize: 30;line-height: 1.25\" data-fontsize=\"30\" data-lineheight=\"37.5px\">___________________________________________________________<\/h3>\n<h3 class=\"fusion-responsive-typography-calculated\" style=\"--fontsize: 30;line-height: 1.25\" data-fontsize=\"30\" data-lineheight=\"37.5px\">C\u00e9sar Mour\u00e3o \u00e9 a cara da nova campanha de sensibiliza\u00e7\u00e3o da ERP Portugal com a LG<\/h3>\n<p><strong>Ano: <\/strong>2023<\/p>\n<p><strong>Parceiros:<\/strong> LG<\/p>\n<p><strong>Descri\u00e7\u00e3o:<\/strong><\/p>\n<p>A ERP Portugal e a <a href=\"https:\/\/novoverde.pt\/\">Novo Verde<\/a> juntam-se \u00e0 LG, no \u00e2mbito do programa <a href=\"https:\/\/www.parceirosustentavelerp.pt\/\">Parceiro Sustent\u00e1vel<\/a>, com uma campanha de sensibiliza\u00e7\u00e3o protagonizada por <strong>C\u00e9sar Mour\u00e3o.<\/strong><\/p>\n<p>A campanha, com in\u00edcio no dia 26 de dezembro, e que decorrer\u00e1 at\u00e9 ao final da primeira semana de janeiro de 2024, tem como base um spot de r\u00e1dio e um v\u00eddeo de anima\u00e7\u00e3o, que ser\u00e3o divulgados atrav\u00e9s de radiodifus\u00e3o sonora e digital.<\/p>\n<p>Com o objetivo de promover a preven\u00e7\u00e3o de res\u00edduos, esta iniciativa real\u00e7a a import\u00e2ncia da efici\u00eancia, das garantias e das pe\u00e7as de substitui\u00e7\u00e3o para aumento do ciclo de vida dos produtos e a relev\u00e2ncia de pol\u00edticas de <em>ecodesign<\/em>, como parte essencial da economia circular, para facilitar a reciclagem de embalagens e dos seus produtos quando chegam ao seu fim de vida.<\/p>\n<p><img loading=\"lazy\" decoding=\"async\" class=\"alignnone wp-image-9721 size-medium\" src=\"https:\/\/erp-recycling.org\/pt-pt\/wp-content\/uploads\/sites\/53\/2024\/03\/ERP-Portugal_Thumbnail_1080x1350-240x300.png\" alt=\"\" width=\"240\" height=\"300\" srcset=\"https:\/\/erp-recycling.org\/pt-pt\/wp-content\/uploads\/sites\/53\/2024\/03\/ERP-Portugal_Thumbnail_1080x1350-200x250.png 200w, https:\/\/erp-recycling.org\/pt-pt\/wp-content\/uploads\/sites\/53\/2024\/03\/ERP-Portugal_Thumbnail_1080x1350-240x300.png 240w, https:\/\/erp-recycling.org\/pt-pt\/wp-content\/uploads\/sites\/53\/2024\/03\/ERP-Portugal_Thumbnail_1080x1350-400x500.png 400w, https:\/\/erp-recycling.org\/pt-pt\/wp-content\/uploads\/sites\/53\/2024\/03\/ERP-Portugal_Thumbnail_1080x1350-600x750.png 600w, https:\/\/erp-recycling.org\/pt-pt\/wp-content\/uploads\/sites\/53\/2024\/03\/ERP-Portugal_Thumbnail_1080x1350-768x960.png 768w, https:\/\/erp-recycling.org\/pt-pt\/wp-content\/uploads\/sites\/53\/2024\/03\/ERP-Portugal_Thumbnail_1080x1350-800x1000.png 800w, https:\/\/erp-recycling.org\/pt-pt\/wp-content\/uploads\/sites\/53\/2024\/03\/ERP-Portugal_Thumbnail_1080x1350-819x1024.png 819w, https:\/\/erp-recycling.org\/pt-pt\/wp-content\/uploads\/sites\/53\/2024\/03\/ERP-Portugal_Thumbnail_1080x1350.png 1080w\" sizes=\"auto, (max-width: 240px) 100vw, 240px\" \/><\/p>\n<h3 class=\"fusion-responsive-typography-calculated\" style=\"--fontsize: 30;line-height: 1.25\" data-fontsize=\"30\" data-lineheight=\"37.5px\">___________________________________________________________<\/h3>\n<h3 class=\"fusion-responsive-typography-calculated\" style=\"--fontsize: 30;line-height: 1.25\" data-fontsize=\"30\" data-lineheight=\"37.5px\">ERP Portugal e Grupo Os Mosqueteiros juntos para sensibilizar a comunidade<\/h3>\n<p><strong>Ano: <\/strong>2023<\/p>\n<p><strong>Parceiros:<\/strong> Grupo Os Mosqueteiros (Intermarch\u00e9, Bricomarch\u00e9, Roady)<\/p>\n<p><strong>Descri\u00e7\u00e3o:<\/strong><\/p>\n<p>A campanha &#8220;Juntos pelo Ambiente&#8221;, desenvolvida no \u00e2mbito do programa <a href=\"https:\/\/www.parceirosustentavelerp.pt\/\">Parceiro Sustent\u00e1vel ERP<\/a>, arrancou a 18 de novembro, no contexto da Semana Europeia de Preven\u00e7\u00e3o de Res\u00edduos e esteve patente at\u00e9 26 de novembro, para sensibilizar a comunidade para o correto encaminhamento de res\u00edduos el\u00e9tricos, eletr\u00f3nicos, pilhas e l\u00e2mpadas.<\/p>\n<p>Todas as lojas Intermarch\u00e9, Bricormarch\u00e9 e Roady utilizaram uma das vozes mais conhecida do pa\u00eds como som de loja para amplificar a import\u00e2ncia da sustentabilidade e incentivar ao correto descarte de res\u00edduos, atingindo assim um p\u00fablico mais vasto e aumentando a consciencializa\u00e7\u00e3o sobre a reciclagem e preserva\u00e7\u00e3o do ambiente.<\/p>\n<p>Para <strong>Rosa Monforte,<\/strong> <strong>Diretora Geral da ERP Portugal,<\/strong> \u201cesta campanha, realizada em parceria com o Grupo Os Mosqueteiros, foi uma \u00f3tima oportunidade para sensibilizar a comunidade para a import\u00e2ncia do correto encaminhamento deste tipo de res\u00edduos e para incentivar h\u00e1bitos mais sustent\u00e1veis. Temos cada vez mais aderentes no programa \u201cParceiro Sustent\u00e1vel\u201d, o que tem resultado num grande crescimento das nossas a\u00e7\u00f5es de sensibiliza\u00e7\u00e3o, que pretendem alertar a comunidade para a import\u00e2ncia dos seus comportamentos e promover a reciclagem e o correto encaminhamento de res\u00edduos\u201d.<\/p>\n<p><img loading=\"lazy\" decoding=\"async\" class=\"alignnone wp-image-9718 size-medium\" src=\"https:\/\/erp-recycling.org\/pt-pt\/wp-content\/uploads\/sites\/53\/2024\/03\/Banner_480x600-240x300.png\" alt=\"\" width=\"240\" height=\"300\" srcset=\"https:\/\/erp-recycling.org\/pt-pt\/wp-content\/uploads\/sites\/53\/2024\/03\/Banner_480x600-200x250.png 200w, https:\/\/erp-recycling.org\/pt-pt\/wp-content\/uploads\/sites\/53\/2024\/03\/Banner_480x600-240x300.png 240w, https:\/\/erp-recycling.org\/pt-pt\/wp-content\/uploads\/sites\/53\/2024\/03\/Banner_480x600-400x500.png 400w, https:\/\/erp-recycling.org\/pt-pt\/wp-content\/uploads\/sites\/53\/2024\/03\/Banner_480x600.png 480w\" sizes=\"auto, (max-width: 240px) 100vw, 240px\" \/><\/p>\n<h3 class=\"fusion-responsive-typography-calculated\" style=\"--fontsize: 30;line-height: 1.25\" data-fontsize=\"30\" data-lineheight=\"37.5px\">______________________________________________________________<\/h3>\n<h3 class=\"fusion-responsive-typography-calculated\" style=\"--fontsize: 30;line-height: 1.25\" data-fontsize=\"30\" data-lineheight=\"37.5px\">ERP Portugal no Vital Sport da Decathlon<\/h3>\n<p><strong>Ano: <\/strong>2023<\/p>\n<p><strong>Parceiros:<\/strong> Decathlon<\/p>\n<p><strong>Descri\u00e7\u00e3o:<\/strong><\/p>\n<p>A ERP Portugal e a <a href=\"https:\/\/novoverde.pt\/\">Novo Verde<\/a> marcaram presen\u00e7a no Vital Sport da Decathlon, evento que apela para os benef\u00edcios do desporto e da atividade f\u00edsica, com o objetivo de sensibilizar e consciencializar para a correta separa\u00e7\u00e3o e encaminhamento de res\u00edduos, nos dias 23, 24 e 30 de setembro e 1 de outubro.<\/p>\n<p>O Vital Sport \u00e9 um evento da Decathlon aberto a todas as pessoas, e a ERP Portugal e a Novo Verde estiveram presentes no Food Court deste evento gratuito, com ecopontos humanos da Novo Verde e com promotores da ERP Portugal que desafiaram todos os participantes ao correto encaminhamento de res\u00edduos e oferecendo <em>ecobags<\/em> de reciclagem.<\/p>\n<p>Esta parceria liga o desporto, a sa\u00fade e o ambiente, enquanto promove a literacia ambiental e consciencializa os participantes para a import\u00e2ncia da ado\u00e7\u00e3o de pr\u00e1ticas mais sustent\u00e1veis.<\/p>\n<p>Esta iniciativa foi desenvolvida no \u00e2mbito do programa Parceiro Sustent\u00e1vel, que apoia e inspira as empresas a desenvolverem iniciativas sustent\u00e1veis e pretende divulgar as melhores pr\u00e1ticas ambientais a n\u00edvel corporativo. Para saber mais sobre este programa consulte o site <a href=\"https:\/\/www.parceirosustentavelerp.pt\/\">https:\/\/www.parceirosustentavelerp.pt\/<\/a><\/p>\n<p><img loading=\"lazy\" decoding=\"async\" class=\"alignnone wp-image-9713 size-medium\" src=\"https:\/\/erp-recycling.org\/pt-pt\/wp-content\/uploads\/sites\/53\/2024\/03\/Imagem1-240x300.png\" alt=\"\" width=\"240\" height=\"300\" srcset=\"https:\/\/erp-recycling.org\/pt-pt\/wp-content\/uploads\/sites\/53\/2024\/03\/Imagem1-200x250.png 200w, https:\/\/erp-recycling.org\/pt-pt\/wp-content\/uploads\/sites\/53\/2024\/03\/Imagem1-240x300.png 240w, https:\/\/erp-recycling.org\/pt-pt\/wp-content\/uploads\/sites\/53\/2024\/03\/Imagem1-400x500.png 400w, https:\/\/erp-recycling.org\/pt-pt\/wp-content\/uploads\/sites\/53\/2024\/03\/Imagem1.png 574w\" sizes=\"auto, (max-width: 240px) 100vw, 240px\" \/> <img loading=\"lazy\" decoding=\"async\" class=\"alignnone wp-image-9714 size-medium\" src=\"https:\/\/erp-recycling.org\/pt-pt\/wp-content\/uploads\/sites\/53\/2024\/03\/Imagem2-240x300.png\" alt=\"\" width=\"240\" height=\"300\" srcset=\"https:\/\/erp-recycling.org\/pt-pt\/wp-content\/uploads\/sites\/53\/2024\/03\/Imagem2-200x250.png 200w, https:\/\/erp-recycling.org\/pt-pt\/wp-content\/uploads\/sites\/53\/2024\/03\/Imagem2-240x300.png 240w, https:\/\/erp-recycling.org\/pt-pt\/wp-content\/uploads\/sites\/53\/2024\/03\/Imagem2-400x501.png 400w, https:\/\/erp-recycling.org\/pt-pt\/wp-content\/uploads\/sites\/53\/2024\/03\/Imagem2.png 573w\" sizes=\"auto, (max-width: 240px) 100vw, 240px\" \/><\/p>\n<h3 class=\"fusion-responsive-typography-calculated\" style=\"--fontsize: 30;line-height: 1.25\" data-fontsize=\"30\" data-lineheight=\"37.5px\">_______________________________________________________________<\/h3>\n<h3 class=\"fusion-responsive-typography-calculated\" style=\"--fontsize: 30;line-height: 1.25\" data-fontsize=\"30\" data-lineheight=\"37.5px\">ERP Portugal junta-se \u00e0 Sailors For The Sea para celebrar anivers\u00e1rio da Marina de Cascais<\/h3>\n<p><strong>Ano: <\/strong>2023<\/p>\n<p><strong>Parceiros:<\/strong> Sailors For The Sea Portugal, Marina de Cascais<\/p>\n<p><strong>Descri\u00e7\u00e3o:<\/strong><\/p>\n<p>No \u00e2mbito do 24\u00ba anivers\u00e1rio da Marina de Cascais, entre os dias 6 a 12 de agosto, a ERP Portugal e a Sailors For The Sea promoveram uma campanha de recolha de res\u00edduos, incentivando a comunidade a entregar os seus pequenos el\u00e9tricos, eletr\u00f3nicos e pilhas em fim de vida em todas as lojas da Marina de Cascais.<\/p>\n<p>A Campanha \u201cMarina Recicla\u201d \u00e9 mais uma iniciativa da Marina de Cascais e da Sailors For The Sea, em parceria com a ERP Portugal, que pretende sensibilizar e incentivar a comunidade a entregar estas tipologias de res\u00edduos com elevado potencial de reciclagem, de forma seletiva. Al\u00e9m disso, esta campanha demonstra a forte rela\u00e7\u00e3o de parceria entre as entidades, que partilham o prop\u00f3sito de contribuir para um planeta mais sustent\u00e1vel.<\/p>\n<p>\u201c\u00c9 com enorme satisfa\u00e7\u00e3o que celebramos o anivers\u00e1rio da Marina de Cascais, com a Sailors For The Sea. Acreditamos que, com esta parceria, estamos a fortalecer a nossa capacidade de criar um impacto significativo na sensibiliza\u00e7\u00e3o para o correto descarte de res\u00edduos e na consciencializa\u00e7\u00e3o ambiental da comunidade de Cascais. Queremos incentivar e convidar todas as pessoas a juntarem-se a n\u00f3s na causa comum que \u00e9 reciclar mais, em prol de um planeta mais limpo e sustent\u00e1vel\u201d, afirmou <strong>Rosa Monforte, Diretora Geral da ERP Portugal.<\/strong><\/p>\n<p><img loading=\"lazy\" decoding=\"async\" class=\"alignnone wp-image-9709 size-medium\" src=\"https:\/\/erp-recycling.org\/pt-pt\/wp-content\/uploads\/sites\/53\/2024\/03\/Cartaz-Marina-Recicla-V4-214x300.jpg\" alt=\"\" width=\"214\" height=\"300\" srcset=\"https:\/\/erp-recycling.org\/pt-pt\/wp-content\/uploads\/sites\/53\/2024\/03\/Cartaz-Marina-Recicla-V4-200x280.jpg 200w, https:\/\/erp-recycling.org\/pt-pt\/wp-content\/uploads\/sites\/53\/2024\/03\/Cartaz-Marina-Recicla-V4-214x300.jpg 214w, https:\/\/erp-recycling.org\/pt-pt\/wp-content\/uploads\/sites\/53\/2024\/03\/Cartaz-Marina-Recicla-V4-400x560.jpg 400w, https:\/\/erp-recycling.org\/pt-pt\/wp-content\/uploads\/sites\/53\/2024\/03\/Cartaz-Marina-Recicla-V4-600x840.jpg 600w, https:\/\/erp-recycling.org\/pt-pt\/wp-content\/uploads\/sites\/53\/2024\/03\/Cartaz-Marina-Recicla-V4-731x1024.jpg 731w, https:\/\/erp-recycling.org\/pt-pt\/wp-content\/uploads\/sites\/53\/2024\/03\/Cartaz-Marina-Recicla-V4-768x1075.jpg 768w, https:\/\/erp-recycling.org\/pt-pt\/wp-content\/uploads\/sites\/53\/2024\/03\/Cartaz-Marina-Recicla-V4-800x1120.jpg 800w, https:\/\/erp-recycling.org\/pt-pt\/wp-content\/uploads\/sites\/53\/2024\/03\/Cartaz-Marina-Recicla-V4-1097x1536.jpg 1097w, https:\/\/erp-recycling.org\/pt-pt\/wp-content\/uploads\/sites\/53\/2024\/03\/Cartaz-Marina-Recicla-V4-1200x1680.jpg 1200w, https:\/\/erp-recycling.org\/pt-pt\/wp-content\/uploads\/sites\/53\/2024\/03\/Cartaz-Marina-Recicla-V4-1463x2048.jpg 1463w, https:\/\/erp-recycling.org\/pt-pt\/wp-content\/uploads\/sites\/53\/2024\/03\/Cartaz-Marina-Recicla-V4-scaled.jpg 1829w\" sizes=\"auto, (max-width: 214px) 100vw, 214px\" \/><\/p>\n<h3 class=\"fusion-responsive-typography-calculated\" style=\"--fontsize: 30;line-height: 1.25\" data-fontsize=\"30\" data-lineheight=\"37.5px\">__________________________________________________________<\/h3>\n<h3 class=\"fusion-responsive-typography-calculated\" style=\"--fontsize: 30;line-height: 1.25\" data-fontsize=\"30\" data-lineheight=\"37.5px\">ERP Portugal e Novo Verde juntam-se ao &#8220;Querido Mudei a Casa&#8221; para sensibilizar popula\u00e7\u00e3o para a separa\u00e7\u00e3o e encaminhamento de res\u00edduos<\/h3>\n<p><strong>Ano: <\/strong>2023<\/p>\n<p><strong>Parceiros:<\/strong> Querido Mudei a Casa<\/p>\n<p><strong>Descri\u00e7\u00e3o:<\/strong><\/p>\n<p>As v\u00e1rias tipologias de res\u00edduos gerados pelo consumo da popula\u00e7\u00e3o requerem um encaminhamento e tratamento adequados, de modo a reduzir os impactos nocivos no nosso planeta.<\/p>\n<p>Conscientes desta problem\u00e1tica, a <strong>ERP Portugal <\/strong>e a<strong> Novo Verde<\/strong>, al\u00e9m de serem entidades respons\u00e1veis pela gest\u00e3o de res\u00edduos de embalagens e res\u00edduos el\u00e9tricos, eletr\u00f3nicos, pilhas e baterias, respetivamente, apostam na consciencializa\u00e7\u00e3o da popula\u00e7\u00e3o para comportamentos adequados que contribuam para um planeta mais verde, juntando-se, com este objetivo, ao programa \u201cQuerido Mudei a Casa\u201d, da TVI.<\/p>\n<p>Desta maneira, a <strong>ERP Portugal <\/strong>e a<strong> Novo Verde visam <\/strong>sensibilizar a popula\u00e7\u00e3o para o correto encaminhamento deste tipo de res\u00edduos. Sendo um programa de renova\u00e7\u00e3o de espa\u00e7os, muitos s\u00e3o os res\u00edduos gerados neste processo de remodela\u00e7\u00e3o, n\u00e3o s\u00f3 a n\u00edvel de embalagens das diversas ferramentas usadas no dia-a-dia da equipa, como tamb\u00e9m a n\u00edvel de substitui\u00e7\u00e3o de eletrodom\u00e9sticos obsoletos.<\/p>\n<p>Todos estes res\u00edduos devem ser devidamente recolhidos e encaminhados, e \u00e9 atrav\u00e9s da ERP Portugal e da Novo Verde que o programa assegurar\u00e1 este processo e sensibilizar\u00e1 os telespectadores para boas pr\u00e1ticas ambientais.<\/p>\n<p>Com presen\u00e7a em 24 epis\u00f3dios no total, transmitidos todos os domingos a partir de dia 9 de julho, as duas entidades pretendem contribuir para a literacia ambiental da popula\u00e7\u00e3o, incentivando a um papel mais ativo nesta mat\u00e9ria.<\/p>\n<p><img loading=\"lazy\" decoding=\"async\" class=\"alignnone wp-image-9654 size-medium\" src=\"https:\/\/erp-recycling.org\/pt-pt\/wp-content\/uploads\/sites\/53\/2024\/03\/DSC05586-300x200.jpg\" alt=\"\" width=\"300\" height=\"200\" srcset=\"https:\/\/erp-recycling.org\/pt-pt\/wp-content\/uploads\/sites\/53\/2024\/03\/DSC05586-200x133.jpg 200w, https:\/\/erp-recycling.org\/pt-pt\/wp-content\/uploads\/sites\/53\/2024\/03\/DSC05586-300x200.jpg 300w, https:\/\/erp-recycling.org\/pt-pt\/wp-content\/uploads\/sites\/53\/2024\/03\/DSC05586-400x267.jpg 400w, https:\/\/erp-recycling.org\/pt-pt\/wp-content\/uploads\/sites\/53\/2024\/03\/DSC05586-600x400.jpg 600w, https:\/\/erp-recycling.org\/pt-pt\/wp-content\/uploads\/sites\/53\/2024\/03\/DSC05586-768x512.jpg 768w, https:\/\/erp-recycling.org\/pt-pt\/wp-content\/uploads\/sites\/53\/2024\/03\/DSC05586-800x533.jpg 800w, https:\/\/erp-recycling.org\/pt-pt\/wp-content\/uploads\/sites\/53\/2024\/03\/DSC05586-1024x683.jpg 1024w, https:\/\/erp-recycling.org\/pt-pt\/wp-content\/uploads\/sites\/53\/2024\/03\/DSC05586-1200x800.jpg 1200w, https:\/\/erp-recycling.org\/pt-pt\/wp-content\/uploads\/sites\/53\/2024\/03\/DSC05586-1536x1024.jpg 1536w\" sizes=\"auto, (max-width: 300px) 100vw, 300px\" \/><\/p>\n<h3 class=\"fusion-responsive-typography-calculated\" style=\"--fontsize: 30;line-height: 1.25\" data-fontsize=\"30\" data-lineheight=\"37.5px\">________________________________________________________<\/h3>\n<h3 class=\"fusion-responsive-typography-calculated\" style=\"--fontsize: 30;line-height: 1.25\" data-fontsize=\"30\" data-lineheight=\"37.5px\">ERP Portugal e Novo Verde criam Pra\u00e7a da Sustentabilidade no Primavera Sound Porto<\/h3>\n<p><strong>Ano: <\/strong>2023<\/p>\n<p><strong>Parceiros:<\/strong> Lipor, Zero Cups<\/p>\n<p><strong>Descri\u00e7\u00e3o:<\/strong><\/p>\n<p>A <strong>ERP Portugal <\/strong>e a<strong> Novo Verde<\/strong>, entidades gestoras de res\u00edduos de embalagens e res\u00edduos el\u00e9tricos e eletr\u00f3nicos, e pilhas e baterias, respetivamente, criaram a Pra\u00e7a da Sustentabilidade no festival <strong>Primavera Sound<\/strong> <strong>Porto<\/strong>, entre os dias 7 e 10 de junho, de forma a sensibilizar a comunidade para <strong>a import\u00e2ncia da preven\u00e7\u00e3o de res\u00edduos<\/strong>, em parceria com a <strong>Lipor<\/strong> e a Zero Cups.<\/p>\n<p>Sob o mote <strong>\u201cReliga-te\u201d<\/strong>, a ERP Portugal, em parceria com a Lipor esteve presente com o <strong>CREW<\/strong>, projeto de Investiga\u00e7\u00e3o &amp; Desenvolvimento, com o objetivo de promover a preven\u00e7\u00e3o de res\u00edduos, atrav\u00e9s da realiza\u00e7\u00e3o de workshops de repara\u00e7\u00e3o de pequenos el\u00e9tricos e eletr\u00f3nicos, num <em>repair cafe.<\/em><\/p>\n<p>\u201cA presen\u00e7a da ERP Portugal e da Novo Verde neste evento vem refor\u00e7ar o seu principal objetivo de consciencializar a comunidade sobre a import\u00e2ncia da ado\u00e7\u00e3o de comportamentos ambientalmente respons\u00e1veis, contribuindo assim para a redu\u00e7\u00e3o da produ\u00e7\u00e3o de res\u00edduos.\u201d, afirma <strong>Ricardo Neto, Presidente da Novo Verde e da ERP Portugal.<\/strong><\/p>\n<p><img loading=\"lazy\" decoding=\"async\" class=\"size-medium wp-image-9438\" src=\"https:\/\/erp-recycling.org\/pt-pt\/wp-content\/uploads\/sites\/53\/2023\/07\/banner-primavera-sound-porto-300x130.png\" alt=\"erp-portugal-pra\u00e7a-sustentabilidade-primavera-sound-porto\" width=\"300\" height=\"130\" srcset=\"https:\/\/erp-recycling.org\/pt-pt\/wp-content\/uploads\/sites\/53\/2023\/07\/banner-primavera-sound-porto-200x87.png 200w, https:\/\/erp-recycling.org\/pt-pt\/wp-content\/uploads\/sites\/53\/2023\/07\/banner-primavera-sound-porto-300x130.png 300w, https:\/\/erp-recycling.org\/pt-pt\/wp-content\/uploads\/sites\/53\/2023\/07\/banner-primavera-sound-porto-400x174.png 400w, https:\/\/erp-recycling.org\/pt-pt\/wp-content\/uploads\/sites\/53\/2023\/07\/banner-primavera-sound-porto.png 567w\" sizes=\"auto, (max-width: 300px) 100vw, 300px\" \/><\/p>\n<h3 class=\"fusion-responsive-typography-calculated\" style=\"--fontsize: 30;line-height: 1.25\" data-fontsize=\"30\" data-lineheight=\"37.5px\"><a href=\"https:\/\/erp-recycling.org\/pt-pt\/wp-content\/uploads\/sites\/53\/2023\/05\/Regulamento-Passatempo-ERP-Primavera-Sound-Porto_rv5.docx\" target=\"_blank\" rel=\"noopener noreferrer\">Regulamento Give Away Primavera Sound Porto 2023<\/a><\/h3>\n<h3 class=\"fusion-responsive-typography-calculated\" style=\"--fontsize: 30;line-height: 1.25\" data-fontsize=\"30\" data-lineheight=\"37.5px\">________________________________________________________<\/h3>\n<h3 class=\"fusion-responsive-typography-calculated\" style=\"--fontsize: 30;line-height: 1.25\" data-fontsize=\"30\" data-lineheight=\"37.5px\">&#8220;Conversas com Energia&#8221; debatem o presente e o futuro do nosso planeta<\/h3>\n<p><strong>Ano: <\/strong>2023<\/p>\n<p><strong>Parceiros:<\/strong> Funda\u00e7\u00e3o EDP<\/p>\n<p><strong>Descri\u00e7\u00e3o:<\/strong><\/p>\n<p>As entidades gestoras de res\u00edduos <strong>ERP Portugal<\/strong> e <strong>Novo Verde<\/strong> associaram-se de novo \u00e0 <strong>Funda\u00e7\u00e3o EDP<\/strong> para mais um ciclo de \u201cConversas com Energia\u201d, um projeto que promove o conhecimento e o di\u00e1logo sobre os desafios da emerg\u00eancia clim\u00e1tica, energia e sustentabilidade, junto de crian\u00e7as e jovens de diferentes contextos.<\/p>\n<p>A primeira sess\u00e3o ocorreu no dia 20 de abril, e contou com a presen\u00e7a de Bordalo II, reconhecido artista portugu\u00eas que desenvolve as suas obras sob o lema\u00a0 \u201co lixo de um pode ser o tesouro de outro\u201d, dando uso ao \u201clixo\u201d para alertar para a produ\u00e7\u00e3o e consumos excessivos e no consequente impacte no Planeta. Os alunos da Escola Superior de Educa\u00e7\u00e3o (ESELx) do Instituto Polit\u00e9cnico de Lisboa foram os convidados a participar neste debate de abertura.<\/p>\n<p>O\u00a0 maat &#8211; Museu de Arte, Arquitetura e Tecnologia foi o palco da terceira edi\u00e7\u00e3o do programa \u201cConversas com Energia\u201d, sob o mote dos desafios da emerg\u00eancia clim\u00e1tica, com o objetivo de aumentar o di\u00e1logo e a reflex\u00e3o das novas gera\u00e7\u00f5es sobre o presente e o futuro do nosso planeta, fazendo a liga\u00e7\u00e3o \u00e0 exposi\u00e7\u00e3o <strong>\u201cPl\u00e1stico: Reconstruir o Nosso Mundo\u201d<\/strong>, patente no museu em co-produ\u00e7\u00e3o com o Vitra Design Museum, e o V&amp;A Dundee, e com o apoio da ERP Portugal e da Novo Verde.<\/p>\n<p>Dividida em tr\u00eas sec\u00e7\u00f5es, a exposi\u00e7\u00e3o <strong>&#8220;Pl\u00e1stico: Reconstruir o Nosso Mundo&#8221;<\/strong> explora a hist\u00f3ria do pl\u00e1stico, mostra a pertin\u00eancia e import\u00e2ncia deste material no nosso quotidiano. Pretendem as Entidades Gestoras, que apoiam a realiza\u00e7\u00e3o da exposi\u00e7\u00e3o, contribuir para a desmistifica\u00e7\u00e3o do material em si, alertando para o comportamento humano, quer na pertin\u00eancia do seu uso, quer no correto descarte.<\/p>\n<p>Esta edi\u00e7\u00e3o do ciclo \u201cConversas com Energia\u201d ir\u00e1 decorrer de abril a junho, e contar\u00e1 com a presen\u00e7a de personalidades ligadas aos temas da emerg\u00eancia clim\u00e1tica, energia e sustentabilidade. Recorde-se que as duas edi\u00e7\u00f5es anteriores do programa \u201cConversas com Energia\u201d decorreram em 2022, e juntaram mais de 250 alunos, de diversos agrupamentos de escolas e graus de ensino, contribuindo para o aumento da literacia ambiental em territ\u00f3rio nacional.<\/p>\n<p><img loading=\"lazy\" decoding=\"async\" class=\"alignnone size-medium wp-image-9410\" src=\"https:\/\/erp-recycling.org\/pt-pt\/wp-content\/uploads\/sites\/53\/2023\/07\/Imagem2-300x200.jpg\" alt=\"\" width=\"300\" height=\"200\" srcset=\"https:\/\/erp-recycling.org\/pt-pt\/wp-content\/uploads\/sites\/53\/2023\/07\/Imagem2-200x133.jpg 200w, https:\/\/erp-recycling.org\/pt-pt\/wp-content\/uploads\/sites\/53\/2023\/07\/Imagem2-300x200.jpg 300w, https:\/\/erp-recycling.org\/pt-pt\/wp-content\/uploads\/sites\/53\/2023\/07\/Imagem2-400x267.jpg 400w, https:\/\/erp-recycling.org\/pt-pt\/wp-content\/uploads\/sites\/53\/2023\/07\/Imagem2-600x400.jpg 600w, https:\/\/erp-recycling.org\/pt-pt\/wp-content\/uploads\/sites\/53\/2023\/07\/Imagem2-768x513.jpg 768w, https:\/\/erp-recycling.org\/pt-pt\/wp-content\/uploads\/sites\/53\/2023\/07\/Imagem2-800x534.jpg 800w, https:\/\/erp-recycling.org\/pt-pt\/wp-content\/uploads\/sites\/53\/2023\/07\/Imagem2-1024x683.jpg 1024w, https:\/\/erp-recycling.org\/pt-pt\/wp-content\/uploads\/sites\/53\/2023\/07\/Imagem2-1200x801.jpg 1200w, https:\/\/erp-recycling.org\/pt-pt\/wp-content\/uploads\/sites\/53\/2023\/07\/Imagem2.jpg 1299w\" sizes=\"auto, (max-width: 300px) 100vw, 300px\" \/><\/p>\n<h3 class=\"fusion-responsive-typography-calculated\" style=\"--fontsize: 30;line-height: 1.25\" data-fontsize=\"30\" data-lineheight=\"37.5px\">______________________________________________________________________<\/h3>\n<h3 class=\"fusion-responsive-typography-calculated\" style=\"--fontsize: 30;line-height: 1.25\" data-fontsize=\"30\" data-lineheight=\"37.5px\">ERP Portugal, a <a href=\"https:\/\/novoverde.pt\/\">Novo Verde<\/a> <a href=\"https:\/\/www.youtube.com\/watch?v=7_KV2QvL550\">LG Portugal<\/a> unem-se a C\u00e9sar Mour\u00e3o e v\u00e3o \u201cdestralhar\u201d as gavetas dos Portugueses<\/h3>\n<p><strong>Ano: <\/strong>2022<\/p>\n<p><strong>Parceiros:<\/strong> LG Portugal, Novo Verde<\/p>\n<p><strong>Descri\u00e7\u00e3o:<\/strong><br \/>\nE se, de repente, o C\u00e9sar Mour\u00e3o aparecesse \u00e0 nossa porta para ver o interior das gavetas e arm\u00e1rios em busca de equipamentos el\u00e9tricos e eletr\u00f3nicos, pilhas e respetivas embalagens, que j\u00e1 n\u00e3o usamos ou que est\u00e3o estragados? \u00c9 exatamente isso que acontece na nova campanha que une o apresentador e humorista portugu\u00eas \u00e0 ERP Portugal, Novo Verde e LG Portugal, a \u201cDestralhar\u201d.<\/p>\n<p><img loading=\"lazy\" decoding=\"async\" class=\"alignnone size-medium wp-image-5000\" src=\"https:\/\/erp-recycling.org\/pt-pt\/wp-content\/uploads\/sites\/16\/2022\/12\/IG_FB_Waste-Summit-300x300.png\" alt=\"\" width=\"300\" height=\"300\" \/><\/p>\n<p>Segundo o estudo \u201cH\u00e1bitos dos Portugueses em rela\u00e7\u00e3o ao Lixo Eletr\u00f3nico\u201d*, 59,2% dos portugueses admite que guarda os equipamentos \u2013 que j\u00e1 n\u00e3o usa, mas que ainda funcionam, porque ainda podem ser \u00fateis mais tarde. No entanto, a verdade \u00e9 que este esp\u00edrito nacional do \u201cainda vai dar jeito\u201d leva a que a maior parte destes res\u00edduos acabe por ficar em gavetas, arm\u00e1rios e caixas tanto em casa como no local de trabalho. Da mesma forma, muitas pessoas optam por guardar as embalagens de equipamentos como televis\u00f5es ou eletrodom\u00e9sticos de maiores dimens\u00f5es, que ficam em garagens ou arrecada\u00e7\u00f5es a ganhar p\u00f3.<\/p>\n<p>Com o sentido de humor e de oportunidade caracter\u00edsticos do C\u00e9sar Mour\u00e3o, os <a href=\"https:\/\/www.youtube.com\/watch?v=QoeB9d-B19c&amp;t=1s\">v\u00eddeos<\/a> desta divertida campanha digital acompanham o apresentador em visitas rel\u00e2mpago e inesperadas a casas e escrit\u00f3rios de Lisboa, onde vai questionar as fam\u00edlias e trabalhadores sobre o e-waste e tudo o que o rodeia (incluindo as embalagens). Tudo para revelar que aquilo que consideramos lixo \u2013 ratos de computador que j\u00e1 n\u00e3o usamos, um leitor de DVD esquecido na prateleira ou uma caixa de cart\u00e3o encostada a uma parede \u2013 \u00e9 na verdade um conjunto de importantes res\u00edduos que podem e devem ter uma segunda vida, seja atrav\u00e9s da reciclagem ou da reutiliza\u00e7\u00e3o.<\/p>\n<p>Divirta-se com esta campanha e aprenda com a ERP Portugal onde colocar os seus el\u00e9tricos e eletr\u00f3nicos em fim de vida no local certo!! <a href=\"https:\/\/eureciclo.pt\/\">eureciclo.pt<\/a><\/p>\n<h3 class=\"fusion-responsive-typography-calculated\" style=\"--fontsize: 30;line-height: 1.25\" data-fontsize=\"30\" data-lineheight=\"37.5px\">______________________________________________________________________<\/h3>\n<h3 class=\"fusion-responsive-typography-calculated\" style=\"--fontsize: 30;line-height: 1.25\" data-fontsize=\"30\" data-lineheight=\"37.5px\">ERP Portugal e Chicco unem-se para provar que<br \/>\n\u201cReciclar n\u00e3o tem Hist\u00f3ria\u201d<\/h3>\n<p><strong>Ano: <\/strong>2022<\/p>\n<p><strong>Parceiros:<\/strong> Chicco<\/p>\n<p><strong>Descri\u00e7\u00e3o:<\/strong><br \/>\n\u201c<strong>Reciclar n\u00e3o tem Hist\u00f3ria<\/strong>\u201d \u00e9 o mote da iniciativa criada pela ERP Portugal em parceria com a Chicco, para incentivar a entrega de pequenos equipamentos el\u00e9tricos e eletr\u00f3nicos, em fim de vida, provando que este gesto \u00e9 simples, \u201cn\u00e3o tem hist\u00f3ria\u201d e pode contribuir para um Planeta mais sustent\u00e1vel. Sob a \u00e9gide do programa \u201c<a href=\"https:\/\/www.parceirosustentavelerp.pt\/\">Parceiro Sustent\u00e1vel<\/a>\u201d da ERP Portugal e com o apoio da <a href=\"https:\/\/abae.pt\/\">ABAE<\/a>, a iniciativa vai decorrer em 29 lojas Chicco durante o m\u00eas de setembro. Para al\u00e9m do consumidor, o desafio ser\u00e1 ainda alargado a mais de 1000 creches e jardins de inf\u00e2ncia que integram o programa <a href=\"https:\/\/ecoescolas.abae.pt\/\">Eco-Escolas<\/a>.<\/p>\n<p><img loading=\"lazy\" decoding=\"async\" class=\"alignnone size-medium wp-image-4857\" src=\"https:\/\/erp-recycling.org\/pt-pt\/wp-content\/uploads\/sites\/16\/2022\/09\/MicrosoftTeams-image-2-300x169.png\" alt=\"\" width=\"300\" height=\"169\" \/><\/p>\n<hr \/>\n<h2 class=\"fusion-responsive-typography-calculated\" style=\"--fontsize: 50;line-height: 1.2\" data-fontsize=\"50\" data-lineheight=\"60px\"><\/h2>\n<h3 class=\"fusion-responsive-typography-calculated\" style=\"--fontsize: 30;line-height: 1.25\" data-fontsize=\"30\" data-lineheight=\"37.5px\">\u201cReciclar tamb\u00e9m \u00e9 Ajudar\u201d<br \/>\na preserva\u00e7\u00e3o de Mares e Oceanos<strong><br \/>\n<\/strong><\/h3>\n<p><strong>Ano: <\/strong>2022<\/p>\n<p><strong>Parceiros: <\/strong>Pingo Doce<\/p>\n<p><strong>Descri\u00e7\u00e3o:<\/strong><br \/>\nA campanha <strong>\u201cReciclar tamb\u00e9m \u00e9 ajudar\u201d<\/strong> da ERP Portugal \u2013 entidade gestora de res\u00edduos, regressa \u00e0s lojas Pingo Doce com o objetivo de promover a import\u00e2ncia do correto encaminhamento, tratamento e reciclagem de res\u00edduos, desta feita, na prote\u00e7\u00e3o dos Oceanos e Mares. Esta a\u00e7\u00e3o visa apoiar a <em>Sailors for the Sea<\/em>, associa\u00e7\u00e3o sem fins lucrativos que pretende contribuir para a sustentabilidade dos oceanos e mares, incentivando uma mudan\u00e7a centrada na crescente consci\u00eancia ambiental fortalecida pela a\u00e7\u00e3o de cada um de n\u00f3s.<\/p>\n<p><img loading=\"lazy\" decoding=\"async\" class=\" wp-image-4774 alignnone\" src=\"https:\/\/erp-recycling.org\/pt-pt\/wp-content\/uploads\/sites\/16\/2022\/09\/MicrosoftTeams-image-300x240.jpg\" alt=\"\" width=\"258\" height=\"206\" \/><\/p>\n<hr \/>\n<h3 class=\"fusion-responsive-typography-calculated\" style=\"--fontsize: 30;line-height: 1.25\" data-fontsize=\"30\" data-lineheight=\"37.5px\">JUNTA NA FREGUESIA<\/h3>\n<p><strong>Ano: <\/strong>2022<\/p>\n<p><strong>Descri\u00e7\u00e3o:<\/strong><br \/>\n<strong>\u201cJunta na Freguesia\u201d<\/strong> \u00e9 o mais recente programa da ERP Portugal que, em conjunto com as Juntas de Freguesia e Munic\u00edpios de todo o pa\u00eds, vai contribuir para aumentar o conforto dos cidad\u00e3os. Com o principal objetivo de criar um movimento de sustentabilidade participada e facilitar a vida da comunidade, pretende-se o aumento da recolha e reciclagem de res\u00edduos de equipamentos el\u00e9tricos e eletr\u00f3nicos (REEE), bem como res\u00edduos de pilhas e acumuladores (RP&amp;A).<\/p>\n<p><img loading=\"lazy\" decoding=\"async\" class=\" wp-image-4778 alignnone\" src=\"https:\/\/erp-recycling.org\/pt-pt\/wp-content\/uploads\/sites\/16\/2022\/09\/Junta-na-Freguesia-300x300.jpg\" alt=\"\" width=\"196\" height=\"196\" \/><\/p>\n<hr \/>\n<h3 class=\"fusion-responsive-typography-calculated\" style=\"--fontsize: 30;line-height: 1.25\" data-fontsize=\"30\" data-lineheight=\"37.5px\">E-WASTE TALKS<\/h3>\n<p><strong>Ano:<\/strong> 2021<\/p>\n<p><strong>Parceiros:<\/strong> LG Portugal<\/p>\n<p><strong>Descri\u00e7\u00e3o:<\/strong><br \/>\nConjunto de podcasts para esclarecer a popula\u00e7\u00e3o sobre o que fazer aos REEE, para onde devem ser encaminhados, quais os impactos no dia-a-dia, nas empresas, nos retalhistas, no ambiente e at\u00e9 na carteira de cada um \u2013 estas s\u00e3o algumas das d\u00favidas que assolam o cidad\u00e3o e que v\u00e3o estar em debate nas quatro <em>e-Waste Talks<\/em> conduzidas pelo apresentador e humorista C\u00e9sar Mour\u00e3o.<\/p>\n<p><strong>Objetivos:<\/strong><\/p>\n<ul>\n<li>Aumentar as quantidades de res\u00edduos recolhidos e reciclados;<\/li>\n<li>Mobilizar a popula\u00e7\u00e3o para uma participa\u00e7\u00e3o ativa na reciclagem dos REEE;<\/li>\n<li>Explicar as vantagens da reciclagem dos REEE.<\/li>\n<\/ul>\n<p><strong>Links para as e-Waste Talks:<\/strong><\/p>\n<ol>\n<li><a href=\"https:\/\/www.youtube.com\/watch?v=BL5V1Az_25A\">Resumo<\/a><\/li>\n<li><a href=\"https:\/\/www.youtube.com\/watch?v=sY6CNz34z0A\">Papel da Entidade Gestora na promo\u00e7\u00e3o de comportamentos sustent\u00e1veis ao longo do fluxo de gest\u00e3o dos EEEE (Ricardo e Rosa)<\/a><\/li>\n<li><a href=\"https:\/\/www.youtube.com\/watch?v=NTf_C9NHH0M\">Compromisso da LG com a Sustentabilidade: do global para o local (Hugo Jorge, Respons\u00e1vel de Marketing da LG Portugal)<\/a><\/li>\n<li><a href=\"https:\/\/www.youtube.com\/watch?v=sYFucsomRKc\">Import\u00e2ncia do canal da distribui\u00e7\u00e3o como promotor de um comportamento mais correto dos cidad\u00e3os\/consumidores (Gon\u00e7alo Lobo Xavier, Diretor Geral da APED)<\/a><\/li>\n<li><a href=\"https:\/\/www.youtube.com\/watch?v=9yHw-5K0HSE&amp;t=20s\">Vis\u00e3o macro e hol\u00edstica sobre a gest\u00e3o dos REEE (Nuno Lacasta, Presidente da APA)<\/a><\/li>\n<\/ol>\n<hr \/>\n<h2 class=\"fusion-responsive-typography-calculated\" style=\"--fontsize: 50;line-height: 1.2\" data-fontsize=\"50\" data-lineheight=\"60px\"><\/h2>\n<h3 class=\"fusion-responsive-typography-calculated\" style=\"--fontsize: 30;line-height: 1.25\" data-fontsize=\"30\" data-lineheight=\"37.5px\">RECICLAR NO SENTIDO CERTO<\/h3>\n<p><strong>Ano:<\/strong> 2021<\/p>\n<p><strong>Parceiros:<\/strong> APA, DGAE, e-Cycle e Electr\u00e3o<\/p>\n<p><strong>Descri\u00e7\u00e3o:<\/strong><br \/>\nCampanha nacional de media para sensibilizar os Portugueses para a entrega seletiva de REEE nos locais corretos e garantir o tratamento, descontamina\u00e7\u00e3o e reciclagem dos mesmos.<\/p>\n<p>A campanha \u00e9 composta por an\u00fancios de tv e r\u00e1dio, publica\u00e7\u00f5es nas redes sociais e canais digitais, com especial destaque para a landing page dedicada a este tema.<\/p>\n<p><a href=\"https:\/\/erp-recycling.org\/pt-pt\/wp-content\/uploads\/sites\/16\/2021\/10\/OSentidoCerto_FINAL.mp4\">Spot de TV<\/a><\/p>\n<p><strong>Objetivos:<\/strong><\/p>\n<ul>\n<li>Aumentar as quantidades de res\u00edduos recolhidos e reciclados;<\/li>\n<li>Evitar o abandono dos REEE e desvio dos mesmos para circuitos paralelos;<\/li>\n<li>Explicar as vantagens da reciclagem dos REEE.<\/li>\n<\/ul>\n<hr \/>\n<h2 class=\"fusion-responsive-typography-calculated\" style=\"--fontsize: 50;line-height: 1.2\" data-fontsize=\"50\" data-lineheight=\"60px\"><\/h2>\n<h3 class=\"fusion-responsive-typography-calculated\" style=\"--fontsize: 30;line-height: 1.25\" data-fontsize=\"30\" data-lineheight=\"37.5px\">EQUIPA DOS REEE &amp; COMPANHIA<\/h3>\n<p><strong>Ano:<\/strong> 2021<\/p>\n<p><strong>Descri\u00e7\u00e3o:<\/strong><br \/>\nA banda desenhada <em>Equipa dos REEE &amp; Companhia<\/em> \u2013 <em>Miss\u00e3o: Aprender a Transformar o Futuro<\/em> recupera uma das ferramentas de educa\u00e7\u00e3o ambiental da ERP Portugal que remonta 2008 e que, agora, volta com novas personagens, mais moderna e ainda com mais energia para mobilizar os Portugueses para a entrega seletiva dos seus res\u00edduos.<\/p>\n<p>Esta pe\u00e7a tem como principais destinat\u00e1rios os estabelecimentos escolares e\/ou outras unidades de educa\u00e7\u00e3o ambiental e estar\u00e1 dispon\u00edvel gratuitamente em iniciativas da entidade gestora, tais como a campanha Gera\u00e7\u00e3o Depositr\u00e3o.<\/p>\n<p>Personagens: Capit\u00e3o Fluxo, Grand\u00e3o, Fininho, Fininho, Z\u00e9l\u00e9le, Vapores, Luzinhas, Depoistr\u00e3o, Carga M\u00e1xima e Traga Pilhas.<\/p>\n<p><strong>Objetivos:<\/strong><\/p>\n<ul>\n<li>Incentivar o aumento da literacia para a sustentabilidade junto das crian\u00e7as, embaixadores ambientais sempre atentos e excelentes influenciadores do comportamento dos adultos;<\/li>\n<li>Aumentar as quantidades de res\u00edduos recolhidos e reciclados.<\/li>\n<\/ul>\n<p>Banda desenhada <em>Equipa dos REEE &amp; Companhia<\/em> \u2013 <em>Miss\u00e3o: Aprender a Transformar o Futuro<\/em> <a href=\"https:\/\/erp-recycling.org\/pt-pt\/wp-content\/uploads\/sites\/16\/2021\/06\/Equipa-dos-REEE-Companhia_Missao_Aprender-a-transformar-o-futuro_FINAL.pdf\">aqui<\/a>.<\/p>\n<p><a href=\"https:\/\/www.youtube.com\/watch?v=QRI28unwGY8\">\u00bb Epis\u00f3dio 1 <\/a><a href=\"https:\/\/www.youtube.com\/watch?v=QRI28unwGY8\">\u00bb <\/a><a href=\"https:\/\/www.youtube.com\/watch?v=__N5QM4puto\">Epis\u00f3dio 2 <\/a><a href=\"https:\/\/www.youtube.com\/watch?v=QRI28unwGY8\">\u00bb <\/a><a href=\"https:\/\/www.youtube.com\/watch?v=0rwh0Eef6Uc\">Epis\u00f3dio 3 <\/a><a href=\"https:\/\/www.youtube.com\/watch?v=QRI28unwGY8\">\u00bb <\/a><a href=\"https:\/\/www.youtube.com\/watch?v=P7mwSQ8_8GA\">Epis\u00f3dio 4 <\/a><a href=\"https:\/\/www.youtube.com\/watch?v=QRI28unwGY8\">\u00bb <\/a><a href=\"https:\/\/www.youtube.com\/watch?v=79jdd6MJ_BI\">Epis\u00f3dio 5<\/a><\/p>\n<hr \/>\n<h3 class=\"fusion-responsive-typography-calculated\" style=\"--fontsize: 30;line-height: 1.25\" data-fontsize=\"30\" data-lineheight=\"37.5px\">TODOS PELO IPO<\/h3>\n<p><strong>Ano: <\/strong>2021<\/p>\n<p><strong>Parceiros:<\/strong> Instituto Portugu\u00eas de Oncologia (IPO) Fernando Gentil<\/p>\n<p><strong>Descri\u00e7\u00e3o:<\/strong><br \/>\nA ERP Portugal volta a associar-se ao IPO para desafiar os Portugueses a participar na reciclagem dos seus res\u00edduos e ajudar o Instituto na sua miss\u00e3o. Para fazer parte da a\u00e7\u00e3o \u201cTodos pelo IPO\u201d, basta entregar pilhas usadas que j\u00e1 n\u00e3o funcionam nos mais de 5000 pontos de recolha da ERP Portugal, distribu\u00eddos por todo o pa\u00eds, incluindo tamb\u00e9m as instala\u00e7\u00f5es do pr\u00f3prio IPO (lista dispon\u00edvel <a href=\"http:\/\/www.eureciclo.pt\/\">aqui<\/a>).<\/p>\n<p>No conjunto de res\u00edduos abrangidos pela iniciativa encontram-se pilhas e pequenos equipamentos como comandos, brinquedos, lanternas ou rel\u00f3gios e baterias de computadores port\u00e1teis, telem\u00f3veis ou comandos de consolas de jogos.<\/p>\n<p>Os res\u00edduos recolhidos at\u00e9 ao final do ano ser\u00e3o transformados em donativo a entregar ao IPO para a aquisi\u00e7\u00e3o de equipamentos de diagn\u00f3stico e tratamento de doen\u00e7as oncol\u00f3gicas.<\/p>\n<p><strong>Objetivos:<\/strong><\/p>\n<ul>\n<li>Mobilizar os Portugueses para utiliza\u00e7\u00e3o dos canais corretos de entrega de REEE e pilhas usadas;<\/li>\n<li>Aumentar as quantidades de res\u00edduos recolhidos e reciclados e, ao mesmo tempo, cumprir a vertente social de ajuda ao IPO.<\/li>\n<\/ul>\n<p><img loading=\"lazy\" decoding=\"async\" class=\"wp-image-4417 alignnone\" src=\"https:\/\/erp-recycling.org\/pt-pt\/wp-content\/uploads\/sites\/16\/2021\/04\/Imagem-SITE.jpg\" alt=\"Imagem SITE\" width=\"272\" height=\"152\" \/><\/p>\n<hr \/>\n<h3 class=\"fusion-responsive-typography-calculated\" style=\"--fontsize: 30;line-height: 1.25\" data-fontsize=\"30\" data-lineheight=\"37.5px\">RECICLO SEM PARAR<\/h3>\n<p><strong>Ano: <\/strong>2021<\/p>\n<p><strong>Parceiros:<\/strong> Maratona Clube de Portugal e Novo Verde<\/p>\n<p><strong>Descri\u00e7\u00e3o:<\/strong><br \/>\nCorrida virtual que decorrer\u00e1 de 3 a 9 de maio, cujos participantes dever\u00e3o inscrever-se via APP VRaces MCP ou diretamente no <a href=\"https:\/\/portugal.virace.app\/\">site das corridas<\/a>.<\/p>\n<p>A ERP Portugal faz parte dos parceiros que incentivar\u00e3o a pr\u00e1tica do desporto, \u00e0 qual se junta<\/p>\n<p>a componente ambiental (gest\u00e3o de res\u00edduos).<\/p>\n<p><strong>Objetivos:<\/strong><\/p>\n<ul>\n<li>Mobilizar os Portugueses para a pr\u00e1tica do desporto, aliando-a a preocupa\u00e7\u00f5es ambientais;<\/li>\n<li>Aumentar as quantidades de res\u00edduos recolhidos e reciclados.<\/li>\n<\/ul>\n<p><img loading=\"lazy\" decoding=\"async\" class=\"wp-image-4398 alignnone\" src=\"https:\/\/erp-recycling.org\/pt-pt\/wp-content\/uploads\/sites\/16\/2021\/04\/VirtualRaces_NovoVerde_1080x1080.jpg\" alt=\"Maratonas1\" width=\"145\" height=\"145\" \/><\/p>\n<hr \/>\n<h2 class=\"fusion-responsive-typography-calculated\" style=\"--fontsize: 50;line-height: 1.2\" data-fontsize=\"50\" data-lineheight=\"60px\"><\/h2>\n<h3 class=\"fusion-responsive-typography-calculated\" style=\"--fontsize: 30;line-height: 1.25\" data-fontsize=\"30\" data-lineheight=\"37.5px\">EARTH BITS<\/h3>\n<p><strong>Ano de in\u00edcio:<\/strong> 2021<\/p>\n<p><strong>Parceiros: <\/strong>Maat e Novo Verde<\/p>\n<p><strong>Descri\u00e7\u00e3o:<\/strong><br \/>\nA <em>Earth Bits<\/em> \u2013 Sentir o Planeta \u00e9 uma instala\u00e7\u00e3o, \u00e0 base de dados que s\u00e3o apresentados em conte\u00fados digitais, v\u00eddeos e uma esta\u00e7\u00e3o interativa, concebida pelo est\u00fadio de investiga\u00e7\u00e3o Dotdotdot. As quatro sec\u00e7\u00f5es deste projeto, que conta ainda com a participa\u00e7\u00e3o da Ag\u00eancia Espacial Europeia (ESA), da Ag\u00eancia Internacional de Energia (IEA) e da EDP Inova\u00e7\u00e3o, mostram a liga\u00e7\u00e3o de causa\/efeito dos comportamentos humanos sobre os recursos do planeta. Do conjunto de temas abordados na exposi\u00e7\u00e3o, destaque para a reciclagem de res\u00edduos e import\u00e2ncia do comportamento dos cidad\u00e3os como chave para assegurar o processo e as vantagens resultantes, nomeadamente a medi\u00e7\u00e3o da poupan\u00e7a da emiss\u00e3o de gases de efeito de estufa.<\/p>\n<p><a href=\"https:\/\/eur02.safelinks.protection.outlook.com\/?url=https%3A%2F%2Fwww.youtube.com%2Fwatch%3Fv%3DzZHqe4EcIb0&amp;data=04%7C01%7Cf.moita%40erp-recycling.org%7Cf5cae4a9dac04b85fce208d90582b4ad%7C4746ee025586473ebb093981e07c2b79%7C0%7C0%7C637546881209200565%7CUnknown%7CTWFpbGZsb3d8eyJWIjoiMC4wLjAwMDAiLCJQIjoiV2luMzIiLCJBTiI6Ik1haWwiLCJXVCI6Mn0%3D%7C1000&amp;sdata=VNzxwQJmuDS91H0HA7v%2BPGTQW2Dqij2x8MkcutPn9P4%3D&amp;reserved=0\">V\u00eddeo de inaugura\u00e7\u00e3o<\/a><\/p>\n<p><strong>Objetivos:<\/strong><\/p>\n<ul>\n<li>Criar uma corrente de conte\u00fados de consciencializa\u00e7\u00e3o e educa\u00e7\u00e3o do p\u00fablico portugu\u00eas, atrav\u00e9s do c\u00e1lculo da sua pegada carb\u00f3nica;<\/li>\n<li>Destacar a import\u00e2ncia de comportamentos ambientais, tais como a entrega dos res\u00edduos nos canais adequados para permitir o seu tratamento e a sua reciclagem.<\/li>\n<\/ul>\n<hr \/>\n<h3 class=\"fusion-responsive-typography-calculated\" style=\"--fontsize: 30;line-height: 1.25\" data-fontsize=\"30\" data-lineheight=\"37.5px\">RECICLAR N\u00c3O TEM TRUQUE<\/h3>\n<p><strong>Ano de in\u00edcio:<\/strong> 2021<\/p>\n<p><strong>Parceiros: <\/strong>LG Portugal<\/p>\n<p><strong>Descri\u00e7\u00e3o:<\/strong><br \/>\nConjunto de truques com a assinatura \u00fanica do m\u00e1gico portugu\u00eas Lu\u00eds de Matos para alertar os portugueses para a urg\u00eancia e necessidade de dar uma segunda vida aos equipamentos el\u00e9tricos e eletr\u00f3nicos que j\u00e1 n\u00e3o funcionam.<\/p>\n<p>Lu\u00eds Filipe Borges e Gabriel Ferreira juntaram-se ao desafio de Lu\u00eds de Matos e experienciaram alguns truques.<\/p>\n<p>V\u00eddeos dispon\u00edveis nas redes sociais e <a href=\"https:\/\/www.youtube.com\/channel\/UCuDmbWRDwy7KCQSFz054sOQ\">YouTube da ERP Portugal<\/a>.<\/p>\n<p><strong>Objetivos:<\/strong><\/p>\n<ul>\n<li>Criar uma corrente de conte\u00fados de consciencializa\u00e7\u00e3o e<br \/>\neduca\u00e7\u00e3o do p\u00fablico portugu\u00eas;<\/li>\n<li>Destacar a import\u00e2ncia do Depositr\u00e3o como solu\u00e7\u00e3o log\u00edstica para garantir a reciclagem de REEE.<\/li>\n<\/ul>\n<p><img loading=\"lazy\" decoding=\"async\" class=\"wp-image-4333 alignnone\" src=\"https:\/\/erp-recycling.org\/pt-pt\/wp-content\/uploads\/sites\/16\/2021\/02\/ImagemLuisMatos_SITE_2-150x150.jpg\" alt=\"ImagemLuisMatos_SITE_2\" width=\"115\" height=\"115\" \/><\/p>\n<hr \/>\n<h2 class=\"fusion-responsive-typography-calculated\" style=\"--fontsize: 50;line-height: 1.2\" data-fontsize=\"50\" data-lineheight=\"60px\"><\/h2>\n<h3 class=\"fusion-responsive-typography-calculated\" style=\"--fontsize: 30;line-height: 1.25\" data-fontsize=\"30\" data-lineheight=\"37.5px\">GERA\u00c7\u00c3O DEPOSITR\u00c3O<\/h3>\n<p>Campanha nacional dirigida a todos os n\u00edveis de ensino, composta por duas atividades: recolha de REEE e pilhas usadas e desafios criativos.<\/p>\n<p><strong>Ano de in\u00edcio:<\/strong> 2008<\/p>\n<p><strong>Parceiros:<\/strong> Associa\u00e7\u00e3o Bandeira Azul da Europa\/Programa Eco-Escolas, LG, Orima, Pingo Doce e Worten.<\/p>\n<p><strong>Descri\u00e7\u00e3o:<\/strong><br \/>\nAo longo do ano letivo as escolas participantes funcionam como pontos de recolha e informa\u00e7\u00e3o sobre o destino adequado a dar aos el\u00e9tricos e eletr\u00f3nicos e \u00e0s pilhas em fim de vida. Deste conjunto de pontos de recolha fazem parte, tamb\u00e9m, empresas e entidades locais que se juntaram a esta miss\u00e3o (Juntas de Freguesia, Centros de Dia, Bombeiros Volunt\u00e1rios, entre outras), garantido o tratamento, descontamina\u00e7\u00e3o e reciclagem dos res\u00edduos abrangidos.<\/p>\n<p>A campanha decorre a n\u00edvel nacional e abrange todos os graus de ensino (B\u00e1sico, Secund\u00e1rio\/Profissional e Superior) e conta com a entrega de res\u00edduos, tamb\u00e9m, por parte da comunidade envolvente, mobilizada pelos alunos, professores e funcion\u00e1rios dos estabelecimentos escolares.<\/p>\n<p>At\u00e9 momento, j\u00e1 foram recolhidas mais de 3500 toneladas de res\u00edduos e a m\u00e9dia de participa\u00e7\u00e3o anual aponta para 700 escolas, 40 000 Professores e 420 000 alunos. Para al\u00e9m da recolha, as escolas respondem a desafios criativos, segmentados por escal\u00f5es, numa \u00f3tica de preven\u00e7\u00e3o e promo\u00e7\u00e3o da reutiliza\u00e7\u00e3o de materiais.<\/p>\n<p>Mais informa\u00e7\u00e3o <a href=\"http:\/\/www.geracaodepositrao.abae.pt\/\">aqui<\/a>.<\/p>\n<p><strong>Objetivos:<\/strong><\/p>\n<ul>\n<li style=\"list-style-type: none\">\n<ul>\n<li>Introduzir o tema da preven\u00e7\u00e3o e reciclagem de REEE e RPA no conjunto de comportamentos dos cidad\u00e3os, transformando as escolas aderentes em pontos de recolha destes res\u00edduos e de informa\u00e7\u00e3o\/sensibiliza\u00e7\u00e3o da comunidade local;<\/li>\n<li>Sensibilizar a comunidade escolar para a import\u00e2ncia da recolha de REEE e pilhas usadas;<\/li>\n<li>Aumentar os quantitativos de res\u00edduos recolhidos seletivamente;<\/li>\n<li>Incluir a preven\u00e7\u00e3o de res\u00edduos no conjunto de preocupa\u00e7\u00f5es dos cidad\u00e3os, promovendo o consumo consciente e a redu\u00e7\u00e3o da frequ\u00eancia de descarte dos mesmos.<\/li>\n<\/ul>\n<\/li>\n<\/ul>\n<p><img loading=\"lazy\" decoding=\"async\" class=\"wp-image-4292 alignnone\" src=\"https:\/\/erp-recycling.org\/pt-pt\/wp-content\/uploads\/sites\/16\/2021\/01\/Imagem_site.jpg\" alt=\"GD13\" width=\"266\" height=\"184\" \/><\/p>\n<hr \/>\n<h3 class=\"fusion-responsive-typography-calculated\" style=\"--fontsize: 30;line-height: 1.25\" data-fontsize=\"30\" data-lineheight=\"37.5px\">TODOS PELO IPO<\/h3>\n<p><strong>Ano: <\/strong>2020<\/p>\n<p><strong>Parceiros:<\/strong> Instituto Portugu\u00eas de Oncologia (IPO) Fernando Gentil<\/p>\n<p><strong>Descri\u00e7\u00e3o:<\/strong><br \/>\nA ERP Portugal associou-se pela primeira vez ao IPO para desafiar os Portugueses a participar na reciclagem dos seus res\u00edduos e ajudar o Instituto na sua miss\u00e3o. Para fazer parte da a\u00e7\u00e3o \u201cTodos pelo IPO\u201d, bastava entregar pilhas usadas que j\u00e1 n\u00e3o funcionam nos mais de 5000 pontos de recolha da ERP Portugal, distribu\u00eddos por todo o pa\u00eds, incluindo tamb\u00e9m as instala\u00e7\u00f5es do pr\u00f3prio IPO (lista dispon\u00edvel <a href=\"http:\/\/www.eureciclo.pt\/\">aqui<\/a>).<\/p>\n<p>No conjunto de res\u00edduos abrangidos pela iniciativa encontram-se pilhas e pequenos equipamentos como comandos, brinquedos, lanternas ou rel\u00f3gios e baterias de computadores port\u00e1teis, telem\u00f3veis ou comandos de consolas de jogos.<\/p>\n<p>Os res\u00edduos recolhidos at\u00e9 ao final do ano ser\u00e3o transformados em donativo a entregar ao IPO para a aquisi\u00e7\u00e3o de equipamentos de diagn\u00f3stico e tratamento de doen\u00e7as oncol\u00f3gicas.<\/p>\n<p><strong>Objetivos:<\/strong><\/p>\n<ul>\n<li>Mobilizar os Portugueses para utiliza\u00e7\u00e3o dos canais corretos de entrega de REEE e pilhas usadas;<\/li>\n<li>Aumentar as quantidades de res\u00edduos recolhidos e reciclados e, ao mesmo tempo, cumprir a vertente social de ajuda ao IPO.<\/li>\n<\/ul>\n<p><img loading=\"lazy\" decoding=\"async\" class=\"wp-image-4187 alignnone\" src=\"https:\/\/erp-recycling.org\/pt-pt\/wp-content\/uploads\/sites\/16\/2020\/11\/Campanha_IPO_VF-scaled.jpg\" alt=\"\" width=\"113\" height=\"160\" \/><\/p>\n<hr \/>\n<h3 class=\"fusion-responsive-typography-calculated\" style=\"--fontsize: 30;line-height: 1.25\" data-fontsize=\"30\" data-lineheight=\"37.5px\">WORTEN TRANSFORMA<\/h3>\n<p><strong>Ano: <\/strong>2020<\/p>\n<p><strong>Parceiros:<\/strong> Worten e Entreajuda<\/p>\n<p><strong>Descri\u00e7\u00e3o:<\/strong><br \/>\nRecolha de REEE em todas as lojas Worten do pa\u00eds com o objetivo de transformar as toneladas recolhidas em novos equipamentos a doar a institui\u00e7\u00f5es de cariz social. Para contribuir para a causa era poss\u00edvel, tamb\u00e9m, fazer uma doa\u00e7\u00e3o em worten.pt, adicionando ao carrinho o produto \u2018Transforma\u2019, dispon\u00edvel a partir de 0,50\u20ac.<\/p>\n<p>Esta iniciativa apresentou dois momentos: Junho e dezembro.<\/p>\n<p><strong>Objetivos:<\/strong><\/p>\n<ul>\n<li>Mobilizar os Portugueses para utiliza\u00e7\u00e3o dos canais corretos de entrega de REEE (como as lojas Worten);<\/li>\n<li>Aumentar as quantidades de res\u00edduos recolhidos e reciclados e, ao mesmo tempo, cumprir a vertente social de ajudar as institui\u00e7\u00f5es a visar.<\/li>\n<\/ul>\n<p><img loading=\"lazy\" decoding=\"async\" class=\"wp-image-4244 alignnone\" src=\"https:\/\/erp-recycling.org\/pt-pt\/wp-content\/uploads\/sites\/16\/2020\/12\/WT_Site.jpg\" alt=\"WT_Site\" width=\"113\" height=\"118\" \/><\/p>\n<hr \/>\n<h3 class=\"fusion-responsive-typography-calculated\" style=\"--fontsize: 30;line-height: 1.25\" data-fontsize=\"30\" data-lineheight=\"37.5px\">N\u00c3O ABANDONE AS SUAS PILHAS E EQUIPAMENTOS USADOS.<br \/>\nRECICLAR TAMB\u00c9M \u00c9 AJUDAR!<\/h3>\n<p><strong>Ano: <\/strong>2020<\/p>\n<p><strong>Parceiros:<\/strong> Pingo Doce e Liga Portuguesa dos Direitos do Animal<\/p>\n<p><strong>Descri\u00e7\u00e3o:<\/strong><br \/>\nCampanha de recolha de pequenos equipamentos el\u00e9tricos e eletr\u00f3nicos e pilhas usadas, em parceria com o Pingo Doce, para angariar fundos para a Liga Portuguesa dos Direitos do Animal (LPDA). Entre os meses de novembro e dezembro, por cada tonelada entregue nas lojas Pingo Doce ser\u00e3o doados 100\u20ac \u00e0 LPDA para a aquisi\u00e7\u00e3o de recursos e mantimentos.<\/p>\n<p><strong>Objetivos:<\/strong><\/p>\n<ul>\n<li>Mobilizar os Portugueses para utiliza\u00e7\u00e3o dos canais corretos de entrega de REEE e pilhas usadas (como as lojas Pingo Doce);<\/li>\n<li>Aumentar as quantidades de res\u00edduos recolhidos e reciclados e, ao mesmo tempo, cumprir a vertente social de ajuda \u00e0 LPDA.<\/li>\n<\/ul>\n<p><img loading=\"lazy\" decoding=\"async\" class=\"wp-image-4342 alignnone\" src=\"https:\/\/erp-recycling.org\/pt-pt\/wp-content\/uploads\/sites\/16\/2021\/02\/PD_LPDA.jpg\" alt=\"PD_LPDA\" width=\"170\" height=\"121\" \/><\/p>\n<h2 class=\"fusion-responsive-typography-calculated\" style=\"--fontsize: 50;line-height: 1.2\" data-fontsize=\"50\" data-lineheight=\"60px\"><\/h2>\n<hr \/>\n<h3 class=\"fusion-responsive-typography-calculated\" style=\"--fontsize: 30;line-height: 1.25\" data-fontsize=\"30\" data-lineheight=\"37.5px\">CAMPANHA EDP COMERCIAL<\/h3>\n<p><strong>Ano: <\/strong>2020<\/p>\n<p><strong>Parceiros:<\/strong> EDP Comercial<\/p>\n<p><strong>Descri\u00e7\u00e3o:<\/strong><br \/>\nIntegrada <a href=\"https:\/\/www.edp.pt\/particulares\/planeta-zero\/\">na nova App da EDP Comercial<\/a> (app EDP Zero), esta iniciativa pretendia incentivar os h\u00e1bitos de reciclagem dos Res\u00edduos de Equipamentos El\u00e9tricos e Eletr\u00f3nicos (REEE) e contribuir, atrav\u00e9s deste movimento, para a poupan\u00e7a do planeta, que \u00e9 de todos. Atrav\u00e9s da sua rede, a EDP Comercial ficou respons\u00e1vel por receber estes equipamentos e coube \u00e0 ERP Portugal recolher e garantir a sua reciclagem.<\/p>\n<p><img loading=\"lazy\" decoding=\"async\" class=\"wp-image-4105 alignnone\" src=\"https:\/\/erp-recycling.org\/pt-pt\/wp-content\/uploads\/sites\/16\/2020\/10\/geracao-zero-1-scaled.jpg\" alt=\"\" width=\"173\" height=\"97\" \/><\/p>\n<h2 class=\"fusion-responsive-typography-calculated\" style=\"--fontsize: 50;line-height: 1.2\" data-fontsize=\"50\" data-lineheight=\"60px\"><\/h2>\n<hr \/>\n<h3 class=\"fusion-responsive-typography-calculated\" style=\"--fontsize: 30;line-height: 1.25\" data-fontsize=\"30\" data-lineheight=\"37.5px\">REDES SOCIAIS<\/h3>\n<p>Sensibiliza\u00e7\u00e3o dos consumidores para a ado\u00e7\u00e3o de boas pr\u00e1ticas em mat\u00e9ria de gest\u00e3o de res\u00edduos, com especial foco nos REEE e pilhas usadas.<\/p>\n<p><strong>Ano de in\u00edcio:<\/strong> 2020<\/p>\n<p><strong>Descri\u00e7\u00e3o:<\/strong><br \/>\nUtiliza\u00e7\u00e3o das redes sociais e outras plataformas digitais como o <a href=\"https:\/\/www.facebook.com\/erp.portugal\/\">Facebook<\/a>, <a href=\"https:\/\/www.instagram.com\/erp_portugal\/\">Instagram<\/a>, <a href=\"https:\/\/www.linkedin.com\/company\/erp-portugal\/\">LinkedIn<\/a> e <a href=\"https:\/\/www.youtube.com\/channel\/UCuDmbWRDwy7KCQSFz054sOQ\">YouTube<\/a> para transmitir mensagens de sensibiliza\u00e7\u00e3o e mobiliza\u00e7\u00e3o de comportamentos, de forma a mudar a atitude face ao tema e impulsionar os quantitativos de recolha seletiva de REEE e RPA.<\/p>\n<p><strong>Objetivos:<\/strong><\/p>\n<ul>\n<li>Mobiliza\u00e7\u00e3o dos Portugueses para utiliza\u00e7\u00e3o dos canais corretos de entrega de REEE e pilhas usadas;<\/li>\n<li>Integrar conceitos relacionados com a reciclagem de REEE e RPA no conjunto de preocupa\u00e7\u00f5es dos seguidores;<\/li>\n<li>Promover a utiliza\u00e7\u00e3o dos canais de deposi\u00e7\u00e3o previstos para estes res\u00edduos.<\/li>\n<\/ul>\n<h2 class=\"fusion-responsive-typography-calculated\" style=\"--fontsize: 50;line-height: 1.2\" data-fontsize=\"50\" data-lineheight=\"60px\"><\/h2>\n<hr \/>\n<h3 class=\"fusion-responsive-typography-calculated\" style=\"--fontsize: 30;line-height: 1.25\" data-fontsize=\"30\" data-lineheight=\"37.5px\">SOFIA INSPIRA<\/h3>\n<p>conjunto de oito epis\u00f3dios que exemplificam como dar uma segunda oportunidade aos REEE e RPA, atrav\u00e9s dos famosos DIY (Do It Yoursef) e trabalhos manuais da artista Sofia Cotrim, do programa \u201cMundo de Sofia\u201d.<\/p>\n<p><strong>Ano de in\u00edcio:<\/strong> 2020<\/p>\n<p><strong>Parceiros:<\/strong> Novo Verde<\/p>\n<p><strong>Descri\u00e7\u00e3o:<\/strong><br \/>\nS\u00e9rie pautada pelos valores da redu\u00e7\u00e3o e reutiliza\u00e7\u00e3o, e tamb\u00e9m pela divers\u00e3o entre pares e fam\u00edlias, dispon\u00edvel nas redes Instagram, Facebook, Linkedin e Youtube da ERP Portugal e Novo Verde. Nos 8 epis\u00f3dios as embalagens usadas, os equipamentos el\u00e9tricos e as pilhas em fim de vida foram os atores principais de obras 100% sustent\u00e1veis e que apresentavam como denominador comum a mensagem de sensibiliza\u00e7\u00e3o e emerg\u00eancia ambiental.<\/p>\n<p><strong>Objetivos:<\/strong><\/p>\n<ul>\n<li>Mobiliza\u00e7\u00e3o dos Portugueses para utiliza\u00e7\u00e3o dos canais corretos de entrega de embalagens, REEE e pilhas usadas;<\/li>\n<li>Integrar conceitos relacionados com a reciclagem de embalagens, REEE e RPA no conjunto de preocupa\u00e7\u00f5es dos seguidores;<\/li>\n<li>Promover a utiliza\u00e7\u00e3o dos canais de deposi\u00e7\u00e3o previstos para estes res\u00edduos.<\/li>\n<\/ul>\n<p>Mais informa\u00e7\u00e3o <a href=\"https:\/\/www.youtube.com\/channel\/UCuDmbWRDwy7KCQSFz054sOQ\">aqui<\/a>.<\/p>\n<p><img loading=\"lazy\" decoding=\"async\" class=\"wp-image-3924 alignnone\" src=\"https:\/\/erp-recycling.org\/pt-pt\/wp-content\/uploads\/sites\/16\/2020\/05\/SofiaInspira-1-e1590764698833.jpg\" alt=\"SofiaInspira\" width=\"130\" height=\"66\" \/><\/p>\n<h2 class=\"fusion-responsive-typography-calculated\" style=\"--fontsize: 50;line-height: 1.2\" data-fontsize=\"50\" data-lineheight=\"60px\"><\/h2>\n<hr \/>\n<h3 class=\"fusion-responsive-typography-calculated\" style=\"--fontsize: 30;line-height: 1.25\" data-fontsize=\"30\" data-lineheight=\"37.5px\">TRAGA PILHAS<\/h3>\n<p>Marca criada pela ERP Portugal para dinamizar a recolha de pilhas usadas, apelando \u00e0 participa\u00e7\u00e3o ati va dos cidad\u00e3os neste miss\u00e3o.<\/p>\n<p><strong>Ano de in\u00edcio: <\/strong>2020<\/p>\n<p><strong>Parceiros:<\/strong> NA<\/p>\n<p><strong>Descri\u00e7\u00e3o:<\/strong><br \/>\nA designa\u00e7\u00e3o da marca apela, naturalmente, ao comportamento de levar pilhas e acumuladores em fim de vida at\u00e9 aos pontos de recolha seletiva e garantir, assim, a sua reciclagem. Os equipamentos log\u00edsticos existentes no terreno s\u00e3o portadores deste <em>call to action<\/em> e assumem uma nova identidade e imagem, com maior destaque e impacto, totalmente dedicadas a esta problem\u00e1tica.<\/p>\n<p><strong>Objetivos:<\/strong><\/p>\n<ul>\n<li>Alertar o consumidor para a import\u00e2ncia e necessidade de reciclar este tipo de res\u00edduo, estimulando a sua participa\u00e7\u00e3o ativa neste processo;<\/li>\n<li>Promover a utiliza\u00e7\u00e3o dos canais de deposi\u00e7\u00e3o previstos para estes res\u00edduos.<\/li>\n<\/ul>\n<p><img loading=\"lazy\" decoding=\"async\" class=\"wp-image-3954 alignnone\" src=\"https:\/\/erp-recycling.org\/pt-pt\/wp-content\/uploads\/sites\/16\/2020\/06\/TRAGA-PILHAS-RED-e1596038542635.jpg\" alt=\"TRAGA PILHAS RED\" width=\"110\" height=\"107\" \/><\/p>\n<\/div><\/div><\/div><div class=\"fusion-layout-column fusion_builder_column fusion-builder-column-6 fusion_builder_column_3_4 3_4 fusion-flex-column\" style=\"--awb-bg-size:cover;--awb-width-large:75%;--awb-margin-top-large:0px;--awb-spacing-right-large:2.56%;--awb-margin-bottom-large:20px;--awb-spacing-left-large:2.56%;--awb-width-medium:100%;--awb-order-medium:0;--awb-spacing-right-medium:1.92%;--awb-spacing-left-medium:1.92%;--awb-width-small:100%;--awb-order-small:0;--awb-spacing-right-small:1.92%;--awb-spacing-left-small:1.92%;\"><div class=\"fusion-column-wrapper fusion-column-has-shadow fusion-flex-justify-content-flex-start fusion-content-layout-column\"><div class=\"fusion-text fusion-text-4\"><h3 class=\"fusion-responsive-typography-calculated\" style=\"--fontsize: 30;line-height: 1.25\" data-fontsize=\"30\" data-lineheight=\"37.5px\">______________________________________________________________<\/h3>\n<h3 class=\"fusion-responsive-typography-calculated\" style=\"--fontsize: 30;line-height: 1.25\" data-fontsize=\"30\" data-lineheight=\"37.5px\">ERP Portugal lan\u00e7a projeto pioneiro de sensibiliza\u00e7\u00e3o com a C\u00e2mara Municipal de Loures<\/h3>\n<p><strong>Ano: <\/strong>2024<\/p>\n<p><strong>Parceiros:<\/strong> C\u00e2mara Municipal de Loures<\/p>\n<p><strong>Descri\u00e7\u00e3o:<\/strong><\/p>\n<p>A ERP Portugal e a C\u00e2mara Municipal de Loures unem-se para promover a campanha <strong>\u201cOnde Est\u00e3o as Pilhas?\u201d<\/strong>, com o objetivo de incentivar \u00e0 recolha de RP&amp;A, refor\u00e7ando o compromisso ambiental das duas institui\u00e7\u00f5es e fomentando a literacia ambiental das equipas municipais de Loures, dotando todas as instala\u00e7\u00f5es com equipamentos log\u00edsticos para recolha de pilhas.<\/p>\n<p>Esta campanha que arrancou hoje, dia 5 de mar\u00e7o, com um evento na C\u00e2mara Municipal de Loures, contou com a presen\u00e7a de <strong>Rosa Monforte, Diretora-Geral da ERP Portugal<\/strong>, e <strong>Nuno Ricardo Concei\u00e7\u00e3o Dias, Vereador do Munic\u00edpio de Loures<\/strong>.<\/p>\n<p>Uma carta de compromisso foi assinada pelas duas entidades de forma a que, juntas, unam esfor\u00e7os para a resolu\u00e7\u00e3o de um problema nacional: os reduzidos quantitativos de pilhas enviados para reciclagem. Tendo a no\u00e7\u00e3o de, Portugal estar aqu\u00e9m das metas de recolha europeias, o que se prende essencialmente com quest\u00f5es comportamentais, as entidades pretendem com esta a\u00e7\u00e3o fomentar h\u00e1bitos de entrega de pilhas em fim de vida, contrariando a tend\u00eancia de ac\u00famulo.<\/p>\n<p>Esta campanha ir\u00e1 ter um refor\u00e7o de sensibiliza\u00e7\u00e3o ao longo de todos os meses, at\u00e9 ao dia 5 de junho, Dia Mundial do Ambiente, onde a ERP Portugal e a C\u00e2mara Municipal de Loures se comprometem a manter o foco na educa\u00e7\u00e3o das popula\u00e7\u00f5es.<\/p>\n<p><img loading=\"lazy\" decoding=\"async\" class=\"alignnone wp-image-9725 size-medium\" src=\"https:\/\/erp-recycling.org\/pt-pt\/wp-content\/uploads\/sites\/53\/2024\/03\/2-300x200.jpg\" alt=\"\" width=\"300\" height=\"200\" srcset=\"https:\/\/erp-recycling.org\/pt-pt\/wp-content\/uploads\/sites\/53\/2024\/03\/2-200x133.jpg 200w, https:\/\/erp-recycling.org\/pt-pt\/wp-content\/uploads\/sites\/53\/2024\/03\/2-300x200.jpg 300w, https:\/\/erp-recycling.org\/pt-pt\/wp-content\/uploads\/sites\/53\/2024\/03\/2-400x266.jpg 400w, https:\/\/erp-recycling.org\/pt-pt\/wp-content\/uploads\/sites\/53\/2024\/03\/2-600x399.jpg 600w, https:\/\/erp-recycling.org\/pt-pt\/wp-content\/uploads\/sites\/53\/2024\/03\/2-768x511.jpg 768w, https:\/\/erp-recycling.org\/pt-pt\/wp-content\/uploads\/sites\/53\/2024\/03\/2-800x532.jpg 800w, https:\/\/erp-recycling.org\/pt-pt\/wp-content\/uploads\/sites\/53\/2024\/03\/2-1024x681.jpg 1024w, https:\/\/erp-recycling.org\/pt-pt\/wp-content\/uploads\/sites\/53\/2024\/03\/2-1200x798.jpg 1200w, https:\/\/erp-recycling.org\/pt-pt\/wp-content\/uploads\/sites\/53\/2024\/03\/2-1536x1022.jpg 1536w\" sizes=\"auto, (max-width: 300px) 100vw, 300px\" \/> \u00a0<img loading=\"lazy\" decoding=\"async\" class=\"alignnone wp-image-9727 size-medium\" src=\"https:\/\/erp-recycling.org\/pt-pt\/wp-content\/uploads\/sites\/53\/2024\/03\/WhatsApp-Image-2024-03-06-at-17.32.48-1-300x195.jpeg\" alt=\"\" width=\"300\" height=\"195\" srcset=\"https:\/\/erp-recycling.org\/pt-pt\/wp-content\/uploads\/sites\/53\/2024\/03\/WhatsApp-Image-2024-03-06-at-17.32.48-1-200x130.jpeg 200w, https:\/\/erp-recycling.org\/pt-pt\/wp-content\/uploads\/sites\/53\/2024\/03\/WhatsApp-Image-2024-03-06-at-17.32.48-1-300x195.jpeg 300w, https:\/\/erp-recycling.org\/pt-pt\/wp-content\/uploads\/sites\/53\/2024\/03\/WhatsApp-Image-2024-03-06-at-17.32.48-1-400x260.jpeg 400w, https:\/\/erp-recycling.org\/pt-pt\/wp-content\/uploads\/sites\/53\/2024\/03\/WhatsApp-Image-2024-03-06-at-17.32.48-1-600x390.jpeg 600w, https:\/\/erp-recycling.org\/pt-pt\/wp-content\/uploads\/sites\/53\/2024\/03\/WhatsApp-Image-2024-03-06-at-17.32.48-1-768x500.jpeg 768w, https:\/\/erp-recycling.org\/pt-pt\/wp-content\/uploads\/sites\/53\/2024\/03\/WhatsApp-Image-2024-03-06-at-17.32.48-1-800x521.jpeg 800w, https:\/\/erp-recycling.org\/pt-pt\/wp-content\/uploads\/sites\/53\/2024\/03\/WhatsApp-Image-2024-03-06-at-17.32.48-1-1024x666.jpeg 1024w, https:\/\/erp-recycling.org\/pt-pt\/wp-content\/uploads\/sites\/53\/2024\/03\/WhatsApp-Image-2024-03-06-at-17.32.48-1-1200x781.jpeg 1200w, https:\/\/erp-recycling.org\/pt-pt\/wp-content\/uploads\/sites\/53\/2024\/03\/WhatsApp-Image-2024-03-06-at-17.32.48-1.jpeg 1346w\" sizes=\"auto, (max-width: 300px) 100vw, 300px\" \/><\/p>\n<h3 class=\"fusion-responsive-typography-calculated\" style=\"--fontsize: 30;line-height: 1.25\" data-fontsize=\"30\" data-lineheight=\"37.5px\">_____________________________________________________________<\/h3>\n<h3 class=\"fusion-responsive-typography-calculated\" style=\"--fontsize: 30;line-height: 1.25\" data-fontsize=\"30\" data-lineheight=\"37.5px\">ERP Portugal e Clube de Futebol &#8220;Os Belenenses&#8221; juntam-se para apoiar a Comunidade Vida e Paz<\/h3>\n<p><strong>Ano: <\/strong>2023<\/p>\n<p><strong>Parceiros:<\/strong> Os Belenenses<\/p>\n<p><strong>Descri\u00e7\u00e3o:<\/strong><\/p>\n<p>&#8220;Pilhas de Amor neste Natal&#8221; \u00e9 a nova campanha desta quadra natal\u00edcia que tem como principal objetivo o de sensibilizar e educar para o correto encaminhamento de RP&amp;A, mas que tamb\u00e9m servir\u00e1 para a ERP Portugal e Os Belenenses marcarem o Natal de uma institui\u00e7\u00e3o: a Comunidade Vida e Paz.<\/p>\n<p>A ERP Portugal ir\u00e1 disponibilizar, ao longo de todas as instala\u00e7\u00f5es desportivas do hist\u00f3rico clube, cilindros que servir\u00e3o de pontos de entrega para todas as pilhas em fim de vida que os adeptos do Restelo queiram descartar. O valor total de pilhas recolhidas ir\u00e1, no final, ditar quanto \u00e9 que ser\u00e1 o donativo \u00e0 Comunidade Vida e Paz.<\/p>\n<p>Esta campanha conjunta vem no seguimento do acordo assinado entre Os Belenenses e a ERP Portugal para o patroc\u00ednio ao clube, e insere-se numa s\u00e9rie de campanhas que t\u00eam sido implementadas no complexo desportivo do Est\u00e1dio do Restelo e que est\u00e3o sob o mote <strong>Recicle! <\/strong>.<\/p>\n<p>\u201cA ERP Portugal e Os Belenenses est\u00e3o intrinsecamente ligados na sua responsabilidade n\u00e3o s\u00f3 ambiental, mas social. Numa quadra t\u00e3o importante, \u00e9 com enorme satisfa\u00e7\u00e3o que lan\u00e7amos esta campanha de Natal que ir\u00e1 ter, como principais beneficiados, uma associa\u00e7\u00e3o que muito precisa do nosso apoio, para a prossecu\u00e7\u00e3o do bom trabalho que faz: a Comunidade Vida e Paz.\u201d, sublinha <strong>Rosa Monforte, Diretora-Geral da ERP Portugal.<\/strong><\/p>\n<p>J\u00e1 <strong>Patrick Morais, Presidente do Clube de Futebol \u201cOs Belenense<\/strong><strong>s\u201d<\/strong>, afirma: \u201cO Belenenses refor\u00e7a a sua convic\u00e7\u00e3o de que acertou em cheio ao celebrar o acordo de patroc\u00ednio com a ERP Portugal segundo o mote Recicle!, uma parceria que torna o Clube uma institui\u00e7\u00e3o socialmente mais respons\u00e1vel, em respeito por um ambiente mais sustent\u00e1vel e \u00e9 com muita satisfa\u00e7\u00e3o que encaramos mais esta campanha de Natal, para a qual convidamos todos os adeptos e a comunidade em geral a participar at\u00e9 ao \u00faltimo dia deste ano de 2023.\u201d<\/p>\n<p><img loading=\"lazy\" decoding=\"async\" class=\"alignnone wp-image-9723 size-medium\" src=\"https:\/\/erp-recycling.org\/pt-pt\/wp-content\/uploads\/sites\/53\/2024\/03\/Criatividade-redes-sociais-241x300.jpg\" alt=\"\" width=\"241\" height=\"300\" srcset=\"https:\/\/erp-recycling.org\/pt-pt\/wp-content\/uploads\/sites\/53\/2024\/03\/Criatividade-redes-sociais-200x249.jpg 200w, https:\/\/erp-recycling.org\/pt-pt\/wp-content\/uploads\/sites\/53\/2024\/03\/Criatividade-redes-sociais-241x300.jpg 241w, https:\/\/erp-recycling.org\/pt-pt\/wp-content\/uploads\/sites\/53\/2024\/03\/Criatividade-redes-sociais-400x497.jpg 400w, https:\/\/erp-recycling.org\/pt-pt\/wp-content\/uploads\/sites\/53\/2024\/03\/Criatividade-redes-sociais-600x746.jpg 600w, https:\/\/erp-recycling.org\/pt-pt\/wp-content\/uploads\/sites\/53\/2024\/03\/Criatividade-redes-sociais-768x954.jpg 768w, https:\/\/erp-recycling.org\/pt-pt\/wp-content\/uploads\/sites\/53\/2024\/03\/Criatividade-redes-sociais-800x994.jpg 800w, https:\/\/erp-recycling.org\/pt-pt\/wp-content\/uploads\/sites\/53\/2024\/03\/Criatividade-redes-sociais-824x1024.jpg 824w, https:\/\/erp-recycling.org\/pt-pt\/wp-content\/uploads\/sites\/53\/2024\/03\/Criatividade-redes-sociais.jpg 915w\" sizes=\"auto, (max-width: 241px) 100vw, 241px\" \/><\/p>\n<h3 class=\"fusion-responsive-typography-calculated\" style=\"--fontsize: 30;line-height: 1.25\" data-fontsize=\"30\" data-lineheight=\"37.5px\">___________________________________________________________<\/h3>\n<h3 class=\"fusion-responsive-typography-calculated\" style=\"--fontsize: 30;line-height: 1.25\" data-fontsize=\"30\" data-lineheight=\"37.5px\">C\u00e9sar Mour\u00e3o \u00e9 a cara da nova campanha de sensibiliza\u00e7\u00e3o da ERP Portugal com a LG<\/h3>\n<p><strong>Ano: <\/strong>2023<\/p>\n<p><strong>Parceiros:<\/strong> LG<\/p>\n<p><strong>Descri\u00e7\u00e3o:<\/strong><\/p>\n<p>A ERP Portugal e a <a href=\"https:\/\/novoverde.pt\/\">Novo Verde<\/a> juntam-se \u00e0 LG, no \u00e2mbito do programa <a href=\"https:\/\/www.parceirosustentavelerp.pt\/\">Parceiro Sustent\u00e1vel<\/a>, com uma campanha de sensibiliza\u00e7\u00e3o protagonizada por <strong>C\u00e9sar Mour\u00e3o.<\/strong><\/p>\n<p>A campanha, com in\u00edcio no dia 26 de dezembro, e que decorrer\u00e1 at\u00e9 ao final da primeira semana de janeiro de 2024, tem como base um spot de r\u00e1dio e um v\u00eddeo de anima\u00e7\u00e3o, que ser\u00e3o divulgados atrav\u00e9s de radiodifus\u00e3o sonora e digital.<\/p>\n<p>Com o objetivo de promover a preven\u00e7\u00e3o de res\u00edduos, esta iniciativa real\u00e7a a import\u00e2ncia da efici\u00eancia, das garantias e das pe\u00e7as de substitui\u00e7\u00e3o para aumento do ciclo de vida dos produtos e a relev\u00e2ncia de pol\u00edticas de <em>ecodesign<\/em>, como parte essencial da economia circular, para facilitar a reciclagem de embalagens e dos seus produtos quando chegam ao seu fim de vida.<\/p>\n<p><img loading=\"lazy\" decoding=\"async\" class=\"alignnone wp-image-9721 size-medium\" src=\"https:\/\/erp-recycling.org\/pt-pt\/wp-content\/uploads\/sites\/53\/2024\/03\/ERP-Portugal_Thumbnail_1080x1350-240x300.png\" alt=\"\" width=\"240\" height=\"300\" srcset=\"https:\/\/erp-recycling.org\/pt-pt\/wp-content\/uploads\/sites\/53\/2024\/03\/ERP-Portugal_Thumbnail_1080x1350-200x250.png 200w, https:\/\/erp-recycling.org\/pt-pt\/wp-content\/uploads\/sites\/53\/2024\/03\/ERP-Portugal_Thumbnail_1080x1350-240x300.png 240w, https:\/\/erp-recycling.org\/pt-pt\/wp-content\/uploads\/sites\/53\/2024\/03\/ERP-Portugal_Thumbnail_1080x1350-400x500.png 400w, https:\/\/erp-recycling.org\/pt-pt\/wp-content\/uploads\/sites\/53\/2024\/03\/ERP-Portugal_Thumbnail_1080x1350-600x750.png 600w, https:\/\/erp-recycling.org\/pt-pt\/wp-content\/uploads\/sites\/53\/2024\/03\/ERP-Portugal_Thumbnail_1080x1350-768x960.png 768w, https:\/\/erp-recycling.org\/pt-pt\/wp-content\/uploads\/sites\/53\/2024\/03\/ERP-Portugal_Thumbnail_1080x1350-800x1000.png 800w, https:\/\/erp-recycling.org\/pt-pt\/wp-content\/uploads\/sites\/53\/2024\/03\/ERP-Portugal_Thumbnail_1080x1350-819x1024.png 819w, https:\/\/erp-recycling.org\/pt-pt\/wp-content\/uploads\/sites\/53\/2024\/03\/ERP-Portugal_Thumbnail_1080x1350.png 1080w\" sizes=\"auto, (max-width: 240px) 100vw, 240px\" \/><\/p>\n<h3 class=\"fusion-responsive-typography-calculated\" style=\"--fontsize: 30;line-height: 1.25\" data-fontsize=\"30\" data-lineheight=\"37.5px\">___________________________________________________________<\/h3>\n<h3 class=\"fusion-responsive-typography-calculated\" style=\"--fontsize: 30;line-height: 1.25\" data-fontsize=\"30\" data-lineheight=\"37.5px\">ERP Portugal e Grupo Os Mosqueteiros juntos para sensibilizar a comunidade<\/h3>\n<p><strong>Ano: <\/strong>2023<\/p>\n<p><strong>Parceiros:<\/strong> Grupo Os Mosqueteiros (Intermarch\u00e9, Bricomarch\u00e9, Roady)<\/p>\n<p><strong>Descri\u00e7\u00e3o:<\/strong><\/p>\n<p>A campanha &#8220;Juntos pelo Ambiente&#8221;, desenvolvida no \u00e2mbito do programa <a href=\"https:\/\/www.parceirosustentavelerp.pt\/\">Parceiro Sustent\u00e1vel ERP<\/a>, arrancou a 18 de novembro, no contexto da Semana Europeia de Preven\u00e7\u00e3o de Res\u00edduos e esteve patente at\u00e9 26 de novembro, para sensibilizar a comunidade para o correto encaminhamento de res\u00edduos el\u00e9tricos, eletr\u00f3nicos, pilhas e l\u00e2mpadas.<\/p>\n<p>Todas as lojas Intermarch\u00e9, Bricormarch\u00e9 e Roady utilizaram uma das vozes mais conhecida do pa\u00eds como som de loja para amplificar a import\u00e2ncia da sustentabilidade e incentivar ao correto descarte de res\u00edduos, atingindo assim um p\u00fablico mais vasto e aumentando a consciencializa\u00e7\u00e3o sobre a reciclagem e preserva\u00e7\u00e3o do ambiente.<\/p>\n<p>Para <strong>Rosa Monforte,<\/strong> <strong>Diretora Geral da ERP Portugal,<\/strong> \u201cesta campanha, realizada em parceria com o Grupo Os Mosqueteiros, foi uma \u00f3tima oportunidade para sensibilizar a comunidade para a import\u00e2ncia do correto encaminhamento deste tipo de res\u00edduos e para incentivar h\u00e1bitos mais sustent\u00e1veis. Temos cada vez mais aderentes no programa \u201cParceiro Sustent\u00e1vel\u201d, o que tem resultado num grande crescimento das nossas a\u00e7\u00f5es de sensibiliza\u00e7\u00e3o, que pretendem alertar a comunidade para a import\u00e2ncia dos seus comportamentos e promover a reciclagem e o correto encaminhamento de res\u00edduos\u201d.<\/p>\n<p><img loading=\"lazy\" decoding=\"async\" class=\"alignnone wp-image-9718 size-medium\" src=\"https:\/\/erp-recycling.org\/pt-pt\/wp-content\/uploads\/sites\/53\/2024\/03\/Banner_480x600-240x300.png\" alt=\"\" width=\"240\" height=\"300\" srcset=\"https:\/\/erp-recycling.org\/pt-pt\/wp-content\/uploads\/sites\/53\/2024\/03\/Banner_480x600-200x250.png 200w, https:\/\/erp-recycling.org\/pt-pt\/wp-content\/uploads\/sites\/53\/2024\/03\/Banner_480x600-240x300.png 240w, https:\/\/erp-recycling.org\/pt-pt\/wp-content\/uploads\/sites\/53\/2024\/03\/Banner_480x600-400x500.png 400w, https:\/\/erp-recycling.org\/pt-pt\/wp-content\/uploads\/sites\/53\/2024\/03\/Banner_480x600.png 480w\" sizes=\"auto, (max-width: 240px) 100vw, 240px\" \/><\/p>\n<h3 class=\"fusion-responsive-typography-calculated\" style=\"--fontsize: 30;line-height: 1.25\" data-fontsize=\"30\" data-lineheight=\"37.5px\">______________________________________________________________<\/h3>\n<h3 class=\"fusion-responsive-typography-calculated\" style=\"--fontsize: 30;line-height: 1.25\" data-fontsize=\"30\" data-lineheight=\"37.5px\">ERP Portugal no Vital Sport da Decathlon<\/h3>\n<p><strong>Ano: <\/strong>2023<\/p>\n<p><strong>Parceiros:<\/strong> Decathlon<\/p>\n<p><strong>Descri\u00e7\u00e3o:<\/strong><\/p>\n<p>A ERP Portugal e a <a href=\"https:\/\/novoverde.pt\/\">Novo Verde<\/a> marcaram presen\u00e7a no Vital Sport da Decathlon, evento que apela para os benef\u00edcios do desporto e da atividade f\u00edsica, com o objetivo de sensibilizar e consciencializar para a correta separa\u00e7\u00e3o e encaminhamento de res\u00edduos, nos dias 23, 24 e 30 de setembro e 1 de outubro.<\/p>\n<p>O Vital Sport \u00e9 um evento da Decathlon aberto a todas as pessoas, e a ERP Portugal e a Novo Verde estiveram presentes no Food Court deste evento gratuito, com ecopontos humanos da Novo Verde e com promotores da ERP Portugal que desafiaram todos os participantes ao correto encaminhamento de res\u00edduos e oferecendo <em>ecobags<\/em> de reciclagem.<\/p>\n<p>Esta parceria liga o desporto, a sa\u00fade e o ambiente, enquanto promove a literacia ambiental e consciencializa os participantes para a import\u00e2ncia da ado\u00e7\u00e3o de pr\u00e1ticas mais sustent\u00e1veis.<\/p>\n<p>Esta iniciativa foi desenvolvida no \u00e2mbito do programa Parceiro Sustent\u00e1vel, que apoia e inspira as empresas a desenvolverem iniciativas sustent\u00e1veis e pretende divulgar as melhores pr\u00e1ticas ambientais a n\u00edvel corporativo. Para saber mais sobre este programa consulte o site <a href=\"https:\/\/www.parceirosustentavelerp.pt\/\">https:\/\/www.parceirosustentavelerp.pt\/<\/a><\/p>\n<p><img loading=\"lazy\" decoding=\"async\" class=\"alignnone wp-image-9713 size-medium\" src=\"https:\/\/erp-recycling.org\/pt-pt\/wp-content\/uploads\/sites\/53\/2024\/03\/Imagem1-240x300.png\" alt=\"\" width=\"240\" height=\"300\" srcset=\"https:\/\/erp-recycling.org\/pt-pt\/wp-content\/uploads\/sites\/53\/2024\/03\/Imagem1-200x250.png 200w, https:\/\/erp-recycling.org\/pt-pt\/wp-content\/uploads\/sites\/53\/2024\/03\/Imagem1-240x300.png 240w, https:\/\/erp-recycling.org\/pt-pt\/wp-content\/uploads\/sites\/53\/2024\/03\/Imagem1-400x500.png 400w, https:\/\/erp-recycling.org\/pt-pt\/wp-content\/uploads\/sites\/53\/2024\/03\/Imagem1.png 574w\" sizes=\"auto, (max-width: 240px) 100vw, 240px\" \/> <img loading=\"lazy\" decoding=\"async\" class=\"alignnone wp-image-9714 size-medium\" src=\"https:\/\/erp-recycling.org\/pt-pt\/wp-content\/uploads\/sites\/53\/2024\/03\/Imagem2-240x300.png\" alt=\"\" width=\"240\" height=\"300\" srcset=\"https:\/\/erp-recycling.org\/pt-pt\/wp-content\/uploads\/sites\/53\/2024\/03\/Imagem2-200x250.png 200w, https:\/\/erp-recycling.org\/pt-pt\/wp-content\/uploads\/sites\/53\/2024\/03\/Imagem2-240x300.png 240w, https:\/\/erp-recycling.org\/pt-pt\/wp-content\/uploads\/sites\/53\/2024\/03\/Imagem2-400x501.png 400w, https:\/\/erp-recycling.org\/pt-pt\/wp-content\/uploads\/sites\/53\/2024\/03\/Imagem2.png 573w\" sizes=\"auto, (max-width: 240px) 100vw, 240px\" \/><\/p>\n<h3 class=\"fusion-responsive-typography-calculated\" style=\"--fontsize: 30;line-height: 1.25\" data-fontsize=\"30\" data-lineheight=\"37.5px\">_______________________________________________________________<\/h3>\n<h3 class=\"fusion-responsive-typography-calculated\" style=\"--fontsize: 30;line-height: 1.25\" data-fontsize=\"30\" data-lineheight=\"37.5px\">ERP Portugal junta-se \u00e0 Sailors For The Sea para celebrar anivers\u00e1rio da Marina de Cascais<\/h3>\n<p><strong>Ano: <\/strong>2023<\/p>\n<p><strong>Parceiros:<\/strong> Sailors For The Sea Portugal, Marina de Cascais<\/p>\n<p><strong>Descri\u00e7\u00e3o:<\/strong><\/p>\n<p>No \u00e2mbito do 24\u00ba anivers\u00e1rio da Marina de Cascais, entre os dias 6 a 12 de agosto, a ERP Portugal e a Sailors For The Sea promoveram uma campanha de recolha de res\u00edduos, incentivando a comunidade a entregar os seus pequenos el\u00e9tricos, eletr\u00f3nicos e pilhas em fim de vida em todas as lojas da Marina de Cascais.<\/p>\n<p>A Campanha \u201cMarina Recicla\u201d \u00e9 mais uma iniciativa da Marina de Cascais e da Sailors For The Sea, em parceria com a ERP Portugal, que pretende sensibilizar e incentivar a comunidade a entregar estas tipologias de res\u00edduos com elevado potencial de reciclagem, de forma seletiva. Al\u00e9m disso, esta campanha demonstra a forte rela\u00e7\u00e3o de parceria entre as entidades, que partilham o prop\u00f3sito de contribuir para um planeta mais sustent\u00e1vel.<\/p>\n<p>\u201c\u00c9 com enorme satisfa\u00e7\u00e3o que celebramos o anivers\u00e1rio da Marina de Cascais, com a Sailors For The Sea. Acreditamos que, com esta parceria, estamos a fortalecer a nossa capacidade de criar um impacto significativo na sensibiliza\u00e7\u00e3o para o correto descarte de res\u00edduos e na consciencializa\u00e7\u00e3o ambiental da comunidade de Cascais. Queremos incentivar e convidar todas as pessoas a juntarem-se a n\u00f3s na causa comum que \u00e9 reciclar mais, em prol de um planeta mais limpo e sustent\u00e1vel\u201d, afirmou <strong>Rosa Monforte, Diretora Geral da ERP Portugal.<\/strong><\/p>\n<p><img loading=\"lazy\" decoding=\"async\" class=\"alignnone wp-image-9709 size-medium\" src=\"https:\/\/erp-recycling.org\/pt-pt\/wp-content\/uploads\/sites\/53\/2024\/03\/Cartaz-Marina-Recicla-V4-214x300.jpg\" alt=\"\" width=\"214\" height=\"300\" srcset=\"https:\/\/erp-recycling.org\/pt-pt\/wp-content\/uploads\/sites\/53\/2024\/03\/Cartaz-Marina-Recicla-V4-200x280.jpg 200w, https:\/\/erp-recycling.org\/pt-pt\/wp-content\/uploads\/sites\/53\/2024\/03\/Cartaz-Marina-Recicla-V4-214x300.jpg 214w, https:\/\/erp-recycling.org\/pt-pt\/wp-content\/uploads\/sites\/53\/2024\/03\/Cartaz-Marina-Recicla-V4-400x560.jpg 400w, https:\/\/erp-recycling.org\/pt-pt\/wp-content\/uploads\/sites\/53\/2024\/03\/Cartaz-Marina-Recicla-V4-600x840.jpg 600w, https:\/\/erp-recycling.org\/pt-pt\/wp-content\/uploads\/sites\/53\/2024\/03\/Cartaz-Marina-Recicla-V4-731x1024.jpg 731w, https:\/\/erp-recycling.org\/pt-pt\/wp-content\/uploads\/sites\/53\/2024\/03\/Cartaz-Marina-Recicla-V4-768x1075.jpg 768w, https:\/\/erp-recycling.org\/pt-pt\/wp-content\/uploads\/sites\/53\/2024\/03\/Cartaz-Marina-Recicla-V4-800x1120.jpg 800w, https:\/\/erp-recycling.org\/pt-pt\/wp-content\/uploads\/sites\/53\/2024\/03\/Cartaz-Marina-Recicla-V4-1097x1536.jpg 1097w, https:\/\/erp-recycling.org\/pt-pt\/wp-content\/uploads\/sites\/53\/2024\/03\/Cartaz-Marina-Recicla-V4-1200x1680.jpg 1200w, https:\/\/erp-recycling.org\/pt-pt\/wp-content\/uploads\/sites\/53\/2024\/03\/Cartaz-Marina-Recicla-V4-1463x2048.jpg 1463w, https:\/\/erp-recycling.org\/pt-pt\/wp-content\/uploads\/sites\/53\/2024\/03\/Cartaz-Marina-Recicla-V4-scaled.jpg 1829w\" sizes=\"auto, (max-width: 214px) 100vw, 214px\" \/><\/p>\n<h3 class=\"fusion-responsive-typography-calculated\" style=\"--fontsize: 30;line-height: 1.25\" data-fontsize=\"30\" data-lineheight=\"37.5px\">__________________________________________________________<\/h3>\n<h3 class=\"fusion-responsive-typography-calculated\" style=\"--fontsize: 30;line-height: 1.25\" data-fontsize=\"30\" data-lineheight=\"37.5px\">ERP Portugal e Novo Verde juntam-se ao &#8220;Querido Mudei a Casa&#8221; para sensibilizar popula\u00e7\u00e3o para a separa\u00e7\u00e3o e encaminhamento de res\u00edduos<\/h3>\n<p><strong>Ano: <\/strong>2023<\/p>\n<p><strong>Parceiros:<\/strong> Querido Mudei a Casa<\/p>\n<p><strong>Descri\u00e7\u00e3o:<\/strong><\/p>\n<p>As v\u00e1rias tipologias de res\u00edduos gerados pelo consumo da popula\u00e7\u00e3o requerem um encaminhamento e tratamento adequados, de modo a reduzir os impactos nocivos no nosso planeta.<\/p>\n<p>Conscientes desta problem\u00e1tica, a <strong>ERP Portugal <\/strong>e a<strong> Novo Verde<\/strong>, al\u00e9m de serem entidades respons\u00e1veis pela gest\u00e3o de res\u00edduos de embalagens e res\u00edduos el\u00e9tricos, eletr\u00f3nicos, pilhas e baterias, respetivamente, apostam na consciencializa\u00e7\u00e3o da popula\u00e7\u00e3o para comportamentos adequados que contribuam para um planeta mais verde, juntando-se, com este objetivo, ao programa \u201cQuerido Mudei a Casa\u201d, da TVI.<\/p>\n<p>Desta maneira, a <strong>ERP Portugal <\/strong>e a<strong> Novo Verde visam <\/strong>sensibilizar a popula\u00e7\u00e3o para o correto encaminhamento deste tipo de res\u00edduos. Sendo um programa de renova\u00e7\u00e3o de espa\u00e7os, muitos s\u00e3o os res\u00edduos gerados neste processo de remodela\u00e7\u00e3o, n\u00e3o s\u00f3 a n\u00edvel de embalagens das diversas ferramentas usadas no dia-a-dia da equipa, como tamb\u00e9m a n\u00edvel de substitui\u00e7\u00e3o de eletrodom\u00e9sticos obsoletos.<\/p>\n<p>Todos estes res\u00edduos devem ser devidamente recolhidos e encaminhados, e \u00e9 atrav\u00e9s da ERP Portugal e da Novo Verde que o programa assegurar\u00e1 este processo e sensibilizar\u00e1 os telespectadores para boas pr\u00e1ticas ambientais.<\/p>\n<p>Com presen\u00e7a em 24 epis\u00f3dios no total, transmitidos todos os domingos a partir de dia 9 de julho, as duas entidades pretendem contribuir para a literacia ambiental da popula\u00e7\u00e3o, incentivando a um papel mais ativo nesta mat\u00e9ria.<\/p>\n<p><img loading=\"lazy\" decoding=\"async\" class=\"alignnone wp-image-9654 size-medium\" src=\"https:\/\/erp-recycling.org\/pt-pt\/wp-content\/uploads\/sites\/53\/2024\/03\/DSC05586-300x200.jpg\" alt=\"\" width=\"300\" height=\"200\" srcset=\"https:\/\/erp-recycling.org\/pt-pt\/wp-content\/uploads\/sites\/53\/2024\/03\/DSC05586-200x133.jpg 200w, https:\/\/erp-recycling.org\/pt-pt\/wp-content\/uploads\/sites\/53\/2024\/03\/DSC05586-300x200.jpg 300w, https:\/\/erp-recycling.org\/pt-pt\/wp-content\/uploads\/sites\/53\/2024\/03\/DSC05586-400x267.jpg 400w, https:\/\/erp-recycling.org\/pt-pt\/wp-content\/uploads\/sites\/53\/2024\/03\/DSC05586-600x400.jpg 600w, https:\/\/erp-recycling.org\/pt-pt\/wp-content\/uploads\/sites\/53\/2024\/03\/DSC05586-768x512.jpg 768w, https:\/\/erp-recycling.org\/pt-pt\/wp-content\/uploads\/sites\/53\/2024\/03\/DSC05586-800x533.jpg 800w, https:\/\/erp-recycling.org\/pt-pt\/wp-content\/uploads\/sites\/53\/2024\/03\/DSC05586-1024x683.jpg 1024w, https:\/\/erp-recycling.org\/pt-pt\/wp-content\/uploads\/sites\/53\/2024\/03\/DSC05586-1200x800.jpg 1200w, https:\/\/erp-recycling.org\/pt-pt\/wp-content\/uploads\/sites\/53\/2024\/03\/DSC05586-1536x1024.jpg 1536w\" sizes=\"auto, (max-width: 300px) 100vw, 300px\" \/><\/p>\n<h3 class=\"fusion-responsive-typography-calculated\" style=\"--fontsize: 30;line-height: 1.25\" data-fontsize=\"30\" data-lineheight=\"37.5px\">________________________________________________________<\/h3>\n<h3 class=\"fusion-responsive-typography-calculated\" style=\"--fontsize: 30;line-height: 1.25\" data-fontsize=\"30\" data-lineheight=\"37.5px\">ERP Portugal e Novo Verde criam Pra\u00e7a da Sustentabilidade no Primavera Sound Porto<\/h3>\n<p><strong>Ano: <\/strong>2023<\/p>\n<p><strong>Parceiros:<\/strong> Lipor, Zero Cups<\/p>\n<p><strong>Descri\u00e7\u00e3o:<\/strong><\/p>\n<p>A <strong>ERP Portugal <\/strong>e a<strong> Novo Verde<\/strong>, entidades gestoras de res\u00edduos de embalagens e res\u00edduos el\u00e9tricos e eletr\u00f3nicos, e pilhas e baterias, respetivamente, criaram a Pra\u00e7a da Sustentabilidade no festival <strong>Primavera Sound<\/strong> <strong>Porto<\/strong>, entre os dias 7 e 10 de junho, de forma a sensibilizar a comunidade para <strong>a import\u00e2ncia da preven\u00e7\u00e3o de res\u00edduos<\/strong>, em parceria com a <strong>Lipor<\/strong> e a Zero Cups.<\/p>\n<p>Sob o mote <strong>\u201cReliga-te\u201d<\/strong>, a ERP Portugal, em parceria com a Lipor esteve presente com o <strong>CREW<\/strong>, projeto de Investiga\u00e7\u00e3o &amp; Desenvolvimento, com o objetivo de promover a preven\u00e7\u00e3o de res\u00edduos, atrav\u00e9s da realiza\u00e7\u00e3o de workshops de repara\u00e7\u00e3o de pequenos el\u00e9tricos e eletr\u00f3nicos, num <em>repair cafe.<\/em><\/p>\n<p>\u201cA presen\u00e7a da ERP Portugal e da Novo Verde neste evento vem refor\u00e7ar o seu principal objetivo de consciencializar a comunidade sobre a import\u00e2ncia da ado\u00e7\u00e3o de comportamentos ambientalmente respons\u00e1veis, contribuindo assim para a redu\u00e7\u00e3o da produ\u00e7\u00e3o de res\u00edduos.\u201d, afirma <strong>Ricardo Neto, Presidente da Novo Verde e da ERP Portugal.<\/strong><\/p>\n<p><img loading=\"lazy\" decoding=\"async\" class=\"size-medium wp-image-9438\" src=\"https:\/\/erp-recycling.org\/pt-pt\/wp-content\/uploads\/sites\/53\/2023\/07\/banner-primavera-sound-porto-300x130.png\" alt=\"erp-portugal-pra\u00e7a-sustentabilidade-primavera-sound-porto\" width=\"300\" height=\"130\" srcset=\"https:\/\/erp-recycling.org\/pt-pt\/wp-content\/uploads\/sites\/53\/2023\/07\/banner-primavera-sound-porto-200x87.png 200w, https:\/\/erp-recycling.org\/pt-pt\/wp-content\/uploads\/sites\/53\/2023\/07\/banner-primavera-sound-porto-300x130.png 300w, https:\/\/erp-recycling.org\/pt-pt\/wp-content\/uploads\/sites\/53\/2023\/07\/banner-primavera-sound-porto-400x174.png 400w, https:\/\/erp-recycling.org\/pt-pt\/wp-content\/uploads\/sites\/53\/2023\/07\/banner-primavera-sound-porto.png 567w\" sizes=\"auto, (max-width: 300px) 100vw, 300px\" \/><\/p>\n<h3 class=\"fusion-responsive-typography-calculated\" style=\"--fontsize: 30;line-height: 1.25\" data-fontsize=\"30\" data-lineheight=\"37.5px\"><a href=\"https:\/\/erp-recycling.org\/pt-pt\/wp-content\/uploads\/sites\/53\/2023\/05\/Regulamento-Passatempo-ERP-Primavera-Sound-Porto_rv5.docx\" target=\"_blank\" rel=\"noopener noreferrer\">Regulamento Give Away Primavera Sound Porto 2023<\/a><\/h3>\n<h3 class=\"fusion-responsive-typography-calculated\" style=\"--fontsize: 30;line-height: 1.25\" data-fontsize=\"30\" data-lineheight=\"37.5px\">________________________________________________________<\/h3>\n<h3 class=\"fusion-responsive-typography-calculated\" style=\"--fontsize: 30;line-height: 1.25\" data-fontsize=\"30\" data-lineheight=\"37.5px\">&#8220;Conversas com Energia&#8221; debatem o presente e o futuro do nosso planeta<\/h3>\n<p><strong>Ano: <\/strong>2023<\/p>\n<p><strong>Parceiros:<\/strong> Funda\u00e7\u00e3o EDP<\/p>\n<p><strong>Descri\u00e7\u00e3o:<\/strong><\/p>\n<p>As entidades gestoras de res\u00edduos <strong>ERP Portugal<\/strong> e <strong>Novo Verde<\/strong> associaram-se de novo \u00e0 <strong>Funda\u00e7\u00e3o EDP<\/strong> para mais um ciclo de \u201cConversas com Energia\u201d, um projeto que promove o conhecimento e o di\u00e1logo sobre os desafios da emerg\u00eancia clim\u00e1tica, energia e sustentabilidade, junto de crian\u00e7as e jovens de diferentes contextos.<\/p>\n<p>A primeira sess\u00e3o ocorreu no dia 20 de abril, e contou com a presen\u00e7a de Bordalo II, reconhecido artista portugu\u00eas que desenvolve as suas obras sob o lema\u00a0 \u201co lixo de um pode ser o tesouro de outro\u201d, dando uso ao \u201clixo\u201d para alertar para a produ\u00e7\u00e3o e consumos excessivos e no consequente impacte no Planeta. Os alunos da Escola Superior de Educa\u00e7\u00e3o (ESELx) do Instituto Polit\u00e9cnico de Lisboa foram os convidados a participar neste debate de abertura.<\/p>\n<p>O\u00a0 maat &#8211; Museu de Arte, Arquitetura e Tecnologia foi o palco da terceira edi\u00e7\u00e3o do programa \u201cConversas com Energia\u201d, sob o mote dos desafios da emerg\u00eancia clim\u00e1tica, com o objetivo de aumentar o di\u00e1logo e a reflex\u00e3o das novas gera\u00e7\u00f5es sobre o presente e o futuro do nosso planeta, fazendo a liga\u00e7\u00e3o \u00e0 exposi\u00e7\u00e3o <strong>\u201cPl\u00e1stico: Reconstruir o Nosso Mundo\u201d<\/strong>, patente no museu em co-produ\u00e7\u00e3o com o Vitra Design Museum, e o V&amp;A Dundee, e com o apoio da ERP Portugal e da Novo Verde.<\/p>\n<p>Dividida em tr\u00eas sec\u00e7\u00f5es, a exposi\u00e7\u00e3o <strong>&#8220;Pl\u00e1stico: Reconstruir o Nosso Mundo&#8221;<\/strong> explora a hist\u00f3ria do pl\u00e1stico, mostra a pertin\u00eancia e import\u00e2ncia deste material no nosso quotidiano. Pretendem as Entidades Gestoras, que apoiam a realiza\u00e7\u00e3o da exposi\u00e7\u00e3o, contribuir para a desmistifica\u00e7\u00e3o do material em si, alertando para o comportamento humano, quer na pertin\u00eancia do seu uso, quer no correto descarte.<\/p>\n<p>Esta edi\u00e7\u00e3o do ciclo \u201cConversas com Energia\u201d ir\u00e1 decorrer de abril a junho, e contar\u00e1 com a presen\u00e7a de personalidades ligadas aos temas da emerg\u00eancia clim\u00e1tica, energia e sustentabilidade. Recorde-se que as duas edi\u00e7\u00f5es anteriores do programa \u201cConversas com Energia\u201d decorreram em 2022, e juntaram mais de 250 alunos, de diversos agrupamentos de escolas e graus de ensino, contribuindo para o aumento da literacia ambiental em territ\u00f3rio nacional.<\/p>\n<p><img loading=\"lazy\" decoding=\"async\" class=\"alignnone size-medium wp-image-9410\" src=\"https:\/\/erp-recycling.org\/pt-pt\/wp-content\/uploads\/sites\/53\/2023\/07\/Imagem2-300x200.jpg\" alt=\"\" width=\"300\" height=\"200\" srcset=\"https:\/\/erp-recycling.org\/pt-pt\/wp-content\/uploads\/sites\/53\/2023\/07\/Imagem2-200x133.jpg 200w, https:\/\/erp-recycling.org\/pt-pt\/wp-content\/uploads\/sites\/53\/2023\/07\/Imagem2-300x200.jpg 300w, https:\/\/erp-recycling.org\/pt-pt\/wp-content\/uploads\/sites\/53\/2023\/07\/Imagem2-400x267.jpg 400w, https:\/\/erp-recycling.org\/pt-pt\/wp-content\/uploads\/sites\/53\/2023\/07\/Imagem2-600x400.jpg 600w, https:\/\/erp-recycling.org\/pt-pt\/wp-content\/uploads\/sites\/53\/2023\/07\/Imagem2-768x513.jpg 768w, https:\/\/erp-recycling.org\/pt-pt\/wp-content\/uploads\/sites\/53\/2023\/07\/Imagem2-800x534.jpg 800w, https:\/\/erp-recycling.org\/pt-pt\/wp-content\/uploads\/sites\/53\/2023\/07\/Imagem2-1024x683.jpg 1024w, https:\/\/erp-recycling.org\/pt-pt\/wp-content\/uploads\/sites\/53\/2023\/07\/Imagem2-1200x801.jpg 1200w, https:\/\/erp-recycling.org\/pt-pt\/wp-content\/uploads\/sites\/53\/2023\/07\/Imagem2.jpg 1299w\" sizes=\"auto, (max-width: 300px) 100vw, 300px\" \/><\/p>\n<h3 class=\"fusion-responsive-typography-calculated\" style=\"--fontsize: 30;line-height: 1.25\" data-fontsize=\"30\" data-lineheight=\"37.5px\">______________________________________________________________________<\/h3>\n<h3 class=\"fusion-responsive-typography-calculated\" style=\"--fontsize: 30;line-height: 1.25\" data-fontsize=\"30\" data-lineheight=\"37.5px\">ERP Portugal, a <a href=\"https:\/\/novoverde.pt\/\">Novo Verde<\/a> <a href=\"https:\/\/www.youtube.com\/watch?v=7_KV2QvL550\">LG Portugal<\/a> unem-se a C\u00e9sar Mour\u00e3o e v\u00e3o \u201cdestralhar\u201d as gavetas dos Portugueses<\/h3>\n<p><strong>Ano: <\/strong>2022<\/p>\n<p><strong>Parceiros:<\/strong> LG Portugal, Novo Verde<\/p>\n<p><strong>Descri\u00e7\u00e3o:<\/strong><br \/>\nE se, de repente, o C\u00e9sar Mour\u00e3o aparecesse \u00e0 nossa porta para ver o interior das gavetas e arm\u00e1rios em busca de equipamentos el\u00e9tricos e eletr\u00f3nicos, pilhas e respetivas embalagens, que j\u00e1 n\u00e3o usamos ou que est\u00e3o estragados? \u00c9 exatamente isso que acontece na nova campanha que une o apresentador e humorista portugu\u00eas \u00e0 ERP Portugal, Novo Verde e LG Portugal, a \u201cDestralhar\u201d.<\/p>\n<p><img loading=\"lazy\" decoding=\"async\" class=\"alignnone size-medium wp-image-5000\" src=\"https:\/\/erp-recycling.org\/pt-pt\/wp-content\/uploads\/sites\/16\/2022\/12\/IG_FB_Waste-Summit-300x300.png\" alt=\"\" width=\"300\" height=\"300\" \/><\/p>\n<p>Segundo o estudo \u201cH\u00e1bitos dos Portugueses em rela\u00e7\u00e3o ao Lixo Eletr\u00f3nico\u201d*, 59,2% dos portugueses admite que guarda os equipamentos \u2013 que j\u00e1 n\u00e3o usa, mas que ainda funcionam, porque ainda podem ser \u00fateis mais tarde. No entanto, a verdade \u00e9 que este esp\u00edrito nacional do \u201cainda vai dar jeito\u201d leva a que a maior parte destes res\u00edduos acabe por ficar em gavetas, arm\u00e1rios e caixas tanto em casa como no local de trabalho. Da mesma forma, muitas pessoas optam por guardar as embalagens de equipamentos como televis\u00f5es ou eletrodom\u00e9sticos de maiores dimens\u00f5es, que ficam em garagens ou arrecada\u00e7\u00f5es a ganhar p\u00f3.<\/p>\n<p>Com o sentido de humor e de oportunidade caracter\u00edsticos do C\u00e9sar Mour\u00e3o, os <a href=\"https:\/\/www.youtube.com\/watch?v=QoeB9d-B19c&amp;t=1s\">v\u00eddeos<\/a> desta divertida campanha digital acompanham o apresentador em visitas rel\u00e2mpago e inesperadas a casas e escrit\u00f3rios de Lisboa, onde vai questionar as fam\u00edlias e trabalhadores sobre o e-waste e tudo o que o rodeia (incluindo as embalagens). Tudo para revelar que aquilo que consideramos lixo \u2013 ratos de computador que j\u00e1 n\u00e3o usamos, um leitor de DVD esquecido na prateleira ou uma caixa de cart\u00e3o encostada a uma parede \u2013 \u00e9 na verdade um conjunto de importantes res\u00edduos que podem e devem ter uma segunda vida, seja atrav\u00e9s da reciclagem ou da reutiliza\u00e7\u00e3o.<\/p>\n<p>Divirta-se com esta campanha e aprenda com a ERP Portugal onde colocar os seus el\u00e9tricos e eletr\u00f3nicos em fim de vida no local certo!! <a href=\"https:\/\/eureciclo.pt\/\">eureciclo.pt<\/a><\/p>\n<h3 class=\"fusion-responsive-typography-calculated\" style=\"--fontsize: 30;line-height: 1.25\" data-fontsize=\"30\" data-lineheight=\"37.5px\">______________________________________________________________________<\/h3>\n<h3 class=\"fusion-responsive-typography-calculated\" style=\"--fontsize: 30;line-height: 1.25\" data-fontsize=\"30\" data-lineheight=\"37.5px\">ERP Portugal e Chicco unem-se para provar que<br \/>\n\u201cReciclar n\u00e3o tem Hist\u00f3ria\u201d<\/h3>\n<p><strong>Ano: <\/strong>2022<\/p>\n<p><strong>Parceiros:<\/strong> Chicco<\/p>\n<p><strong>Descri\u00e7\u00e3o:<\/strong><br \/>\n\u201c<strong>Reciclar n\u00e3o tem Hist\u00f3ria<\/strong>\u201d \u00e9 o mote da iniciativa criada pela ERP Portugal em parceria com a Chicco, para incentivar a entrega de pequenos equipamentos el\u00e9tricos e eletr\u00f3nicos, em fim de vida, provando que este gesto \u00e9 simples, \u201cn\u00e3o tem hist\u00f3ria\u201d e pode contribuir para um Planeta mais sustent\u00e1vel. Sob a \u00e9gide do programa \u201c<a href=\"https:\/\/www.parceirosustentavelerp.pt\/\">Parceiro Sustent\u00e1vel<\/a>\u201d da ERP Portugal e com o apoio da <a href=\"https:\/\/abae.pt\/\">ABAE<\/a>, a iniciativa vai decorrer em 29 lojas Chicco durante o m\u00eas de setembro. Para al\u00e9m do consumidor, o desafio ser\u00e1 ainda alargado a mais de 1000 creches e jardins de inf\u00e2ncia que integram o programa <a href=\"https:\/\/ecoescolas.abae.pt\/\">Eco-Escolas<\/a>.<\/p>\n<p><img loading=\"lazy\" decoding=\"async\" class=\"alignnone size-medium wp-image-4857\" src=\"https:\/\/erp-recycling.org\/pt-pt\/wp-content\/uploads\/sites\/16\/2022\/09\/MicrosoftTeams-image-2-300x169.png\" alt=\"\" width=\"300\" height=\"169\" \/><\/p>\n<hr \/>\n<h2 class=\"fusion-responsive-typography-calculated\" style=\"--fontsize: 50;line-height: 1.2\" data-fontsize=\"50\" data-lineheight=\"60px\"><\/h2>\n<h3 class=\"fusion-responsive-typography-calculated\" style=\"--fontsize: 30;line-height: 1.25\" data-fontsize=\"30\" data-lineheight=\"37.5px\">\u201cReciclar tamb\u00e9m \u00e9 Ajudar\u201d<br \/>\na preserva\u00e7\u00e3o de Mares e Oceanos<strong><br \/>\n<\/strong><\/h3>\n<p><strong>Ano: <\/strong>2022<\/p>\n<p><strong>Parceiros: <\/strong>Pingo Doce<\/p>\n<p><strong>Descri\u00e7\u00e3o:<\/strong><br \/>\nA campanha <strong>\u201cReciclar tamb\u00e9m \u00e9 ajudar\u201d<\/strong> da ERP Portugal \u2013 entidade gestora de res\u00edduos, regressa \u00e0s lojas Pingo Doce com o objetivo de promover a import\u00e2ncia do correto encaminhamento, tratamento e reciclagem de res\u00edduos, desta feita, na prote\u00e7\u00e3o dos Oceanos e Mares. Esta a\u00e7\u00e3o visa apoiar a <em>Sailors for the Sea<\/em>, associa\u00e7\u00e3o sem fins lucrativos que pretende contribuir para a sustentabilidade dos oceanos e mares, incentivando uma mudan\u00e7a centrada na crescente consci\u00eancia ambiental fortalecida pela a\u00e7\u00e3o de cada um de n\u00f3s.<\/p>\n<p><img loading=\"lazy\" decoding=\"async\" class=\" wp-image-4774 alignnone\" src=\"https:\/\/erp-recycling.org\/pt-pt\/wp-content\/uploads\/sites\/16\/2022\/09\/MicrosoftTeams-image-300x240.jpg\" alt=\"\" width=\"258\" height=\"206\" \/><\/p>\n<hr \/>\n<h3 class=\"fusion-responsive-typography-calculated\" style=\"--fontsize: 30;line-height: 1.25\" data-fontsize=\"30\" data-lineheight=\"37.5px\">JUNTA NA FREGUESIA<\/h3>\n<p><strong>Ano: <\/strong>2022<\/p>\n<p><strong>Descri\u00e7\u00e3o:<\/strong><br \/>\n<strong>\u201cJunta na Freguesia\u201d<\/strong> \u00e9 o mais recente programa da ERP Portugal que, em conjunto com as Juntas de Freguesia e Munic\u00edpios de todo o pa\u00eds, vai contribuir para aumentar o conforto dos cidad\u00e3os. Com o principal objetivo de criar um movimento de sustentabilidade participada e facilitar a vida da comunidade, pretende-se o aumento da recolha e reciclagem de res\u00edduos de equipamentos el\u00e9tricos e eletr\u00f3nicos (REEE), bem como res\u00edduos de pilhas e acumuladores (RP&amp;A).<\/p>\n<p><img loading=\"lazy\" decoding=\"async\" class=\" wp-image-4778 alignnone\" src=\"https:\/\/erp-recycling.org\/pt-pt\/wp-content\/uploads\/sites\/16\/2022\/09\/Junta-na-Freguesia-300x300.jpg\" alt=\"\" width=\"196\" height=\"196\" \/><\/p>\n<hr \/>\n<h3 class=\"fusion-responsive-typography-calculated\" style=\"--fontsize: 30;line-height: 1.25\" data-fontsize=\"30\" data-lineheight=\"37.5px\">E-WASTE TALKS<\/h3>\n<p><strong>Ano:<\/strong> 2021<\/p>\n<p><strong>Parceiros:<\/strong> LG Portugal<\/p>\n<p><strong>Descri\u00e7\u00e3o:<\/strong><br \/>\nConjunto de podcasts para esclarecer a popula\u00e7\u00e3o sobre o que fazer aos REEE, para onde devem ser encaminhados, quais os impactos no dia-a-dia, nas empresas, nos retalhistas, no ambiente e at\u00e9 na carteira de cada um \u2013 estas s\u00e3o algumas das d\u00favidas que assolam o cidad\u00e3o e que v\u00e3o estar em debate nas quatro <em>e-Waste Talks<\/em> conduzidas pelo apresentador e humorista C\u00e9sar Mour\u00e3o.<\/p>\n<p><strong>Objetivos:<\/strong><\/p>\n<ul>\n<li>Aumentar as quantidades de res\u00edduos recolhidos e reciclados;<\/li>\n<li>Mobilizar a popula\u00e7\u00e3o para uma participa\u00e7\u00e3o ativa na reciclagem dos REEE;<\/li>\n<li>Explicar as vantagens da reciclagem dos REEE.<\/li>\n<\/ul>\n<p><strong>Links para as e-Waste Talks:<\/strong><\/p>\n<ol>\n<li><a href=\"https:\/\/www.youtube.com\/watch?v=BL5V1Az_25A\">Resumo<\/a><\/li>\n<li><a href=\"https:\/\/www.youtube.com\/watch?v=sY6CNz34z0A\">Papel da Entidade Gestora na promo\u00e7\u00e3o de comportamentos sustent\u00e1veis ao longo do fluxo de gest\u00e3o dos EEEE (Ricardo e Rosa)<\/a><\/li>\n<li><a href=\"https:\/\/www.youtube.com\/watch?v=NTf_C9NHH0M\">Compromisso da LG com a Sustentabilidade: do global para o local (Hugo Jorge, Respons\u00e1vel de Marketing da LG Portugal)<\/a><\/li>\n<li><a href=\"https:\/\/www.youtube.com\/watch?v=sYFucsomRKc\">Import\u00e2ncia do canal da distribui\u00e7\u00e3o como promotor de um comportamento mais correto dos cidad\u00e3os\/consumidores (Gon\u00e7alo Lobo Xavier, Diretor Geral da APED)<\/a><\/li>\n<li><a href=\"https:\/\/www.youtube.com\/watch?v=9yHw-5K0HSE&amp;t=20s\">Vis\u00e3o macro e hol\u00edstica sobre a gest\u00e3o dos REEE (Nuno Lacasta, Presidente da APA)<\/a><\/li>\n<\/ol>\n<hr \/>\n<h2 class=\"fusion-responsive-typography-calculated\" style=\"--fontsize: 50;line-height: 1.2\" data-fontsize=\"50\" data-lineheight=\"60px\"><\/h2>\n<h3 class=\"fusion-responsive-typography-calculated\" style=\"--fontsize: 30;line-height: 1.25\" data-fontsize=\"30\" data-lineheight=\"37.5px\">RECICLAR NO SENTIDO CERTO<\/h3>\n<p><strong>Ano:<\/strong> 2021<\/p>\n<p><strong>Parceiros:<\/strong> APA, DGAE, e-Cycle e Electr\u00e3o<\/p>\n<p><strong>Descri\u00e7\u00e3o:<\/strong><br \/>\nCampanha nacional de media para sensibilizar os Portugueses para a entrega seletiva de REEE nos locais corretos e garantir o tratamento, descontamina\u00e7\u00e3o e reciclagem dos mesmos.<\/p>\n<p>A campanha \u00e9 composta por an\u00fancios de tv e r\u00e1dio, publica\u00e7\u00f5es nas redes sociais e canais digitais, com especial destaque para a landing page dedicada a este tema.<\/p>\n<p><a href=\"https:\/\/erp-recycling.org\/pt-pt\/wp-content\/uploads\/sites\/16\/2021\/10\/OSentidoCerto_FINAL.mp4\">Spot de TV<\/a><\/p>\n<p><strong>Objetivos:<\/strong><\/p>\n<ul>\n<li>Aumentar as quantidades de res\u00edduos recolhidos e reciclados;<\/li>\n<li>Evitar o abandono dos REEE e desvio dos mesmos para circuitos paralelos;<\/li>\n<li>Explicar as vantagens da reciclagem dos REEE.<\/li>\n<\/ul>\n<hr \/>\n<h2 class=\"fusion-responsive-typography-calculated\" style=\"--fontsize: 50;line-height: 1.2\" data-fontsize=\"50\" data-lineheight=\"60px\"><\/h2>\n<h3 class=\"fusion-responsive-typography-calculated\" style=\"--fontsize: 30;line-height: 1.25\" data-fontsize=\"30\" data-lineheight=\"37.5px\">EQUIPA DOS REEE &amp; COMPANHIA<\/h3>\n<p><strong>Ano:<\/strong> 2021<\/p>\n<p><strong>Descri\u00e7\u00e3o:<\/strong><br \/>\nA banda desenhada <em>Equipa dos REEE &amp; Companhia<\/em> \u2013 <em>Miss\u00e3o: Aprender a Transformar o Futuro<\/em> recupera uma das ferramentas de educa\u00e7\u00e3o ambiental da ERP Portugal que remonta 2008 e que, agora, volta com novas personagens, mais moderna e ainda com mais energia para mobilizar os Portugueses para a entrega seletiva dos seus res\u00edduos.<\/p>\n<p>Esta pe\u00e7a tem como principais destinat\u00e1rios os estabelecimentos escolares e\/ou outras unidades de educa\u00e7\u00e3o ambiental e estar\u00e1 dispon\u00edvel gratuitamente em iniciativas da entidade gestora, tais como a campanha Gera\u00e7\u00e3o Depositr\u00e3o.<\/p>\n<p>Personagens: Capit\u00e3o Fluxo, Grand\u00e3o, Fininho, Fininho, Z\u00e9l\u00e9le, Vapores, Luzinhas, Depoistr\u00e3o, Carga M\u00e1xima e Traga Pilhas.<\/p>\n<p><strong>Objetivos:<\/strong><\/p>\n<ul>\n<li>Incentivar o aumento da literacia para a sustentabilidade junto das crian\u00e7as, embaixadores ambientais sempre atentos e excelentes influenciadores do comportamento dos adultos;<\/li>\n<li>Aumentar as quantidades de res\u00edduos recolhidos e reciclados.<\/li>\n<\/ul>\n<p>Banda desenhada <em>Equipa dos REEE &amp; Companhia<\/em> \u2013 <em>Miss\u00e3o: Aprender a Transformar o Futuro<\/em> <a href=\"https:\/\/erp-recycling.org\/pt-pt\/wp-content\/uploads\/sites\/16\/2021\/06\/Equipa-dos-REEE-Companhia_Missao_Aprender-a-transformar-o-futuro_FINAL.pdf\">aqui<\/a>.<\/p>\n<p><a href=\"https:\/\/www.youtube.com\/watch?v=QRI28unwGY8\">\u00bb Epis\u00f3dio 1 <\/a><a href=\"https:\/\/www.youtube.com\/watch?v=QRI28unwGY8\">\u00bb <\/a><a href=\"https:\/\/www.youtube.com\/watch?v=__N5QM4puto\">Epis\u00f3dio 2 <\/a><a href=\"https:\/\/www.youtube.com\/watch?v=QRI28unwGY8\">\u00bb <\/a><a href=\"https:\/\/www.youtube.com\/watch?v=0rwh0Eef6Uc\">Epis\u00f3dio 3 <\/a><a href=\"https:\/\/www.youtube.com\/watch?v=QRI28unwGY8\">\u00bb <\/a><a href=\"https:\/\/www.youtube.com\/watch?v=P7mwSQ8_8GA\">Epis\u00f3dio 4 <\/a><a href=\"https:\/\/www.youtube.com\/watch?v=QRI28unwGY8\">\u00bb <\/a><a href=\"https:\/\/www.youtube.com\/watch?v=79jdd6MJ_BI\">Epis\u00f3dio 5<\/a><\/p>\n<hr \/>\n<h3 class=\"fusion-responsive-typography-calculated\" style=\"--fontsize: 30;line-height: 1.25\" data-fontsize=\"30\" data-lineheight=\"37.5px\">TODOS PELO IPO<\/h3>\n<p><strong>Ano: <\/strong>2021<\/p>\n<p><strong>Parceiros:<\/strong> Instituto Portugu\u00eas de Oncologia (IPO) Fernando Gentil<\/p>\n<p><strong>Descri\u00e7\u00e3o:<\/strong><br \/>\nA ERP Portugal volta a associar-se ao IPO para desafiar os Portugueses a participar na reciclagem dos seus res\u00edduos e ajudar o Instituto na sua miss\u00e3o. Para fazer parte da a\u00e7\u00e3o \u201cTodos pelo IPO\u201d, basta entregar pilhas usadas que j\u00e1 n\u00e3o funcionam nos mais de 5000 pontos de recolha da ERP Portugal, distribu\u00eddos por todo o pa\u00eds, incluindo tamb\u00e9m as instala\u00e7\u00f5es do pr\u00f3prio IPO (lista dispon\u00edvel <a href=\"http:\/\/www.eureciclo.pt\/\">aqui<\/a>).<\/p>\n<p>No conjunto de res\u00edduos abrangidos pela iniciativa encontram-se pilhas e pequenos equipamentos como comandos, brinquedos, lanternas ou rel\u00f3gios e baterias de computadores port\u00e1teis, telem\u00f3veis ou comandos de consolas de jogos.<\/p>\n<p>Os res\u00edduos recolhidos at\u00e9 ao final do ano ser\u00e3o transformados em donativo a entregar ao IPO para a aquisi\u00e7\u00e3o de equipamentos de diagn\u00f3stico e tratamento de doen\u00e7as oncol\u00f3gicas.<\/p>\n<p><strong>Objetivos:<\/strong><\/p>\n<ul>\n<li>Mobilizar os Portugueses para utiliza\u00e7\u00e3o dos canais corretos de entrega de REEE e pilhas usadas;<\/li>\n<li>Aumentar as quantidades de res\u00edduos recolhidos e reciclados e, ao mesmo tempo, cumprir a vertente social de ajuda ao IPO.<\/li>\n<\/ul>\n<p><img loading=\"lazy\" decoding=\"async\" class=\"wp-image-4417 alignnone\" src=\"https:\/\/erp-recycling.org\/pt-pt\/wp-content\/uploads\/sites\/16\/2021\/04\/Imagem-SITE.jpg\" alt=\"Imagem SITE\" width=\"272\" height=\"152\" \/><\/p>\n<hr \/>\n<h3 class=\"fusion-responsive-typography-calculated\" style=\"--fontsize: 30;line-height: 1.25\" data-fontsize=\"30\" data-lineheight=\"37.5px\">RECICLO SEM PARAR<\/h3>\n<p><strong>Ano: <\/strong>2021<\/p>\n<p><strong>Parceiros:<\/strong> Maratona Clube de Portugal e Novo Verde<\/p>\n<p><strong>Descri\u00e7\u00e3o:<\/strong><br \/>\nCorrida virtual que decorrer\u00e1 de 3 a 9 de maio, cujos participantes dever\u00e3o inscrever-se via APP VRaces MCP ou diretamente no <a href=\"https:\/\/portugal.virace.app\/\">site das corridas<\/a>.<\/p>\n<p>A ERP Portugal faz parte dos parceiros que incentivar\u00e3o a pr\u00e1tica do desporto, \u00e0 qual se junta<\/p>\n<p>a componente ambiental (gest\u00e3o de res\u00edduos).<\/p>\n<p><strong>Objetivos:<\/strong><\/p>\n<ul>\n<li>Mobilizar os Portugueses para a pr\u00e1tica do desporto, aliando-a a preocupa\u00e7\u00f5es ambientais;<\/li>\n<li>Aumentar as quantidades de res\u00edduos recolhidos e reciclados.<\/li>\n<\/ul>\n<p><img loading=\"lazy\" decoding=\"async\" class=\"wp-image-4398 alignnone\" src=\"https:\/\/erp-recycling.org\/pt-pt\/wp-content\/uploads\/sites\/16\/2021\/04\/VirtualRaces_NovoVerde_1080x1080.jpg\" alt=\"Maratonas1\" width=\"145\" height=\"145\" \/><\/p>\n<hr \/>\n<h2 class=\"fusion-responsive-typography-calculated\" style=\"--fontsize: 50;line-height: 1.2\" data-fontsize=\"50\" data-lineheight=\"60px\"><\/h2>\n<h3 class=\"fusion-responsive-typography-calculated\" style=\"--fontsize: 30;line-height: 1.25\" data-fontsize=\"30\" data-lineheight=\"37.5px\">EARTH BITS<\/h3>\n<p><strong>Ano de in\u00edcio:<\/strong> 2021<\/p>\n<p><strong>Parceiros: <\/strong>Maat e Novo Verde<\/p>\n<p><strong>Descri\u00e7\u00e3o:<\/strong><br \/>\nA <em>Earth Bits<\/em> \u2013 Sentir o Planeta \u00e9 uma instala\u00e7\u00e3o, \u00e0 base de dados que s\u00e3o apresentados em conte\u00fados digitais, v\u00eddeos e uma esta\u00e7\u00e3o interativa, concebida pelo est\u00fadio de investiga\u00e7\u00e3o Dotdotdot. As quatro sec\u00e7\u00f5es deste projeto, que conta ainda com a participa\u00e7\u00e3o da Ag\u00eancia Espacial Europeia (ESA), da Ag\u00eancia Internacional de Energia (IEA) e da EDP Inova\u00e7\u00e3o, mostram a liga\u00e7\u00e3o de causa\/efeito dos comportamentos humanos sobre os recursos do planeta. Do conjunto de temas abordados na exposi\u00e7\u00e3o, destaque para a reciclagem de res\u00edduos e import\u00e2ncia do comportamento dos cidad\u00e3os como chave para assegurar o processo e as vantagens resultantes, nomeadamente a medi\u00e7\u00e3o da poupan\u00e7a da emiss\u00e3o de gases de efeito de estufa.<\/p>\n<p><a href=\"https:\/\/eur02.safelinks.protection.outlook.com\/?url=https%3A%2F%2Fwww.youtube.com%2Fwatch%3Fv%3DzZHqe4EcIb0&amp;data=04%7C01%7Cf.moita%40erp-recycling.org%7Cf5cae4a9dac04b85fce208d90582b4ad%7C4746ee025586473ebb093981e07c2b79%7C0%7C0%7C637546881209200565%7CUnknown%7CTWFpbGZsb3d8eyJWIjoiMC4wLjAwMDAiLCJQIjoiV2luMzIiLCJBTiI6Ik1haWwiLCJXVCI6Mn0%3D%7C1000&amp;sdata=VNzxwQJmuDS91H0HA7v%2BPGTQW2Dqij2x8MkcutPn9P4%3D&amp;reserved=0\">V\u00eddeo de inaugura\u00e7\u00e3o<\/a><\/p>\n<p><strong>Objetivos:<\/strong><\/p>\n<ul>\n<li>Criar uma corrente de conte\u00fados de consciencializa\u00e7\u00e3o e educa\u00e7\u00e3o do p\u00fablico portugu\u00eas, atrav\u00e9s do c\u00e1lculo da sua pegada carb\u00f3nica;<\/li>\n<li>Destacar a import\u00e2ncia de comportamentos ambientais, tais como a entrega dos res\u00edduos nos canais adequados para permitir o seu tratamento e a sua reciclagem.<\/li>\n<\/ul>\n<hr \/>\n<h3 class=\"fusion-responsive-typography-calculated\" style=\"--fontsize: 30;line-height: 1.25\" data-fontsize=\"30\" data-lineheight=\"37.5px\">RECICLAR N\u00c3O TEM TRUQUE<\/h3>\n<p><strong>Ano de in\u00edcio:<\/strong> 2021<\/p>\n<p><strong>Parceiros: <\/strong>LG Portugal<\/p>\n<p><strong>Descri\u00e7\u00e3o:<\/strong><br \/>\nConjunto de truques com a assinatura \u00fanica do m\u00e1gico portugu\u00eas Lu\u00eds de Matos para alertar os portugueses para a urg\u00eancia e necessidade de dar uma segunda vida aos equipamentos el\u00e9tricos e eletr\u00f3nicos que j\u00e1 n\u00e3o funcionam.<\/p>\n<p>Lu\u00eds Filipe Borges e Gabriel Ferreira juntaram-se ao desafio de Lu\u00eds de Matos e experienciaram alguns truques.<\/p>\n<p>V\u00eddeos dispon\u00edveis nas redes sociais e <a href=\"https:\/\/www.youtube.com\/channel\/UCuDmbWRDwy7KCQSFz054sOQ\">YouTube da ERP Portugal<\/a>.<\/p>\n<p><strong>Objetivos:<\/strong><\/p>\n<ul>\n<li>Criar uma corrente de conte\u00fados de consciencializa\u00e7\u00e3o e<br \/>\neduca\u00e7\u00e3o do p\u00fablico portugu\u00eas;<\/li>\n<li>Destacar a import\u00e2ncia do Depositr\u00e3o como solu\u00e7\u00e3o log\u00edstica para garantir a reciclagem de REEE.<\/li>\n<\/ul>\n<p><img loading=\"lazy\" decoding=\"async\" class=\"wp-image-4333 alignnone\" src=\"https:\/\/erp-recycling.org\/pt-pt\/wp-content\/uploads\/sites\/16\/2021\/02\/ImagemLuisMatos_SITE_2-150x150.jpg\" alt=\"ImagemLuisMatos_SITE_2\" width=\"115\" height=\"115\" \/><\/p>\n<hr \/>\n<h2 class=\"fusion-responsive-typography-calculated\" style=\"--fontsize: 50;line-height: 1.2\" data-fontsize=\"50\" data-lineheight=\"60px\"><\/h2>\n<h3 class=\"fusion-responsive-typography-calculated\" style=\"--fontsize: 30;line-height: 1.25\" data-fontsize=\"30\" data-lineheight=\"37.5px\">GERA\u00c7\u00c3O DEPOSITR\u00c3O<\/h3>\n<p>Campanha nacional dirigida a todos os n\u00edveis de ensino, composta por duas atividades: recolha de REEE e pilhas usadas e desafios criativos.<\/p>\n<p><strong>Ano de in\u00edcio:<\/strong> 2008<\/p>\n<p><strong>Parceiros:<\/strong> Associa\u00e7\u00e3o Bandeira Azul da Europa\/Programa Eco-Escolas, LG, Orima, Pingo Doce e Worten.<\/p>\n<p><strong>Descri\u00e7\u00e3o:<\/strong><br \/>\nAo longo do ano letivo as escolas participantes funcionam como pontos de recolha e informa\u00e7\u00e3o sobre o destino adequado a dar aos el\u00e9tricos e eletr\u00f3nicos e \u00e0s pilhas em fim de vida. Deste conjunto de pontos de recolha fazem parte, tamb\u00e9m, empresas e entidades locais que se juntaram a esta miss\u00e3o (Juntas de Freguesia, Centros de Dia, Bombeiros Volunt\u00e1rios, entre outras), garantido o tratamento, descontamina\u00e7\u00e3o e reciclagem dos res\u00edduos abrangidos.<\/p>\n<p>A campanha decorre a n\u00edvel nacional e abrange todos os graus de ensino (B\u00e1sico, Secund\u00e1rio\/Profissional e Superior) e conta com a entrega de res\u00edduos, tamb\u00e9m, por parte da comunidade envolvente, mobilizada pelos alunos, professores e funcion\u00e1rios dos estabelecimentos escolares.<\/p>\n<p>At\u00e9 momento, j\u00e1 foram recolhidas mais de 3500 toneladas de res\u00edduos e a m\u00e9dia de participa\u00e7\u00e3o anual aponta para 700 escolas, 40 000 Professores e 420 000 alunos. Para al\u00e9m da recolha, as escolas respondem a desafios criativos, segmentados por escal\u00f5es, numa \u00f3tica de preven\u00e7\u00e3o e promo\u00e7\u00e3o da reutiliza\u00e7\u00e3o de materiais.<\/p>\n<p>Mais informa\u00e7\u00e3o <a href=\"http:\/\/www.geracaodepositrao.abae.pt\/\">aqui<\/a>.<\/p>\n<p><strong>Objetivos:<\/strong><\/p>\n<ul>\n<li style=\"list-style-type: none\">\n<ul>\n<li>Introduzir o tema da preven\u00e7\u00e3o e reciclagem de REEE e RPA no conjunto de comportamentos dos cidad\u00e3os, transformando as escolas aderentes em pontos de recolha destes res\u00edduos e de informa\u00e7\u00e3o\/sensibiliza\u00e7\u00e3o da comunidade local;<\/li>\n<li>Sensibilizar a comunidade escolar para a import\u00e2ncia da recolha de REEE e pilhas usadas;<\/li>\n<li>Aumentar os quantitativos de res\u00edduos recolhidos seletivamente;<\/li>\n<li>Incluir a preven\u00e7\u00e3o de res\u00edduos no conjunto de preocupa\u00e7\u00f5es dos cidad\u00e3os, promovendo o consumo consciente e a redu\u00e7\u00e3o da frequ\u00eancia de descarte dos mesmos.<\/li>\n<\/ul>\n<\/li>\n<\/ul>\n<p><img loading=\"lazy\" decoding=\"async\" class=\"wp-image-4292 alignnone\" src=\"https:\/\/erp-recycling.org\/pt-pt\/wp-content\/uploads\/sites\/16\/2021\/01\/Imagem_site.jpg\" alt=\"GD13\" width=\"266\" height=\"184\" \/><\/p>\n<hr \/>\n<h3 class=\"fusion-responsive-typography-calculated\" style=\"--fontsize: 30;line-height: 1.25\" data-fontsize=\"30\" data-lineheight=\"37.5px\">TODOS PELO IPO<\/h3>\n<p><strong>Ano: <\/strong>2020<\/p>\n<p><strong>Parceiros:<\/strong> Instituto Portugu\u00eas de Oncologia (IPO) Fernando Gentil<\/p>\n<p><strong>Descri\u00e7\u00e3o:<\/strong><br \/>\nA ERP Portugal associou-se pela primeira vez ao IPO para desafiar os Portugueses a participar na reciclagem dos seus res\u00edduos e ajudar o Instituto na sua miss\u00e3o. Para fazer parte da a\u00e7\u00e3o \u201cTodos pelo IPO\u201d, bastava entregar pilhas usadas que j\u00e1 n\u00e3o funcionam nos mais de 5000 pontos de recolha da ERP Portugal, distribu\u00eddos por todo o pa\u00eds, incluindo tamb\u00e9m as instala\u00e7\u00f5es do pr\u00f3prio IPO (lista dispon\u00edvel <a href=\"http:\/\/www.eureciclo.pt\/\">aqui<\/a>).<\/p>\n<p>No conjunto de res\u00edduos abrangidos pela iniciativa encontram-se pilhas e pequenos equipamentos como comandos, brinquedos, lanternas ou rel\u00f3gios e baterias de computadores port\u00e1teis, telem\u00f3veis ou comandos de consolas de jogos.<\/p>\n<p>Os res\u00edduos recolhidos at\u00e9 ao final do ano ser\u00e3o transformados em donativo a entregar ao IPO para a aquisi\u00e7\u00e3o de equipamentos de diagn\u00f3stico e tratamento de doen\u00e7as oncol\u00f3gicas.<\/p>\n<p><strong>Objetivos:<\/strong><\/p>\n<ul>\n<li>Mobilizar os Portugueses para utiliza\u00e7\u00e3o dos canais corretos de entrega de REEE e pilhas usadas;<\/li>\n<li>Aumentar as quantidades de res\u00edduos recolhidos e reciclados e, ao mesmo tempo, cumprir a vertente social de ajuda ao IPO.<\/li>\n<\/ul>\n<p><img loading=\"lazy\" decoding=\"async\" class=\"wp-image-4187 alignnone\" src=\"https:\/\/erp-recycling.org\/pt-pt\/wp-content\/uploads\/sites\/16\/2020\/11\/Campanha_IPO_VF-scaled.jpg\" alt=\"\" width=\"113\" height=\"160\" \/><\/p>\n<hr \/>\n<h3 class=\"fusion-responsive-typography-calculated\" style=\"--fontsize: 30;line-height: 1.25\" data-fontsize=\"30\" data-lineheight=\"37.5px\">WORTEN TRANSFORMA<\/h3>\n<p><strong>Ano: <\/strong>2020<\/p>\n<p><strong>Parceiros:<\/strong> Worten e Entreajuda<\/p>\n<p><strong>Descri\u00e7\u00e3o:<\/strong><br \/>\nRecolha de REEE em todas as lojas Worten do pa\u00eds com o objetivo de transformar as toneladas recolhidas em novos equipamentos a doar a institui\u00e7\u00f5es de cariz social. Para contribuir para a causa era poss\u00edvel, tamb\u00e9m, fazer uma doa\u00e7\u00e3o em worten.pt, adicionando ao carrinho o produto \u2018Transforma\u2019, dispon\u00edvel a partir de 0,50\u20ac.<\/p>\n<p>Esta iniciativa apresentou dois momentos: Junho e dezembro.<\/p>\n<p><strong>Objetivos:<\/strong><\/p>\n<ul>\n<li>Mobilizar os Portugueses para utiliza\u00e7\u00e3o dos canais corretos de entrega de REEE (como as lojas Worten);<\/li>\n<li>Aumentar as quantidades de res\u00edduos recolhidos e reciclados e, ao mesmo tempo, cumprir a vertente social de ajudar as institui\u00e7\u00f5es a visar.<\/li>\n<\/ul>\n<p><img loading=\"lazy\" decoding=\"async\" class=\"wp-image-4244 alignnone\" src=\"https:\/\/erp-recycling.org\/pt-pt\/wp-content\/uploads\/sites\/16\/2020\/12\/WT_Site.jpg\" alt=\"WT_Site\" width=\"113\" height=\"118\" \/><\/p>\n<hr \/>\n<h3 class=\"fusion-responsive-typography-calculated\" style=\"--fontsize: 30;line-height: 1.25\" data-fontsize=\"30\" data-lineheight=\"37.5px\">N\u00c3O ABANDONE AS SUAS PILHAS E EQUIPAMENTOS USADOS.<br \/>\nRECICLAR TAMB\u00c9M \u00c9 AJUDAR!<\/h3>\n<p><strong>Ano: <\/strong>2020<\/p>\n<p><strong>Parceiros:<\/strong> Pingo Doce e Liga Portuguesa dos Direitos do Animal<\/p>\n<p><strong>Descri\u00e7\u00e3o:<\/strong><br \/>\nCampanha de recolha de pequenos equipamentos el\u00e9tricos e eletr\u00f3nicos e pilhas usadas, em parceria com o Pingo Doce, para angariar fundos para a Liga Portuguesa dos Direitos do Animal (LPDA). Entre os meses de novembro e dezembro, por cada tonelada entregue nas lojas Pingo Doce ser\u00e3o doados 100\u20ac \u00e0 LPDA para a aquisi\u00e7\u00e3o de recursos e mantimentos.<\/p>\n<p><strong>Objetivos:<\/strong><\/p>\n<ul>\n<li>Mobilizar os Portugueses para utiliza\u00e7\u00e3o dos canais corretos de entrega de REEE e pilhas usadas (como as lojas Pingo Doce);<\/li>\n<li>Aumentar as quantidades de res\u00edduos recolhidos e reciclados e, ao mesmo tempo, cumprir a vertente social de ajuda \u00e0 LPDA.<\/li>\n<\/ul>\n<p><img loading=\"lazy\" decoding=\"async\" class=\"wp-image-4342 alignnone\" src=\"https:\/\/erp-recycling.org\/pt-pt\/wp-content\/uploads\/sites\/16\/2021\/02\/PD_LPDA.jpg\" alt=\"PD_LPDA\" width=\"170\" height=\"121\" \/><\/p>\n<h2 class=\"fusion-responsive-typography-calculated\" style=\"--fontsize: 50;line-height: 1.2\" data-fontsize=\"50\" data-lineheight=\"60px\"><\/h2>\n<hr \/>\n<h3 class=\"fusion-responsive-typography-calculated\" style=\"--fontsize: 30;line-height: 1.25\" data-fontsize=\"30\" data-lineheight=\"37.5px\">CAMPANHA EDP COMERCIAL<\/h3>\n<p><strong>Ano: <\/strong>2020<\/p>\n<p><strong>Parceiros:<\/strong> EDP Comercial<\/p>\n<p><strong>Descri\u00e7\u00e3o:<\/strong><br \/>\nIntegrada <a href=\"https:\/\/www.edp.pt\/particulares\/planeta-zero\/\">na nova App da EDP Comercial<\/a> (app EDP Zero), esta iniciativa pretendia incentivar os h\u00e1bitos de reciclagem dos Res\u00edduos de Equipamentos El\u00e9tricos e Eletr\u00f3nicos (REEE) e contribuir, atrav\u00e9s deste movimento, para a poupan\u00e7a do planeta, que \u00e9 de todos. Atrav\u00e9s da sua rede, a EDP Comercial ficou respons\u00e1vel por receber estes equipamentos e coube \u00e0 ERP Portugal recolher e garantir a sua reciclagem.<\/p>\n<p><img loading=\"lazy\" decoding=\"async\" class=\"wp-image-4105 alignnone\" src=\"https:\/\/erp-recycling.org\/pt-pt\/wp-content\/uploads\/sites\/16\/2020\/10\/geracao-zero-1-scaled.jpg\" alt=\"\" width=\"173\" height=\"97\" \/><\/p>\n<h2 class=\"fusion-responsive-typography-calculated\" style=\"--fontsize: 50;line-height: 1.2\" data-fontsize=\"50\" data-lineheight=\"60px\"><\/h2>\n<hr \/>\n<h3 class=\"fusion-responsive-typography-calculated\" style=\"--fontsize: 30;line-height: 1.25\" data-fontsize=\"30\" data-lineheight=\"37.5px\">REDES SOCIAIS<\/h3>\n<p>Sensibiliza\u00e7\u00e3o dos consumidores para a ado\u00e7\u00e3o de boas pr\u00e1ticas em mat\u00e9ria de gest\u00e3o de res\u00edduos, com especial foco nos REEE e pilhas usadas.<\/p>\n<p><strong>Ano de in\u00edcio:<\/strong> 2020<\/p>\n<p><strong>Descri\u00e7\u00e3o:<\/strong><br \/>\nUtiliza\u00e7\u00e3o das redes sociais e outras plataformas digitais como o <a href=\"https:\/\/www.facebook.com\/erp.portugal\/\">Facebook<\/a>, <a href=\"https:\/\/www.instagram.com\/erp_portugal\/\">Instagram<\/a>, <a href=\"https:\/\/www.linkedin.com\/company\/erp-portugal\/\">LinkedIn<\/a> e <a href=\"https:\/\/www.youtube.com\/channel\/UCuDmbWRDwy7KCQSFz054sOQ\">YouTube<\/a> para transmitir mensagens de sensibiliza\u00e7\u00e3o e mobiliza\u00e7\u00e3o de comportamentos, de forma a mudar a atitude face ao tema e impulsionar os quantitativos de recolha seletiva de REEE e RPA.<\/p>\n<p><strong>Objetivos:<\/strong><\/p>\n<ul>\n<li>Mobiliza\u00e7\u00e3o dos Portugueses para utiliza\u00e7\u00e3o dos canais corretos de entrega de REEE e pilhas usadas;<\/li>\n<li>Integrar conceitos relacionados com a reciclagem de REEE e RPA no conjunto de preocupa\u00e7\u00f5es dos seguidores;<\/li>\n<li>Promover a utiliza\u00e7\u00e3o dos canais de deposi\u00e7\u00e3o previstos para estes res\u00edduos.<\/li>\n<\/ul>\n<h2 class=\"fusion-responsive-typography-calculated\" style=\"--fontsize: 50;line-height: 1.2\" data-fontsize=\"50\" data-lineheight=\"60px\"><\/h2>\n<hr \/>\n<h3 class=\"fusion-responsive-typography-calculated\" style=\"--fontsize: 30;line-height: 1.25\" data-fontsize=\"30\" data-lineheight=\"37.5px\">SOFIA INSPIRA<\/h3>\n<p>conjunto de oito epis\u00f3dios que exemplificam como dar uma segunda oportunidade aos REEE e RPA, atrav\u00e9s dos famosos DIY (Do It Yoursef) e trabalhos manuais da artista Sofia Cotrim, do programa \u201cMundo de Sofia\u201d.<\/p>\n<p><strong>Ano de in\u00edcio:<\/strong> 2020<\/p>\n<p><strong>Parceiros:<\/strong> Novo Verde<\/p>\n<p><strong>Descri\u00e7\u00e3o:<\/strong><br \/>\nS\u00e9rie pautada pelos valores da redu\u00e7\u00e3o e reutiliza\u00e7\u00e3o, e tamb\u00e9m pela divers\u00e3o entre pares e fam\u00edlias, dispon\u00edvel nas redes Instagram, Facebook, Linkedin e Youtube da ERP Portugal e Novo Verde. Nos 8 epis\u00f3dios as embalagens usadas, os equipamentos el\u00e9tricos e as pilhas em fim de vida foram os atores principais de obras 100% sustent\u00e1veis e que apresentavam como denominador comum a mensagem de sensibiliza\u00e7\u00e3o e emerg\u00eancia ambiental.<\/p>\n<p><strong>Objetivos:<\/strong><\/p>\n<ul>\n<li>Mobiliza\u00e7\u00e3o dos Portugueses para utiliza\u00e7\u00e3o dos canais corretos de entrega de embalagens, REEE e pilhas usadas;<\/li>\n<li>Integrar conceitos relacionados com a reciclagem de embalagens, REEE e RPA no conjunto de preocupa\u00e7\u00f5es dos seguidores;<\/li>\n<li>Promover a utiliza\u00e7\u00e3o dos canais de deposi\u00e7\u00e3o previstos para estes res\u00edduos.<\/li>\n<\/ul>\n<p>Mais informa\u00e7\u00e3o <a href=\"https:\/\/www.youtube.com\/channel\/UCuDmbWRDwy7KCQSFz054sOQ\">aqui<\/a>.<\/p>\n<p><img loading=\"lazy\" decoding=\"async\" class=\"wp-image-3924 alignnone\" src=\"https:\/\/erp-recycling.org\/pt-pt\/wp-content\/uploads\/sites\/16\/2020\/05\/SofiaInspira-1-e1590764698833.jpg\" alt=\"SofiaInspira\" width=\"130\" height=\"66\" \/><\/p>\n<h2 class=\"fusion-responsive-typography-calculated\" style=\"--fontsize: 50;line-height: 1.2\" data-fontsize=\"50\" data-lineheight=\"60px\"><\/h2>\n<hr \/>\n<h3 class=\"fusion-responsive-typography-calculated\" style=\"--fontsize: 30;line-height: 1.25\" data-fontsize=\"30\" data-lineheight=\"37.5px\">TRAGA PILHAS<\/h3>\n<p>Marca criada pela ERP Portugal para dinamizar a recolha de pilhas usadas, apelando \u00e0 participa\u00e7\u00e3o ati va dos cidad\u00e3os neste miss\u00e3o.<\/p>\n<p><strong>Ano de in\u00edcio: <\/strong>2020<\/p>\n<p><strong>Parceiros:<\/strong> NA<\/p>\n<p><strong>Descri\u00e7\u00e3o:<\/strong><br \/>\nA designa\u00e7\u00e3o da marca apela, naturalmente, ao comportamento de levar pilhas e acumuladores em fim de vida at\u00e9 aos pontos de recolha seletiva e garantir, assim, a sua reciclagem. Os equipamentos log\u00edsticos existentes no terreno s\u00e3o portadores deste <em>call to action<\/em> e assumem uma nova identidade e imagem, com maior destaque e impacto, totalmente dedicadas a esta problem\u00e1tica.<\/p>\n<p><strong>Objetivos:<\/strong><\/p>\n<ul>\n<li>Alertar o consumidor para a import\u00e2ncia e necessidade de reciclar este tipo de res\u00edduo, estimulando a sua participa\u00e7\u00e3o ativa neste processo;<\/li>\n<li>Promover a utiliza\u00e7\u00e3o dos canais de deposi\u00e7\u00e3o previstos para estes res\u00edduos.<\/li>\n<\/ul>\n<p><img loading=\"lazy\" decoding=\"async\" class=\"wp-image-3954 alignnone\" src=\"https:\/\/erp-recycling.org\/pt-pt\/wp-content\/uploads\/sites\/16\/2020\/06\/TRAGA-PILHAS-RED-e1596038542635.jpg\" alt=\"TRAGA PILHAS RED\" width=\"110\" height=\"107\" \/><\/p>\n<\/div><\/div><\/div><div class=\"fusion-layout-column fusion_builder_column fusion-builder-column-7 fusion_builder_column_3_4 3_4 fusion-flex-column\" style=\"--awb-bg-size:cover;--awb-width-large:75%;--awb-margin-top-large:0px;--awb-spacing-right-large:2.56%;--awb-margin-bottom-large:20px;--awb-spacing-left-large:2.56%;--awb-width-medium:100%;--awb-order-medium:0;--awb-spacing-right-medium:1.92%;--awb-spacing-left-medium:1.92%;--awb-width-small:100%;--awb-order-small:0;--awb-spacing-right-small:1.92%;--awb-spacing-left-small:1.92%;\"><div class=\"fusion-column-wrapper fusion-column-has-shadow fusion-flex-justify-content-flex-start fusion-content-layout-column\"><div class=\"fusion-text fusion-text-5\"><h3 class=\"fusion-responsive-typography-calculated\" style=\"--fontsize: 30;line-height: 1.25\" data-fontsize=\"30\" data-lineheight=\"37.5px\">______________________________________________________________<\/h3>\n<h3 class=\"fusion-responsive-typography-calculated\" style=\"--fontsize: 30;line-height: 1.25\" data-fontsize=\"30\" data-lineheight=\"37.5px\">ERP Portugal lan\u00e7a projeto pioneiro de sensibiliza\u00e7\u00e3o com a C\u00e2mara Municipal de Loures<\/h3>\n<p><strong>Ano: <\/strong>2024<\/p>\n<p><strong>Parceiros:<\/strong> C\u00e2mara Municipal de Loures<\/p>\n<p><strong>Descri\u00e7\u00e3o:<\/strong><\/p>\n<p>A ERP Portugal e a C\u00e2mara Municipal de Loures unem-se para promover a campanha <strong>\u201cOnde Est\u00e3o as Pilhas?\u201d<\/strong>, com o objetivo de incentivar \u00e0 recolha de RP&amp;A, refor\u00e7ando o compromisso ambiental das duas institui\u00e7\u00f5es e fomentando a literacia ambiental das equipas municipais de Loures, dotando todas as instala\u00e7\u00f5es com equipamentos log\u00edsticos para recolha de pilhas.<\/p>\n<p>Esta campanha que arrancou hoje, dia 5 de mar\u00e7o, com um evento na C\u00e2mara Municipal de Loures, contou com a presen\u00e7a de <strong>Rosa Monforte, Diretora-Geral da ERP Portugal<\/strong>, e <strong>Nuno Ricardo Concei\u00e7\u00e3o Dias, Vereador do Munic\u00edpio de Loures<\/strong>.<\/p>\n<p>Uma carta de compromisso foi assinada pelas duas entidades de forma a que, juntas, unam esfor\u00e7os para a resolu\u00e7\u00e3o de um problema nacional: os reduzidos quantitativos de pilhas enviados para reciclagem. Tendo a no\u00e7\u00e3o de, Portugal estar aqu\u00e9m das metas de recolha europeias, o que se prende essencialmente com quest\u00f5es comportamentais, as entidades pretendem com esta a\u00e7\u00e3o fomentar h\u00e1bitos de entrega de pilhas em fim de vida, contrariando a tend\u00eancia de ac\u00famulo.<\/p>\n<p>Esta campanha ir\u00e1 ter um refor\u00e7o de sensibiliza\u00e7\u00e3o ao longo de todos os meses, at\u00e9 ao dia 5 de junho, Dia Mundial do Ambiente, onde a ERP Portugal e a C\u00e2mara Municipal de Loures se comprometem a manter o foco na educa\u00e7\u00e3o das popula\u00e7\u00f5es.<\/p>\n<p><img loading=\"lazy\" decoding=\"async\" class=\"alignnone wp-image-9725 size-medium\" src=\"https:\/\/erp-recycling.org\/pt-pt\/wp-content\/uploads\/sites\/53\/2024\/03\/2-300x200.jpg\" alt=\"\" width=\"300\" height=\"200\" srcset=\"https:\/\/erp-recycling.org\/pt-pt\/wp-content\/uploads\/sites\/53\/2024\/03\/2-200x133.jpg 200w, https:\/\/erp-recycling.org\/pt-pt\/wp-content\/uploads\/sites\/53\/2024\/03\/2-300x200.jpg 300w, https:\/\/erp-recycling.org\/pt-pt\/wp-content\/uploads\/sites\/53\/2024\/03\/2-400x266.jpg 400w, https:\/\/erp-recycling.org\/pt-pt\/wp-content\/uploads\/sites\/53\/2024\/03\/2-600x399.jpg 600w, https:\/\/erp-recycling.org\/pt-pt\/wp-content\/uploads\/sites\/53\/2024\/03\/2-768x511.jpg 768w, https:\/\/erp-recycling.org\/pt-pt\/wp-content\/uploads\/sites\/53\/2024\/03\/2-800x532.jpg 800w, https:\/\/erp-recycling.org\/pt-pt\/wp-content\/uploads\/sites\/53\/2024\/03\/2-1024x681.jpg 1024w, https:\/\/erp-recycling.org\/pt-pt\/wp-content\/uploads\/sites\/53\/2024\/03\/2-1200x798.jpg 1200w, https:\/\/erp-recycling.org\/pt-pt\/wp-content\/uploads\/sites\/53\/2024\/03\/2-1536x1022.jpg 1536w\" sizes=\"auto, (max-width: 300px) 100vw, 300px\" \/> \u00a0<img loading=\"lazy\" decoding=\"async\" class=\"alignnone wp-image-9727 size-medium\" src=\"https:\/\/erp-recycling.org\/pt-pt\/wp-content\/uploads\/sites\/53\/2024\/03\/WhatsApp-Image-2024-03-06-at-17.32.48-1-300x195.jpeg\" alt=\"\" width=\"300\" height=\"195\" srcset=\"https:\/\/erp-recycling.org\/pt-pt\/wp-content\/uploads\/sites\/53\/2024\/03\/WhatsApp-Image-2024-03-06-at-17.32.48-1-200x130.jpeg 200w, https:\/\/erp-recycling.org\/pt-pt\/wp-content\/uploads\/sites\/53\/2024\/03\/WhatsApp-Image-2024-03-06-at-17.32.48-1-300x195.jpeg 300w, https:\/\/erp-recycling.org\/pt-pt\/wp-content\/uploads\/sites\/53\/2024\/03\/WhatsApp-Image-2024-03-06-at-17.32.48-1-400x260.jpeg 400w, https:\/\/erp-recycling.org\/pt-pt\/wp-content\/uploads\/sites\/53\/2024\/03\/WhatsApp-Image-2024-03-06-at-17.32.48-1-600x390.jpeg 600w, https:\/\/erp-recycling.org\/pt-pt\/wp-content\/uploads\/sites\/53\/2024\/03\/WhatsApp-Image-2024-03-06-at-17.32.48-1-768x500.jpeg 768w, https:\/\/erp-recycling.org\/pt-pt\/wp-content\/uploads\/sites\/53\/2024\/03\/WhatsApp-Image-2024-03-06-at-17.32.48-1-800x521.jpeg 800w, https:\/\/erp-recycling.org\/pt-pt\/wp-content\/uploads\/sites\/53\/2024\/03\/WhatsApp-Image-2024-03-06-at-17.32.48-1-1024x666.jpeg 1024w, https:\/\/erp-recycling.org\/pt-pt\/wp-content\/uploads\/sites\/53\/2024\/03\/WhatsApp-Image-2024-03-06-at-17.32.48-1-1200x781.jpeg 1200w, https:\/\/erp-recycling.org\/pt-pt\/wp-content\/uploads\/sites\/53\/2024\/03\/WhatsApp-Image-2024-03-06-at-17.32.48-1.jpeg 1346w\" sizes=\"auto, (max-width: 300px) 100vw, 300px\" \/><\/p>\n<h3 class=\"fusion-responsive-typography-calculated\" style=\"--fontsize: 30;line-height: 1.25\" data-fontsize=\"30\" data-lineheight=\"37.5px\">_____________________________________________________________<\/h3>\n<h3 class=\"fusion-responsive-typography-calculated\" style=\"--fontsize: 30;line-height: 1.25\" data-fontsize=\"30\" data-lineheight=\"37.5px\">ERP Portugal e Clube de Futebol &#8220;Os Belenenses&#8221; juntam-se para apoiar a Comunidade Vida e Paz<\/h3>\n<p><strong>Ano: <\/strong>2023<\/p>\n<p><strong>Parceiros:<\/strong> Os Belenenses<\/p>\n<p><strong>Descri\u00e7\u00e3o:<\/strong><\/p>\n<p>&#8220;Pilhas de Amor neste Natal&#8221; \u00e9 a nova campanha desta quadra natal\u00edcia que tem como principal objetivo o de sensibilizar e educar para o correto encaminhamento de RP&amp;A, mas que tamb\u00e9m servir\u00e1 para a ERP Portugal e Os Belenenses marcarem o Natal de uma institui\u00e7\u00e3o: a Comunidade Vida e Paz.<\/p>\n<p>A ERP Portugal ir\u00e1 disponibilizar, ao longo de todas as instala\u00e7\u00f5es desportivas do hist\u00f3rico clube, cilindros que servir\u00e3o de pontos de entrega para todas as pilhas em fim de vida que os adeptos do Restelo queiram descartar. O valor total de pilhas recolhidas ir\u00e1, no final, ditar quanto \u00e9 que ser\u00e1 o donativo \u00e0 Comunidade Vida e Paz.<\/p>\n<p>Esta campanha conjunta vem no seguimento do acordo assinado entre Os Belenenses e a ERP Portugal para o patroc\u00ednio ao clube, e insere-se numa s\u00e9rie de campanhas que t\u00eam sido implementadas no complexo desportivo do Est\u00e1dio do Restelo e que est\u00e3o sob o mote <strong>Recicle! <\/strong>.<\/p>\n<p>\u201cA ERP Portugal e Os Belenenses est\u00e3o intrinsecamente ligados na sua responsabilidade n\u00e3o s\u00f3 ambiental, mas social. Numa quadra t\u00e3o importante, \u00e9 com enorme satisfa\u00e7\u00e3o que lan\u00e7amos esta campanha de Natal que ir\u00e1 ter, como principais beneficiados, uma associa\u00e7\u00e3o que muito precisa do nosso apoio, para a prossecu\u00e7\u00e3o do bom trabalho que faz: a Comunidade Vida e Paz.\u201d, sublinha <strong>Rosa Monforte, Diretora-Geral da ERP Portugal.<\/strong><\/p>\n<p>J\u00e1 <strong>Patrick Morais, Presidente do Clube de Futebol \u201cOs Belenense<\/strong><strong>s\u201d<\/strong>, afirma: \u201cO Belenenses refor\u00e7a a sua convic\u00e7\u00e3o de que acertou em cheio ao celebrar o acordo de patroc\u00ednio com a ERP Portugal segundo o mote Recicle!, uma parceria que torna o Clube uma institui\u00e7\u00e3o socialmente mais respons\u00e1vel, em respeito por um ambiente mais sustent\u00e1vel e \u00e9 com muita satisfa\u00e7\u00e3o que encaramos mais esta campanha de Natal, para a qual convidamos todos os adeptos e a comunidade em geral a participar at\u00e9 ao \u00faltimo dia deste ano de 2023.\u201d<\/p>\n<p><img loading=\"lazy\" decoding=\"async\" class=\"alignnone wp-image-9723 size-medium\" src=\"https:\/\/erp-recycling.org\/pt-pt\/wp-content\/uploads\/sites\/53\/2024\/03\/Criatividade-redes-sociais-241x300.jpg\" alt=\"\" width=\"241\" height=\"300\" srcset=\"https:\/\/erp-recycling.org\/pt-pt\/wp-content\/uploads\/sites\/53\/2024\/03\/Criatividade-redes-sociais-200x249.jpg 200w, https:\/\/erp-recycling.org\/pt-pt\/wp-content\/uploads\/sites\/53\/2024\/03\/Criatividade-redes-sociais-241x300.jpg 241w, https:\/\/erp-recycling.org\/pt-pt\/wp-content\/uploads\/sites\/53\/2024\/03\/Criatividade-redes-sociais-400x497.jpg 400w, https:\/\/erp-recycling.org\/pt-pt\/wp-content\/uploads\/sites\/53\/2024\/03\/Criatividade-redes-sociais-600x746.jpg 600w, https:\/\/erp-recycling.org\/pt-pt\/wp-content\/uploads\/sites\/53\/2024\/03\/Criatividade-redes-sociais-768x954.jpg 768w, https:\/\/erp-recycling.org\/pt-pt\/wp-content\/uploads\/sites\/53\/2024\/03\/Criatividade-redes-sociais-800x994.jpg 800w, https:\/\/erp-recycling.org\/pt-pt\/wp-content\/uploads\/sites\/53\/2024\/03\/Criatividade-redes-sociais-824x1024.jpg 824w, https:\/\/erp-recycling.org\/pt-pt\/wp-content\/uploads\/sites\/53\/2024\/03\/Criatividade-redes-sociais.jpg 915w\" sizes=\"auto, (max-width: 241px) 100vw, 241px\" \/><\/p>\n<h3 class=\"fusion-responsive-typography-calculated\" style=\"--fontsize: 30;line-height: 1.25\" data-fontsize=\"30\" data-lineheight=\"37.5px\">___________________________________________________________<\/h3>\n<h3 class=\"fusion-responsive-typography-calculated\" style=\"--fontsize: 30;line-height: 1.25\" data-fontsize=\"30\" data-lineheight=\"37.5px\">C\u00e9sar Mour\u00e3o \u00e9 a cara da nova campanha de sensibiliza\u00e7\u00e3o da ERP Portugal com a LG<\/h3>\n<p><strong>Ano: <\/strong>2023<\/p>\n<p><strong>Parceiros:<\/strong> LG<\/p>\n<p><strong>Descri\u00e7\u00e3o:<\/strong><\/p>\n<p>A ERP Portugal e a <a href=\"https:\/\/novoverde.pt\/\">Novo Verde<\/a> juntam-se \u00e0 LG, no \u00e2mbito do programa <a href=\"https:\/\/www.parceirosustentavelerp.pt\/\">Parceiro Sustent\u00e1vel<\/a>, com uma campanha de sensibiliza\u00e7\u00e3o protagonizada por <strong>C\u00e9sar Mour\u00e3o.<\/strong><\/p>\n<p>A campanha, com in\u00edcio no dia 26 de dezembro, e que decorrer\u00e1 at\u00e9 ao final da primeira semana de janeiro de 2024, tem como base um spot de r\u00e1dio e um v\u00eddeo de anima\u00e7\u00e3o, que ser\u00e3o divulgados atrav\u00e9s de radiodifus\u00e3o sonora e digital.<\/p>\n<p>Com o objetivo de promover a preven\u00e7\u00e3o de res\u00edduos, esta iniciativa real\u00e7a a import\u00e2ncia da efici\u00eancia, das garantias e das pe\u00e7as de substitui\u00e7\u00e3o para aumento do ciclo de vida dos produtos e a relev\u00e2ncia de pol\u00edticas de <em>ecodesign<\/em>, como parte essencial da economia circular, para facilitar a reciclagem de embalagens e dos seus produtos quando chegam ao seu fim de vida.<\/p>\n<p><img loading=\"lazy\" decoding=\"async\" class=\"alignnone wp-image-9721 size-medium\" src=\"https:\/\/erp-recycling.org\/pt-pt\/wp-content\/uploads\/sites\/53\/2024\/03\/ERP-Portugal_Thumbnail_1080x1350-240x300.png\" alt=\"\" width=\"240\" height=\"300\" srcset=\"https:\/\/erp-recycling.org\/pt-pt\/wp-content\/uploads\/sites\/53\/2024\/03\/ERP-Portugal_Thumbnail_1080x1350-200x250.png 200w, https:\/\/erp-recycling.org\/pt-pt\/wp-content\/uploads\/sites\/53\/2024\/03\/ERP-Portugal_Thumbnail_1080x1350-240x300.png 240w, https:\/\/erp-recycling.org\/pt-pt\/wp-content\/uploads\/sites\/53\/2024\/03\/ERP-Portugal_Thumbnail_1080x1350-400x500.png 400w, https:\/\/erp-recycling.org\/pt-pt\/wp-content\/uploads\/sites\/53\/2024\/03\/ERP-Portugal_Thumbnail_1080x1350-600x750.png 600w, https:\/\/erp-recycling.org\/pt-pt\/wp-content\/uploads\/sites\/53\/2024\/03\/ERP-Portugal_Thumbnail_1080x1350-768x960.png 768w, https:\/\/erp-recycling.org\/pt-pt\/wp-content\/uploads\/sites\/53\/2024\/03\/ERP-Portugal_Thumbnail_1080x1350-800x1000.png 800w, https:\/\/erp-recycling.org\/pt-pt\/wp-content\/uploads\/sites\/53\/2024\/03\/ERP-Portugal_Thumbnail_1080x1350-819x1024.png 819w, https:\/\/erp-recycling.org\/pt-pt\/wp-content\/uploads\/sites\/53\/2024\/03\/ERP-Portugal_Thumbnail_1080x1350.png 1080w\" sizes=\"auto, (max-width: 240px) 100vw, 240px\" \/><\/p>\n<h3 class=\"fusion-responsive-typography-calculated\" style=\"--fontsize: 30;line-height: 1.25\" data-fontsize=\"30\" data-lineheight=\"37.5px\">___________________________________________________________<\/h3>\n<h3 class=\"fusion-responsive-typography-calculated\" style=\"--fontsize: 30;line-height: 1.25\" data-fontsize=\"30\" data-lineheight=\"37.5px\">ERP Portugal e Grupo Os Mosqueteiros juntos para sensibilizar a comunidade<\/h3>\n<p><strong>Ano: <\/strong>2023<\/p>\n<p><strong>Parceiros:<\/strong> Grupo Os Mosqueteiros (Intermarch\u00e9, Bricomarch\u00e9, Roady)<\/p>\n<p><strong>Descri\u00e7\u00e3o:<\/strong><\/p>\n<p>A campanha &#8220;Juntos pelo Ambiente&#8221;, desenvolvida no \u00e2mbito do programa <a href=\"https:\/\/www.parceirosustentavelerp.pt\/\">Parceiro Sustent\u00e1vel ERP<\/a>, arrancou a 18 de novembro, no contexto da Semana Europeia de Preven\u00e7\u00e3o de Res\u00edduos e esteve patente at\u00e9 26 de novembro, para sensibilizar a comunidade para o correto encaminhamento de res\u00edduos el\u00e9tricos, eletr\u00f3nicos, pilhas e l\u00e2mpadas.<\/p>\n<p>Todas as lojas Intermarch\u00e9, Bricormarch\u00e9 e Roady utilizaram uma das vozes mais conhecida do pa\u00eds como som de loja para amplificar a import\u00e2ncia da sustentabilidade e incentivar ao correto descarte de res\u00edduos, atingindo assim um p\u00fablico mais vasto e aumentando a consciencializa\u00e7\u00e3o sobre a reciclagem e preserva\u00e7\u00e3o do ambiente.<\/p>\n<p>Para <strong>Rosa Monforte,<\/strong> <strong>Diretora Geral da ERP Portugal,<\/strong> \u201cesta campanha, realizada em parceria com o Grupo Os Mosqueteiros, foi uma \u00f3tima oportunidade para sensibilizar a comunidade para a import\u00e2ncia do correto encaminhamento deste tipo de res\u00edduos e para incentivar h\u00e1bitos mais sustent\u00e1veis. Temos cada vez mais aderentes no programa \u201cParceiro Sustent\u00e1vel\u201d, o que tem resultado num grande crescimento das nossas a\u00e7\u00f5es de sensibiliza\u00e7\u00e3o, que pretendem alertar a comunidade para a import\u00e2ncia dos seus comportamentos e promover a reciclagem e o correto encaminhamento de res\u00edduos\u201d.<\/p>\n<p><img loading=\"lazy\" decoding=\"async\" class=\"alignnone wp-image-9718 size-medium\" src=\"https:\/\/erp-recycling.org\/pt-pt\/wp-content\/uploads\/sites\/53\/2024\/03\/Banner_480x600-240x300.png\" alt=\"\" width=\"240\" height=\"300\" srcset=\"https:\/\/erp-recycling.org\/pt-pt\/wp-content\/uploads\/sites\/53\/2024\/03\/Banner_480x600-200x250.png 200w, https:\/\/erp-recycling.org\/pt-pt\/wp-content\/uploads\/sites\/53\/2024\/03\/Banner_480x600-240x300.png 240w, https:\/\/erp-recycling.org\/pt-pt\/wp-content\/uploads\/sites\/53\/2024\/03\/Banner_480x600-400x500.png 400w, https:\/\/erp-recycling.org\/pt-pt\/wp-content\/uploads\/sites\/53\/2024\/03\/Banner_480x600.png 480w\" sizes=\"auto, (max-width: 240px) 100vw, 240px\" \/><\/p>\n<h3 class=\"fusion-responsive-typography-calculated\" style=\"--fontsize: 30;line-height: 1.25\" data-fontsize=\"30\" data-lineheight=\"37.5px\">______________________________________________________________<\/h3>\n<h3 class=\"fusion-responsive-typography-calculated\" style=\"--fontsize: 30;line-height: 1.25\" data-fontsize=\"30\" data-lineheight=\"37.5px\">ERP Portugal no Vital Sport da Decathlon<\/h3>\n<p><strong>Ano: <\/strong>2023<\/p>\n<p><strong>Parceiros:<\/strong> Decathlon<\/p>\n<p><strong>Descri\u00e7\u00e3o:<\/strong><\/p>\n<p>A ERP Portugal e a <a href=\"https:\/\/novoverde.pt\/\">Novo Verde<\/a> marcaram presen\u00e7a no Vital Sport da Decathlon, evento que apela para os benef\u00edcios do desporto e da atividade f\u00edsica, com o objetivo de sensibilizar e consciencializar para a correta separa\u00e7\u00e3o e encaminhamento de res\u00edduos, nos dias 23, 24 e 30 de setembro e 1 de outubro.<\/p>\n<p>O Vital Sport \u00e9 um evento da Decathlon aberto a todas as pessoas, e a ERP Portugal e a Novo Verde estiveram presentes no Food Court deste evento gratuito, com ecopontos humanos da Novo Verde e com promotores da ERP Portugal que desafiaram todos os participantes ao correto encaminhamento de res\u00edduos e oferecendo <em>ecobags<\/em> de reciclagem.<\/p>\n<p>Esta parceria liga o desporto, a sa\u00fade e o ambiente, enquanto promove a literacia ambiental e consciencializa os participantes para a import\u00e2ncia da ado\u00e7\u00e3o de pr\u00e1ticas mais sustent\u00e1veis.<\/p>\n<p>Esta iniciativa foi desenvolvida no \u00e2mbito do programa Parceiro Sustent\u00e1vel, que apoia e inspira as empresas a desenvolverem iniciativas sustent\u00e1veis e pretende divulgar as melhores pr\u00e1ticas ambientais a n\u00edvel corporativo. Para saber mais sobre este programa consulte o site <a href=\"https:\/\/www.parceirosustentavelerp.pt\/\">https:\/\/www.parceirosustentavelerp.pt\/<\/a><\/p>\n<p><img loading=\"lazy\" decoding=\"async\" class=\"alignnone wp-image-9713 size-medium\" src=\"https:\/\/erp-recycling.org\/pt-pt\/wp-content\/uploads\/sites\/53\/2024\/03\/Imagem1-240x300.png\" alt=\"\" width=\"240\" height=\"300\" srcset=\"https:\/\/erp-recycling.org\/pt-pt\/wp-content\/uploads\/sites\/53\/2024\/03\/Imagem1-200x250.png 200w, https:\/\/erp-recycling.org\/pt-pt\/wp-content\/uploads\/sites\/53\/2024\/03\/Imagem1-240x300.png 240w, https:\/\/erp-recycling.org\/pt-pt\/wp-content\/uploads\/sites\/53\/2024\/03\/Imagem1-400x500.png 400w, https:\/\/erp-recycling.org\/pt-pt\/wp-content\/uploads\/sites\/53\/2024\/03\/Imagem1.png 574w\" sizes=\"auto, (max-width: 240px) 100vw, 240px\" \/> <img loading=\"lazy\" decoding=\"async\" class=\"alignnone wp-image-9714 size-medium\" src=\"https:\/\/erp-recycling.org\/pt-pt\/wp-content\/uploads\/sites\/53\/2024\/03\/Imagem2-240x300.png\" alt=\"\" width=\"240\" height=\"300\" srcset=\"https:\/\/erp-recycling.org\/pt-pt\/wp-content\/uploads\/sites\/53\/2024\/03\/Imagem2-200x250.png 200w, https:\/\/erp-recycling.org\/pt-pt\/wp-content\/uploads\/sites\/53\/2024\/03\/Imagem2-240x300.png 240w, https:\/\/erp-recycling.org\/pt-pt\/wp-content\/uploads\/sites\/53\/2024\/03\/Imagem2-400x501.png 400w, https:\/\/erp-recycling.org\/pt-pt\/wp-content\/uploads\/sites\/53\/2024\/03\/Imagem2.png 573w\" sizes=\"auto, (max-width: 240px) 100vw, 240px\" \/><\/p>\n<h3 class=\"fusion-responsive-typography-calculated\" style=\"--fontsize: 30;line-height: 1.25\" data-fontsize=\"30\" data-lineheight=\"37.5px\">_______________________________________________________________<\/h3>\n<h3 class=\"fusion-responsive-typography-calculated\" style=\"--fontsize: 30;line-height: 1.25\" data-fontsize=\"30\" data-lineheight=\"37.5px\">ERP Portugal junta-se \u00e0 Sailors For The Sea para celebrar anivers\u00e1rio da Marina de Cascais<\/h3>\n<p><strong>Ano: <\/strong>2023<\/p>\n<p><strong>Parceiros:<\/strong> Sailors For The Sea Portugal, Marina de Cascais<\/p>\n<p><strong>Descri\u00e7\u00e3o:<\/strong><\/p>\n<p>No \u00e2mbito do 24\u00ba anivers\u00e1rio da Marina de Cascais, entre os dias 6 a 12 de agosto, a ERP Portugal e a Sailors For The Sea promoveram uma campanha de recolha de res\u00edduos, incentivando a comunidade a entregar os seus pequenos el\u00e9tricos, eletr\u00f3nicos e pilhas em fim de vida em todas as lojas da Marina de Cascais.<\/p>\n<p>A Campanha \u201cMarina Recicla\u201d \u00e9 mais uma iniciativa da Marina de Cascais e da Sailors For The Sea, em parceria com a ERP Portugal, que pretende sensibilizar e incentivar a comunidade a entregar estas tipologias de res\u00edduos com elevado potencial de reciclagem, de forma seletiva. Al\u00e9m disso, esta campanha demonstra a forte rela\u00e7\u00e3o de parceria entre as entidades, que partilham o prop\u00f3sito de contribuir para um planeta mais sustent\u00e1vel.<\/p>\n<p>\u201c\u00c9 com enorme satisfa\u00e7\u00e3o que celebramos o anivers\u00e1rio da Marina de Cascais, com a Sailors For The Sea. Acreditamos que, com esta parceria, estamos a fortalecer a nossa capacidade de criar um impacto significativo na sensibiliza\u00e7\u00e3o para o correto descarte de res\u00edduos e na consciencializa\u00e7\u00e3o ambiental da comunidade de Cascais. Queremos incentivar e convidar todas as pessoas a juntarem-se a n\u00f3s na causa comum que \u00e9 reciclar mais, em prol de um planeta mais limpo e sustent\u00e1vel\u201d, afirmou <strong>Rosa Monforte, Diretora Geral da ERP Portugal.<\/strong><\/p>\n<p><img loading=\"lazy\" decoding=\"async\" class=\"alignnone wp-image-9709 size-medium\" src=\"https:\/\/erp-recycling.org\/pt-pt\/wp-content\/uploads\/sites\/53\/2024\/03\/Cartaz-Marina-Recicla-V4-214x300.jpg\" alt=\"\" width=\"214\" height=\"300\" srcset=\"https:\/\/erp-recycling.org\/pt-pt\/wp-content\/uploads\/sites\/53\/2024\/03\/Cartaz-Marina-Recicla-V4-200x280.jpg 200w, https:\/\/erp-recycling.org\/pt-pt\/wp-content\/uploads\/sites\/53\/2024\/03\/Cartaz-Marina-Recicla-V4-214x300.jpg 214w, https:\/\/erp-recycling.org\/pt-pt\/wp-content\/uploads\/sites\/53\/2024\/03\/Cartaz-Marina-Recicla-V4-400x560.jpg 400w, https:\/\/erp-recycling.org\/pt-pt\/wp-content\/uploads\/sites\/53\/2024\/03\/Cartaz-Marina-Recicla-V4-600x840.jpg 600w, https:\/\/erp-recycling.org\/pt-pt\/wp-content\/uploads\/sites\/53\/2024\/03\/Cartaz-Marina-Recicla-V4-731x1024.jpg 731w, https:\/\/erp-recycling.org\/pt-pt\/wp-content\/uploads\/sites\/53\/2024\/03\/Cartaz-Marina-Recicla-V4-768x1075.jpg 768w, https:\/\/erp-recycling.org\/pt-pt\/wp-content\/uploads\/sites\/53\/2024\/03\/Cartaz-Marina-Recicla-V4-800x1120.jpg 800w, https:\/\/erp-recycling.org\/pt-pt\/wp-content\/uploads\/sites\/53\/2024\/03\/Cartaz-Marina-Recicla-V4-1097x1536.jpg 1097w, https:\/\/erp-recycling.org\/pt-pt\/wp-content\/uploads\/sites\/53\/2024\/03\/Cartaz-Marina-Recicla-V4-1200x1680.jpg 1200w, https:\/\/erp-recycling.org\/pt-pt\/wp-content\/uploads\/sites\/53\/2024\/03\/Cartaz-Marina-Recicla-V4-1463x2048.jpg 1463w, https:\/\/erp-recycling.org\/pt-pt\/wp-content\/uploads\/sites\/53\/2024\/03\/Cartaz-Marina-Recicla-V4-scaled.jpg 1829w\" sizes=\"auto, (max-width: 214px) 100vw, 214px\" \/><\/p>\n<h3 class=\"fusion-responsive-typography-calculated\" style=\"--fontsize: 30;line-height: 1.25\" data-fontsize=\"30\" data-lineheight=\"37.5px\">__________________________________________________________<\/h3>\n<h3 class=\"fusion-responsive-typography-calculated\" style=\"--fontsize: 30;line-height: 1.25\" data-fontsize=\"30\" data-lineheight=\"37.5px\">ERP Portugal e Novo Verde juntam-se ao &#8220;Querido Mudei a Casa&#8221; para sensibilizar popula\u00e7\u00e3o para a separa\u00e7\u00e3o e encaminhamento de res\u00edduos<\/h3>\n<p><strong>Ano: <\/strong>2023<\/p>\n<p><strong>Parceiros:<\/strong> Querido Mudei a Casa<\/p>\n<p><strong>Descri\u00e7\u00e3o:<\/strong><\/p>\n<p>As v\u00e1rias tipologias de res\u00edduos gerados pelo consumo da popula\u00e7\u00e3o requerem um encaminhamento e tratamento adequados, de modo a reduzir os impactos nocivos no nosso planeta.<\/p>\n<p>Conscientes desta problem\u00e1tica, a <strong>ERP Portugal <\/strong>e a<strong> Novo Verde<\/strong>, al\u00e9m de serem entidades respons\u00e1veis pela gest\u00e3o de res\u00edduos de embalagens e res\u00edduos el\u00e9tricos, eletr\u00f3nicos, pilhas e baterias, respetivamente, apostam na consciencializa\u00e7\u00e3o da popula\u00e7\u00e3o para comportamentos adequados que contribuam para um planeta mais verde, juntando-se, com este objetivo, ao programa \u201cQuerido Mudei a Casa\u201d, da TVI.<\/p>\n<p>Desta maneira, a <strong>ERP Portugal <\/strong>e a<strong> Novo Verde visam <\/strong>sensibilizar a popula\u00e7\u00e3o para o correto encaminhamento deste tipo de res\u00edduos. Sendo um programa de renova\u00e7\u00e3o de espa\u00e7os, muitos s\u00e3o os res\u00edduos gerados neste processo de remodela\u00e7\u00e3o, n\u00e3o s\u00f3 a n\u00edvel de embalagens das diversas ferramentas usadas no dia-a-dia da equipa, como tamb\u00e9m a n\u00edvel de substitui\u00e7\u00e3o de eletrodom\u00e9sticos obsoletos.<\/p>\n<p>Todos estes res\u00edduos devem ser devidamente recolhidos e encaminhados, e \u00e9 atrav\u00e9s da ERP Portugal e da Novo Verde que o programa assegurar\u00e1 este processo e sensibilizar\u00e1 os telespectadores para boas pr\u00e1ticas ambientais.<\/p>\n<p>Com presen\u00e7a em 24 epis\u00f3dios no total, transmitidos todos os domingos a partir de dia 9 de julho, as duas entidades pretendem contribuir para a literacia ambiental da popula\u00e7\u00e3o, incentivando a um papel mais ativo nesta mat\u00e9ria.<\/p>\n<p><img loading=\"lazy\" decoding=\"async\" class=\"alignnone wp-image-9654 size-medium\" src=\"https:\/\/erp-recycling.org\/pt-pt\/wp-content\/uploads\/sites\/53\/2024\/03\/DSC05586-300x200.jpg\" alt=\"\" width=\"300\" height=\"200\" srcset=\"https:\/\/erp-recycling.org\/pt-pt\/wp-content\/uploads\/sites\/53\/2024\/03\/DSC05586-200x133.jpg 200w, https:\/\/erp-recycling.org\/pt-pt\/wp-content\/uploads\/sites\/53\/2024\/03\/DSC05586-300x200.jpg 300w, https:\/\/erp-recycling.org\/pt-pt\/wp-content\/uploads\/sites\/53\/2024\/03\/DSC05586-400x267.jpg 400w, https:\/\/erp-recycling.org\/pt-pt\/wp-content\/uploads\/sites\/53\/2024\/03\/DSC05586-600x400.jpg 600w, https:\/\/erp-recycling.org\/pt-pt\/wp-content\/uploads\/sites\/53\/2024\/03\/DSC05586-768x512.jpg 768w, https:\/\/erp-recycling.org\/pt-pt\/wp-content\/uploads\/sites\/53\/2024\/03\/DSC05586-800x533.jpg 800w, https:\/\/erp-recycling.org\/pt-pt\/wp-content\/uploads\/sites\/53\/2024\/03\/DSC05586-1024x683.jpg 1024w, https:\/\/erp-recycling.org\/pt-pt\/wp-content\/uploads\/sites\/53\/2024\/03\/DSC05586-1200x800.jpg 1200w, https:\/\/erp-recycling.org\/pt-pt\/wp-content\/uploads\/sites\/53\/2024\/03\/DSC05586-1536x1024.jpg 1536w\" sizes=\"auto, (max-width: 300px) 100vw, 300px\" \/><\/p>\n<h3 class=\"fusion-responsive-typography-calculated\" style=\"--fontsize: 30;line-height: 1.25\" data-fontsize=\"30\" data-lineheight=\"37.5px\">________________________________________________________<\/h3>\n<h3 class=\"fusion-responsive-typography-calculated\" style=\"--fontsize: 30;line-height: 1.25\" data-fontsize=\"30\" data-lineheight=\"37.5px\">ERP Portugal e Novo Verde criam Pra\u00e7a da Sustentabilidade no Primavera Sound Porto<\/h3>\n<p><strong>Ano: <\/strong>2023<\/p>\n<p><strong>Parceiros:<\/strong> Lipor, Zero Cups<\/p>\n<p><strong>Descri\u00e7\u00e3o:<\/strong><\/p>\n<p>A <strong>ERP Portugal <\/strong>e a<strong> Novo Verde<\/strong>, entidades gestoras de res\u00edduos de embalagens e res\u00edduos el\u00e9tricos e eletr\u00f3nicos, e pilhas e baterias, respetivamente, criaram a Pra\u00e7a da Sustentabilidade no festival <strong>Primavera Sound<\/strong> <strong>Porto<\/strong>, entre os dias 7 e 10 de junho, de forma a sensibilizar a comunidade para <strong>a import\u00e2ncia da preven\u00e7\u00e3o de res\u00edduos<\/strong>, em parceria com a <strong>Lipor<\/strong> e a Zero Cups.<\/p>\n<p>Sob o mote <strong>\u201cReliga-te\u201d<\/strong>, a ERP Portugal, em parceria com a Lipor esteve presente com o <strong>CREW<\/strong>, projeto de Investiga\u00e7\u00e3o &amp; Desenvolvimento, com o objetivo de promover a preven\u00e7\u00e3o de res\u00edduos, atrav\u00e9s da realiza\u00e7\u00e3o de workshops de repara\u00e7\u00e3o de pequenos el\u00e9tricos e eletr\u00f3nicos, num <em>repair cafe.<\/em><\/p>\n<p>\u201cA presen\u00e7a da ERP Portugal e da Novo Verde neste evento vem refor\u00e7ar o seu principal objetivo de consciencializar a comunidade sobre a import\u00e2ncia da ado\u00e7\u00e3o de comportamentos ambientalmente respons\u00e1veis, contribuindo assim para a redu\u00e7\u00e3o da produ\u00e7\u00e3o de res\u00edduos.\u201d, afirma <strong>Ricardo Neto, Presidente da Novo Verde e da ERP Portugal.<\/strong><\/p>\n<p><img loading=\"lazy\" decoding=\"async\" class=\"size-medium wp-image-9438\" src=\"https:\/\/erp-recycling.org\/pt-pt\/wp-content\/uploads\/sites\/53\/2023\/07\/banner-primavera-sound-porto-300x130.png\" alt=\"erp-portugal-pra\u00e7a-sustentabilidade-primavera-sound-porto\" width=\"300\" height=\"130\" srcset=\"https:\/\/erp-recycling.org\/pt-pt\/wp-content\/uploads\/sites\/53\/2023\/07\/banner-primavera-sound-porto-200x87.png 200w, https:\/\/erp-recycling.org\/pt-pt\/wp-content\/uploads\/sites\/53\/2023\/07\/banner-primavera-sound-porto-300x130.png 300w, https:\/\/erp-recycling.org\/pt-pt\/wp-content\/uploads\/sites\/53\/2023\/07\/banner-primavera-sound-porto-400x174.png 400w, https:\/\/erp-recycling.org\/pt-pt\/wp-content\/uploads\/sites\/53\/2023\/07\/banner-primavera-sound-porto.png 567w\" sizes=\"auto, (max-width: 300px) 100vw, 300px\" \/><\/p>\n<h3 class=\"fusion-responsive-typography-calculated\" style=\"--fontsize: 30;line-height: 1.25\" data-fontsize=\"30\" data-lineheight=\"37.5px\"><a href=\"https:\/\/erp-recycling.org\/pt-pt\/wp-content\/uploads\/sites\/53\/2023\/05\/Regulamento-Passatempo-ERP-Primavera-Sound-Porto_rv5.docx\" target=\"_blank\" rel=\"noopener noreferrer\">Regulamento Give Away Primavera Sound Porto 2023<\/a><\/h3>\n<h3 class=\"fusion-responsive-typography-calculated\" style=\"--fontsize: 30;line-height: 1.25\" data-fontsize=\"30\" data-lineheight=\"37.5px\">________________________________________________________<\/h3>\n<h3 class=\"fusion-responsive-typography-calculated\" style=\"--fontsize: 30;line-height: 1.25\" data-fontsize=\"30\" data-lineheight=\"37.5px\">&#8220;Conversas com Energia&#8221; debatem o presente e o futuro do nosso planeta<\/h3>\n<p><strong>Ano: <\/strong>2023<\/p>\n<p><strong>Parceiros:<\/strong> Funda\u00e7\u00e3o EDP<\/p>\n<p><strong>Descri\u00e7\u00e3o:<\/strong><\/p>\n<p>As entidades gestoras de res\u00edduos <strong>ERP Portugal<\/strong> e <strong>Novo Verde<\/strong> associaram-se de novo \u00e0 <strong>Funda\u00e7\u00e3o EDP<\/strong> para mais um ciclo de \u201cConversas com Energia\u201d, um projeto que promove o conhecimento e o di\u00e1logo sobre os desafios da emerg\u00eancia clim\u00e1tica, energia e sustentabilidade, junto de crian\u00e7as e jovens de diferentes contextos.<\/p>\n<p>A primeira sess\u00e3o ocorreu no dia 20 de abril, e contou com a presen\u00e7a de Bordalo II, reconhecido artista portugu\u00eas que desenvolve as suas obras sob o lema\u00a0 \u201co lixo de um pode ser o tesouro de outro\u201d, dando uso ao \u201clixo\u201d para alertar para a produ\u00e7\u00e3o e consumos excessivos e no consequente impacte no Planeta. Os alunos da Escola Superior de Educa\u00e7\u00e3o (ESELx) do Instituto Polit\u00e9cnico de Lisboa foram os convidados a participar neste debate de abertura.<\/p>\n<p>O\u00a0 maat &#8211; Museu de Arte, Arquitetura e Tecnologia foi o palco da terceira edi\u00e7\u00e3o do programa \u201cConversas com Energia\u201d, sob o mote dos desafios da emerg\u00eancia clim\u00e1tica, com o objetivo de aumentar o di\u00e1logo e a reflex\u00e3o das novas gera\u00e7\u00f5es sobre o presente e o futuro do nosso planeta, fazendo a liga\u00e7\u00e3o \u00e0 exposi\u00e7\u00e3o <strong>\u201cPl\u00e1stico: Reconstruir o Nosso Mundo\u201d<\/strong>, patente no museu em co-produ\u00e7\u00e3o com o Vitra Design Museum, e o V&amp;A Dundee, e com o apoio da ERP Portugal e da Novo Verde.<\/p>\n<p>Dividida em tr\u00eas sec\u00e7\u00f5es, a exposi\u00e7\u00e3o <strong>&#8220;Pl\u00e1stico: Reconstruir o Nosso Mundo&#8221;<\/strong> explora a hist\u00f3ria do pl\u00e1stico, mostra a pertin\u00eancia e import\u00e2ncia deste material no nosso quotidiano. Pretendem as Entidades Gestoras, que apoiam a realiza\u00e7\u00e3o da exposi\u00e7\u00e3o, contribuir para a desmistifica\u00e7\u00e3o do material em si, alertando para o comportamento humano, quer na pertin\u00eancia do seu uso, quer no correto descarte.<\/p>\n<p>Esta edi\u00e7\u00e3o do ciclo \u201cConversas com Energia\u201d ir\u00e1 decorrer de abril a junho, e contar\u00e1 com a presen\u00e7a de personalidades ligadas aos temas da emerg\u00eancia clim\u00e1tica, energia e sustentabilidade. Recorde-se que as duas edi\u00e7\u00f5es anteriores do programa \u201cConversas com Energia\u201d decorreram em 2022, e juntaram mais de 250 alunos, de diversos agrupamentos de escolas e graus de ensino, contribuindo para o aumento da literacia ambiental em territ\u00f3rio nacional.<\/p>\n<p><img loading=\"lazy\" decoding=\"async\" class=\"alignnone size-medium wp-image-9410\" src=\"https:\/\/erp-recycling.org\/pt-pt\/wp-content\/uploads\/sites\/53\/2023\/07\/Imagem2-300x200.jpg\" alt=\"\" width=\"300\" height=\"200\" srcset=\"https:\/\/erp-recycling.org\/pt-pt\/wp-content\/uploads\/sites\/53\/2023\/07\/Imagem2-200x133.jpg 200w, https:\/\/erp-recycling.org\/pt-pt\/wp-content\/uploads\/sites\/53\/2023\/07\/Imagem2-300x200.jpg 300w, https:\/\/erp-recycling.org\/pt-pt\/wp-content\/uploads\/sites\/53\/2023\/07\/Imagem2-400x267.jpg 400w, https:\/\/erp-recycling.org\/pt-pt\/wp-content\/uploads\/sites\/53\/2023\/07\/Imagem2-600x400.jpg 600w, https:\/\/erp-recycling.org\/pt-pt\/wp-content\/uploads\/sites\/53\/2023\/07\/Imagem2-768x513.jpg 768w, https:\/\/erp-recycling.org\/pt-pt\/wp-content\/uploads\/sites\/53\/2023\/07\/Imagem2-800x534.jpg 800w, https:\/\/erp-recycling.org\/pt-pt\/wp-content\/uploads\/sites\/53\/2023\/07\/Imagem2-1024x683.jpg 1024w, https:\/\/erp-recycling.org\/pt-pt\/wp-content\/uploads\/sites\/53\/2023\/07\/Imagem2-1200x801.jpg 1200w, https:\/\/erp-recycling.org\/pt-pt\/wp-content\/uploads\/sites\/53\/2023\/07\/Imagem2.jpg 1299w\" sizes=\"auto, (max-width: 300px) 100vw, 300px\" \/><\/p>\n<h3 class=\"fusion-responsive-typography-calculated\" style=\"--fontsize: 30;line-height: 1.25\" data-fontsize=\"30\" data-lineheight=\"37.5px\">______________________________________________________________________<\/h3>\n<h3 class=\"fusion-responsive-typography-calculated\" style=\"--fontsize: 30;line-height: 1.25\" data-fontsize=\"30\" data-lineheight=\"37.5px\">ERP Portugal, a <a href=\"https:\/\/novoverde.pt\/\">Novo Verde<\/a> <a href=\"https:\/\/www.youtube.com\/watch?v=7_KV2QvL550\">LG Portugal<\/a> unem-se a C\u00e9sar Mour\u00e3o e v\u00e3o \u201cdestralhar\u201d as gavetas dos Portugueses<\/h3>\n<p><strong>Ano: <\/strong>2022<\/p>\n<p><strong>Parceiros:<\/strong> LG Portugal, Novo Verde<\/p>\n<p><strong>Descri\u00e7\u00e3o:<\/strong><br \/>\nE se, de repente, o C\u00e9sar Mour\u00e3o aparecesse \u00e0 nossa porta para ver o interior das gavetas e arm\u00e1rios em busca de equipamentos el\u00e9tricos e eletr\u00f3nicos, pilhas e respetivas embalagens, que j\u00e1 n\u00e3o usamos ou que est\u00e3o estragados? \u00c9 exatamente isso que acontece na nova campanha que une o apresentador e humorista portugu\u00eas \u00e0 ERP Portugal, Novo Verde e LG Portugal, a \u201cDestralhar\u201d.<\/p>\n<p><img loading=\"lazy\" decoding=\"async\" class=\"alignnone size-medium wp-image-5000\" src=\"https:\/\/erp-recycling.org\/pt-pt\/wp-content\/uploads\/sites\/16\/2022\/12\/IG_FB_Waste-Summit-300x300.png\" alt=\"\" width=\"300\" height=\"300\" \/><\/p>\n<p>Segundo o estudo \u201cH\u00e1bitos dos Portugueses em rela\u00e7\u00e3o ao Lixo Eletr\u00f3nico\u201d*, 59,2% dos portugueses admite que guarda os equipamentos \u2013 que j\u00e1 n\u00e3o usa, mas que ainda funcionam, porque ainda podem ser \u00fateis mais tarde. No entanto, a verdade \u00e9 que este esp\u00edrito nacional do \u201cainda vai dar jeito\u201d leva a que a maior parte destes res\u00edduos acabe por ficar em gavetas, arm\u00e1rios e caixas tanto em casa como no local de trabalho. Da mesma forma, muitas pessoas optam por guardar as embalagens de equipamentos como televis\u00f5es ou eletrodom\u00e9sticos de maiores dimens\u00f5es, que ficam em garagens ou arrecada\u00e7\u00f5es a ganhar p\u00f3.<\/p>\n<p>Com o sentido de humor e de oportunidade caracter\u00edsticos do C\u00e9sar Mour\u00e3o, os <a href=\"https:\/\/www.youtube.com\/watch?v=QoeB9d-B19c&amp;t=1s\">v\u00eddeos<\/a> desta divertida campanha digital acompanham o apresentador em visitas rel\u00e2mpago e inesperadas a casas e escrit\u00f3rios de Lisboa, onde vai questionar as fam\u00edlias e trabalhadores sobre o e-waste e tudo o que o rodeia (incluindo as embalagens). Tudo para revelar que aquilo que consideramos lixo \u2013 ratos de computador que j\u00e1 n\u00e3o usamos, um leitor de DVD esquecido na prateleira ou uma caixa de cart\u00e3o encostada a uma parede \u2013 \u00e9 na verdade um conjunto de importantes res\u00edduos que podem e devem ter uma segunda vida, seja atrav\u00e9s da reciclagem ou da reutiliza\u00e7\u00e3o.<\/p>\n<p>Divirta-se com esta campanha e aprenda com a ERP Portugal onde colocar os seus el\u00e9tricos e eletr\u00f3nicos em fim de vida no local certo!! <a href=\"https:\/\/eureciclo.pt\/\">eureciclo.pt<\/a><\/p>\n<h3 class=\"fusion-responsive-typography-calculated\" style=\"--fontsize: 30;line-height: 1.25\" data-fontsize=\"30\" data-lineheight=\"37.5px\">______________________________________________________________________<\/h3>\n<h3 class=\"fusion-responsive-typography-calculated\" style=\"--fontsize: 30;line-height: 1.25\" data-fontsize=\"30\" data-lineheight=\"37.5px\">ERP Portugal e Chicco unem-se para provar que<br \/>\n\u201cReciclar n\u00e3o tem Hist\u00f3ria\u201d<\/h3>\n<p><strong>Ano: <\/strong>2022<\/p>\n<p><strong>Parceiros:<\/strong> Chicco<\/p>\n<p><strong>Descri\u00e7\u00e3o:<\/strong><br \/>\n\u201c<strong>Reciclar n\u00e3o tem Hist\u00f3ria<\/strong>\u201d \u00e9 o mote da iniciativa criada pela ERP Portugal em parceria com a Chicco, para incentivar a entrega de pequenos equipamentos el\u00e9tricos e eletr\u00f3nicos, em fim de vida, provando que este gesto \u00e9 simples, \u201cn\u00e3o tem hist\u00f3ria\u201d e pode contribuir para um Planeta mais sustent\u00e1vel. Sob a \u00e9gide do programa \u201c<a href=\"https:\/\/www.parceirosustentavelerp.pt\/\">Parceiro Sustent\u00e1vel<\/a>\u201d da ERP Portugal e com o apoio da <a href=\"https:\/\/abae.pt\/\">ABAE<\/a>, a iniciativa vai decorrer em 29 lojas Chicco durante o m\u00eas de setembro. Para al\u00e9m do consumidor, o desafio ser\u00e1 ainda alargado a mais de 1000 creches e jardins de inf\u00e2ncia que integram o programa <a href=\"https:\/\/ecoescolas.abae.pt\/\">Eco-Escolas<\/a>.<\/p>\n<p><img loading=\"lazy\" decoding=\"async\" class=\"alignnone size-medium wp-image-4857\" src=\"https:\/\/erp-recycling.org\/pt-pt\/wp-content\/uploads\/sites\/16\/2022\/09\/MicrosoftTeams-image-2-300x169.png\" alt=\"\" width=\"300\" height=\"169\" \/><\/p>\n<hr \/>\n<h2 class=\"fusion-responsive-typography-calculated\" style=\"--fontsize: 50;line-height: 1.2\" data-fontsize=\"50\" data-lineheight=\"60px\"><\/h2>\n<h3 class=\"fusion-responsive-typography-calculated\" style=\"--fontsize: 30;line-height: 1.25\" data-fontsize=\"30\" data-lineheight=\"37.5px\">\u201cReciclar tamb\u00e9m \u00e9 Ajudar\u201d<br \/>\na preserva\u00e7\u00e3o de Mares e Oceanos<strong><br \/>\n<\/strong><\/h3>\n<p><strong>Ano: <\/strong>2022<\/p>\n<p><strong>Parceiros: <\/strong>Pingo Doce<\/p>\n<p><strong>Descri\u00e7\u00e3o:<\/strong><br \/>\nA campanha <strong>\u201cReciclar tamb\u00e9m \u00e9 ajudar\u201d<\/strong> da ERP Portugal \u2013 entidade gestora de res\u00edduos, regressa \u00e0s lojas Pingo Doce com o objetivo de promover a import\u00e2ncia do correto encaminhamento, tratamento e reciclagem de res\u00edduos, desta feita, na prote\u00e7\u00e3o dos Oceanos e Mares. Esta a\u00e7\u00e3o visa apoiar a <em>Sailors for the Sea<\/em>, associa\u00e7\u00e3o sem fins lucrativos que pretende contribuir para a sustentabilidade dos oceanos e mares, incentivando uma mudan\u00e7a centrada na crescente consci\u00eancia ambiental fortalecida pela a\u00e7\u00e3o de cada um de n\u00f3s.<\/p>\n<p><img loading=\"lazy\" decoding=\"async\" class=\" wp-image-4774 alignnone\" src=\"https:\/\/erp-recycling.org\/pt-pt\/wp-content\/uploads\/sites\/16\/2022\/09\/MicrosoftTeams-image-300x240.jpg\" alt=\"\" width=\"258\" height=\"206\" \/><\/p>\n<hr \/>\n<h3 class=\"fusion-responsive-typography-calculated\" style=\"--fontsize: 30;line-height: 1.25\" data-fontsize=\"30\" data-lineheight=\"37.5px\">JUNTA NA FREGUESIA<\/h3>\n<p><strong>Ano: <\/strong>2022<\/p>\n<p><strong>Descri\u00e7\u00e3o:<\/strong><br \/>\n<strong>\u201cJunta na Freguesia\u201d<\/strong> \u00e9 o mais recente programa da ERP Portugal que, em conjunto com as Juntas de Freguesia e Munic\u00edpios de todo o pa\u00eds, vai contribuir para aumentar o conforto dos cidad\u00e3os. Com o principal objetivo de criar um movimento de sustentabilidade participada e facilitar a vida da comunidade, pretende-se o aumento da recolha e reciclagem de res\u00edduos de equipamentos el\u00e9tricos e eletr\u00f3nicos (REEE), bem como res\u00edduos de pilhas e acumuladores (RP&amp;A).<\/p>\n<p><img loading=\"lazy\" decoding=\"async\" class=\" wp-image-4778 alignnone\" src=\"https:\/\/erp-recycling.org\/pt-pt\/wp-content\/uploads\/sites\/16\/2022\/09\/Junta-na-Freguesia-300x300.jpg\" alt=\"\" width=\"196\" height=\"196\" \/><\/p>\n<hr \/>\n<h3 class=\"fusion-responsive-typography-calculated\" style=\"--fontsize: 30;line-height: 1.25\" data-fontsize=\"30\" data-lineheight=\"37.5px\">E-WASTE TALKS<\/h3>\n<p><strong>Ano:<\/strong> 2021<\/p>\n<p><strong>Parceiros:<\/strong> LG Portugal<\/p>\n<p><strong>Descri\u00e7\u00e3o:<\/strong><br \/>\nConjunto de podcasts para esclarecer a popula\u00e7\u00e3o sobre o que fazer aos REEE, para onde devem ser encaminhados, quais os impactos no dia-a-dia, nas empresas, nos retalhistas, no ambiente e at\u00e9 na carteira de cada um \u2013 estas s\u00e3o algumas das d\u00favidas que assolam o cidad\u00e3o e que v\u00e3o estar em debate nas quatro <em>e-Waste Talks<\/em> conduzidas pelo apresentador e humorista C\u00e9sar Mour\u00e3o.<\/p>\n<p><strong>Objetivos:<\/strong><\/p>\n<ul>\n<li>Aumentar as quantidades de res\u00edduos recolhidos e reciclados;<\/li>\n<li>Mobilizar a popula\u00e7\u00e3o para uma participa\u00e7\u00e3o ativa na reciclagem dos REEE;<\/li>\n<li>Explicar as vantagens da reciclagem dos REEE.<\/li>\n<\/ul>\n<p><strong>Links para as e-Waste Talks:<\/strong><\/p>\n<ol>\n<li><a href=\"https:\/\/www.youtube.com\/watch?v=BL5V1Az_25A\">Resumo<\/a><\/li>\n<li><a href=\"https:\/\/www.youtube.com\/watch?v=sY6CNz34z0A\">Papel da Entidade Gestora na promo\u00e7\u00e3o de comportamentos sustent\u00e1veis ao longo do fluxo de gest\u00e3o dos EEEE (Ricardo e Rosa)<\/a><\/li>\n<li><a href=\"https:\/\/www.youtube.com\/watch?v=NTf_C9NHH0M\">Compromisso da LG com a Sustentabilidade: do global para o local (Hugo Jorge, Respons\u00e1vel de Marketing da LG Portugal)<\/a><\/li>\n<li><a href=\"https:\/\/www.youtube.com\/watch?v=sYFucsomRKc\">Import\u00e2ncia do canal da distribui\u00e7\u00e3o como promotor de um comportamento mais correto dos cidad\u00e3os\/consumidores (Gon\u00e7alo Lobo Xavier, Diretor Geral da APED)<\/a><\/li>\n<li><a href=\"https:\/\/www.youtube.com\/watch?v=9yHw-5K0HSE&amp;t=20s\">Vis\u00e3o macro e hol\u00edstica sobre a gest\u00e3o dos REEE (Nuno Lacasta, Presidente da APA)<\/a><\/li>\n<\/ol>\n<hr \/>\n<h2 class=\"fusion-responsive-typography-calculated\" style=\"--fontsize: 50;line-height: 1.2\" data-fontsize=\"50\" data-lineheight=\"60px\"><\/h2>\n<h3 class=\"fusion-responsive-typography-calculated\" style=\"--fontsize: 30;line-height: 1.25\" data-fontsize=\"30\" data-lineheight=\"37.5px\">RECICLAR NO SENTIDO CERTO<\/h3>\n<p><strong>Ano:<\/strong> 2021<\/p>\n<p><strong>Parceiros:<\/strong> APA, DGAE, e-Cycle e Electr\u00e3o<\/p>\n<p><strong>Descri\u00e7\u00e3o:<\/strong><br \/>\nCampanha nacional de media para sensibilizar os Portugueses para a entrega seletiva de REEE nos locais corretos e garantir o tratamento, descontamina\u00e7\u00e3o e reciclagem dos mesmos.<\/p>\n<p>A campanha \u00e9 composta por an\u00fancios de tv e r\u00e1dio, publica\u00e7\u00f5es nas redes sociais e canais digitais, com especial destaque para a landing page dedicada a este tema.<\/p>\n<p><a href=\"https:\/\/erp-recycling.org\/pt-pt\/wp-content\/uploads\/sites\/16\/2021\/10\/OSentidoCerto_FINAL.mp4\">Spot de TV<\/a><\/p>\n<p><strong>Objetivos:<\/strong><\/p>\n<ul>\n<li>Aumentar as quantidades de res\u00edduos recolhidos e reciclados;<\/li>\n<li>Evitar o abandono dos REEE e desvio dos mesmos para circuitos paralelos;<\/li>\n<li>Explicar as vantagens da reciclagem dos REEE.<\/li>\n<\/ul>\n<hr \/>\n<h2 class=\"fusion-responsive-typography-calculated\" style=\"--fontsize: 50;line-height: 1.2\" data-fontsize=\"50\" data-lineheight=\"60px\"><\/h2>\n<h3 class=\"fusion-responsive-typography-calculated\" style=\"--fontsize: 30;line-height: 1.25\" data-fontsize=\"30\" data-lineheight=\"37.5px\">EQUIPA DOS REEE &amp; COMPANHIA<\/h3>\n<p><strong>Ano:<\/strong> 2021<\/p>\n<p><strong>Descri\u00e7\u00e3o:<\/strong><br \/>\nA banda desenhada <em>Equipa dos REEE &amp; Companhia<\/em> \u2013 <em>Miss\u00e3o: Aprender a Transformar o Futuro<\/em> recupera uma das ferramentas de educa\u00e7\u00e3o ambiental da ERP Portugal que remonta 2008 e que, agora, volta com novas personagens, mais moderna e ainda com mais energia para mobilizar os Portugueses para a entrega seletiva dos seus res\u00edduos.<\/p>\n<p>Esta pe\u00e7a tem como principais destinat\u00e1rios os estabelecimentos escolares e\/ou outras unidades de educa\u00e7\u00e3o ambiental e estar\u00e1 dispon\u00edvel gratuitamente em iniciativas da entidade gestora, tais como a campanha Gera\u00e7\u00e3o Depositr\u00e3o.<\/p>\n<p>Personagens: Capit\u00e3o Fluxo, Grand\u00e3o, Fininho, Fininho, Z\u00e9l\u00e9le, Vapores, Luzinhas, Depoistr\u00e3o, Carga M\u00e1xima e Traga Pilhas.<\/p>\n<p><strong>Objetivos:<\/strong><\/p>\n<ul>\n<li>Incentivar o aumento da literacia para a sustentabilidade junto das crian\u00e7as, embaixadores ambientais sempre atentos e excelentes influenciadores do comportamento dos adultos;<\/li>\n<li>Aumentar as quantidades de res\u00edduos recolhidos e reciclados.<\/li>\n<\/ul>\n<p>Banda desenhada <em>Equipa dos REEE &amp; Companhia<\/em> \u2013 <em>Miss\u00e3o: Aprender a Transformar o Futuro<\/em> <a href=\"https:\/\/erp-recycling.org\/pt-pt\/wp-content\/uploads\/sites\/16\/2021\/06\/Equipa-dos-REEE-Companhia_Missao_Aprender-a-transformar-o-futuro_FINAL.pdf\">aqui<\/a>.<\/p>\n<p><a href=\"https:\/\/www.youtube.com\/watch?v=QRI28unwGY8\">\u00bb Epis\u00f3dio 1 <\/a><a href=\"https:\/\/www.youtube.com\/watch?v=QRI28unwGY8\">\u00bb <\/a><a href=\"https:\/\/www.youtube.com\/watch?v=__N5QM4puto\">Epis\u00f3dio 2 <\/a><a href=\"https:\/\/www.youtube.com\/watch?v=QRI28unwGY8\">\u00bb <\/a><a href=\"https:\/\/www.youtube.com\/watch?v=0rwh0Eef6Uc\">Epis\u00f3dio 3 <\/a><a href=\"https:\/\/www.youtube.com\/watch?v=QRI28unwGY8\">\u00bb <\/a><a href=\"https:\/\/www.youtube.com\/watch?v=P7mwSQ8_8GA\">Epis\u00f3dio 4 <\/a><a href=\"https:\/\/www.youtube.com\/watch?v=QRI28unwGY8\">\u00bb <\/a><a href=\"https:\/\/www.youtube.com\/watch?v=79jdd6MJ_BI\">Epis\u00f3dio 5<\/a><\/p>\n<hr \/>\n<h3 class=\"fusion-responsive-typography-calculated\" style=\"--fontsize: 30;line-height: 1.25\" data-fontsize=\"30\" data-lineheight=\"37.5px\">TODOS PELO IPO<\/h3>\n<p><strong>Ano: <\/strong>2021<\/p>\n<p><strong>Parceiros:<\/strong> Instituto Portugu\u00eas de Oncologia (IPO) Fernando Gentil<\/p>\n<p><strong>Descri\u00e7\u00e3o:<\/strong><br \/>\nA ERP Portugal volta a associar-se ao IPO para desafiar os Portugueses a participar na reciclagem dos seus res\u00edduos e ajudar o Instituto na sua miss\u00e3o. Para fazer parte da a\u00e7\u00e3o \u201cTodos pelo IPO\u201d, basta entregar pilhas usadas que j\u00e1 n\u00e3o funcionam nos mais de 5000 pontos de recolha da ERP Portugal, distribu\u00eddos por todo o pa\u00eds, incluindo tamb\u00e9m as instala\u00e7\u00f5es do pr\u00f3prio IPO (lista dispon\u00edvel <a href=\"http:\/\/www.eureciclo.pt\/\">aqui<\/a>).<\/p>\n<p>No conjunto de res\u00edduos abrangidos pela iniciativa encontram-se pilhas e pequenos equipamentos como comandos, brinquedos, lanternas ou rel\u00f3gios e baterias de computadores port\u00e1teis, telem\u00f3veis ou comandos de consolas de jogos.<\/p>\n<p>Os res\u00edduos recolhidos at\u00e9 ao final do ano ser\u00e3o transformados em donativo a entregar ao IPO para a aquisi\u00e7\u00e3o de equipamentos de diagn\u00f3stico e tratamento de doen\u00e7as oncol\u00f3gicas.<\/p>\n<p><strong>Objetivos:<\/strong><\/p>\n<ul>\n<li>Mobilizar os Portugueses para utiliza\u00e7\u00e3o dos canais corretos de entrega de REEE e pilhas usadas;<\/li>\n<li>Aumentar as quantidades de res\u00edduos recolhidos e reciclados e, ao mesmo tempo, cumprir a vertente social de ajuda ao IPO.<\/li>\n<\/ul>\n<p><img loading=\"lazy\" decoding=\"async\" class=\"wp-image-4417 alignnone\" src=\"https:\/\/erp-recycling.org\/pt-pt\/wp-content\/uploads\/sites\/16\/2021\/04\/Imagem-SITE.jpg\" alt=\"Imagem SITE\" width=\"272\" height=\"152\" \/><\/p>\n<hr \/>\n<h3 class=\"fusion-responsive-typography-calculated\" style=\"--fontsize: 30;line-height: 1.25\" data-fontsize=\"30\" data-lineheight=\"37.5px\">RECICLO SEM PARAR<\/h3>\n<p><strong>Ano: <\/strong>2021<\/p>\n<p><strong>Parceiros:<\/strong> Maratona Clube de Portugal e Novo Verde<\/p>\n<p><strong>Descri\u00e7\u00e3o:<\/strong><br \/>\nCorrida virtual que decorrer\u00e1 de 3 a 9 de maio, cujos participantes dever\u00e3o inscrever-se via APP VRaces MCP ou diretamente no <a href=\"https:\/\/portugal.virace.app\/\">site das corridas<\/a>.<\/p>\n<p>A ERP Portugal faz parte dos parceiros que incentivar\u00e3o a pr\u00e1tica do desporto, \u00e0 qual se junta<\/p>\n<p>a componente ambiental (gest\u00e3o de res\u00edduos).<\/p>\n<p><strong>Objetivos:<\/strong><\/p>\n<ul>\n<li>Mobilizar os Portugueses para a pr\u00e1tica do desporto, aliando-a a preocupa\u00e7\u00f5es ambientais;<\/li>\n<li>Aumentar as quantidades de res\u00edduos recolhidos e reciclados.<\/li>\n<\/ul>\n<p><img loading=\"lazy\" decoding=\"async\" class=\"wp-image-4398 alignnone\" src=\"https:\/\/erp-recycling.org\/pt-pt\/wp-content\/uploads\/sites\/16\/2021\/04\/VirtualRaces_NovoVerde_1080x1080.jpg\" alt=\"Maratonas1\" width=\"145\" height=\"145\" \/><\/p>\n<hr \/>\n<h2 class=\"fusion-responsive-typography-calculated\" style=\"--fontsize: 50;line-height: 1.2\" data-fontsize=\"50\" data-lineheight=\"60px\"><\/h2>\n<h3 class=\"fusion-responsive-typography-calculated\" style=\"--fontsize: 30;line-height: 1.25\" data-fontsize=\"30\" data-lineheight=\"37.5px\">EARTH BITS<\/h3>\n<p><strong>Ano de in\u00edcio:<\/strong> 2021<\/p>\n<p><strong>Parceiros: <\/strong>Maat e Novo Verde<\/p>\n<p><strong>Descri\u00e7\u00e3o:<\/strong><br \/>\nA <em>Earth Bits<\/em> \u2013 Sentir o Planeta \u00e9 uma instala\u00e7\u00e3o, \u00e0 base de dados que s\u00e3o apresentados em conte\u00fados digitais, v\u00eddeos e uma esta\u00e7\u00e3o interativa, concebida pelo est\u00fadio de investiga\u00e7\u00e3o Dotdotdot. As quatro sec\u00e7\u00f5es deste projeto, que conta ainda com a participa\u00e7\u00e3o da Ag\u00eancia Espacial Europeia (ESA), da Ag\u00eancia Internacional de Energia (IEA) e da EDP Inova\u00e7\u00e3o, mostram a liga\u00e7\u00e3o de causa\/efeito dos comportamentos humanos sobre os recursos do planeta. Do conjunto de temas abordados na exposi\u00e7\u00e3o, destaque para a reciclagem de res\u00edduos e import\u00e2ncia do comportamento dos cidad\u00e3os como chave para assegurar o processo e as vantagens resultantes, nomeadamente a medi\u00e7\u00e3o da poupan\u00e7a da emiss\u00e3o de gases de efeito de estufa.<\/p>\n<p><a href=\"https:\/\/eur02.safelinks.protection.outlook.com\/?url=https%3A%2F%2Fwww.youtube.com%2Fwatch%3Fv%3DzZHqe4EcIb0&amp;data=04%7C01%7Cf.moita%40erp-recycling.org%7Cf5cae4a9dac04b85fce208d90582b4ad%7C4746ee025586473ebb093981e07c2b79%7C0%7C0%7C637546881209200565%7CUnknown%7CTWFpbGZsb3d8eyJWIjoiMC4wLjAwMDAiLCJQIjoiV2luMzIiLCJBTiI6Ik1haWwiLCJXVCI6Mn0%3D%7C1000&amp;sdata=VNzxwQJmuDS91H0HA7v%2BPGTQW2Dqij2x8MkcutPn9P4%3D&amp;reserved=0\">V\u00eddeo de inaugura\u00e7\u00e3o<\/a><\/p>\n<p><strong>Objetivos:<\/strong><\/p>\n<ul>\n<li>Criar uma corrente de conte\u00fados de consciencializa\u00e7\u00e3o e educa\u00e7\u00e3o do p\u00fablico portugu\u00eas, atrav\u00e9s do c\u00e1lculo da sua pegada carb\u00f3nica;<\/li>\n<li>Destacar a import\u00e2ncia de comportamentos ambientais, tais como a entrega dos res\u00edduos nos canais adequados para permitir o seu tratamento e a sua reciclagem.<\/li>\n<\/ul>\n<hr \/>\n<h3 class=\"fusion-responsive-typography-calculated\" style=\"--fontsize: 30;line-height: 1.25\" data-fontsize=\"30\" data-lineheight=\"37.5px\">RECICLAR N\u00c3O TEM TRUQUE<\/h3>\n<p><strong>Ano de in\u00edcio:<\/strong> 2021<\/p>\n<p><strong>Parceiros: <\/strong>LG Portugal<\/p>\n<p><strong>Descri\u00e7\u00e3o:<\/strong><br \/>\nConjunto de truques com a assinatura \u00fanica do m\u00e1gico portugu\u00eas Lu\u00eds de Matos para alertar os portugueses para a urg\u00eancia e necessidade de dar uma segunda vida aos equipamentos el\u00e9tricos e eletr\u00f3nicos que j\u00e1 n\u00e3o funcionam.<\/p>\n<p>Lu\u00eds Filipe Borges e Gabriel Ferreira juntaram-se ao desafio de Lu\u00eds de Matos e experienciaram alguns truques.<\/p>\n<p>V\u00eddeos dispon\u00edveis nas redes sociais e <a href=\"https:\/\/www.youtube.com\/channel\/UCuDmbWRDwy7KCQSFz054sOQ\">YouTube da ERP Portugal<\/a>.<\/p>\n<p><strong>Objetivos:<\/strong><\/p>\n<ul>\n<li>Criar uma corrente de conte\u00fados de consciencializa\u00e7\u00e3o e<br \/>\neduca\u00e7\u00e3o do p\u00fablico portugu\u00eas;<\/li>\n<li>Destacar a import\u00e2ncia do Depositr\u00e3o como solu\u00e7\u00e3o log\u00edstica para garantir a reciclagem de REEE.<\/li>\n<\/ul>\n<p><img loading=\"lazy\" decoding=\"async\" class=\"wp-image-4333 alignnone\" src=\"https:\/\/erp-recycling.org\/pt-pt\/wp-content\/uploads\/sites\/16\/2021\/02\/ImagemLuisMatos_SITE_2-150x150.jpg\" alt=\"ImagemLuisMatos_SITE_2\" width=\"115\" height=\"115\" \/><\/p>\n<hr \/>\n<h2 class=\"fusion-responsive-typography-calculated\" style=\"--fontsize: 50;line-height: 1.2\" data-fontsize=\"50\" data-lineheight=\"60px\"><\/h2>\n<h3 class=\"fusion-responsive-typography-calculated\" style=\"--fontsize: 30;line-height: 1.25\" data-fontsize=\"30\" data-lineheight=\"37.5px\">GERA\u00c7\u00c3O DEPOSITR\u00c3O<\/h3>\n<p>Campanha nacional dirigida a todos os n\u00edveis de ensino, composta por duas atividades: recolha de REEE e pilhas usadas e desafios criativos.<\/p>\n<p><strong>Ano de in\u00edcio:<\/strong> 2008<\/p>\n<p><strong>Parceiros:<\/strong> Associa\u00e7\u00e3o Bandeira Azul da Europa\/Programa Eco-Escolas, LG, Orima, Pingo Doce e Worten.<\/p>\n<p><strong>Descri\u00e7\u00e3o:<\/strong><br \/>\nAo longo do ano letivo as escolas participantes funcionam como pontos de recolha e informa\u00e7\u00e3o sobre o destino adequado a dar aos el\u00e9tricos e eletr\u00f3nicos e \u00e0s pilhas em fim de vida. Deste conjunto de pontos de recolha fazem parte, tamb\u00e9m, empresas e entidades locais que se juntaram a esta miss\u00e3o (Juntas de Freguesia, Centros de Dia, Bombeiros Volunt\u00e1rios, entre outras), garantido o tratamento, descontamina\u00e7\u00e3o e reciclagem dos res\u00edduos abrangidos.<\/p>\n<p>A campanha decorre a n\u00edvel nacional e abrange todos os graus de ensino (B\u00e1sico, Secund\u00e1rio\/Profissional e Superior) e conta com a entrega de res\u00edduos, tamb\u00e9m, por parte da comunidade envolvente, mobilizada pelos alunos, professores e funcion\u00e1rios dos estabelecimentos escolares.<\/p>\n<p>At\u00e9 momento, j\u00e1 foram recolhidas mais de 3500 toneladas de res\u00edduos e a m\u00e9dia de participa\u00e7\u00e3o anual aponta para 700 escolas, 40 000 Professores e 420 000 alunos. Para al\u00e9m da recolha, as escolas respondem a desafios criativos, segmentados por escal\u00f5es, numa \u00f3tica de preven\u00e7\u00e3o e promo\u00e7\u00e3o da reutiliza\u00e7\u00e3o de materiais.<\/p>\n<p>Mais informa\u00e7\u00e3o <a href=\"http:\/\/www.geracaodepositrao.abae.pt\/\">aqui<\/a>.<\/p>\n<p><strong>Objetivos:<\/strong><\/p>\n<ul>\n<li style=\"list-style-type: none\">\n<ul>\n<li>Introduzir o tema da preven\u00e7\u00e3o e reciclagem de REEE e RPA no conjunto de comportamentos dos cidad\u00e3os, transformando as escolas aderentes em pontos de recolha destes res\u00edduos e de informa\u00e7\u00e3o\/sensibiliza\u00e7\u00e3o da comunidade local;<\/li>\n<li>Sensibilizar a comunidade escolar para a import\u00e2ncia da recolha de REEE e pilhas usadas;<\/li>\n<li>Aumentar os quantitativos de res\u00edduos recolhidos seletivamente;<\/li>\n<li>Incluir a preven\u00e7\u00e3o de res\u00edduos no conjunto de preocupa\u00e7\u00f5es dos cidad\u00e3os, promovendo o consumo consciente e a redu\u00e7\u00e3o da frequ\u00eancia de descarte dos mesmos.<\/li>\n<\/ul>\n<\/li>\n<\/ul>\n<p><img loading=\"lazy\" decoding=\"async\" class=\"wp-image-4292 alignnone\" src=\"https:\/\/erp-recycling.org\/pt-pt\/wp-content\/uploads\/sites\/16\/2021\/01\/Imagem_site.jpg\" alt=\"GD13\" width=\"266\" height=\"184\" \/><\/p>\n<hr \/>\n<h3 class=\"fusion-responsive-typography-calculated\" style=\"--fontsize: 30;line-height: 1.25\" data-fontsize=\"30\" data-lineheight=\"37.5px\">TODOS PELO IPO<\/h3>\n<p><strong>Ano: <\/strong>2020<\/p>\n<p><strong>Parceiros:<\/strong> Instituto Portugu\u00eas de Oncologia (IPO) Fernando Gentil<\/p>\n<p><strong>Descri\u00e7\u00e3o:<\/strong><br \/>\nA ERP Portugal associou-se pela primeira vez ao IPO para desafiar os Portugueses a participar na reciclagem dos seus res\u00edduos e ajudar o Instituto na sua miss\u00e3o. Para fazer parte da a\u00e7\u00e3o \u201cTodos pelo IPO\u201d, bastava entregar pilhas usadas que j\u00e1 n\u00e3o funcionam nos mais de 5000 pontos de recolha da ERP Portugal, distribu\u00eddos por todo o pa\u00eds, incluindo tamb\u00e9m as instala\u00e7\u00f5es do pr\u00f3prio IPO (lista dispon\u00edvel <a href=\"http:\/\/www.eureciclo.pt\/\">aqui<\/a>).<\/p>\n<p>No conjunto de res\u00edduos abrangidos pela iniciativa encontram-se pilhas e pequenos equipamentos como comandos, brinquedos, lanternas ou rel\u00f3gios e baterias de computadores port\u00e1teis, telem\u00f3veis ou comandos de consolas de jogos.<\/p>\n<p>Os res\u00edduos recolhidos at\u00e9 ao final do ano ser\u00e3o transformados em donativo a entregar ao IPO para a aquisi\u00e7\u00e3o de equipamentos de diagn\u00f3stico e tratamento de doen\u00e7as oncol\u00f3gicas.<\/p>\n<p><strong>Objetivos:<\/strong><\/p>\n<ul>\n<li>Mobilizar os Portugueses para utiliza\u00e7\u00e3o dos canais corretos de entrega de REEE e pilhas usadas;<\/li>\n<li>Aumentar as quantidades de res\u00edduos recolhidos e reciclados e, ao mesmo tempo, cumprir a vertente social de ajuda ao IPO.<\/li>\n<\/ul>\n<p><img loading=\"lazy\" decoding=\"async\" class=\"wp-image-4187 alignnone\" src=\"https:\/\/erp-recycling.org\/pt-pt\/wp-content\/uploads\/sites\/16\/2020\/11\/Campanha_IPO_VF-scaled.jpg\" alt=\"\" width=\"113\" height=\"160\" \/><\/p>\n<hr \/>\n<h3 class=\"fusion-responsive-typography-calculated\" style=\"--fontsize: 30;line-height: 1.25\" data-fontsize=\"30\" data-lineheight=\"37.5px\">WORTEN TRANSFORMA<\/h3>\n<p><strong>Ano: <\/strong>2020<\/p>\n<p><strong>Parceiros:<\/strong> Worten e Entreajuda<\/p>\n<p><strong>Descri\u00e7\u00e3o:<\/strong><br \/>\nRecolha de REEE em todas as lojas Worten do pa\u00eds com o objetivo de transformar as toneladas recolhidas em novos equipamentos a doar a institui\u00e7\u00f5es de cariz social. Para contribuir para a causa era poss\u00edvel, tamb\u00e9m, fazer uma doa\u00e7\u00e3o em worten.pt, adicionando ao carrinho o produto \u2018Transforma\u2019, dispon\u00edvel a partir de 0,50\u20ac.<\/p>\n<p>Esta iniciativa apresentou dois momentos: Junho e dezembro.<\/p>\n<p><strong>Objetivos:<\/strong><\/p>\n<ul>\n<li>Mobilizar os Portugueses para utiliza\u00e7\u00e3o dos canais corretos de entrega de REEE (como as lojas Worten);<\/li>\n<li>Aumentar as quantidades de res\u00edduos recolhidos e reciclados e, ao mesmo tempo, cumprir a vertente social de ajudar as institui\u00e7\u00f5es a visar.<\/li>\n<\/ul>\n<p><img loading=\"lazy\" decoding=\"async\" class=\"wp-image-4244 alignnone\" src=\"https:\/\/erp-recycling.org\/pt-pt\/wp-content\/uploads\/sites\/16\/2020\/12\/WT_Site.jpg\" alt=\"WT_Site\" width=\"113\" height=\"118\" \/><\/p>\n<hr \/>\n<h3 class=\"fusion-responsive-typography-calculated\" style=\"--fontsize: 30;line-height: 1.25\" data-fontsize=\"30\" data-lineheight=\"37.5px\">N\u00c3O ABANDONE AS SUAS PILHAS E EQUIPAMENTOS USADOS.<br \/>\nRECICLAR TAMB\u00c9M \u00c9 AJUDAR!<\/h3>\n<p><strong>Ano: <\/strong>2020<\/p>\n<p><strong>Parceiros:<\/strong> Pingo Doce e Liga Portuguesa dos Direitos do Animal<\/p>\n<p><strong>Descri\u00e7\u00e3o:<\/strong><br \/>\nCampanha de recolha de pequenos equipamentos el\u00e9tricos e eletr\u00f3nicos e pilhas usadas, em parceria com o Pingo Doce, para angariar fundos para a Liga Portuguesa dos Direitos do Animal (LPDA). Entre os meses de novembro e dezembro, por cada tonelada entregue nas lojas Pingo Doce ser\u00e3o doados 100\u20ac \u00e0 LPDA para a aquisi\u00e7\u00e3o de recursos e mantimentos.<\/p>\n<p><strong>Objetivos:<\/strong><\/p>\n<ul>\n<li>Mobilizar os Portugueses para utiliza\u00e7\u00e3o dos canais corretos de entrega de REEE e pilhas usadas (como as lojas Pingo Doce);<\/li>\n<li>Aumentar as quantidades de res\u00edduos recolhidos e reciclados e, ao mesmo tempo, cumprir a vertente social de ajuda \u00e0 LPDA.<\/li>\n<\/ul>\n<p><img loading=\"lazy\" decoding=\"async\" class=\"wp-image-4342 alignnone\" src=\"https:\/\/erp-recycling.org\/pt-pt\/wp-content\/uploads\/sites\/16\/2021\/02\/PD_LPDA.jpg\" alt=\"PD_LPDA\" width=\"170\" height=\"121\" \/><\/p>\n<h2 class=\"fusion-responsive-typography-calculated\" style=\"--fontsize: 50;line-height: 1.2\" data-fontsize=\"50\" data-lineheight=\"60px\"><\/h2>\n<hr \/>\n<h3 class=\"fusion-responsive-typography-calculated\" style=\"--fontsize: 30;line-height: 1.25\" data-fontsize=\"30\" data-lineheight=\"37.5px\">CAMPANHA EDP COMERCIAL<\/h3>\n<p><strong>Ano: <\/strong>2020<\/p>\n<p><strong>Parceiros:<\/strong> EDP Comercial<\/p>\n<p><strong>Descri\u00e7\u00e3o:<\/strong><br \/>\nIntegrada <a href=\"https:\/\/www.edp.pt\/particulares\/planeta-zero\/\">na nova App da EDP Comercial<\/a> (app EDP Zero), esta iniciativa pretendia incentivar os h\u00e1bitos de reciclagem dos Res\u00edduos de Equipamentos El\u00e9tricos e Eletr\u00f3nicos (REEE) e contribuir, atrav\u00e9s deste movimento, para a poupan\u00e7a do planeta, que \u00e9 de todos. Atrav\u00e9s da sua rede, a EDP Comercial ficou respons\u00e1vel por receber estes equipamentos e coube \u00e0 ERP Portugal recolher e garantir a sua reciclagem.<\/p>\n<p><img loading=\"lazy\" decoding=\"async\" class=\"wp-image-4105 alignnone\" src=\"https:\/\/erp-recycling.org\/pt-pt\/wp-content\/uploads\/sites\/16\/2020\/10\/geracao-zero-1-scaled.jpg\" alt=\"\" width=\"173\" height=\"97\" \/><\/p>\n<h2 class=\"fusion-responsive-typography-calculated\" style=\"--fontsize: 50;line-height: 1.2\" data-fontsize=\"50\" data-lineheight=\"60px\"><\/h2>\n<hr \/>\n<h3 class=\"fusion-responsive-typography-calculated\" style=\"--fontsize: 30;line-height: 1.25\" data-fontsize=\"30\" data-lineheight=\"37.5px\">REDES SOCIAIS<\/h3>\n<p>Sensibiliza\u00e7\u00e3o dos consumidores para a ado\u00e7\u00e3o de boas pr\u00e1ticas em mat\u00e9ria de gest\u00e3o de res\u00edduos, com especial foco nos REEE e pilhas usadas.<\/p>\n<p><strong>Ano de in\u00edcio:<\/strong> 2020<\/p>\n<p><strong>Descri\u00e7\u00e3o:<\/strong><br \/>\nUtiliza\u00e7\u00e3o das redes sociais e outras plataformas digitais como o <a href=\"https:\/\/www.facebook.com\/erp.portugal\/\">Facebook<\/a>, <a href=\"https:\/\/www.instagram.com\/erp_portugal\/\">Instagram<\/a>, <a href=\"https:\/\/www.linkedin.com\/company\/erp-portugal\/\">LinkedIn<\/a> e <a href=\"https:\/\/www.youtube.com\/channel\/UCuDmbWRDwy7KCQSFz054sOQ\">YouTube<\/a> para transmitir mensagens de sensibiliza\u00e7\u00e3o e mobiliza\u00e7\u00e3o de comportamentos, de forma a mudar a atitude face ao tema e impulsionar os quantitativos de recolha seletiva de REEE e RPA.<\/p>\n<p><strong>Objetivos:<\/strong><\/p>\n<ul>\n<li>Mobiliza\u00e7\u00e3o dos Portugueses para utiliza\u00e7\u00e3o dos canais corretos de entrega de REEE e pilhas usadas;<\/li>\n<li>Integrar conceitos relacionados com a reciclagem de REEE e RPA no conjunto de preocupa\u00e7\u00f5es dos seguidores;<\/li>\n<li>Promover a utiliza\u00e7\u00e3o dos canais de deposi\u00e7\u00e3o previstos para estes res\u00edduos.<\/li>\n<\/ul>\n<h2 class=\"fusion-responsive-typography-calculated\" style=\"--fontsize: 50;line-height: 1.2\" data-fontsize=\"50\" data-lineheight=\"60px\"><\/h2>\n<hr \/>\n<h3 class=\"fusion-responsive-typography-calculated\" style=\"--fontsize: 30;line-height: 1.25\" data-fontsize=\"30\" data-lineheight=\"37.5px\">SOFIA INSPIRA<\/h3>\n<p>conjunto de oito epis\u00f3dios que exemplificam como dar uma segunda oportunidade aos REEE e RPA, atrav\u00e9s dos famosos DIY (Do It Yoursef) e trabalhos manuais da artista Sofia Cotrim, do programa \u201cMundo de Sofia\u201d.<\/p>\n<p><strong>Ano de in\u00edcio:<\/strong> 2020<\/p>\n<p><strong>Parceiros:<\/strong> Novo Verde<\/p>\n<p><strong>Descri\u00e7\u00e3o:<\/strong><br \/>\nS\u00e9rie pautada pelos valores da redu\u00e7\u00e3o e reutiliza\u00e7\u00e3o, e tamb\u00e9m pela divers\u00e3o entre pares e fam\u00edlias, dispon\u00edvel nas redes Instagram, Facebook, Linkedin e Youtube da ERP Portugal e Novo Verde. Nos 8 epis\u00f3dios as embalagens usadas, os equipamentos el\u00e9tricos e as pilhas em fim de vida foram os atores principais de obras 100% sustent\u00e1veis e que apresentavam como denominador comum a mensagem de sensibiliza\u00e7\u00e3o e emerg\u00eancia ambiental.<\/p>\n<p><strong>Objetivos:<\/strong><\/p>\n<ul>\n<li>Mobiliza\u00e7\u00e3o dos Portugueses para utiliza\u00e7\u00e3o dos canais corretos de entrega de embalagens, REEE e pilhas usadas;<\/li>\n<li>Integrar conceitos relacionados com a reciclagem de embalagens, REEE e RPA no conjunto de preocupa\u00e7\u00f5es dos seguidores;<\/li>\n<li>Promover a utiliza\u00e7\u00e3o dos canais de deposi\u00e7\u00e3o previstos para estes res\u00edduos.<\/li>\n<\/ul>\n<p>Mais informa\u00e7\u00e3o <a href=\"https:\/\/www.youtube.com\/channel\/UCuDmbWRDwy7KCQSFz054sOQ\">aqui<\/a>.<\/p>\n<p><img loading=\"lazy\" decoding=\"async\" class=\"wp-image-3924 alignnone\" src=\"https:\/\/erp-recycling.org\/pt-pt\/wp-content\/uploads\/sites\/16\/2020\/05\/SofiaInspira-1-e1590764698833.jpg\" alt=\"SofiaInspira\" width=\"130\" height=\"66\" \/><\/p>\n<h2 class=\"fusion-responsive-typography-calculated\" style=\"--fontsize: 50;line-height: 1.2\" data-fontsize=\"50\" data-lineheight=\"60px\"><\/h2>\n<hr \/>\n<h3 class=\"fusion-responsive-typography-calculated\" style=\"--fontsize: 30;line-height: 1.25\" data-fontsize=\"30\" data-lineheight=\"37.5px\">TRAGA PILHAS<\/h3>\n<p>Marca criada pela ERP Portugal para dinamizar a recolha de pilhas usadas, apelando \u00e0 participa\u00e7\u00e3o ati va dos cidad\u00e3os neste miss\u00e3o.<\/p>\n<p><strong>Ano de in\u00edcio: <\/strong>2020<\/p>\n<p><strong>Parceiros:<\/strong> NA<\/p>\n<p><strong>Descri\u00e7\u00e3o:<\/strong><br \/>\nA designa\u00e7\u00e3o da marca apela, naturalmente, ao comportamento de levar pilhas e acumuladores em fim de vida at\u00e9 aos pontos de recolha seletiva e garantir, assim, a sua reciclagem. Os equipamentos log\u00edsticos existentes no terreno s\u00e3o portadores deste <em>call to action<\/em> e assumem uma nova identidade e imagem, com maior destaque e impacto, totalmente dedicadas a esta problem\u00e1tica.<\/p>\n<p><strong>Objetivos:<\/strong><\/p>\n<ul>\n<li>Alertar o consumidor para a import\u00e2ncia e necessidade de reciclar este tipo de res\u00edduo, estimulando a sua participa\u00e7\u00e3o ativa neste processo;<\/li>\n<li>Promover a utiliza\u00e7\u00e3o dos canais de deposi\u00e7\u00e3o previstos para estes res\u00edduos.<\/li>\n<\/ul>\n<p><img loading=\"lazy\" decoding=\"async\" class=\"wp-image-3954 alignnone\" src=\"https:\/\/erp-recycling.org\/pt-pt\/wp-content\/uploads\/sites\/16\/2020\/06\/TRAGA-PILHAS-RED-e1596038542635.jpg\" alt=\"TRAGA PILHAS RED\" width=\"110\" height=\"107\" \/><\/p>\n<\/div><\/div><\/div><\/div><\/div><div id=\"countries\" class=\"fusion-container-anchor\"><div class=\"fusion-fullwidth fullwidth-box fusion-builder-row-7 fusion-flex-container has-pattern-background has-mask-background nonhundred-percent-fullwidth non-hundred-percent-height-scrolling\" style=\"--awb-border-radius-top-left:0px;--awb-border-radius-top-right:0px;--awb-border-radius-bottom-right:0px;--awb-border-radius-bottom-left:0px;--awb-padding-top:12vh;--awb-padding-bottom:12vh;--awb-background-color:rgba(244,244,244,0.35);--awb-flex-wrap:wrap;\" ><div class=\"fusion-builder-row fusion-row fusion-flex-align-items-flex-start fusion-flex-content-wrap\" style=\"max-width:1456px;margin-left: calc(-4% \/ 2 );margin-right: calc(-4% \/ 2 );\"><div class=\"fusion-layout-column fusion_builder_column fusion-builder-column-8 fusion_builder_column_1_1 1_1 fusion-flex-column\" style=\"--awb-bg-size:cover;--awb-width-large:100%;--awb-margin-top-large:0px;--awb-spacing-right-large:1.92%;--awb-margin-bottom-large:20px;--awb-spacing-left-large:1.92%;--awb-width-medium:100%;--awb-order-medium:0;--awb-spacing-right-medium:1.92%;--awb-spacing-left-medium:1.92%;--awb-width-small:100%;--awb-order-small:0;--awb-spacing-right-small:1.92%;--awb-spacing-left-small:1.92%;\"><div class=\"fusion-column-wrapper fusion-column-has-shadow fusion-flex-justify-content-flex-start fusion-content-layout-column\"><div class=\"fusion-tabs fusion-tabs-1 clean nav-is-justified erp-links horizontal-tabs icon-position-left mobile-mode-accordion\" style=\"--awb-title-border-radius-top-left:0px;--awb-title-border-radius-top-right:0px;--awb-title-border-radius-bottom-right:0px;--awb-title-border-radius-bottom-left:0px;--awb-title-font-size:32px;--awb-title-line-height:1.3;--awb-alignment:start;--awb-inactive-color:hsla(var(--awb-color8-h),var(--awb-color8-s),calc( var(--awb-color8-l) + 96% ),var(--awb-color8-a));--awb-background-color:var(--awb-color1);--awb-border-color:var(--awb-color3);--awb-active-border-color:#ff0000;\"><div class=\"nav\"><ul class=\"nav-tabs nav-justified\" role=\"tablist\"><li class=\"active\" role=\"presentation\"><a class=\"tab-link\" data-toggle=\"tab\" role=\"tab\" aria-controls=\"tab-5a1f58b804f59de237d\" aria-selected=\"true\" id=\"fusion-tab-aerpnomundo\" href=\"#tab-5a1f58b804f59de237d\"><h3 class=\"fusion-tab-heading\">A ERP no Mundo<\/h3><\/a><\/li><li role=\"presentation\"><a class=\"tab-link\" data-toggle=\"tab\" role=\"tab\" aria-controls=\"tab-ab0c61ba1b4fb4a922c\" aria-selected=\"false\" tabindex=\"-1\" id=\"fusion-tab-servi\u00e7osglobais\" href=\"#tab-ab0c61ba1b4fb4a922c\"><h3 class=\"fusion-tab-heading\">Servi\u00e7os Globais<\/h3><\/a><\/li><\/ul><\/div><div class=\"tab-content\"><div class=\"nav fusion-mobile-tab-nav\"><ul class=\"nav-tabs nav-justified\" role=\"tablist\"><li class=\"active\" role=\"presentation\"><a class=\"tab-link\" data-toggle=\"tab\" role=\"tab\" aria-controls=\"tab-5a1f58b804f59de237d\" aria-selected=\"true\" id=\"mobile-fusion-tab-aerpnomundo\" href=\"#tab-5a1f58b804f59de237d\"><h3 class=\"fusion-tab-heading\">A ERP no Mundo<\/h3><\/a><\/li><\/ul><\/div><div class=\"tab-pane fade fusion-clearfix in active\" role=\"tabpanel\" tabindex=\"0\" aria-labelledby=\"fusion-tab-aerpnomundo\" id=\"tab-5a1f58b804f59de237d\">\n<ul class=\"countries\">\n<li><a href=\"\/de-at\/\" target=\"_blank\" rel=\"noopener\">Austria<\/a><\/li>\n<li><a href=\"https:\/\/landbellcanada.com\/\">Canada<\/a><\/li>\n<li><a href=\"\/zh-cn\/\" target=\"_blank\" rel=\"noopener\">China<\/a><\/li>\n<li><a href=\"\/da-dk\/\" target=\"_blank\" rel=\"noopener\">Denmark<\/a><\/li>\n<li><a href=\"\/fi-fi\/\" target=\"_blank\" rel=\"noopener\">Finland<\/a><\/li>\n<li><a href=\"\/fr-fr\/\" target=\"_blank\" rel=\"noopener\">France<\/a><\/li>\n<li><a href=\"https:\/\/erp-recycling.org\/de-de\/\">Germany<\/a><\/li>\n<li><a href=\"https:\/\/www.landbell-gfs.in\/\" target=\"_blank\" rel=\"noopener\">India<\/a><\/li>\n<li><a href=\"\/ie\/\" target=\"_blank\" rel=\"noopener\">Ireland<\/a><\/li>\n<li><a href=\"\/it-it\/\" target=\"_blank\" rel=\"noopener\">Italy<\/a><\/li>\n<li><a href=\"\/ja-jp\/\" target=\"_blank\" rel=\"noopener\">Japan<\/a><\/li>\n<li><a href=\"https:\/\/erp-recycling.org\/en-nl\/\" target=\"_blank\" rel=\"noopener\">Netherlands<\/a><\/li>\n<li><a href=\"\/no-no\/\" target=\"_blank\" rel=\"noopener\">Norway<\/a><\/li>\n<li><a href=\"\/pl-pl\/\" target=\"_blank\" rel=\"noopener\">Poland<\/a><\/li>\n<li><a href=\"\/pt-pt\/\" target=\"_blank\" rel=\"noopener\">Portugal<\/a><\/li>\n<li><a href=\"http:\/\/www.erp-recycling.sk\/\" target=\"_blank\" rel=\"noopener\">Slovakia<\/a><\/li>\n<li><a href=\"\/es-es\/\" target=\"_blank\" rel=\"noopener\">Spain<\/a><\/li>\n<li><a href=\"\/se-se\/\" target=\"_blank\" rel=\"noopener\">Sweden<\/a><\/li>\n<li><a href=\"\/uk\/\" target=\"_blank\" rel=\"noopener\">United Kingdom<\/a><\/li>\n<li><a href=\"http:\/\/www.landbellgroup.com\">USA<\/a><\/li>\n<\/ul>\n<\/div><div class=\"nav fusion-mobile-tab-nav\"><ul class=\"nav-tabs nav-justified\" role=\"tablist\"><li role=\"presentation\"><a class=\"tab-link\" data-toggle=\"tab\" role=\"tab\" aria-controls=\"tab-ab0c61ba1b4fb4a922c\" aria-selected=\"false\" tabindex=\"-1\" id=\"mobile-fusion-tab-servi\u00e7osglobais\" href=\"#tab-ab0c61ba1b4fb4a922c\"><h3 class=\"fusion-tab-heading\">Servi\u00e7os Globais<\/h3><\/a><\/li><\/ul><\/div><div class=\"tab-pane fade fusion-clearfix\" role=\"tabpanel\" tabindex=\"0\" aria-labelledby=\"fusion-tab-servi\u00e7osglobais\" id=\"tab-ab0c61ba1b4fb4a922c\">\n<ul class=\"service\">\n<li class=\"red\"><a href=\"https:\/\/landbell-group.com\/compliance-services\/\" target=\"_blank\" rel=\"noopener\">Servi\u00e7os de compliance internacional<\/a><\/li>\n<li class=\"red\"><a href=\"https:\/\/landbell-group.com\/compliance-services\/easyshop\/\" target=\"_blank\" rel=\"noopener\">EASyShop<\/a><\/li>\n<li class=\"blue\"><a href=\"https:\/\/landbell-group.com\/global-takeback\/\" target=\"_blank\" rel=\"noopener\">Consultoria internacional em servi\u00e7os de recolha<\/a><\/li>\n<li class=\"blue\"><a href=\"https:\/\/landbell-group.com\/environmental-compliance-consulting\/\" target=\"_blank\" rel=\"noopener\">Servi\u00e7os de consultoria ambiental internacional<\/a><\/li>\n<li class=\"blue\"><a href=\"https:\/\/landbell-group.com\/regulatory-tracking-services\/\" target=\"_blank\" rel=\"noopener\">Consultoria da legisla\u00e7\u00e3o ambiental internacional em vigor<\/a><\/li>\n<li class=\"blue\"><a href=\"https:\/\/landbell-group.com\/chemical-compliance\/\" target=\"_blank\" rel=\"noopener\">Chemical Compliance Consulting<\/a><\/li>\n<li class=\"light-blue\"><a href=\"https:\/\/landbell-group.com\/circular-economy-software\/\" target=\"_blank\" rel=\"noopener\">Software de economia circular internacional<\/a><\/li>\n<li class=\"green\"><a href=\"https:\/\/landbell-group.com\/circular-economy-solutions\/\" target=\"_blank\" rel=\"noopener\">Solu\u00e7\u00f5es de economia circular internacional<\/a><\/li>\n<\/ul>\n<\/div><\/div><\/div><\/div><\/div><\/div><\/div><\/div>\n<div class=\"fusion-fullwidth fullwidth-box fusion-builder-row-8 fusion-flex-container has-pattern-background has-mask-background nonhundred-percent-fullwidth non-hundred-percent-height-scrolling fusion-custom-z-index fusion-absolute-container fusion-absolute-position-small fusion-absolute-position-medium fusion-absolute-position-large\" style=\"--awb-border-radius-top-left:0px;--awb-border-radius-top-right:0px;--awb-border-radius-bottom-right:0px;--awb-border-radius-bottom-left:0px;--awb-z-index:999;--awb-flex-wrap:wrap;\" ><div class=\"fusion-builder-row fusion-row fusion-flex-align-items-flex-start fusion-flex-justify-content-flex-end fusion-flex-content-wrap\" style=\"max-width:1456px;margin-left: calc(-4% \/ 2 );margin-right: calc(-4% \/ 2 );\"><div class=\"fusion-layout-column fusion_builder_column fusion-builder-column-9 fusion_builder_column_1_4 1_4 fusion-flex-column\" style=\"--awb-bg-size:cover;--awb-width-large:25%;--awb-margin-top-large:0px;--awb-spacing-right-large:7.68%;--awb-margin-bottom-large:20px;--awb-spacing-left-large:7.68%;--awb-width-medium:100%;--awb-order-medium:0;--awb-spacing-right-medium:1.92%;--awb-spacing-left-medium:1.92%;--awb-width-small:100%;--awb-order-small:0;--awb-spacing-right-small:1.92%;--awb-spacing-left-small:1.92%;\"><div class=\"fusion-column-wrapper fusion-column-has-shadow fusion-flex-justify-content-flex-start fusion-content-layout-column\"><\/div><\/div><\/div><\/div>\n<\/p>\n","protected":false},"excerpt":{"rendered":"","protected":false},"author":1,"featured_media":8909,"parent":5123,"menu_order":0,"comment_status":"closed","ping_status":"closed","template":"100-width.php","meta":{"_acf_changed":false,"_monsterinsights_skip_tracking":false,"_monsterinsights_sitenote_active":false,"_monsterinsights_sitenote_note":"","_monsterinsights_sitenote_category":0,"footnotes":""},"class_list":["post-8907","page","type-page","status-publish","has-post-thumbnail","hentry"],"acf":[],"yoast_head":"<!-- This site is optimized with the Yoast SEO plugin v27.2 - https:\/\/yoast.com\/product\/yoast-seo-wordpress\/ -->\n<title>Sensibiliza\u00e7\u00e3o - Portugal (PT)<\/title>\n<meta name=\"robots\" content=\"index, follow, max-snippet:-1, max-image-preview:large, max-video-preview:-1\" \/>\n<link rel=\"canonical\" href=\"https:\/\/erp-recycling.org\/pt-pt\/whats-up\/sensibilizacao\/\" \/>\n<meta property=\"og:locale\" content=\"pt_PT\" \/>\n<meta property=\"og:type\" content=\"article\" \/>\n<meta property=\"og:title\" content=\"Sensibiliza\u00e7\u00e3o - Portugal (PT)\" \/>\n<meta property=\"og:url\" content=\"https:\/\/erp-recycling.org\/pt-pt\/whats-up\/sensibilizacao\/\" \/>\n<meta property=\"og:site_name\" content=\"Portugal (PT)\" \/>\n<meta property=\"article:modified_time\" content=\"2025-02-13T16:45:34+00:00\" \/>\n<meta property=\"og:image\" content=\"https:\/\/erp-recycling.org\/pt-pt\/wp-content\/uploads\/sites\/53\/2022\/12\/Awareness_ERP-PT-web.jpg\" \/>\n\t<meta property=\"og:image:width\" content=\"1800\" \/>\n\t<meta property=\"og:image:height\" content=\"1200\" \/>\n\t<meta property=\"og:image:type\" content=\"image\/jpeg\" \/>\n<meta name=\"twitter:card\" content=\"summary_large_image\" \/>\n<meta name=\"twitter:label1\" content=\"Tempo estimado de leitura\" \/>\n\t<meta name=\"twitter:data1\" content=\"161 minutos\" \/>\n<script type=\"application\/ld+json\" class=\"yoast-schema-graph\">{\"@context\":\"https:\/\/schema.org\",\"@graph\":[{\"@type\":\"WebPage\",\"@id\":\"https:\/\/erp-recycling.org\/pt-pt\/whats-up\/sensibilizacao\/\",\"url\":\"https:\/\/erp-recycling.org\/pt-pt\/whats-up\/sensibilizacao\/\",\"name\":\"Sensibiliza\u00e7\u00e3o - Portugal (PT)\",\"isPartOf\":{\"@id\":\"https:\/\/erp-recycling.org\/pt-pt\/#website\"},\"primaryImageOfPage\":{\"@id\":\"https:\/\/erp-recycling.org\/pt-pt\/whats-up\/sensibilizacao\/#primaryimage\"},\"image\":{\"@id\":\"https:\/\/erp-recycling.org\/pt-pt\/whats-up\/sensibilizacao\/#primaryimage\"},\"thumbnailUrl\":\"https:\/\/erp-recycling.org\/pt-pt\/wp-content\/uploads\/sites\/53\/2022\/12\/Awareness_ERP-PT-web.jpg\",\"datePublished\":\"2022-12-22T14:41:24+00:00\",\"dateModified\":\"2025-02-13T16:45:34+00:00\",\"breadcrumb\":{\"@id\":\"https:\/\/erp-recycling.org\/pt-pt\/whats-up\/sensibilizacao\/#breadcrumb\"},\"inLanguage\":\"pt-PT\",\"potentialAction\":[{\"@type\":\"ReadAction\",\"target\":[\"https:\/\/erp-recycling.org\/pt-pt\/whats-up\/sensibilizacao\/\"]}]},{\"@type\":\"ImageObject\",\"inLanguage\":\"pt-PT\",\"@id\":\"https:\/\/erp-recycling.org\/pt-pt\/whats-up\/sensibilizacao\/#primaryimage\",\"url\":\"https:\/\/erp-recycling.org\/pt-pt\/wp-content\/uploads\/sites\/53\/2022\/12\/Awareness_ERP-PT-web.jpg\",\"contentUrl\":\"https:\/\/erp-recycling.org\/pt-pt\/wp-content\/uploads\/sites\/53\/2022\/12\/Awareness_ERP-PT-web.jpg\",\"width\":1800,\"height\":1200},{\"@type\":\"BreadcrumbList\",\"@id\":\"https:\/\/erp-recycling.org\/pt-pt\/whats-up\/sensibilizacao\/#breadcrumb\",\"itemListElement\":[{\"@type\":\"ListItem\",\"position\":1,\"name\":\"Frontpage\",\"item\":\"https:\/\/erp-recycling.org\/pt-pt\/\"},{\"@type\":\"ListItem\",\"position\":2,\"name\":\"What&#8217;s up\",\"item\":\"https:\/\/erp-recycling.org\/pt-pt\/whats-up\/\"},{\"@type\":\"ListItem\",\"position\":3,\"name\":\"Sensibiliza\u00e7\u00e3o\"}]},{\"@type\":\"WebSite\",\"@id\":\"https:\/\/erp-recycling.org\/pt-pt\/#website\",\"url\":\"https:\/\/erp-recycling.org\/pt-pt\/\",\"name\":\"Portugal (PT)\",\"description\":\"A company of the Landbell Group\",\"potentialAction\":[{\"@type\":\"SearchAction\",\"target\":{\"@type\":\"EntryPoint\",\"urlTemplate\":\"https:\/\/erp-recycling.org\/pt-pt\/?s={search_term_string}\"},\"query-input\":{\"@type\":\"PropertyValueSpecification\",\"valueRequired\":true,\"valueName\":\"search_term_string\"}}],\"inLanguage\":\"pt-PT\"}]}<\/script>\n<!-- \/ Yoast SEO plugin. -->","yoast_head_json":{"title":"Sensibiliza\u00e7\u00e3o - Portugal (PT)","robots":{"index":"index","follow":"follow","max-snippet":"max-snippet:-1","max-image-preview":"max-image-preview:large","max-video-preview":"max-video-preview:-1"},"canonical":"https:\/\/erp-recycling.org\/pt-pt\/whats-up\/sensibilizacao\/","og_locale":"pt_PT","og_type":"article","og_title":"Sensibiliza\u00e7\u00e3o - Portugal (PT)","og_url":"https:\/\/erp-recycling.org\/pt-pt\/whats-up\/sensibilizacao\/","og_site_name":"Portugal (PT)","article_modified_time":"2025-02-13T16:45:34+00:00","og_image":[{"width":1800,"height":1200,"url":"https:\/\/erp-recycling.org\/pt-pt\/wp-content\/uploads\/sites\/53\/2022\/12\/Awareness_ERP-PT-web.jpg","type":"image\/jpeg"}],"twitter_card":"summary_large_image","twitter_misc":{"Tempo estimado de leitura":"161 minutos"},"schema":{"@context":"https:\/\/schema.org","@graph":[{"@type":"WebPage","@id":"https:\/\/erp-recycling.org\/pt-pt\/whats-up\/sensibilizacao\/","url":"https:\/\/erp-recycling.org\/pt-pt\/whats-up\/sensibilizacao\/","name":"Sensibiliza\u00e7\u00e3o - Portugal (PT)","isPartOf":{"@id":"https:\/\/erp-recycling.org\/pt-pt\/#website"},"primaryImageOfPage":{"@id":"https:\/\/erp-recycling.org\/pt-pt\/whats-up\/sensibilizacao\/#primaryimage"},"image":{"@id":"https:\/\/erp-recycling.org\/pt-pt\/whats-up\/sensibilizacao\/#primaryimage"},"thumbnailUrl":"https:\/\/erp-recycling.org\/pt-pt\/wp-content\/uploads\/sites\/53\/2022\/12\/Awareness_ERP-PT-web.jpg","datePublished":"2022-12-22T14:41:24+00:00","dateModified":"2025-02-13T16:45:34+00:00","breadcrumb":{"@id":"https:\/\/erp-recycling.org\/pt-pt\/whats-up\/sensibilizacao\/#breadcrumb"},"inLanguage":"pt-PT","potentialAction":[{"@type":"ReadAction","target":["https:\/\/erp-recycling.org\/pt-pt\/whats-up\/sensibilizacao\/"]}]},{"@type":"ImageObject","inLanguage":"pt-PT","@id":"https:\/\/erp-recycling.org\/pt-pt\/whats-up\/sensibilizacao\/#primaryimage","url":"https:\/\/erp-recycling.org\/pt-pt\/wp-content\/uploads\/sites\/53\/2022\/12\/Awareness_ERP-PT-web.jpg","contentUrl":"https:\/\/erp-recycling.org\/pt-pt\/wp-content\/uploads\/sites\/53\/2022\/12\/Awareness_ERP-PT-web.jpg","width":1800,"height":1200},{"@type":"BreadcrumbList","@id":"https:\/\/erp-recycling.org\/pt-pt\/whats-up\/sensibilizacao\/#breadcrumb","itemListElement":[{"@type":"ListItem","position":1,"name":"Frontpage","item":"https:\/\/erp-recycling.org\/pt-pt\/"},{"@type":"ListItem","position":2,"name":"What&#8217;s up","item":"https:\/\/erp-recycling.org\/pt-pt\/whats-up\/"},{"@type":"ListItem","position":3,"name":"Sensibiliza\u00e7\u00e3o"}]},{"@type":"WebSite","@id":"https:\/\/erp-recycling.org\/pt-pt\/#website","url":"https:\/\/erp-recycling.org\/pt-pt\/","name":"Portugal (PT)","description":"A company of the Landbell Group","potentialAction":[{"@type":"SearchAction","target":{"@type":"EntryPoint","urlTemplate":"https:\/\/erp-recycling.org\/pt-pt\/?s={search_term_string}"},"query-input":{"@type":"PropertyValueSpecification","valueRequired":true,"valueName":"search_term_string"}}],"inLanguage":"pt-PT"}]}},"_links":{"self":[{"href":"https:\/\/erp-recycling.org\/pt-pt\/wp-json\/wp\/v2\/pages\/8907","targetHints":{"allow":["GET"]}}],"collection":[{"href":"https:\/\/erp-recycling.org\/pt-pt\/wp-json\/wp\/v2\/pages"}],"about":[{"href":"https:\/\/erp-recycling.org\/pt-pt\/wp-json\/wp\/v2\/types\/page"}],"author":[{"embeddable":true,"href":"https:\/\/erp-recycling.org\/pt-pt\/wp-json\/wp\/v2\/users\/1"}],"replies":[{"embeddable":true,"href":"https:\/\/erp-recycling.org\/pt-pt\/wp-json\/wp\/v2\/comments?post=8907"}],"version-history":[{"count":47,"href":"https:\/\/erp-recycling.org\/pt-pt\/wp-json\/wp\/v2\/pages\/8907\/revisions"}],"predecessor-version":[{"id":10274,"href":"https:\/\/erp-recycling.org\/pt-pt\/wp-json\/wp\/v2\/pages\/8907\/revisions\/10274"}],"up":[{"embeddable":true,"href":"https:\/\/erp-recycling.org\/pt-pt\/wp-json\/wp\/v2\/pages\/5123"}],"wp:featuredmedia":[{"embeddable":true,"href":"https:\/\/erp-recycling.org\/pt-pt\/wp-json\/wp\/v2\/media\/8909"}],"wp:attachment":[{"href":"https:\/\/erp-recycling.org\/pt-pt\/wp-json\/wp\/v2\/media?parent=8907"}],"curies":[{"name":"wp","href":"https:\/\/api.w.org\/{rel}","templated":true}]}}